{"id":24133,"date":"2019-07-17T16:01:02","date_gmt":"2019-07-17T14:01:02","guid":{"rendered":"https:\/\/test.weyer-gruppe.com\/weyer-specjalny\/"},"modified":"2020-04-21T12:14:33","modified_gmt":"2020-04-21T10:14:33","slug":"weyer-specjalny","status":"publish","type":"page","link":"https:\/\/test.weyer-gruppe.com\/pl\/weyer-specjalny\/","title":{"rendered":"weyer specjalny"},"content":{"rendered":"[vc_row][vc_column][vc_column_text]\r\n<p>Tutaj mo\u017cna znale\u017a\u0107 wszystkie nasze aktualne broszury weyer spezial w formacie PDF do pobrania.<\/p>\r\n[\/vc_column_text][\/vc_column][\/vc_row][vc_row][vc_column width=&#8221;1\/4&#8243;]<div class=\"grve-element grve-box grve-align-center\" style=\"\"><div class=\"grve-media\"><img decoding=\"async\" width=\"625\" height=\"625\" src=\"https:\/\/test.weyer-gruppe.com\/wp-content\/uploads\/2019\/07\/weyer-spezial-weyer-gruppe-abluftreinigung.jpg\" class=\"attachment-full size-full\" alt=\"weyer spezial zum Thema Abluftreinigung\" srcset=\"https:\/\/test.weyer-gruppe.com\/wp-content\/uploads\/2019\/07\/weyer-spezial-weyer-gruppe-abluftreinigung.jpg 625w, https:\/\/test.weyer-gruppe.com\/wp-content\/uploads\/2019\/07\/weyer-spezial-weyer-gruppe-abluftreinigung-300x300.jpg 300w, https:\/\/test.weyer-gruppe.com\/wp-content\/uploads\/2019\/07\/weyer-spezial-weyer-gruppe-abluftreinigung-150x150.jpg 150w, https:\/\/test.weyer-gruppe.com\/wp-content\/uploads\/2019\/07\/weyer-spezial-weyer-gruppe-abluftreinigung-80x80.jpg 80w, https:\/\/test.weyer-gruppe.com\/wp-content\/uploads\/2019\/07\/weyer-spezial-weyer-gruppe-abluftreinigung-560x560.jpg 560w\" sizes=\"(max-width: 625px) 100vw, 625px\" \/><\/div>  <div class=\"grve-box-content\">    <a href=\"https:\/\/test.weyer-gruppe.com\/wp-content\/uploads\/2023\/04\/2022_weyer-spezial_Abluftreinigung_29.11.2023.pdf\" target=\"_blank\"><h5 class=\"grve-box-title\"><span>Oczyszczanie powietrza wylotowego<\/span><\/h5>    <\/a>    <p>Przy opracowywaniu nowoczesnych koncepcji oczyszczania powietrza odlotowego nale\u017cy wzi\u0105\u0107 pod uwag\u0119 wiele kryteri\u00f3w. Z jednej strony, obowi\u0105zuj\u0105ce limity zosta\u0142y zaostrzone przez ustawodawc\u0119, z drugiej strony, produkcja nie mo\u017ce by\u0107 zak\u0142\u00f3cana przez instalacj\u0119 i dzia\u0142anie systemu oczyszczania powietrza odlotowego. &#8230;<\/p>  <\/div><\/div><div class=\"grve-element grve-align-center\"><a class=\"grve-btn grve-btn-medium grve-square grve-bg-primary-2\" href=\"https:\/\/test.weyer-gruppe.com\/wp-content\/uploads\/2023\/04\/2022_weyer-spezial_Abluftreinigung_29.11.2023.pdf\" target=\"_blank\" style=\"\"><span>Otwarty PDF<\/span><\/a><\/div>[\/vc_column][vc_column width=&#8221;1\/4&#8243;]<div class=\"grve-element grve-box grve-align-center\" style=\"\"><div class=\"grve-media\"><img decoding=\"async\" width=\"625\" height=\"625\" src=\"https:\/\/test.weyer-gruppe.com\/wp-content\/uploads\/2019\/07\/weyer-spezial-weyer-gruppe-anlagensicherheit.jpg\" class=\"attachment-full size-full\" alt=\"weyer spezial zum Thema Anlagensicherheit\" srcset=\"https:\/\/test.weyer-gruppe.com\/wp-content\/uploads\/2019\/07\/weyer-spezial-weyer-gruppe-anlagensicherheit.jpg 625w, https:\/\/test.weyer-gruppe.com\/wp-content\/uploads\/2019\/07\/weyer-spezial-weyer-gruppe-anlagensicherheit-300x300.jpg 300w, https:\/\/test.weyer-gruppe.com\/wp-content\/uploads\/2019\/07\/weyer-spezial-weyer-gruppe-anlagensicherheit-150x150.jpg 150w, https:\/\/test.weyer-gruppe.com\/wp-content\/uploads\/2019\/07\/weyer-spezial-weyer-gruppe-anlagensicherheit-80x80.jpg 80w, https:\/\/test.weyer-gruppe.com\/wp-content\/uploads\/2019\/07\/weyer-spezial-weyer-gruppe-anlagensicherheit-560x560.jpg 560w\" sizes=\"(max-width: 625px) 100vw, 625px\" \/><\/div>  <div class=\"grve-box-content\">    <a href=\"https:\/\/test.weyer-gruppe.com\/wp-content\/uploads\/2019\/07\/weyer-spezial-anlagensicherheit-0618.pdf\" target=\"_blank\"><h5 class=\"grve-box-title\"><span>Bezpiecze\u0144stwo instalacji<\/span><\/h5>    <\/a>    <p>Incydenty, wypadki przy pracy, wadliwe maszyny, ci\u0105g\u0142e reakcje &#8211; istnieje niezliczona ilo\u015b\u0107 incydent\u00f3w, kt\u00f3re mog\u0105 prowadzi\u0107 do przerwania dzia\u0142alno\u015bci gospodarczej i na wszystkie z nich nale\u017cy by\u0107 przygotowanym w najlepszy mo\u017cliwy spos\u00f3b. Twoim celem jest bezpieczne obchodzenie si\u0119 z niebezpiecznymi substancjami lub procesami oraz ochrona pracownik\u00f3w i technologii zak\u0142adu?<\/p>  <\/div><\/div><div class=\"grve-element grve-align-center\"><a class=\"grve-btn grve-btn-medium grve-square grve-bg-primary-2\" href=\"https:\/\/test.weyer-gruppe.com\/wp-content\/uploads\/2019\/07\/weyer-spezial-anlagensicherheit-0618.pdf\" target=\"_blank\" style=\"\"><span>Otwarty PDF<\/span><\/a><\/div>[\/vc_column][vc_column width=&#8221;1\/4&#8243;]<div class=\"grve-element grve-box grve-align-center\" style=\"\"><div class=\"grve-media\"><img decoding=\"async\" width=\"625\" height=\"625\" src=\"https:\/\/test.weyer-gruppe.com\/wp-content\/uploads\/2019\/07\/weyer-spezial-weyer-gruppe-biogas.jpg\" class=\"attachment-full size-full\" alt=\"weyer spezial zum Thema Anlagensicherheit von Biogasanlagen\" srcset=\"https:\/\/test.weyer-gruppe.com\/wp-content\/uploads\/2019\/07\/weyer-spezial-weyer-gruppe-biogas.jpg 625w, https:\/\/test.weyer-gruppe.com\/wp-content\/uploads\/2019\/07\/weyer-spezial-weyer-gruppe-biogas-300x300.jpg 300w, https:\/\/test.weyer-gruppe.com\/wp-content\/uploads\/2019\/07\/weyer-spezial-weyer-gruppe-biogas-150x150.jpg 150w, https:\/\/test.weyer-gruppe.com\/wp-content\/uploads\/2019\/07\/weyer-spezial-weyer-gruppe-biogas-80x80.jpg 80w, https:\/\/test.weyer-gruppe.com\/wp-content\/uploads\/2019\/07\/weyer-spezial-weyer-gruppe-biogas-560x560.jpg 560w\" sizes=\"(max-width: 625px) 100vw, 625px\" \/><\/div>  <div class=\"grve-box-content\">    <a href=\"https:\/\/test.weyer-gruppe.com\/wp-content\/uploads\/2019\/07\/weyer-spezial-anlagensicherheit-biogasanlagen-0318-3.pdf\" target=\"_blank\"><h5 class=\"grve-box-title\"><span>Bezpiecze\u0144stwo instalacji biogazowni<\/span><\/h5>    <\/a>    <p>Awarie w biogazowniach wi\u0105\u017c\u0105 si\u0119 z kosztami, brakiem test\u00f3w i dokumentacji, nawet je\u015bli &#8222;tylko&#8221; dotyczy to biogazowni. Aby zaoszcz\u0119dzi\u0107 pieni\u0105dze i k\u0142opoty, doradzamy i wspieramy Pa\u0144stwa we wszystkich aspektach bezpiecze\u0144stwa instalacji pod wzgl\u0119dem technicznym i prawnym. &#8230;<\/p>  <\/div><\/div><div class=\"grve-element grve-align-center\"><a class=\"grve-btn grve-btn-medium grve-square grve-bg-primary-2\" href=\"https:\/\/test.weyer-gruppe.com\/wp-content\/uploads\/2019\/07\/weyer-spezial-anlagensicherheit-biogasanlagen-0318-3.pdf\" target=\"_blank\" style=\"\"><span>Otwarty PDF<\/span><\/a><\/div>[\/vc_column][vc_column width=&#8221;1\/4&#8243;]<div class=\"grve-element grve-box grve-align-center\" style=\"\"><div class=\"grve-media\"><img decoding=\"async\" width=\"625\" height=\"625\" src=\"https:\/\/test.weyer-gruppe.com\/wp-content\/uploads\/2019\/07\/weyer-spezial-weyer-gruppe-arbeitsschutz.jpg\" class=\"attachment-full size-full\" alt=\"weyer spezial zum Thema Arbeitsschutz\" srcset=\"https:\/\/test.weyer-gruppe.com\/wp-content\/uploads\/2019\/07\/weyer-spezial-weyer-gruppe-arbeitsschutz.jpg 625w, https:\/\/test.weyer-gruppe.com\/wp-content\/uploads\/2019\/07\/weyer-spezial-weyer-gruppe-arbeitsschutz-300x300.jpg 300w, https:\/\/test.weyer-gruppe.com\/wp-content\/uploads\/2019\/07\/weyer-spezial-weyer-gruppe-arbeitsschutz-150x150.jpg 150w, https:\/\/test.weyer-gruppe.com\/wp-content\/uploads\/2019\/07\/weyer-spezial-weyer-gruppe-arbeitsschutz-80x80.jpg 80w, https:\/\/test.weyer-gruppe.com\/wp-content\/uploads\/2019\/07\/weyer-spezial-weyer-gruppe-arbeitsschutz-560x560.jpg 560w\" sizes=\"(max-width: 625px) 100vw, 625px\" \/><\/div>  <div class=\"grve-box-content\">    <a href=\"https:\/\/test.weyer-gruppe.com\/wp-content\/uploads\/2019\/07\/2022_weyer-spezial_Arbeitsschutz.pdf\" target=\"_blank\"><h5 class=\"grve-box-title\"><span>Ochrona pracownik\u00f3w<\/span><\/h5>    <\/a>    <p>Kompleksowa ochrona bezpiecze\u0144stwa i higieny pracy ma kluczowe znaczenie dla utrzymania i promowania si\u0142y roboczej. Zdrowi i zmotywowani pracownicy s\u0105 decyduj\u0105cymi czynnikami dla skutecznego i zr\u00f3wnowa\u017conego zarz\u0105dzania przedsi\u0119biorstwem, pomimo ca\u0142ego post\u0119pu technicznego. Tu r\u00f3wnie\u017c mo\u017cna znale\u017a\u0107 podstawy do kompleksowego zarz\u0105dzania ryzykiem. &#8230;<\/p>  <\/div><\/div><div class=\"grve-element grve-align-center\"><a class=\"grve-btn grve-btn-medium grve-square grve-bg-primary-2\" href=\"https:\/\/test.weyer-gruppe.com\/wp-content\/uploads\/2019\/07\/2022_weyer-spezial_Arbeitsschutz.pdf\" target=\"_blank\" style=\"\"><span>Otwarty PDF<\/span><\/a><\/div>[\/vc_column][\/vc_row][vc_row][vc_column]<div class=\"grve-element grve-hr grve-space-divider\" style=\"\"><\/div>[\/vc_column][\/vc_row][vc_row][vc_column width=&#8221;1\/4&#8243;]<div class=\"grve-element grve-box grve-align-center\" style=\"\"><div class=\"grve-media\"><img decoding=\"async\" width=\"625\" height=\"625\" src=\"https:\/\/test.weyer-gruppe.com\/wp-content\/uploads\/2019\/07\/weyer-spezial-weyer-gruppe-artenschutz-ffh-vertraeglichkeit.jpg\" class=\"attachment-full size-full\" alt=\"weyer spezial zum Thema Artenschutz und FFH-Vertr\u00e4glichkeit\" srcset=\"https:\/\/test.weyer-gruppe.com\/wp-content\/uploads\/2019\/07\/weyer-spezial-weyer-gruppe-artenschutz-ffh-vertraeglichkeit.jpg 625w, https:\/\/test.weyer-gruppe.com\/wp-content\/uploads\/2019\/07\/weyer-spezial-weyer-gruppe-artenschutz-ffh-vertraeglichkeit-300x300.jpg 300w, https:\/\/test.weyer-gruppe.com\/wp-content\/uploads\/2019\/07\/weyer-spezial-weyer-gruppe-artenschutz-ffh-vertraeglichkeit-150x150.jpg 150w, https:\/\/test.weyer-gruppe.com\/wp-content\/uploads\/2019\/07\/weyer-spezial-weyer-gruppe-artenschutz-ffh-vertraeglichkeit-80x80.jpg 80w, https:\/\/test.weyer-gruppe.com\/wp-content\/uploads\/2019\/07\/weyer-spezial-weyer-gruppe-artenschutz-ffh-vertraeglichkeit-560x560.jpg 560w\" sizes=\"(max-width: 625px) 100vw, 625px\" \/><\/div>  <div class=\"grve-box-content\">    <a href=\"https:\/\/test.weyer-gruppe.com\/wp-content\/uploads\/2019\/07\/weyer-spezial-artenschutz-0515.pdf\" target=\"_blank\"><h5 class=\"grve-box-title\"><span>Ochrona gatunkowa<\/span><\/h5>    <\/a>    <p>Gdy tylko projekt lub procedura mo\u017ce mie\u0107 wp\u0142yw na obszar Natura 2000 (FFH lub ostoj\u0119 ptak\u00f3w) lub istotne siedliska z chronionymi gatunkami, wymagane s\u0105 ekspertyzy z zakresu ochrony przyrody. &#8230;<\/p>  <\/div><\/div><div class=\"grve-element grve-align-center\"><a class=\"grve-btn grve-btn-medium grve-square grve-bg-primary-2\" href=\"https:\/\/test.weyer-gruppe.com\/wp-content\/uploads\/2019\/07\/weyer-spezial-artenschutz-0515.pdf\" target=\"_blank\" style=\"\"><span>Otwarty PDF<\/span><\/a><\/div>[\/vc_column][vc_column width=&#8221;1\/4&#8243;]<div class=\"grve-element grve-box grve-align-center\" style=\"\"><div class=\"grve-media\"><img decoding=\"async\" width=\"625\" height=\"625\" src=\"https:\/\/test.weyer-gruppe.com\/wp-content\/uploads\/2019\/07\/weyer-spezial-weyer-gruppe-ausgangszustandsbericht.jpg\" class=\"attachment-full size-full\" alt=\"weyer spezial zum Thema AZB f\u00fcr Boden und Grundwasser\" srcset=\"https:\/\/test.weyer-gruppe.com\/wp-content\/uploads\/2019\/07\/weyer-spezial-weyer-gruppe-ausgangszustandsbericht.jpg 625w, https:\/\/test.weyer-gruppe.com\/wp-content\/uploads\/2019\/07\/weyer-spezial-weyer-gruppe-ausgangszustandsbericht-300x300.jpg 300w, https:\/\/test.weyer-gruppe.com\/wp-content\/uploads\/2019\/07\/weyer-spezial-weyer-gruppe-ausgangszustandsbericht-150x150.jpg 150w, https:\/\/test.weyer-gruppe.com\/wp-content\/uploads\/2019\/07\/weyer-spezial-weyer-gruppe-ausgangszustandsbericht-80x80.jpg 80w, https:\/\/test.weyer-gruppe.com\/wp-content\/uploads\/2019\/07\/weyer-spezial-weyer-gruppe-ausgangszustandsbericht-560x560.jpg 560w\" sizes=\"(max-width: 625px) 100vw, 625px\" \/><\/div>  <div class=\"grve-box-content\">    <a href=\"https:\/\/test.weyer-gruppe.com\/wp-content\/uploads\/2019\/07\/weyer-spezial-ausgangszustandsbericht-0316.pdf\" target=\"_blank\"><h5 class=\"grve-box-title\"><span>Wst\u0119pny raport o statusie<\/span><\/h5>    <\/a>    <p>Wraz z wdro\u017ceniem europejskiej dyrektywy w sprawie emisji przemys\u0142owych (IED) operatorzy niekt\u00f3rych zak\u0142ad\u00f3w przemys\u0142owych staj\u0105 w obliczu nowych wymog\u00f3w w zakresie procedury udzielania licencji i eksploatacji. Zgodnie z \u00a7 5 (4) BImSchG, po zamkni\u0119ciu zak\u0142adu IED, teren zak\u0142adu musi zosta\u0107 przywr\u00f3cony do poprzedniego stanu. &#8230;<\/p>  <\/div><\/div><div class=\"grve-element grve-align-center\"><a class=\"grve-btn grve-btn-medium grve-square grve-bg-primary-2\" href=\"https:\/\/test.weyer-gruppe.com\/wp-content\/uploads\/2019\/07\/weyer-spezial-ausgangszustandsbericht-0316.pdf\" target=\"_blank\" style=\"\"><span>Otwarty PDF<\/span><\/a><\/div>[\/vc_column][vc_column width=&#8221;1\/4&#8243;]<div class=\"grve-element grve-box grve-align-center\" style=\"\"><div class=\"grve-media\"><img decoding=\"async\" width=\"625\" height=\"625\" src=\"https:\/\/test.weyer-gruppe.com\/wp-content\/uploads\/2019\/07\/weyer-spezial-weyer-gruppe-ausschreibungsmanagement.jpg\" class=\"attachment-full size-full\" alt=\"weyer spezial zum Thema Ausschreibungsmanagement\" srcset=\"https:\/\/test.weyer-gruppe.com\/wp-content\/uploads\/2019\/07\/weyer-spezial-weyer-gruppe-ausschreibungsmanagement.jpg 625w, https:\/\/test.weyer-gruppe.com\/wp-content\/uploads\/2019\/07\/weyer-spezial-weyer-gruppe-ausschreibungsmanagement-300x300.jpg 300w, https:\/\/test.weyer-gruppe.com\/wp-content\/uploads\/2019\/07\/weyer-spezial-weyer-gruppe-ausschreibungsmanagement-150x150.jpg 150w, https:\/\/test.weyer-gruppe.com\/wp-content\/uploads\/2019\/07\/weyer-spezial-weyer-gruppe-ausschreibungsmanagement-80x80.jpg 80w, https:\/\/test.weyer-gruppe.com\/wp-content\/uploads\/2019\/07\/weyer-spezial-weyer-gruppe-ausschreibungsmanagement-560x560.jpg 560w\" sizes=\"(max-width: 625px) 100vw, 625px\" \/><\/div>  <div class=\"grve-box-content\">    <a href=\"https:\/\/test.weyer-gruppe.com\/wp-content\/uploads\/2019\/07\/weyer-spezial-ausschreibungsmanagement-0612.pdf\" target=\"_blank\"><h5 class=\"grve-box-title\"><span>Zarz\u0105dzanie przetargami<\/span><\/h5>    <\/a>    <p>W dziedzinie zam\u00f3wie\u0144 publicznych instytucje zamawiaj\u0105ce s\u0105 zobowi\u0105zane do stosowania licznych zasad. Niezale\u017cnie od rodzaju przyznawanych us\u0142ug, opr\u00f3cz rozporz\u0105dze\u0144 bud\u017cetowych i dekret\u00f3w ministerialnych, musz\u0105 by\u0107 przestrzegane obszerne przepisy prawa zam\u00f3wie\u0144 publicznych. &#8230;<\/p>  <\/div><\/div><div class=\"grve-element grve-align-center\"><a class=\"grve-btn grve-btn-medium grve-square grve-bg-primary-2\" href=\"https:\/\/test.weyer-gruppe.com\/wp-content\/uploads\/2019\/07\/weyer-spezial-ausschreibungsmanagement-0612.pdf\" target=\"_blank\" style=\"\"><span>Otwarty PDF<\/span><\/a><\/div>[\/vc_column][vc_column width=&#8221;1\/4&#8243;]<div class=\"grve-element grve-box grve-align-center\" style=\"\"><div class=\"grve-media\"><\/div>  <div class=\"grve-box-content\">    <a href=\"https:\/\/test.weyer-gruppe.com\/wp-content\/uploads\/2019\/07\/weyer-spezial-baurevision-0418.pdf\" target=\"_blank\"><h5 class=\"grve-box-title\"><span>Audyty budowlane<\/span><\/h5>    <\/a>    <p>Wi\u0119ksze projekty budowlane wymagaj\u0105 wysokich nak\u0142ad\u00f3w inwestycyjnych. Dlatego te\u017c zar\u00f3wno klienci prywatni, jak i publiczni musz\u0105 uwa\u017cnie \u015bledzi\u0107 zmiany koszt\u00f3w, jako\u015bci i harmonogramu. Niepo\u017c\u0105dany rozw\u00f3j sytuacji musi zosta\u0107 zidentyfikowany na wczesnym etapie, tak aby w razie potrzeby mo\u017cna by\u0142o podj\u0105\u0107 skuteczne \u015brodki zaradcze. &#8230;<\/p>  <\/div><\/div><div class=\"grve-element grve-align-center\"><a class=\"grve-btn grve-btn-medium grve-square grve-bg-primary-2\" href=\"https:\/\/test.weyer-gruppe.com\/wp-content\/uploads\/2019\/07\/weyer-spezial-baurevision-0418.pdf\" target=\"_blank\" style=\"\"><span>Otwarty PDF<\/span><\/a><\/div>[\/vc_column][\/vc_row][vc_row][vc_column]<div class=\"grve-element grve-hr grve-space-divider\" style=\"\"><\/div>[\/vc_column][\/vc_row][vc_row][vc_column width=&#8221;1\/4&#8243;]<div class=\"grve-element grve-box grve-align-center\" style=\"\"><div class=\"grve-media\"><img decoding=\"async\" width=\"300\" height=\"300\" src=\"https:\/\/test.weyer-gruppe.com\/wp-content\/uploads\/2019\/07\/weyer-flyer-weyer-gruppe-bestandserfassung-immobilien.jpg\" class=\"attachment-full size-full\" alt=\"weyer spezial zum Thema Bestandserfassung von Immobilien\" srcset=\"https:\/\/test.weyer-gruppe.com\/wp-content\/uploads\/2019\/07\/weyer-flyer-weyer-gruppe-bestandserfassung-immobilien.jpg 300w, https:\/\/test.weyer-gruppe.com\/wp-content\/uploads\/2019\/07\/weyer-flyer-weyer-gruppe-bestandserfassung-immobilien-150x150.jpg 150w, https:\/\/test.weyer-gruppe.com\/wp-content\/uploads\/2019\/07\/weyer-flyer-weyer-gruppe-bestandserfassung-immobilien-80x80.jpg 80w\" sizes=\"(max-width: 300px) 100vw, 300px\" \/><\/div>  <div class=\"grve-box-content\">    <a href=\"https:\/\/test.weyer-gruppe.com\/wp-content\/uploads\/2019\/07\/weyer-spezial-bestandserfassung-immobilien-0417.pdf\" target=\"_blank\"><h5 class=\"grve-box-title\"><span>Inwentaryzacja nieruchomo\u015bci<\/span><\/h5>    <\/a>    <p>Profesjonalne zarz\u0105dzanie nieruchomo\u015bciami wi\u0105\u017ce si\u0119 ze znacznymi nak\u0142adami finansowymi, a zatem wymaga d\u0142ugoterminowej koncepcji. Przejrzyste okre\u015blenie obecnego stanu i przysz\u0142ych wymaga\u0144 dotycz\u0105cych utrzymania jest podstaw\u0105 strategicznego zarz\u0105dzania nieruchomo\u015bciami socjalnymi, handlowymi i mieszkalnymi &#8230;<\/p>  <\/div><\/div><div class=\"grve-element grve-align-center\"><a class=\"grve-btn grve-btn-medium grve-square grve-bg-primary-2\" href=\"https:\/\/test.weyer-gruppe.com\/wp-content\/uploads\/2019\/07\/weyer-spezial-bestandserfassung-immobilien-0417.pdf\" target=\"_blank\" style=\"\"><span>Otwarty PDF<\/span><\/a><\/div>[\/vc_column][vc_column width=&#8221;1\/4&#8243;]<div class=\"grve-element grve-box grve-align-center\" style=\"\"><div class=\"grve-media\"><img decoding=\"async\" width=\"625\" height=\"625\" src=\"https:\/\/test.weyer-gruppe.com\/wp-content\/uploads\/2019\/07\/weyer-spezial-weyer-gruppe-brandschutz.jpg\" class=\"attachment-full size-full\" alt=\"weyer news zum Thema Brandschutz\" srcset=\"https:\/\/test.weyer-gruppe.com\/wp-content\/uploads\/2019\/07\/weyer-spezial-weyer-gruppe-brandschutz.jpg 625w, https:\/\/test.weyer-gruppe.com\/wp-content\/uploads\/2019\/07\/weyer-spezial-weyer-gruppe-brandschutz-300x300.jpg 300w, https:\/\/test.weyer-gruppe.com\/wp-content\/uploads\/2019\/07\/weyer-spezial-weyer-gruppe-brandschutz-150x150.jpg 150w, https:\/\/test.weyer-gruppe.com\/wp-content\/uploads\/2019\/07\/weyer-spezial-weyer-gruppe-brandschutz-80x80.jpg 80w, https:\/\/test.weyer-gruppe.com\/wp-content\/uploads\/2019\/07\/weyer-spezial-weyer-gruppe-brandschutz-560x560.jpg 560w\" sizes=\"(max-width: 625px) 100vw, 625px\" \/><\/div>  <div class=\"grve-box-content\">    <a href=\"https:\/\/test.weyer-gruppe.com\/wp-content\/uploads\/2019\/07\/weyer-spezial-brandschutz-0612.pdf\" target=\"_blank\"><h5 class=\"grve-box-title\"><span>Ochrona przeciwpo\u017carowa<\/span><\/h5>    <\/a>    <p>Ka\u017cdego roku po\u017cary w zak\u0142adach przemys\u0142owych i handlowych powoduj\u0105 miliardowe szkody. Je\u015bli ludzie s\u0105 ranni, zawsze ustala si\u0119, czy kierownictwo firmy zainicjowa\u0142o z wyprzedzeniem wszystkie niezb\u0119dne \u015brodki ochrony przeciwpo\u017carowej. Nawet je\u015bli aktywa materialne s\u0105 zazwyczaj ubezpieczone, konsekwencje ekonomiczne, takie jak d\u0142ugotrwa\u0142a utrata produkcji wraz ze wszystkimi jej konsekwencjami, s\u0105 cz\u0119sto niedoszacowane. &#8230;<\/p>  <\/div><\/div><div class=\"grve-element grve-align-center\"><a class=\"grve-btn grve-btn-medium grve-square grve-bg-primary-2\" href=\"https:\/\/test.weyer-gruppe.com\/wp-content\/uploads\/2019\/07\/weyer-spezial-brandschutz-0612.pdf\" target=\"_blank\" style=\"\"><span>Otwarty PDF<\/span><\/a><\/div>[\/vc_column][vc_column width=&#8221;1\/4&#8243;]<div class=\"grve-element grve-box grve-align-center\" style=\"\"><div class=\"grve-media\"><img decoding=\"async\" width=\"625\" height=\"625\" src=\"https:\/\/test.weyer-gruppe.com\/wp-content\/uploads\/2019\/07\/weyer-spezial-weyer-gruppe-cfd-simulation.jpg\" class=\"attachment-full size-full\" alt=\"weyer spezial zum Thema CFD-Simulation\" srcset=\"https:\/\/test.weyer-gruppe.com\/wp-content\/uploads\/2019\/07\/weyer-spezial-weyer-gruppe-cfd-simulation.jpg 625w, https:\/\/test.weyer-gruppe.com\/wp-content\/uploads\/2019\/07\/weyer-spezial-weyer-gruppe-cfd-simulation-300x300.jpg 300w, https:\/\/test.weyer-gruppe.com\/wp-content\/uploads\/2019\/07\/weyer-spezial-weyer-gruppe-cfd-simulation-150x150.jpg 150w, https:\/\/test.weyer-gruppe.com\/wp-content\/uploads\/2019\/07\/weyer-spezial-weyer-gruppe-cfd-simulation-80x80.jpg 80w, https:\/\/test.weyer-gruppe.com\/wp-content\/uploads\/2019\/07\/weyer-spezial-weyer-gruppe-cfd-simulation-560x560.jpg 560w\" sizes=\"(max-width: 625px) 100vw, 625px\" \/><\/div>  <div class=\"grve-box-content\">    <a href=\"https:\/\/test.weyer-gruppe.com\/wp-content\/uploads\/2019\/07\/weyer-spezial-cfd-simulation0612.pdf\" target=\"_blank\"><h5 class=\"grve-box-title\"><span>Symulacja CFD<\/span><\/h5>    <\/a>    <p>Technologie symulacyjne staj\u0105 si\u0119 coraz wa\u017cniejsze w procesach rozwojowych, optymalizacji proces\u00f3w, rozwa\u017caniach dotycz\u0105cych wytrzyma\u0142o\u015bci, analizach wp\u0142ywu wypadk\u00f3w i wielu innych kwestiach technicznych. Computational Fluid Dynamics (CFD) jest coraz cz\u0119\u015bciej wykorzystywany do rozwi\u0105zywania problem\u00f3w technicznych. &#8230;<\/p>  <\/div><\/div><div class=\"grve-element grve-align-center\"><a class=\"grve-btn grve-btn-medium grve-square grve-bg-primary-2\" href=\"https:\/\/test.weyer-gruppe.com\/wp-content\/uploads\/2019\/07\/weyer-spezial-cfd-simulation0612.pdf\" target=\"_blank\" style=\"\"><span>Otwarty PDF<\/span><\/a><\/div>[\/vc_column][vc_column width=&#8221;1\/4&#8243;]<div class=\"grve-element grve-box grve-align-center\" style=\"\"><div class=\"grve-media\"><img decoding=\"async\" width=\"625\" height=\"625\" src=\"https:\/\/test.weyer-gruppe.com\/wp-content\/uploads\/2019\/07\/weyer-spezial-weyer-gruppe-einwendungsmanagement.jpg\" class=\"attachment-full size-full\" alt=\"Deckblatt weyer spezial Einwendungsmanagement\" srcset=\"https:\/\/test.weyer-gruppe.com\/wp-content\/uploads\/2019\/07\/weyer-spezial-weyer-gruppe-einwendungsmanagement.jpg 625w, https:\/\/test.weyer-gruppe.com\/wp-content\/uploads\/2019\/07\/weyer-spezial-weyer-gruppe-einwendungsmanagement-300x300.jpg 300w, https:\/\/test.weyer-gruppe.com\/wp-content\/uploads\/2019\/07\/weyer-spezial-weyer-gruppe-einwendungsmanagement-150x150.jpg 150w, https:\/\/test.weyer-gruppe.com\/wp-content\/uploads\/2019\/07\/weyer-spezial-weyer-gruppe-einwendungsmanagement-80x80.jpg 80w, https:\/\/test.weyer-gruppe.com\/wp-content\/uploads\/2019\/07\/weyer-spezial-weyer-gruppe-einwendungsmanagement-560x560.jpg 560w\" sizes=\"(max-width: 625px) 100vw, 625px\" \/><\/div>  <div class=\"grve-box-content\">    <a href=\"https:\/\/test.weyer-gruppe.com\/wp-content\/uploads\/2019\/07\/2022_weyer-spezial_Arbeitsschutz.pdf\" target=\"_blank\"><h5 class=\"grve-box-title\"><span>Zarz\u0105dzanie zastrze\u017ceniami<\/span><\/h5>    <\/a>    <p>Udzia\u0142 spo\u0142ecze\u0144stwa jest niezb\u0119dnym warunkiem wst\u0119pnym dla wielu procedur przyznawania licencji i zatwierdzania plan\u00f3w. Je\u015bli planowany projekt jest r\u00f3wnie\u017c przedmiotem dyskusji politycznej, w\u0142adze zatwierdzaj\u0105ce cz\u0119sto spotykaj\u0105 si\u0119 z du\u017c\u0105 liczb\u0105 sprzeciw\u00f3w&#8230;<\/p>  <\/div><\/div><div class=\"grve-element grve-align-center\"><a class=\"grve-btn grve-btn-medium grve-square grve-bg-primary-2\" href=\"https:\/\/test.weyer-gruppe.com\/wp-content\/uploads\/2019\/07\/2022_weyer-spezial_Arbeitsschutz.pdf\" target=\"_blank\" style=\"\"><span>Otwarty PDF<\/span><\/a><\/div>[\/vc_column][\/vc_row][vc_row][vc_column]<div class=\"grve-element grve-hr grve-space-divider\" style=\"\"><\/div>[\/vc_column][\/vc_row][vc_row][vc_column width=&#8221;1\/4&#8243;]<div class=\"grve-element grve-box grve-align-center\" style=\"\"><div class=\"grve-media\"><img decoding=\"async\" width=\"625\" height=\"625\" src=\"https:\/\/test.weyer-gruppe.com\/wp-content\/uploads\/2019\/07\/weyer-spezial-weyer-gruppe-emsr-technik.jpg\" class=\"attachment-full size-full\" alt=\"weyer spezial zum Thema EMSR-Technik\" srcset=\"https:\/\/test.weyer-gruppe.com\/wp-content\/uploads\/2019\/07\/weyer-spezial-weyer-gruppe-emsr-technik.jpg 625w, https:\/\/test.weyer-gruppe.com\/wp-content\/uploads\/2019\/07\/weyer-spezial-weyer-gruppe-emsr-technik-300x300.jpg 300w, https:\/\/test.weyer-gruppe.com\/wp-content\/uploads\/2019\/07\/weyer-spezial-weyer-gruppe-emsr-technik-150x150.jpg 150w, https:\/\/test.weyer-gruppe.com\/wp-content\/uploads\/2019\/07\/weyer-spezial-weyer-gruppe-emsr-technik-80x80.jpg 80w, https:\/\/test.weyer-gruppe.com\/wp-content\/uploads\/2019\/07\/weyer-spezial-weyer-gruppe-emsr-technik-560x560.jpg 560w\" sizes=\"(max-width: 625px) 100vw, 625px\" \/><\/div>  <div class=\"grve-box-content\">    <a href=\"https:\/\/test.weyer-gruppe.com\/wp-content\/uploads\/2019\/07\/weyer-spezial-emsr-technik-0612.pdf\" target=\"_blank\"><h5 class=\"grve-box-title\"><span>Technologia EMSR<\/span><\/h5>    <\/a>    <p>My w grupie weyer rozumiemy us\u0142ugi w zakresie technologii EMSR jako cz\u0119\u015b\u0107 ca\u0142o\u015bci, czyli &#8222;ca\u0142kowicie przemy\u015blane&#8221;. Nasi specjali\u015bci s\u0105 zaanga\u017cowani w planowanie projektu, pocz\u0105wszy od opracowania koncepcji, poprzez in\u017cynieri\u0119 podstawow\u0105 i szczeg\u00f3\u0142ow\u0105, aby osi\u0105gn\u0105\u0107 optymalny wynik dla naszych klient\u00f3w. &#8230;<\/p>  <\/div><\/div><div class=\"grve-element grve-align-center\"><a class=\"grve-btn grve-btn-medium grve-square grve-bg-primary-2\" href=\"https:\/\/test.weyer-gruppe.com\/wp-content\/uploads\/2019\/07\/weyer-spezial-emsr-technik-0612.pdf\" target=\"_blank\" style=\"\"><span>Otwarty PDF<\/span><\/a><\/div>[\/vc_column][vc_column width=&#8221;1\/4&#8243;]<div class=\"grve-element grve-box grve-align-center\" style=\"\"><div class=\"grve-media\"><img decoding=\"async\" width=\"625\" height=\"625\" src=\"https:\/\/test.weyer-gruppe.com\/wp-content\/uploads\/2019\/07\/weyer-spezial-weyer-gruppe-energie-kwkg-eeg.jpg\" class=\"attachment-full size-full\" alt=\"weyer spezial zum Thema Energie KWKG EEG\" srcset=\"https:\/\/test.weyer-gruppe.com\/wp-content\/uploads\/2019\/07\/weyer-spezial-weyer-gruppe-energie-kwkg-eeg.jpg 625w, https:\/\/test.weyer-gruppe.com\/wp-content\/uploads\/2019\/07\/weyer-spezial-weyer-gruppe-energie-kwkg-eeg-300x300.jpg 300w, https:\/\/test.weyer-gruppe.com\/wp-content\/uploads\/2019\/07\/weyer-spezial-weyer-gruppe-energie-kwkg-eeg-150x150.jpg 150w, https:\/\/test.weyer-gruppe.com\/wp-content\/uploads\/2019\/07\/weyer-spezial-weyer-gruppe-energie-kwkg-eeg-80x80.jpg 80w, https:\/\/test.weyer-gruppe.com\/wp-content\/uploads\/2019\/07\/weyer-spezial-weyer-gruppe-energie-kwkg-eeg-560x560.jpg 560w\" sizes=\"(max-width: 625px) 100vw, 625px\" \/><\/div>  <div class=\"grve-box-content\">    <a href=\"https:\/\/test.weyer-gruppe.com\/wp-content\/uploads\/2019\/07\/weyer-spezial-energie-kwkg-eeg-0515.pdf\" target=\"_blank\"><h5 class=\"grve-box-title\"><span>Energia, KWKG, EEG<\/span><\/h5>    <\/a>    <p>W zwi\u0105zku z ustaw\u0105 o kogeneracji (KWKG) i ustaw\u0105 o odnawialnych \u017ar\u00f3d\u0142ach energii (EEG) powstaj\u0105 z\u0142o\u017cone pytania i obowi\u0105zki dla operator\u00f3w instalacji i sieci, jak r\u00f3wnie\u017c dla odbiorc\u00f3w ko\u0144cowych. Ten zakres obowi\u0105zk\u00f3w jest jedn\u0105 z podstawowych kompetencji weyer grouppe &#8230;<\/p>  <\/div><\/div><div class=\"grve-element grve-align-center\"><a class=\"grve-btn grve-btn-medium grve-square grve-bg-primary-2\" href=\"https:\/\/test.weyer-gruppe.com\/wp-content\/uploads\/2019\/07\/weyer-spezial-energie-kwkg-eeg-0515.pdf\" target=\"_blank\" style=\"\"><span>Otwarty PDF<\/span><\/a><\/div>[\/vc_column][vc_column width=&#8221;1\/4&#8243;]<div class=\"grve-element grve-box grve-align-center\" style=\"\"><div class=\"grve-media\"><img decoding=\"async\" width=\"625\" height=\"625\" src=\"https:\/\/test.weyer-gruppe.com\/wp-content\/uploads\/2019\/07\/weyer-spezial-weyer-gruppe-energiemanagementsystem-energieaudit.jpg\" class=\"attachment-full size-full\" alt=\"weyer spezial zum Thema Energiemanagementsystem und Energieaudit\" srcset=\"https:\/\/test.weyer-gruppe.com\/wp-content\/uploads\/2019\/07\/weyer-spezial-weyer-gruppe-energiemanagementsystem-energieaudit.jpg 625w, https:\/\/test.weyer-gruppe.com\/wp-content\/uploads\/2019\/07\/weyer-spezial-weyer-gruppe-energiemanagementsystem-energieaudit-300x300.jpg 300w, https:\/\/test.weyer-gruppe.com\/wp-content\/uploads\/2019\/07\/weyer-spezial-weyer-gruppe-energiemanagementsystem-energieaudit-150x150.jpg 150w, https:\/\/test.weyer-gruppe.com\/wp-content\/uploads\/2019\/07\/weyer-spezial-weyer-gruppe-energiemanagementsystem-energieaudit-80x80.jpg 80w, https:\/\/test.weyer-gruppe.com\/wp-content\/uploads\/2019\/07\/weyer-spezial-weyer-gruppe-energiemanagementsystem-energieaudit-560x560.jpg 560w\" sizes=\"(max-width: 625px) 100vw, 625px\" \/><\/div>  <div class=\"grve-box-content\">    <a href=\"https:\/\/test.weyer-gruppe.com\/wp-content\/uploads\/2019\/07\/weyer-spezial-energiemanagementsystem-0515.pdf\" target=\"_blank\"><h5 class=\"grve-box-title\"><span>System zarz\u0105dzania energi\u0105 \/ audyt energetyczny<\/span><\/h5>    <\/a>    <p>Rosn\u0105ce koszty energii i ograniczone zasoby stanowi\u0105 dla wielu firm decyduj\u0105cy czynnik konkurencyjny. Systemy zarz\u0105dzania energi\u0105 (EnMS) zgodnie z norm\u0105 ISO 50001 i audyty energetyczne zgodnie z norm\u0105 DIN 16247-1 s\u0105 w\u0142a\u015bciwym podej\u015bciem do identyfikacji potencjalnych oszcz\u0119dno\u015bci i podejmowania dzia\u0142a\u0144 maj\u0105cych na celu zapewnienie bardziej efektywnego wykorzystania energii. &#8230;<\/p>  <\/div><\/div><div class=\"grve-element grve-align-center\"><a class=\"grve-btn grve-btn-medium grve-square grve-bg-primary-2\" href=\"https:\/\/test.weyer-gruppe.com\/wp-content\/uploads\/2019\/07\/weyer-spezial-energiemanagementsystem-0515.pdf\" target=\"_blank\" style=\"\"><span>Otwarty PDF<\/span><\/a><\/div>[\/vc_column][vc_column width=&#8221;1\/4&#8243;]<div class=\"grve-element grve-box grve-align-center\" style=\"\"><div class=\"grve-media\"><img decoding=\"async\" width=\"625\" height=\"625\" src=\"https:\/\/test.weyer-gruppe.com\/wp-content\/uploads\/2019\/07\/weyer-spezial-weyer-gruppe-energieoptimierung-1.jpg\" class=\"attachment-full size-full\" alt=\"weyer spezial zum Thema Energieoptimierung\" srcset=\"https:\/\/test.weyer-gruppe.com\/wp-content\/uploads\/2019\/07\/weyer-spezial-weyer-gruppe-energieoptimierung-1.jpg 625w, https:\/\/test.weyer-gruppe.com\/wp-content\/uploads\/2019\/07\/weyer-spezial-weyer-gruppe-energieoptimierung-1-300x300.jpg 300w, https:\/\/test.weyer-gruppe.com\/wp-content\/uploads\/2019\/07\/weyer-spezial-weyer-gruppe-energieoptimierung-1-150x150.jpg 150w, https:\/\/test.weyer-gruppe.com\/wp-content\/uploads\/2019\/07\/weyer-spezial-weyer-gruppe-energieoptimierung-1-80x80.jpg 80w, https:\/\/test.weyer-gruppe.com\/wp-content\/uploads\/2019\/07\/weyer-spezial-weyer-gruppe-energieoptimierung-1-560x560.jpg 560w\" sizes=\"(max-width: 625px) 100vw, 625px\" \/><\/div>  <div class=\"grve-box-content\">    <a href=\"https:\/\/test.weyer-gruppe.com\/wp-content\/uploads\/2019\/07\/weyer-spezial-energieoptimierung0515.pdf\" target=\"_blank\"><h5 class=\"grve-box-title\"><span>Optymalizacja energetyczna<\/span><\/h5>    <\/a>    <p>W czasach rosn\u0105cych koszt\u00f3w energii, odzyskiwanie ciep\u0142a jest centralnym tematem w in\u017cynierii procesowej i ma coraz wi\u0119ksze znaczenie dla kierownik\u00f3w zak\u0142ad\u00f3w i in\u017cynier\u00f3w instalacji procesowych. Ju\u017c 30 lat temu opracowano w tym celu analiz\u0119 szczypiec Linnhoffa, kt\u00f3ra umo\u017cliwia holistyczn\u0105 analiz\u0119 wszystkich przep\u0142yw\u00f3w procesu w postaci sieci wymiennik\u00f3w ciep\u0142a. &#8230;<\/p>  <\/div><\/div><div class=\"grve-element grve-align-center\"><a class=\"grve-btn grve-btn-medium grve-square grve-bg-primary-2\" href=\"https:\/\/test.weyer-gruppe.com\/wp-content\/uploads\/2019\/07\/weyer-spezial-energieoptimierung0515.pdf\" target=\"_blank\" style=\"\"><span>Otwarty PDF<\/span><\/a><\/div>[\/vc_column][\/vc_row][vc_row][vc_column]<div class=\"grve-element grve-hr grve-space-divider\" style=\"\"><\/div>[\/vc_column][\/vc_row][vc_row][vc_column width=&#8221;1\/4&#8243;]<div class=\"grve-element grve-box grve-align-center\" style=\"\"><div class=\"grve-media\"><img decoding=\"async\" width=\"625\" height=\"625\" src=\"https:\/\/test.weyer-gruppe.com\/wp-content\/uploads\/2019\/07\/weyer-spezial-weyer-gruppe-engineering.jpg\" class=\"attachment-full size-full\" alt=\"weyer spezial zum Thema Engineering\" srcset=\"https:\/\/test.weyer-gruppe.com\/wp-content\/uploads\/2019\/07\/weyer-spezial-weyer-gruppe-engineering.jpg 625w, https:\/\/test.weyer-gruppe.com\/wp-content\/uploads\/2019\/07\/weyer-spezial-weyer-gruppe-engineering-300x300.jpg 300w, https:\/\/test.weyer-gruppe.com\/wp-content\/uploads\/2019\/07\/weyer-spezial-weyer-gruppe-engineering-150x150.jpg 150w, https:\/\/test.weyer-gruppe.com\/wp-content\/uploads\/2019\/07\/weyer-spezial-weyer-gruppe-engineering-80x80.jpg 80w, https:\/\/test.weyer-gruppe.com\/wp-content\/uploads\/2019\/07\/weyer-spezial-weyer-gruppe-engineering-560x560.jpg 560w\" sizes=\"(max-width: 625px) 100vw, 625px\" \/><\/div>  <div class=\"grve-box-content\">    <a href=\"https:\/\/test.weyer-gruppe.com\/wp-content\/uploads\/2019\/07\/weyer-spezial-engineering-0612.pdf\" target=\"_blank\"><h5 class=\"grve-box-title\"><span>In\u017cynieria<\/span><\/h5>    <\/a>    <p>Dla naszych klient\u00f3w, us\u0142ugi in\u017cynierskie weyer group oznaczaj\u0105 zintegrowane wsparcie podczas ca\u0142ego czasu realizacji projektu, od opracowania procesu zgodnie z wymaganiami, poprzez zaprojektowanie maszyn i urz\u0105dze\u0144, a\u017c do zabezpieczenia wymaga\u0144 prawnych dotycz\u0105cych budowy i eksploatacji instalacji. &#8230;<\/p>  <\/div><\/div><div class=\"grve-element grve-align-center\"><a class=\"grve-btn grve-btn-medium grve-square grve-bg-primary-2\" href=\"https:\/\/test.weyer-gruppe.com\/wp-content\/uploads\/2019\/07\/weyer-spezial-engineering-0612.pdf\" target=\"_blank\" style=\"\"><span>Otwarty PDF<\/span><\/a><\/div>[\/vc_column][vc_column width=&#8221;1\/4&#8243;]<div class=\"grve-element grve-box grve-align-center\" style=\"\"><div class=\"grve-media\"><img decoding=\"async\" width=\"625\" height=\"625\" src=\"https:\/\/test.weyer-gruppe.com\/wp-content\/uploads\/2019\/07\/weyer-spezial-weyer-gruppe-explosionsschutz.jpg\" class=\"attachment-full size-full\" alt=\"weyer spezial zum Thema Explosionsschutz\" srcset=\"https:\/\/test.weyer-gruppe.com\/wp-content\/uploads\/2019\/07\/weyer-spezial-weyer-gruppe-explosionsschutz.jpg 625w, https:\/\/test.weyer-gruppe.com\/wp-content\/uploads\/2019\/07\/weyer-spezial-weyer-gruppe-explosionsschutz-300x300.jpg 300w, https:\/\/test.weyer-gruppe.com\/wp-content\/uploads\/2019\/07\/weyer-spezial-weyer-gruppe-explosionsschutz-150x150.jpg 150w, https:\/\/test.weyer-gruppe.com\/wp-content\/uploads\/2019\/07\/weyer-spezial-weyer-gruppe-explosionsschutz-80x80.jpg 80w, https:\/\/test.weyer-gruppe.com\/wp-content\/uploads\/2019\/07\/weyer-spezial-weyer-gruppe-explosionsschutz-560x560.jpg 560w\" sizes=\"(max-width: 625px) 100vw, 625px\" \/><\/div>  <div class=\"grve-box-content\">    <a href=\"https:\/\/test.weyer-gruppe.com\/wp-content\/uploads\/2019\/07\/2022_weyer-spezial_Explosionsschutz.pdf\" target=\"_blank\"><h5 class=\"grve-box-title\"><span>Ochrona przed wybuchem<\/span><\/h5>    <\/a>    <p>W ostatnich latach wydano wiele nowych dyrektyw, ustaw, rozporz\u0105dze\u0144 i przepis\u00f3w technicznych w dziedzinie ochrony przeciwwybuchowej. Nowe przepisy zwi\u0119kszaj\u0105 wymagania operacyjne i organizacyjne wobec operator\u00f3w: s\u0105 oni obci\u0105\u017ceni znacznie wi\u0119ksz\u0105 odpowiedzialno\u015bci\u0105 osobist\u0105. Weyer grouppe wie wszystko o ochronie przeciwwybuchowej&#8230;<\/p>  <\/div><\/div><div class=\"grve-element grve-align-center\"><a class=\"grve-btn grve-btn-medium grve-square grve-bg-primary-2\" href=\"https:\/\/test.weyer-gruppe.com\/wp-content\/uploads\/2019\/07\/2022_weyer-spezial_Explosionsschutz.pdf\" target=\"_blank\" style=\"\"><span>Otwarty PDF<\/span><\/a><\/div>[\/vc_column][vc_column width=&#8221;1\/4&#8243;]<div class=\"grve-element grve-box grve-align-center\" style=\"\"><div class=\"grve-media\"><img decoding=\"async\" width=\"625\" height=\"625\" src=\"https:\/\/test.weyer-gruppe.com\/wp-content\/uploads\/2019\/07\/weyer-spezial-weyer-gruppe-flaechenmanagement.jpg\" class=\"attachment-full size-full\" alt=\"weyer spezial zum Thema Fl\u00e4chenmanagement\" srcset=\"https:\/\/test.weyer-gruppe.com\/wp-content\/uploads\/2019\/07\/weyer-spezial-weyer-gruppe-flaechenmanagement.jpg 625w, https:\/\/test.weyer-gruppe.com\/wp-content\/uploads\/2019\/07\/weyer-spezial-weyer-gruppe-flaechenmanagement-300x300.jpg 300w, https:\/\/test.weyer-gruppe.com\/wp-content\/uploads\/2019\/07\/weyer-spezial-weyer-gruppe-flaechenmanagement-150x150.jpg 150w, https:\/\/test.weyer-gruppe.com\/wp-content\/uploads\/2019\/07\/weyer-spezial-weyer-gruppe-flaechenmanagement-80x80.jpg 80w, https:\/\/test.weyer-gruppe.com\/wp-content\/uploads\/2019\/07\/weyer-spezial-weyer-gruppe-flaechenmanagement-560x560.jpg 560w\" sizes=\"(max-width: 625px) 100vw, 625px\" \/><\/div>  <div class=\"grve-box-content\">    <a href=\"https:\/\/test.weyer-gruppe.com\/wp-content\/uploads\/2019\/07\/weyer-spezial-flaechenmanagement-0612.pdf\" target=\"_blank\"><h5 class=\"grve-box-title\"><span>Zarz\u0105dzanie gruntami<\/span><\/h5>    <\/a>    <p>Zarz\u0105dzanie gruntami coraz cz\u0119\u015bciej prezentuje si\u0119 jako ogniwo \u0142\u0105cz\u0105ce rozw\u00f3j urbanistyczny, zarz\u0105dzanie nieruchomo\u015bciami komunalnymi, rozw\u00f3j dzia\u0142alno\u015bci gospodarczej i ochron\u0119 \u015brodowiska. Dlatego te\u017c oferujemy us\u0142ugi dla klient\u00f3w publicznych i prywatnych, pocz\u0105wszy od zarz\u0105dzania zanieczyszczonymi terenami, poprzez analizy koszt\u00f3w i korzy\u015bci gospodarczych, a\u017c po doradztwo w zakresie planowania (miejskiego i regionalnego). &#8230;<\/p>  <\/div><\/div><div class=\"grve-element grve-align-center\"><a class=\"grve-btn grve-btn-medium grve-square grve-bg-primary-2\" href=\"https:\/\/test.weyer-gruppe.com\/wp-content\/uploads\/2019\/07\/weyer-spezial-flaechenmanagement-0612.pdf\" target=\"_blank\" style=\"\"><span>Otwarty PDF<\/span><\/a><\/div>[\/vc_column][vc_column width=&#8221;1\/4&#8243;]<div class=\"grve-element grve-box grve-align-center\" style=\"\"><div class=\"grve-media\"><img decoding=\"async\" width=\"625\" height=\"625\" src=\"https:\/\/test.weyer-gruppe.com\/wp-content\/uploads\/2019\/07\/weyer-spezial-weyer-gruppe-maschinensteuerungen.jpg\" class=\"attachment-full size-full\" alt=\"weyer spezial zum Thema funktionale Sicherheit von Maschinensteuerungen\" srcset=\"https:\/\/test.weyer-gruppe.com\/wp-content\/uploads\/2019\/07\/weyer-spezial-weyer-gruppe-maschinensteuerungen.jpg 625w, https:\/\/test.weyer-gruppe.com\/wp-content\/uploads\/2019\/07\/weyer-spezial-weyer-gruppe-maschinensteuerungen-300x300.jpg 300w, https:\/\/test.weyer-gruppe.com\/wp-content\/uploads\/2019\/07\/weyer-spezial-weyer-gruppe-maschinensteuerungen-150x150.jpg 150w, https:\/\/test.weyer-gruppe.com\/wp-content\/uploads\/2019\/07\/weyer-spezial-weyer-gruppe-maschinensteuerungen-80x80.jpg 80w, https:\/\/test.weyer-gruppe.com\/wp-content\/uploads\/2019\/07\/weyer-spezial-weyer-gruppe-maschinensteuerungen-560x560.jpg 560w\" sizes=\"(max-width: 625px) 100vw, 625px\" \/><\/div>  <div class=\"grve-box-content\">    <a href=\"https:\/\/test.weyer-gruppe.com\/wp-content\/uploads\/2019\/07\/weyer-spezial-genehmigungsmanagement-0515.pdf\" target=\"_blank\"><h5 class=\"grve-box-title\"><span>Bezpiecze\u0144stwo funkcjonalne uk\u0142ad\u00f3w sterowania maszyny<\/span><\/h5>    <\/a>    <p>Realizacja projekt\u00f3w przemys\u0142owych i komercyjnych zazwyczaj wymaga uzyskania pozwole\u0144 \u015brodowiskowych. Wa\u017cne jest, aby ka\u017cdy operator zak\u0142adu uzyska\u0142 te pozwolenia bez op\u00f3\u017anie\u0144 i bez kosztownych przepis\u00f3w pomocniczych.<\/p>  <\/div><\/div><div class=\"grve-element grve-align-center\"><a class=\"grve-btn grve-btn-medium grve-square grve-bg-primary-2\" href=\"https:\/\/test.weyer-gruppe.com\/wp-content\/uploads\/2019\/07\/weyer-spezial-genehmigungsmanagement-0515.pdf\" target=\"_blank\" style=\"\"><span>Otwarty PDF<\/span><\/a><\/div>[\/vc_column][\/vc_row][vc_row][vc_column]<div class=\"grve-element grve-hr grve-space-divider\" style=\"\"><\/div>[\/vc_column][\/vc_row][vc_row][vc_column width=&#8221;1\/4&#8243;]<div class=\"grve-element grve-box grve-align-left\" style=\"\"><div class=\"grve-media\"><img decoding=\"async\" width=\"625\" height=\"625\" src=\"https:\/\/test.weyer-gruppe.com\/wp-content\/uploads\/2019\/07\/weyer-spezial-weyer-gruppe-genehmigungsmanagement.jpg\" class=\"attachment-full size-full\" alt=\"weyer spezial zum Thema Genehmigungsmanagement\" srcset=\"https:\/\/test.weyer-gruppe.com\/wp-content\/uploads\/2019\/07\/weyer-spezial-weyer-gruppe-genehmigungsmanagement.jpg 625w, https:\/\/test.weyer-gruppe.com\/wp-content\/uploads\/2019\/07\/weyer-spezial-weyer-gruppe-genehmigungsmanagement-300x300.jpg 300w, https:\/\/test.weyer-gruppe.com\/wp-content\/uploads\/2019\/07\/weyer-spezial-weyer-gruppe-genehmigungsmanagement-150x150.jpg 150w, https:\/\/test.weyer-gruppe.com\/wp-content\/uploads\/2019\/07\/weyer-spezial-weyer-gruppe-genehmigungsmanagement-80x80.jpg 80w, https:\/\/test.weyer-gruppe.com\/wp-content\/uploads\/2019\/07\/weyer-spezial-weyer-gruppe-genehmigungsmanagement-560x560.jpg 560w\" sizes=\"(max-width: 625px) 100vw, 625px\" \/><\/div>  <div class=\"grve-box-content\">    <a href=\"https:\/\/test.weyer-gruppe.com\/wp-content\/uploads\/2019\/07\/weyer-spezial-genehmigungsmanagement-0515.pdf\" target=\"_self\"><h5 class=\"grve-box-title\"><span>Zarz\u0105dzanie zezwoleniami<\/span><\/h5>    <\/a>    <p>Realizacja projekt\u00f3w przemys\u0142owych i komercyjnych zazwyczaj wymaga uzyskania pozwole\u0144 \u015brodowiskowych. Dla ka\u017cdego operatora zak\u0142adu wa\u017cne jest, aby uzyska\u0107 te pozwolenia bez op\u00f3\u017anie\u0144 i bez kosztownych przepis\u00f3w pomocniczych. &#8230;<\/p>  <\/div><\/div><div class=\"grve-element grve-align-center\"><a class=\"grve-btn grve-btn-medium grve-square grve-bg-primary-2\" href=\"https:\/\/test.weyer-gruppe.com\/wp-content\/uploads\/2019\/07\/weyer-spezial-genehmigungsmanagement-0515.pdf\" target=\"_blank\" style=\"\"><span>Otwarty PDF<\/span><\/a><\/div>[\/vc_column][vc_column width=&#8221;1\/4&#8243;]<div class=\"grve-element grve-box grve-align-center\" style=\"\"><div class=\"grve-media\"><img decoding=\"async\" width=\"625\" height=\"625\" src=\"https:\/\/test.weyer-gruppe.com\/wp-content\/uploads\/2019\/07\/weyer-spezial-weyer-gruppe-gewaesserschutz.jpg\" class=\"attachment-full size-full\" alt=\"Deckblatt weyer spezial Gew\u00e4sserschutz\" srcset=\"https:\/\/test.weyer-gruppe.com\/wp-content\/uploads\/2019\/07\/weyer-spezial-weyer-gruppe-gewaesserschutz.jpg 625w, https:\/\/test.weyer-gruppe.com\/wp-content\/uploads\/2019\/07\/weyer-spezial-weyer-gruppe-gewaesserschutz-300x300.jpg 300w, https:\/\/test.weyer-gruppe.com\/wp-content\/uploads\/2019\/07\/weyer-spezial-weyer-gruppe-gewaesserschutz-150x150.jpg 150w, https:\/\/test.weyer-gruppe.com\/wp-content\/uploads\/2019\/07\/weyer-spezial-weyer-gruppe-gewaesserschutz-80x80.jpg 80w, https:\/\/test.weyer-gruppe.com\/wp-content\/uploads\/2019\/07\/weyer-spezial-weyer-gruppe-gewaesserschutz-560x560.jpg 560w\" sizes=\"(max-width: 625px) 100vw, 625px\" \/><\/div>  <div class=\"grve-box-content\">    <a href=\"https:\/\/test.weyer-gruppe.com\/wp-content\/uploads\/2019\/07\/weyer-spezial-gewaesserschutz-0418.pdf\" target=\"_blank\"><h5 class=\"grve-box-title\"><span>Ochrona w\u00f3d<\/span><\/h5>    <\/a>    <p>Dla naszych klient\u00f3w, us\u0142ugi in\u017cynierskie weyer group oznaczaj\u0105 zintegrowane wsparcie podczas ca\u0142ego czasu realizacji projektu, od opracowania procesu zgodnie z wymaganiami, poprzez zaprojektowanie maszyn i urz\u0105dze\u0144, a\u017c do zabezpieczenia wymaga\u0144 prawnych dotycz\u0105cych budowy i eksploatacji instalacji. &#8230;<\/p>  <\/div><\/div><div class=\"grve-element grve-align-center\"><a class=\"grve-btn grve-btn-medium grve-square grve-bg-primary-2\" href=\"https:\/\/test.weyer-gruppe.com\/wp-content\/uploads\/2019\/07\/weyer-spezial-gewaesserschutz-0418.pdf\" target=\"_blank\" style=\"\"><span>Otwarty PDF<\/span><\/a><\/div>[\/vc_column][vc_column width=&#8221;1\/4&#8243;]<div class=\"grve-element grve-box grve-align-center\" style=\"\"><div class=\"grve-media\"><img decoding=\"async\" width=\"625\" height=\"625\" src=\"https:\/\/test.weyer-gruppe.com\/wp-content\/uploads\/2019\/07\/weyer-spezial-weyer-gruppe-immissionsprognosen.jpg\" class=\"attachment-full size-full\" alt=\"weyer spezial zum Thema Immissionsprognosen\" srcset=\"https:\/\/test.weyer-gruppe.com\/wp-content\/uploads\/2019\/07\/weyer-spezial-weyer-gruppe-immissionsprognosen.jpg 625w, https:\/\/test.weyer-gruppe.com\/wp-content\/uploads\/2019\/07\/weyer-spezial-weyer-gruppe-immissionsprognosen-300x300.jpg 300w, https:\/\/test.weyer-gruppe.com\/wp-content\/uploads\/2019\/07\/weyer-spezial-weyer-gruppe-immissionsprognosen-150x150.jpg 150w, https:\/\/test.weyer-gruppe.com\/wp-content\/uploads\/2019\/07\/weyer-spezial-weyer-gruppe-immissionsprognosen-80x80.jpg 80w, https:\/\/test.weyer-gruppe.com\/wp-content\/uploads\/2019\/07\/weyer-spezial-weyer-gruppe-immissionsprognosen-560x560.jpg 560w\" sizes=\"(max-width: 625px) 100vw, 625px\" \/><\/div>  <div class=\"grve-box-content\">    <a href=\"https:\/\/test.weyer-gruppe.com\/wp-content\/uploads\/2019\/07\/weyer-spezial-immissionsprognosen-0612.pdf\" target=\"_blank\"><h5 class=\"grve-box-title\"><span>Prognozy imisji<\/span><\/h5>    <\/a>    <p>Podczas planowania nowych zak\u0142ad\u00f3w przemys\u0142owych i handlowych, z kt\u00f3rych mog\u0105 by\u0107 emitowane zanieczyszczenia powietrza, w wielu przypadkach w ramach procedury zatwierdzania kontroli imisji nale\u017cy przygotowa\u0107 prognoz\u0119 emisji zanieczyszcze\u0144 powietrza. Celem jest ocena wp\u0142ywu zanieczyszcze\u0144 powietrza na chronione dobra cz\u0142owieka, zwierz\u0119ta i ro\u015bliny oraz na ekosystemy. &#8230;<\/p>  <\/div><\/div><div class=\"grve-element grve-align-center\"><a class=\"grve-btn grve-btn-medium grve-square grve-bg-primary-2\" href=\"https:\/\/test.weyer-gruppe.com\/wp-content\/uploads\/2019\/07\/weyer-spezial-immissionsprognosen-0612.pdf\" target=\"_blank\" style=\"\"><span>Otwarty PDF<\/span><\/a><\/div>[\/vc_column][vc_column width=&#8221;1\/4&#8243;]<div class=\"grve-element grve-box grve-align-center\" style=\"\"><div class=\"grve-media\"><img decoding=\"async\" width=\"625\" height=\"625\" src=\"https:\/\/test.weyer-gruppe.com\/wp-content\/uploads\/2019\/07\/weyer-spezial-weyer-gruppe-kommunale-beratung.jpg\" class=\"attachment-full size-full\" alt=\"weyer spezial zum Thema kommunale Beratung\" srcset=\"https:\/\/test.weyer-gruppe.com\/wp-content\/uploads\/2019\/07\/weyer-spezial-weyer-gruppe-kommunale-beratung.jpg 625w, https:\/\/test.weyer-gruppe.com\/wp-content\/uploads\/2019\/07\/weyer-spezial-weyer-gruppe-kommunale-beratung-300x300.jpg 300w, https:\/\/test.weyer-gruppe.com\/wp-content\/uploads\/2019\/07\/weyer-spezial-weyer-gruppe-kommunale-beratung-150x150.jpg 150w, https:\/\/test.weyer-gruppe.com\/wp-content\/uploads\/2019\/07\/weyer-spezial-weyer-gruppe-kommunale-beratung-80x80.jpg 80w, https:\/\/test.weyer-gruppe.com\/wp-content\/uploads\/2019\/07\/weyer-spezial-weyer-gruppe-kommunale-beratung-560x560.jpg 560w\" sizes=\"(max-width: 625px) 100vw, 625px\" \/><\/div>  <div class=\"grve-box-content\">    <a href=\"https:\/\/test.weyer-gruppe.com\/wp-content\/uploads\/2019\/07\/weyer-spezial-kommunale-beratung-0612.pdf\" target=\"_blank\"><h5 class=\"grve-box-title\"><span>Doradztwo komunalne<\/span><\/h5>    <\/a>    <p>Przedstawiciele w\u0142adz miejskich musz\u0105 ju\u017c dzi\u015b podejmowa\u0107 decyzje w sprawie projekt\u00f3w, kt\u00f3rych efekty s\u0105 cz\u0119sto odleg\u0142e w przysz\u0142o\u015bci. Ale bez wiarygodnych scenariuszy rozwoju, trudno jest dokona\u0107 ostatecznej oceny. Z\u0142o\u017cone powi\u0105zania, jak r\u00f3wnie\u017c uwzgl\u0119dnienie interesu publicznego wymagaj\u0105 zatem podej\u015bcia, kt\u00f3re przedstawia w liczbach oczekiwane koszty i korzy\u015bci inwestycji w perspektywie d\u0142ugoterminowej. &#8230;<\/p>  <\/div><\/div><div class=\"grve-element grve-align-center\"><a class=\"grve-btn grve-btn-medium grve-square grve-bg-primary-2\" href=\"https:\/\/test.weyer-gruppe.com\/wp-content\/uploads\/2019\/07\/weyer-spezial-kommunale-beratung-0612.pdf\" target=\"_blank\" style=\"\"><span>Otwarty PDF<\/span><\/a><\/div>[\/vc_column][\/vc_row][vc_row][vc_column]<div class=\"grve-element grve-hr grve-space-divider\" style=\"\"><\/div>[\/vc_column][\/vc_row][vc_row][vc_column width=&#8221;1\/4&#8243;]<div class=\"grve-element grve-box grve-align-center\" style=\"\"><div class=\"grve-media\"><img decoding=\"async\" width=\"625\" height=\"625\" src=\"https:\/\/test.weyer-gruppe.com\/wp-content\/uploads\/2019\/07\/weyer-spezial-weyer-gruppe-legal-compliance.jpg\" class=\"attachment-full size-full\" alt=\"weyer spezial zum Thema Legal Compliance\" srcset=\"https:\/\/test.weyer-gruppe.com\/wp-content\/uploads\/2019\/07\/weyer-spezial-weyer-gruppe-legal-compliance.jpg 625w, https:\/\/test.weyer-gruppe.com\/wp-content\/uploads\/2019\/07\/weyer-spezial-weyer-gruppe-legal-compliance-300x300.jpg 300w, https:\/\/test.weyer-gruppe.com\/wp-content\/uploads\/2019\/07\/weyer-spezial-weyer-gruppe-legal-compliance-150x150.jpg 150w, https:\/\/test.weyer-gruppe.com\/wp-content\/uploads\/2019\/07\/weyer-spezial-weyer-gruppe-legal-compliance-80x80.jpg 80w, https:\/\/test.weyer-gruppe.com\/wp-content\/uploads\/2019\/07\/weyer-spezial-weyer-gruppe-legal-compliance-560x560.jpg 560w\" sizes=\"(max-width: 625px) 100vw, 625px\" \/><\/div>  <div class=\"grve-box-content\">    <a href=\"https:\/\/test.weyer-gruppe.com\/wp-content\/uploads\/2019\/07\/weyer-spezial-legal-compliance-0515.pdf\" target=\"_blank\"><h5 class=\"grve-box-title\"><span>Zgodno\u015b\u0107 z prawem<\/span><\/h5>    <\/a>    <p>Zgodno\u015b\u0107 oznacza przestrzeganie praw i wytycznych w firmie. Zgodnie z \u00a7\u00a7 9, 30 i 130 niemieckiej ustawy o wykroczeniach administracyjnych (Ordnungswidrigkeitengesetz) kierownictwo sp\u00f3\u0142ki ma obowi\u0105zek dopilnowa\u0107, aby dzia\u0142alno\u015b\u0107 gospodarcza nie skutkowa\u0142a naruszeniem prawa. &#8230;<\/p>  <\/div><\/div><div class=\"grve-element grve-align-center\"><a class=\"grve-btn grve-btn-medium grve-square grve-bg-primary-2\" href=\"https:\/\/test.weyer-gruppe.com\/wp-content\/uploads\/2019\/07\/weyer-spezial-legal-compliance-0515.pdf\" target=\"_blank\" style=\"\"><span>Otwarty PDF<\/span><\/a><\/div>[\/vc_column][vc_column width=&#8221;1\/4&#8243;]<div class=\"grve-element grve-box grve-align-center\" style=\"\"><div class=\"grve-media\"><img decoding=\"async\" width=\"625\" height=\"625\" src=\"https:\/\/test.weyer-gruppe.com\/wp-content\/uploads\/2019\/07\/weyer-spezial-weyer-gruppe-maschinenbewertung-anlagenbewertung.jpg\" class=\"attachment-full size-full\" alt=\"weyer spezial zum Thema Maschinen- und Anlagenbewertung\" srcset=\"https:\/\/test.weyer-gruppe.com\/wp-content\/uploads\/2019\/07\/weyer-spezial-weyer-gruppe-maschinenbewertung-anlagenbewertung.jpg 625w, https:\/\/test.weyer-gruppe.com\/wp-content\/uploads\/2019\/07\/weyer-spezial-weyer-gruppe-maschinenbewertung-anlagenbewertung-300x300.jpg 300w, https:\/\/test.weyer-gruppe.com\/wp-content\/uploads\/2019\/07\/weyer-spezial-weyer-gruppe-maschinenbewertung-anlagenbewertung-150x150.jpg 150w, https:\/\/test.weyer-gruppe.com\/wp-content\/uploads\/2019\/07\/weyer-spezial-weyer-gruppe-maschinenbewertung-anlagenbewertung-80x80.jpg 80w, https:\/\/test.weyer-gruppe.com\/wp-content\/uploads\/2019\/07\/weyer-spezial-weyer-gruppe-maschinenbewertung-anlagenbewertung-560x560.jpg 560w\" sizes=\"(max-width: 625px) 100vw, 625px\" \/><\/div>  <div class=\"grve-box-content\">    <a href=\"https:\/\/test.weyer-gruppe.com\/wp-content\/uploads\/2019\/07\/weyer-spezial-maschinenbewertung-anlagenbewertung-0417.pdf\" target=\"_blank\"><h5 class=\"grve-box-title\"><span>Wycena maszyn i urz\u0105dze\u0144<\/span><\/h5>    <\/a>    <p>Nasze oceny maszyn i urz\u0105dze\u0144 technicznych s\u0105 przygotowywane wsp\u00f3lnie przez in\u017cynier\u00f3w i biznesmen\u00f3w i uwzgl\u0119dniaj\u0105 nasze do\u015bwiadczenie we wszystkich obszarach eksploatacji maszyn i urz\u0105dze\u0144. W zale\u017cno\u015bci od wymaga\u0144 okre\u015blamy aktualn\u0105 warto\u015b\u0107 rynkow\u0105, warto\u015b\u0107 godziw\u0105 lub warto\u015b\u0107 odtworzenia maszyn. &#8230;<\/p>  <\/div><\/div><div class=\"grve-element grve-align-center\"><a class=\"grve-btn grve-btn-medium grve-square grve-bg-primary-2\" href=\"https:\/\/test.weyer-gruppe.com\/wp-content\/uploads\/2019\/07\/weyer-spezial-maschinenbewertung-anlagenbewertung-0417.pdf\" target=\"_blank\" style=\"\"><span>Otwarty PDF<\/span><\/a><\/div>[\/vc_column][vc_column width=&#8221;1\/4&#8243;]<div class=\"grve-element grve-box grve-align-center\" style=\"\"><div class=\"grve-media\"><img decoding=\"async\" width=\"625\" height=\"625\" src=\"https:\/\/test.weyer-gruppe.com\/wp-content\/uploads\/2019\/07\/weyer-spezial-weyer-gruppe-maschinenrichtlinie.jpg\" class=\"attachment-full size-full\" alt=\"weyer spezial zum Thema Maschinenrichtlinie\" srcset=\"https:\/\/test.weyer-gruppe.com\/wp-content\/uploads\/2019\/07\/weyer-spezial-weyer-gruppe-maschinenrichtlinie.jpg 625w, https:\/\/test.weyer-gruppe.com\/wp-content\/uploads\/2019\/07\/weyer-spezial-weyer-gruppe-maschinenrichtlinie-300x300.jpg 300w, https:\/\/test.weyer-gruppe.com\/wp-content\/uploads\/2019\/07\/weyer-spezial-weyer-gruppe-maschinenrichtlinie-150x150.jpg 150w, https:\/\/test.weyer-gruppe.com\/wp-content\/uploads\/2019\/07\/weyer-spezial-weyer-gruppe-maschinenrichtlinie-80x80.jpg 80w, https:\/\/test.weyer-gruppe.com\/wp-content\/uploads\/2019\/07\/weyer-spezial-weyer-gruppe-maschinenrichtlinie-560x560.jpg 560w\" sizes=\"(max-width: 625px) 100vw, 625px\" \/><\/div>  <div class=\"grve-box-content\">    <a href=\"https:\/\/test.weyer-gruppe.com\/wp-content\/uploads\/2019\/07\/2022_weyer-spezial_Maschinenrichtlinie.pdf\" target=\"_blank\"><h5 class=\"grve-box-title\"><span>Dyrektywa maszynowa<\/span><\/h5>    <\/a>    <p>Dyrektywa maszynowa (NDP) opisuje jednolite wymagania prawne w zakresie bezpiecze\u0144stwa i ochrony zdrowia dla Europejskiego Obszaru Gospodarczego (EOG), kt\u00f3re musz\u0105 by\u0107 przestrzegane przy projektowaniu i budowie maszyn, maszyn cz\u0119\u015bciowo uko\u0144czonych i produkt\u00f3w r\u00f3wnowa\u017cnych z maszynami. &#8230;<\/p>  <\/div><\/div><div class=\"grve-element grve-align-center\"><a class=\"grve-btn grve-btn-medium grve-square grve-bg-primary-2\" href=\"https:\/\/test.weyer-gruppe.com\/wp-content\/uploads\/2019\/07\/2022_weyer-spezial_Maschinenrichtlinie.pdf\" target=\"_blank\" style=\"\"><span>Otwarty PDF<\/span><\/a><\/div>[\/vc_column][vc_column width=&#8221;1\/4&#8243;]<div class=\"grve-element grve-box grve-align-center\" style=\"\"><div class=\"grve-media\"><img decoding=\"async\" width=\"625\" height=\"625\" src=\"https:\/\/test.weyer-gruppe.com\/wp-content\/uploads\/2019\/07\/weyer-spezial-weyer-gruppe-ofensimulation.jpg\" class=\"attachment-full size-full\" alt=\"weyer spezial zum Thema Ofensimulation\" srcset=\"https:\/\/test.weyer-gruppe.com\/wp-content\/uploads\/2019\/07\/weyer-spezial-weyer-gruppe-ofensimulation.jpg 625w, https:\/\/test.weyer-gruppe.com\/wp-content\/uploads\/2019\/07\/weyer-spezial-weyer-gruppe-ofensimulation-300x300.jpg 300w, https:\/\/test.weyer-gruppe.com\/wp-content\/uploads\/2019\/07\/weyer-spezial-weyer-gruppe-ofensimulation-150x150.jpg 150w, https:\/\/test.weyer-gruppe.com\/wp-content\/uploads\/2019\/07\/weyer-spezial-weyer-gruppe-ofensimulation-80x80.jpg 80w, https:\/\/test.weyer-gruppe.com\/wp-content\/uploads\/2019\/07\/weyer-spezial-weyer-gruppe-ofensimulation-560x560.jpg 560w\" sizes=\"(max-width: 625px) 100vw, 625px\" \/><\/div>  <div class=\"grve-box-content\">    <a href=\"https:\/\/test.weyer-gruppe.com\/wp-content\/uploads\/2019\/07\/weyer-spezial-ofensimulation-0612.pdf\" target=\"_blank\"><h5 class=\"grve-box-title\"><span>Symulacja pieca<\/span><\/h5>    <\/a>    <p>W procesach, w kt\u00f3rych sterowanie procesem wymaga wysokich temperatur (&gt;300 \u00b0C), stosuje si\u0119 zazwyczaj piece bezpo\u015brednio wypalane. Rozr\u00f3\u017cnia si\u0119 mi\u0119dzy piecami procesowymi a rafineryjnymi. Najcz\u0119\u015bciej s\u0105 to piece rafineryjne, kt\u00f3re s\u0142u\u017c\u0105 do ogrzewania lub odparowywania w\u0119glowodor\u00f3w. &#8230;<\/p>  <\/div><\/div><div class=\"grve-element grve-align-center\"><a class=\"grve-btn grve-btn-medium grve-square grve-bg-primary-2\" href=\"https:\/\/test.weyer-gruppe.com\/wp-content\/uploads\/2019\/07\/weyer-spezial-ofensimulation-0612.pdf\" target=\"_blank\" style=\"\"><span>Otwarty PDF<\/span><\/a><\/div>[\/vc_column][\/vc_row][vc_row][vc_column]<div class=\"grve-element grve-hr grve-space-divider\" style=\"\"><\/div>[\/vc_column][\/vc_row][vc_row][vc_column width=&#8221;1\/4&#8243;]<div class=\"grve-element grve-box grve-align-center\" style=\"\"><div class=\"grve-media\"><img decoding=\"async\" width=\"625\" height=\"625\" src=\"https:\/\/test.weyer-gruppe.com\/wp-content\/uploads\/2019\/07\/weyer-spezial-weyer-gruppe-owners-engineering.jpg\" class=\"attachment-full size-full\" alt=\"weyer spezial zum Thema owners Engineering\" srcset=\"https:\/\/test.weyer-gruppe.com\/wp-content\/uploads\/2019\/07\/weyer-spezial-weyer-gruppe-owners-engineering.jpg 625w, https:\/\/test.weyer-gruppe.com\/wp-content\/uploads\/2019\/07\/weyer-spezial-weyer-gruppe-owners-engineering-300x300.jpg 300w, https:\/\/test.weyer-gruppe.com\/wp-content\/uploads\/2019\/07\/weyer-spezial-weyer-gruppe-owners-engineering-150x150.jpg 150w, https:\/\/test.weyer-gruppe.com\/wp-content\/uploads\/2019\/07\/weyer-spezial-weyer-gruppe-owners-engineering-80x80.jpg 80w, https:\/\/test.weyer-gruppe.com\/wp-content\/uploads\/2019\/07\/weyer-spezial-weyer-gruppe-owners-engineering-560x560.jpg 560w\" sizes=\"(max-width: 625px) 100vw, 625px\" \/><\/div>  <div class=\"grve-box-content\">    <a href=\"https:\/\/test.weyer-gruppe.com\/wp-content\/uploads\/2019\/07\/weyer-spezial-owners-engineering-0921.pdf\" target=\"_blank\"><h5 class=\"grve-box-title\"><span>Owner's Engineering<\/span><\/h5>    <\/a>    <p>Ka\u017cda realizacja inwestycji zak\u0142adowej wymaga kompetentnego zespo\u0142u klienta w poszczeg\u00f3lnych fazach projektu w zakresie zarz\u0105dzania projektem i wsparcia dzia\u0142a\u0144 budowlanych. W\u0142a\u015bcicielski Zesp\u00f3\u0142 In\u017cynier\u00f3w weyer grouppe wspiera klienta jako zewn\u0119trzny, niezale\u017cny partner od momentu zdefiniowania koncepcji do zako\u0144czenia projektu. &#8230;<\/p>  <\/div><\/div><div class=\"grve-element grve-align-center\"><a class=\"grve-btn grve-btn-medium grve-square grve-bg-primary-2\" href=\"https:\/\/test.weyer-gruppe.com\/wp-content\/uploads\/2019\/07\/weyer-spezial-owners-engineering-0921.pdf\" target=\"_blank\" style=\"\"><span>Otwarty PDF<\/span><\/a><\/div>[\/vc_column][vc_column width=&#8221;1\/4&#8243;]<div class=\"grve-element grve-box grve-align-center\" style=\"\"><div class=\"grve-media\"><img decoding=\"async\" width=\"625\" height=\"625\" src=\"https:\/\/test.weyer-gruppe.com\/wp-content\/uploads\/2019\/07\/weyer-spezial-weyer-gruppe-pako-projektabwicklung-kontierung-1.jpg\" class=\"attachment-full size-full\" alt=\"Deckblatt weyer spezial PAKO\" srcset=\"https:\/\/test.weyer-gruppe.com\/wp-content\/uploads\/2019\/07\/weyer-spezial-weyer-gruppe-pako-projektabwicklung-kontierung-1.jpg 625w, https:\/\/test.weyer-gruppe.com\/wp-content\/uploads\/2019\/07\/weyer-spezial-weyer-gruppe-pako-projektabwicklung-kontierung-1-300x300.jpg 300w, https:\/\/test.weyer-gruppe.com\/wp-content\/uploads\/2019\/07\/weyer-spezial-weyer-gruppe-pako-projektabwicklung-kontierung-1-150x150.jpg 150w, https:\/\/test.weyer-gruppe.com\/wp-content\/uploads\/2019\/07\/weyer-spezial-weyer-gruppe-pako-projektabwicklung-kontierung-1-80x80.jpg 80w, https:\/\/test.weyer-gruppe.com\/wp-content\/uploads\/2019\/07\/weyer-spezial-weyer-gruppe-pako-projektabwicklung-kontierung-1-560x560.jpg 560w\" sizes=\"(max-width: 625px) 100vw, 625px\" \/><\/div>  <div class=\"grve-box-content\">    <a href=\"https:\/\/test.weyer-gruppe.com\/wp-content\/uploads\/2019\/07\/weyer-spezial-pako-0612.pdf\" target=\"_blank\"><h5 class=\"grve-box-title\"><span>PAKO<\/span><\/h5>    <\/a>    <p>Dla firm doradczych i in\u017cynieryjnych rejestracja czasu pracy pracownik\u00f3w i ich przydzia\u0142 do zleconych projekt\u00f3w jest istotn\u0105 cz\u0119\u015bci\u0105 wewn\u0119trznej organizacji. Ile godzin i dodatkowych koszt\u00f3w mo\u017cna zafakturowa\u0107 jakiemu klientowi? Jak du\u017ce jest obci\u0105\u017cenie prac\u0105 poszczeg\u00f3lnych pracownik\u00f3w? &#8230;<\/p>  <\/div><\/div><div class=\"grve-element grve-align-center\"><a class=\"grve-btn grve-btn-medium grve-square grve-bg-primary-2\" href=\"https:\/\/test.weyer-gruppe.com\/wp-content\/uploads\/2019\/07\/weyer-spezial-pako-0612.pdf\" target=\"_blank\" style=\"\"><span>Otwarty PDF<\/span><\/a><\/div>[\/vc_column][vc_column width=&#8221;1\/4&#8243;]<div class=\"grve-element grve-box grve-align-center\" style=\"\"><div class=\"grve-media\"><img decoding=\"async\" width=\"250\" height=\"354\" src=\"https:\/\/test.weyer-gruppe.com\/wp-content\/uploads\/2019\/07\/weyer-spezial-pharma-0916.jpg\" class=\"attachment-full size-full\" alt=\"weyer spezial zum Thema Pharma\" srcset=\"https:\/\/test.weyer-gruppe.com\/wp-content\/uploads\/2019\/07\/weyer-spezial-pharma-0916.jpg 250w, https:\/\/test.weyer-gruppe.com\/wp-content\/uploads\/2019\/07\/weyer-spezial-pharma-0916-212x300.jpg 212w\" sizes=\"(max-width: 250px) 100vw, 250px\" \/><\/div>  <div class=\"grve-box-content\">    <a href=\"https:\/\/test.weyer-gruppe.com\/wp-content\/uploads\/2019\/07\/weyer-spezial-pharma-0916.pdf\" target=\"_blank\"><h5 class=\"grve-box-title\"><span>Pharma<\/span><\/h5>    <\/a>    <p>Weyer grouppe od wielu lat z powodzeniem \u015bwiadczy us\u0142ugi in\u017cynieryjne, kwalifikacyjne i doradcze dla klient\u00f3w z bran\u017cy farmaceutycznej w Szwajcarii, Niemczech i na \u015bwiecie. Obecnie weyer grouppe mo\u017ce pokry\u0107 ca\u0142\u0105 in\u017cynieri\u0119 w \u015brodowisku GMP, od planowania i realizacji do uruchomienia i kwalifikacji. &#8230;<\/p>  <\/div><\/div><div class=\"grve-element grve-align-center\"><a class=\"grve-btn grve-btn-medium grve-square grve-bg-primary-2\" href=\"https:\/\/test.weyer-gruppe.com\/wp-content\/uploads\/2019\/07\/weyer-spezial-pharma-0916.pdf\" target=\"_blank\" style=\"\"><span>Otwarty PDF<\/span><\/a><\/div>[\/vc_column][vc_column width=&#8221;1\/4&#8243;]<div class=\"grve-element grve-box grve-align-center\" style=\"\"><div class=\"grve-media\"><img decoding=\"async\" width=\"625\" height=\"625\" src=\"https:\/\/test.weyer-gruppe.com\/wp-content\/uploads\/2019\/07\/weyer-spezial-weyer-gruppe-prozesssimulation.jpg\" class=\"attachment-full size-full\" alt=\"Deckblatt weyer spezial Prozesssimulation\" srcset=\"https:\/\/test.weyer-gruppe.com\/wp-content\/uploads\/2019\/07\/weyer-spezial-weyer-gruppe-prozesssimulation.jpg 625w, https:\/\/test.weyer-gruppe.com\/wp-content\/uploads\/2019\/07\/weyer-spezial-weyer-gruppe-prozesssimulation-300x300.jpg 300w, https:\/\/test.weyer-gruppe.com\/wp-content\/uploads\/2019\/07\/weyer-spezial-weyer-gruppe-prozesssimulation-150x150.jpg 150w, https:\/\/test.weyer-gruppe.com\/wp-content\/uploads\/2019\/07\/weyer-spezial-weyer-gruppe-prozesssimulation-80x80.jpg 80w, https:\/\/test.weyer-gruppe.com\/wp-content\/uploads\/2019\/07\/weyer-spezial-weyer-gruppe-prozesssimulation-560x560.jpg 560w\" sizes=\"(max-width: 625px) 100vw, 625px\" \/><\/div>  <div class=\"grve-box-content\">    <a href=\"https:\/\/test.weyer-gruppe.com\/wp-content\/uploads\/2019\/07\/weyer-spezial-prozesssimulation-0512.pdf\" target=\"_blank\"><h5 class=\"grve-box-title\"><span>Symulacje procesu<\/span><\/h5>    <\/a>    <p>Od ponad 30 lat weyer group \u015bwiadczy indywidualne us\u0142ugi in\u017cynierskie w zakresie projektowania instalacji procesowych, jak r\u00f3wnie\u017c prowadzi dzia\u0142alno\u015b\u0107 eksperck\u0105 w zakresie in\u017cynierii bezpiecze\u0144stwa. Do tych dzia\u0142a\u0144 stosuje si\u0119 r\u00f3wnie\u017c r\u00f3\u017cne programy obliczeniowe i symulacyjne. &#8230;<\/p>  <\/div><\/div><div class=\"grve-element grve-align-center\"><a class=\"grve-btn grve-btn-medium grve-square grve-bg-primary-2\" href=\"https:\/\/test.weyer-gruppe.com\/wp-content\/uploads\/2019\/07\/weyer-spezial-prozesssimulation-0512.pdf\" target=\"_blank\" style=\"\"><span>Otwarty PDF<\/span><\/a><\/div>[\/vc_column][\/vc_row][vc_row][vc_column]<div class=\"grve-element grve-hr grve-space-divider\" style=\"\"><\/div>[\/vc_column][\/vc_row][vc_row][vc_column width=&#8221;1\/4&#8243;]<div class=\"grve-element grve-box grve-align-center\" style=\"\"><div class=\"grve-media\"><img decoding=\"async\" width=\"625\" height=\"625\" src=\"https:\/\/test.weyer-gruppe.com\/wp-content\/uploads\/2019\/07\/weyer-spezial-weyer-gruppe-rauchgasentstickung-1.jpg\" class=\"attachment-full size-full\" alt=\"Deckblatt weyer spezial Rauchgasentstickung\" srcset=\"https:\/\/test.weyer-gruppe.com\/wp-content\/uploads\/2019\/07\/weyer-spezial-weyer-gruppe-rauchgasentstickung-1.jpg 625w, https:\/\/test.weyer-gruppe.com\/wp-content\/uploads\/2019\/07\/weyer-spezial-weyer-gruppe-rauchgasentstickung-1-300x300.jpg 300w, https:\/\/test.weyer-gruppe.com\/wp-content\/uploads\/2019\/07\/weyer-spezial-weyer-gruppe-rauchgasentstickung-1-150x150.jpg 150w, https:\/\/test.weyer-gruppe.com\/wp-content\/uploads\/2019\/07\/weyer-spezial-weyer-gruppe-rauchgasentstickung-1-80x80.jpg 80w, https:\/\/test.weyer-gruppe.com\/wp-content\/uploads\/2019\/07\/weyer-spezial-weyer-gruppe-rauchgasentstickung-1-560x560.jpg 560w\" sizes=\"(max-width: 625px) 100vw, 625px\" \/><\/div>  <div class=\"grve-box-content\">    <a href=\"https:\/\/test.weyer-gruppe.com\/wp-content\/uploads\/2019\/07\/weyer-spezial-rauchgas-entstickung-0512.pdf\" target=\"_blank\"><h5 class=\"grve-box-title\"><span>Denitryfikacja spalin<\/span><\/h5>    <\/a>    <p>Efektywna i bezpieczna redukcja emisji tlenk\u00f3w azotu jest wa\u017cnym zadaniem dla operator\u00f3w instalacji spalania i elektrowni. Przekroczenie warto\u015bci granicznych przez d\u0142u\u017cszy okres czasu jest niedopuszczalne, dlatego bezwzgl\u0119dnie konieczna jest zar\u00f3wno wysoka dost\u0119pno\u015b\u0107 instalacji wykorzystywanych do redukcji emisji, jak i praca dostosowana do r\u00f3\u017cnych warunk\u00f3w obci\u0105\u017cenia. &#8230;<\/p>  <\/div><\/div><div class=\"grve-element grve-align-center\"><a class=\"grve-btn grve-btn-medium grve-square grve-bg-primary-2\" href=\"https:\/\/test.weyer-gruppe.com\/wp-content\/uploads\/2019\/07\/weyer-spezial-rauchgas-entstickung-0512.pdf\" target=\"_blank\" style=\"\"><span>Otwarty PDF<\/span><\/a><\/div>[\/vc_column][vc_column width=&#8221;1\/4&#8243;]<div class=\"grve-element grve-box grve-align-center\" style=\"\"><div class=\"grve-media\"><img decoding=\"async\" width=\"625\" height=\"625\" src=\"https:\/\/test.weyer-gruppe.com\/wp-content\/uploads\/2019\/07\/weyer-spezial-weyer-gruppe-sicherheitsventile.jpg\" class=\"attachment-full size-full\" alt=\"weyer spezial zum Thema Sicherheitsventile\" srcset=\"https:\/\/test.weyer-gruppe.com\/wp-content\/uploads\/2019\/07\/weyer-spezial-weyer-gruppe-sicherheitsventile.jpg 625w, https:\/\/test.weyer-gruppe.com\/wp-content\/uploads\/2019\/07\/weyer-spezial-weyer-gruppe-sicherheitsventile-300x300.jpg 300w, https:\/\/test.weyer-gruppe.com\/wp-content\/uploads\/2019\/07\/weyer-spezial-weyer-gruppe-sicherheitsventile-150x150.jpg 150w, https:\/\/test.weyer-gruppe.com\/wp-content\/uploads\/2019\/07\/weyer-spezial-weyer-gruppe-sicherheitsventile-80x80.jpg 80w, https:\/\/test.weyer-gruppe.com\/wp-content\/uploads\/2019\/07\/weyer-spezial-weyer-gruppe-sicherheitsventile-560x560.jpg 560w\" sizes=\"(max-width: 625px) 100vw, 625px\" \/><\/div>  <div class=\"grve-box-content\">    <a href=\"https:\/\/test.weyer-gruppe.com\/wp-content\/uploads\/2019\/07\/weyer-spezial-sicherheitsventile-0515.pdf\" target=\"_blank\"><h5 class=\"grve-box-title\"><span>Zawory bezpiecze\u0144stwa<\/span><\/h5>    <\/a>    <p>Centralnym aspektem bezpiecze\u0144stwa w planowaniu instalacji technologicznych jest skuteczne zapobieganie niedopuszczalnie wysokim przeci\u0105\u017ceniom w instalacjach technologicznych w przypadku zak\u0142\u00f3ce\u0144 w pracy. W wielu przypadkach mo\u017ce to by\u0107 zagwarantowane tylko poprzez monta\u017c zawor\u00f3w bezpiecze\u0144stwa &#8211; lub og\u00f3lniej &#8211; mechanicznego zabezpieczenia przed nadci\u015bnieniem. &#8230;<\/p>  <\/div><\/div><div class=\"grve-element grve-align-center\"><a class=\"grve-btn grve-btn-medium grve-square grve-bg-primary-2\" href=\"https:\/\/test.weyer-gruppe.com\/wp-content\/uploads\/2019\/07\/weyer-spezial-sicherheitsventile-0515.pdf\" target=\"_blank\" style=\"\"><span>Otwarty PDF<\/span><\/a><\/div>[\/vc_column][vc_column width=&#8221;1\/4&#8243;]<div class=\"grve-element grve-box grve-align-center\" style=\"\"><div class=\"grve-media\"><img decoding=\"async\" width=\"625\" height=\"625\" src=\"https:\/\/test.weyer-gruppe.com\/wp-content\/uploads\/2019\/07\/weyer-spezial-weyer-gruppe-sil-safety-integrity-level.jpg\" class=\"attachment-full size-full\" alt=\"weyer spezial zum Thema Bestimmungen f\u00fcr Sicherheitssysteme in der Prozessindustrie\" srcset=\"https:\/\/test.weyer-gruppe.com\/wp-content\/uploads\/2019\/07\/weyer-spezial-weyer-gruppe-sil-safety-integrity-level.jpg 625w, https:\/\/test.weyer-gruppe.com\/wp-content\/uploads\/2019\/07\/weyer-spezial-weyer-gruppe-sil-safety-integrity-level-300x300.jpg 300w, https:\/\/test.weyer-gruppe.com\/wp-content\/uploads\/2019\/07\/weyer-spezial-weyer-gruppe-sil-safety-integrity-level-150x150.jpg 150w, https:\/\/test.weyer-gruppe.com\/wp-content\/uploads\/2019\/07\/weyer-spezial-weyer-gruppe-sil-safety-integrity-level-80x80.jpg 80w, https:\/\/test.weyer-gruppe.com\/wp-content\/uploads\/2019\/07\/weyer-spezial-weyer-gruppe-sil-safety-integrity-level-560x560.jpg 560w\" sizes=\"(max-width: 625px) 100vw, 625px\" \/><\/div>  <div class=\"grve-box-content\">    <a href=\"https:\/\/test.weyer-gruppe.com\/wp-content\/uploads\/2019\/07\/2022_weyer-spezial_SIL.pdf\" target=\"_blank\"><h5 class=\"grve-box-title\"><span>SIL<\/span><\/h5>    <\/a>    <p>W przypadku profesjonalnego wdro\u017cenia przyrz\u0105dowych system\u00f3w bezpiecze\u0144stwa (SIS) w przemy\u015ble przetw\u00f3rczym, dow\u00f3d zgodno\u015bci z wymaganym poziomem integralno\u015bci bezpiecze\u0144stwa (SIL) musi by\u0107 udokumentowany w ramach cyklu \u017cycia bezpiecze\u0144stwa. Podczas analizy zagro\u017ce\u0144 i oceny ryzyka okre\u015blane i oceniane s\u0105 oprzyrz\u0105dowane funkcje bezpiecze\u0144stwa (SIF) z wymaganym SIL. &#8230;<\/p>  <\/div><\/div><div class=\"grve-element grve-align-center\"><a class=\"grve-btn grve-btn-medium grve-square grve-bg-primary-2\" href=\"https:\/\/test.weyer-gruppe.com\/wp-content\/uploads\/2019\/07\/2022_weyer-spezial_SIL.pdf\" target=\"_blank\" style=\"\"><span>Otwarty PDF<\/span><\/a><\/div>[\/vc_column][vc_column width=&#8221;1\/4&#8243;]<div class=\"grve-element grve-box grve-align-center\" style=\"\"><div class=\"grve-media\"><img decoding=\"async\" width=\"625\" height=\"625\" src=\"https:\/\/test.weyer-gruppe.com\/wp-content\/uploads\/2019\/07\/weyer-spezial-weyer-gruppe-simulation-fackelsysteme.jpg\" class=\"attachment-full size-full\" alt=\"Deckblatt weyer spezial Simulation von Fackelsystemen\" srcset=\"https:\/\/test.weyer-gruppe.com\/wp-content\/uploads\/2019\/07\/weyer-spezial-weyer-gruppe-simulation-fackelsysteme.jpg 625w, https:\/\/test.weyer-gruppe.com\/wp-content\/uploads\/2019\/07\/weyer-spezial-weyer-gruppe-simulation-fackelsysteme-300x300.jpg 300w, https:\/\/test.weyer-gruppe.com\/wp-content\/uploads\/2019\/07\/weyer-spezial-weyer-gruppe-simulation-fackelsysteme-150x150.jpg 150w, https:\/\/test.weyer-gruppe.com\/wp-content\/uploads\/2019\/07\/weyer-spezial-weyer-gruppe-simulation-fackelsysteme-80x80.jpg 80w, https:\/\/test.weyer-gruppe.com\/wp-content\/uploads\/2019\/07\/weyer-spezial-weyer-gruppe-simulation-fackelsysteme-560x560.jpg 560w\" sizes=\"(max-width: 625px) 100vw, 625px\" \/><\/div>  <div class=\"grve-box-content\">    <a href=\"https:\/\/test.weyer-gruppe.com\/wp-content\/uploads\/2019\/07\/weyer-spezial-simulation-fackelsysteme-0612.pdf5_.pdf\" target=\"_blank\"><h5 class=\"grve-box-title\"><span>Symulacja system\u00f3w racowych<\/span><\/h5>    <\/a>    <p>Weyer grouppe rozwi\u0105zuje ten problem poprzez indywidualne us\u0142ugi in\u017cynierskie: pocz\u0105wszy od rejestracji systemu racowego na miejscu, poprzez symulacj\u0119 i analiz\u0119 s\u0142abych punkt\u00f3w, a\u017c po planowanie i realizacj\u0119 rozs\u0105dnych adaptacji techniczno-planistycznych dla Pa\u0144stwa lokalizacji &#8230;<\/p>  <\/div><\/div><div class=\"grve-element grve-align-center\"><a class=\"grve-btn grve-btn-medium grve-square grve-bg-primary-2\" href=\"https:\/\/test.weyer-gruppe.com\/wp-content\/uploads\/2019\/07\/weyer-spezial-simulation-fackelsysteme-0612.pdf5_.pdf\" target=\"_blank\" style=\"\"><span>Otwarty PDF<\/span><\/a><\/div>[\/vc_column][\/vc_row][vc_row][vc_column]<div class=\"grve-element grve-hr grve-space-divider\" style=\"\"><\/div>[\/vc_column][\/vc_row][vc_row][vc_column width=&#8221;1\/4&#8243;]<div class=\"grve-element grve-box grve-align-center\" style=\"\"><div class=\"grve-media\"><img decoding=\"async\" width=\"625\" height=\"625\" src=\"https:\/\/test.weyer-gruppe.com\/wp-content\/uploads\/2019\/07\/weyer-spezial-weyer-gruppe-stadtentwicklung-stadtplanung.jpg\" class=\"attachment-full size-full\" alt=\"weyer spezial zum Thema Stadtentwicklung und Stadtplanung\" srcset=\"https:\/\/test.weyer-gruppe.com\/wp-content\/uploads\/2019\/07\/weyer-spezial-weyer-gruppe-stadtentwicklung-stadtplanung.jpg 625w, https:\/\/test.weyer-gruppe.com\/wp-content\/uploads\/2019\/07\/weyer-spezial-weyer-gruppe-stadtentwicklung-stadtplanung-300x300.jpg 300w, https:\/\/test.weyer-gruppe.com\/wp-content\/uploads\/2019\/07\/weyer-spezial-weyer-gruppe-stadtentwicklung-stadtplanung-150x150.jpg 150w, https:\/\/test.weyer-gruppe.com\/wp-content\/uploads\/2019\/07\/weyer-spezial-weyer-gruppe-stadtentwicklung-stadtplanung-80x80.jpg 80w, https:\/\/test.weyer-gruppe.com\/wp-content\/uploads\/2019\/07\/weyer-spezial-weyer-gruppe-stadtentwicklung-stadtplanung-560x560.jpg 560w\" sizes=\"(max-width: 625px) 100vw, 625px\" \/><\/div>  <div class=\"grve-box-content\">    <a href=\"https:\/\/test.weyer-gruppe.com\/wp-content\/uploads\/2019\/07\/weyer-spezial-stadtentwicklung-stadtplanung-0416-1.pdf\" target=\"_blank\"><h5 class=\"grve-box-title\"><span>Urbanizacja i planowanie urbanistyczne<\/span><\/h5>    <\/a>    <p>Podstawowe warunki i przes\u0142anki s\u0105 zawsze r\u00f3\u017cne w ka\u017cdej gminie i w ka\u017cdej dzielnicy, dlatego te\u017c musz\u0105 by\u0107 zawsze rozpatrywane indywidualnie i w ich wzajemnych relacjach. Skuteczne doradztwo w zakresie rozwoju obszar\u00f3w miejskich oznacza znalezienie niezawodnych i elastycznych rozwi\u0105za\u0144 dla wielu r\u00f3\u017cnych problem\u00f3w. &#8230;<\/p>  <\/div><\/div><div class=\"grve-element grve-align-center\"><a class=\"grve-btn grve-btn-medium grve-square grve-bg-primary-2\" href=\"https:\/\/test.weyer-gruppe.com\/wp-content\/uploads\/2019\/07\/weyer-spezial-stadtentwicklung-stadtplanung-0416-1.pdf\" target=\"_blank\" style=\"\"><span>Otwarty PDF<\/span><\/a><\/div>[\/vc_column][vc_column width=&#8221;1\/4&#8243;]<div class=\"grve-element grve-box grve-align-center\" style=\"\"><div class=\"grve-media\"><img decoding=\"async\" width=\"625\" height=\"625\" src=\"https:\/\/test.weyer-gruppe.com\/wp-content\/uploads\/2019\/07\/weyer-spezial-weyer-gruppe-stressberechnung.jpg\" class=\"attachment-full size-full\" alt=\"Deckblatt weyer spezial Stressberechnung\" srcset=\"https:\/\/test.weyer-gruppe.com\/wp-content\/uploads\/2019\/07\/weyer-spezial-weyer-gruppe-stressberechnung.jpg 625w, https:\/\/test.weyer-gruppe.com\/wp-content\/uploads\/2019\/07\/weyer-spezial-weyer-gruppe-stressberechnung-300x300.jpg 300w, https:\/\/test.weyer-gruppe.com\/wp-content\/uploads\/2019\/07\/weyer-spezial-weyer-gruppe-stressberechnung-150x150.jpg 150w, https:\/\/test.weyer-gruppe.com\/wp-content\/uploads\/2019\/07\/weyer-spezial-weyer-gruppe-stressberechnung-80x80.jpg 80w, https:\/\/test.weyer-gruppe.com\/wp-content\/uploads\/2019\/07\/weyer-spezial-weyer-gruppe-stressberechnung-560x560.jpg 560w\" sizes=\"(max-width: 625px) 100vw, 625px\" \/><\/div>  <div class=\"grve-box-content\">    <a href=\"https:\/\/test.weyer-gruppe.com\/wp-content\/uploads\/2019\/07\/weyer-spezial-stressberechnung-0512.pdf\" target=\"_blank\"><h5 class=\"grve-box-title\"><span>Obliczanie napr\u0119\u017ce\u0144<\/span><\/h5>    <\/a>    <p>Do profesjonalnego projektowania system\u00f3w rurowych w instalacjach technologicznych niezb\u0119dna jest analiza systemu, w wielu przypadkach nawet przewidziana prawem. Weyer grouppe spogl\u0105da wstecz na wieloletnie do\u015bwiadczenie w dziedzinie obliczania napr\u0119\u017ce\u0144 dla system\u00f3w rurowych &#8230;<\/p>  <\/div><\/div><div class=\"grve-element grve-align-center\"><a class=\"grve-btn grve-btn-medium grve-square grve-bg-primary-2\" href=\"https:\/\/test.weyer-gruppe.com\/wp-content\/uploads\/2019\/07\/weyer-spezial-stressberechnung-0512.pdf\" target=\"_blank\" style=\"\"><span>Otwarty PDF<\/span><\/a><\/div>[\/vc_column][vc_column width=&#8221;1\/4&#8243;]<div class=\"grve-element grve-box grve-align-center\" style=\"\"><div class=\"grve-media\"><img decoding=\"async\" width=\"625\" height=\"625\" src=\"https:\/\/test.weyer-gruppe.com\/wp-content\/uploads\/2019\/07\/weyer-spezial-weyer-gruppe-tanklager.jpg\" class=\"attachment-full size-full\" alt=\"weyer spezial zum Thema Tanklager\" srcset=\"https:\/\/test.weyer-gruppe.com\/wp-content\/uploads\/2019\/07\/weyer-spezial-weyer-gruppe-tanklager.jpg 625w, https:\/\/test.weyer-gruppe.com\/wp-content\/uploads\/2019\/07\/weyer-spezial-weyer-gruppe-tanklager-300x300.jpg 300w, https:\/\/test.weyer-gruppe.com\/wp-content\/uploads\/2019\/07\/weyer-spezial-weyer-gruppe-tanklager-150x150.jpg 150w, https:\/\/test.weyer-gruppe.com\/wp-content\/uploads\/2019\/07\/weyer-spezial-weyer-gruppe-tanklager-80x80.jpg 80w, https:\/\/test.weyer-gruppe.com\/wp-content\/uploads\/2019\/07\/weyer-spezial-weyer-gruppe-tanklager-560x560.jpg 560w\" sizes=\"(max-width: 625px) 100vw, 625px\" \/><\/div>  <div class=\"grve-box-content\">    <a href=\"https:\/\/test.weyer-gruppe.com\/wp-content\/uploads\/2019\/07\/2022_weyer-spezial_Tanklager.pdf\" target=\"_blank\"><h5 class=\"grve-box-title\"><span>Gospodarstwo zbiornikowe<\/span><\/h5>    <\/a>    <p>Farmy zbiornikowe pe\u0142ni\u0105 wa\u017cn\u0105 funkcj\u0119 w zaopatrzeniu przemys\u0142u i gospodarki narodowej. Ze wzgl\u0119du na sk\u0142adowane materia\u0142y istniej\u0105 bardzo wysokie wymagania i wymagania dotycz\u0105ce sprz\u0119tu i bezpiecze\u0144stwa. Weyer grouppe posiada wieloletnie do\u015bwiadczenie w planowaniu i ponownym obsadzaniu zbiornik\u00f3w. &#8230;<\/p>  <\/div><\/div><div class=\"grve-element grve-align-center\"><a class=\"grve-btn grve-btn-medium grve-square grve-bg-primary-2\" href=\"https:\/\/test.weyer-gruppe.com\/wp-content\/uploads\/2019\/07\/2022_weyer-spezial_Tanklager.pdf\" target=\"_blank\" style=\"\"><span>Otwarty PDF<\/span><\/a><\/div>[\/vc_column][vc_column width=&#8221;1\/4&#8243;]<div class=\"grve-element grve-box grve-align-center\" style=\"\"><div class=\"grve-media\"><img decoding=\"async\" width=\"625\" height=\"625\" src=\"https:\/\/test.weyer-gruppe.com\/wp-content\/uploads\/2019\/07\/weyer-spezial-weyer-gruppe-technische-dokumentation-1.jpg\" class=\"attachment-full size-full\" alt=\"weyer spezial zum Thema technische Dokumentation\" srcset=\"https:\/\/test.weyer-gruppe.com\/wp-content\/uploads\/2019\/07\/weyer-spezial-weyer-gruppe-technische-dokumentation-1.jpg 625w, https:\/\/test.weyer-gruppe.com\/wp-content\/uploads\/2019\/07\/weyer-spezial-weyer-gruppe-technische-dokumentation-1-300x300.jpg 300w, https:\/\/test.weyer-gruppe.com\/wp-content\/uploads\/2019\/07\/weyer-spezial-weyer-gruppe-technische-dokumentation-1-150x150.jpg 150w, https:\/\/test.weyer-gruppe.com\/wp-content\/uploads\/2019\/07\/weyer-spezial-weyer-gruppe-technische-dokumentation-1-80x80.jpg 80w, https:\/\/test.weyer-gruppe.com\/wp-content\/uploads\/2019\/07\/weyer-spezial-weyer-gruppe-technische-dokumentation-1-560x560.jpg 560w\" sizes=\"(max-width: 625px) 100vw, 625px\" \/><\/div>  <div class=\"grve-box-content\">    <a href=\"https:\/\/test.weyer-gruppe.com\/wp-content\/uploads\/2019\/07\/weyer-spezial-technische-dokumentation-0515.pdf\" target=\"_blank\"><h5 class=\"grve-box-title\"><span>Dokumentacja techniczna<\/span><\/h5>    <\/a>    <p>Dyrektyw\u0105 2006\/42\/WE w sprawie maszyn (NDP) zmieniono wymagania dotycz\u0105ce dokumentacji technicznej. Zawiera ona m.in. jasne specyfikacje dotycz\u0105ce tre\u015bci i struktury dokument\u00f3w. Ponadto przy tworzeniu dokumentacji technicznej nale\u017cy przestrzega\u0107 innych przepis\u00f3w i norm. &#8230;<\/p>  <\/div><\/div><div class=\"grve-element grve-align-center\"><a class=\"grve-btn grve-btn-medium grve-square grve-bg-primary-2\" href=\"https:\/\/test.weyer-gruppe.com\/wp-content\/uploads\/2019\/07\/weyer-spezial-technische-dokumentation-0515.pdf\" target=\"_blank\" style=\"\"><span>Otwarty PDF<\/span><\/a><\/div>[\/vc_column][\/vc_row][vc_row][vc_column]<div class=\"grve-element grve-hr grve-space-divider\" style=\"\"><\/div>[\/vc_column][\/vc_row][vc_row][vc_column width=&#8221;1\/4&#8243;]<div class=\"grve-element grve-box grve-align-center\" style=\"\"><div class=\"grve-media\"><img decoding=\"async\" width=\"625\" height=\"625\" src=\"https:\/\/test.weyer-gruppe.com\/wp-content\/uploads\/2019\/07\/weyer-spezial-weyer-gruppe-thermische-abfallbehandlung.jpg\" class=\"attachment-full size-full\" alt=\"weyer spezial zum Thema thermische Abfallbehandlung\" srcset=\"https:\/\/test.weyer-gruppe.com\/wp-content\/uploads\/2019\/07\/weyer-spezial-weyer-gruppe-thermische-abfallbehandlung.jpg 625w, https:\/\/test.weyer-gruppe.com\/wp-content\/uploads\/2019\/07\/weyer-spezial-weyer-gruppe-thermische-abfallbehandlung-300x300.jpg 300w, https:\/\/test.weyer-gruppe.com\/wp-content\/uploads\/2019\/07\/weyer-spezial-weyer-gruppe-thermische-abfallbehandlung-150x150.jpg 150w, https:\/\/test.weyer-gruppe.com\/wp-content\/uploads\/2019\/07\/weyer-spezial-weyer-gruppe-thermische-abfallbehandlung-80x80.jpg 80w, https:\/\/test.weyer-gruppe.com\/wp-content\/uploads\/2019\/07\/weyer-spezial-weyer-gruppe-thermische-abfallbehandlung-560x560.jpg 560w\" sizes=\"(max-width: 625px) 100vw, 625px\" \/><\/div>  <div class=\"grve-box-content\">    <a href=\"https:\/\/test.weyer-gruppe.com\/wp-content\/uploads\/2019\/07\/weyer-spezial-thermische-abfallbehandlung-0612.pdf\" target=\"_blank\"><h5 class=\"grve-box-title\"><span>Termiczna obr\u00f3bka odpad\u00f3w<\/span><\/h5>    <\/a>    <p>Zak\u0142ady termicznego przetwarzania odpad\u00f3w znajduj\u0105 si\u0119 w obszarze konfliktu pomi\u0119dzy dzia\u0142alno\u015bci\u0105 gospodarcz\u0105, przestrzeganiem wymog\u00f3w prawnych i rozwojem perspektyw. W codziennej dzia\u0142alno\u015bci szczeg\u00f3ln\u0105 uwag\u0119 zwraca si\u0119 na dzia\u0142alno\u015b\u0107 gospodarcz\u0105 i zgodno\u015b\u0107 z wymogami prawnymi. &#8230;<\/p>  <\/div><\/div><div class=\"grve-element grve-align-center\"><a class=\"grve-btn grve-btn-medium grve-square grve-bg-primary-2\" href=\"https:\/\/test.weyer-gruppe.com\/wp-content\/uploads\/2019\/07\/weyer-spezial-thermische-abfallbehandlung-0612.pdf\" target=\"_blank\" style=\"\"><span>Otwarty PDF<\/span><\/a><\/div>[\/vc_column][vc_column width=&#8221;1\/4&#8243;]<div class=\"grve-element grve-box grve-align-center\" style=\"\"><div class=\"grve-media\"><img decoding=\"async\" width=\"625\" height=\"625\" src=\"https:\/\/test.weyer-gruppe.com\/wp-content\/uploads\/2019\/07\/weyer-spezial-weyer-gruppe-umweltvertraeglichkeitspruefung.jpg\" class=\"attachment-full size-full\" alt=\"weyer spezial zum Thema Umweltvertr\u00e4glichkeitspr\u00fcfung\" srcset=\"https:\/\/test.weyer-gruppe.com\/wp-content\/uploads\/2019\/07\/weyer-spezial-weyer-gruppe-umweltvertraeglichkeitspruefung.jpg 625w, https:\/\/test.weyer-gruppe.com\/wp-content\/uploads\/2019\/07\/weyer-spezial-weyer-gruppe-umweltvertraeglichkeitspruefung-300x300.jpg 300w, https:\/\/test.weyer-gruppe.com\/wp-content\/uploads\/2019\/07\/weyer-spezial-weyer-gruppe-umweltvertraeglichkeitspruefung-150x150.jpg 150w, https:\/\/test.weyer-gruppe.com\/wp-content\/uploads\/2019\/07\/weyer-spezial-weyer-gruppe-umweltvertraeglichkeitspruefung-80x80.jpg 80w, https:\/\/test.weyer-gruppe.com\/wp-content\/uploads\/2019\/07\/weyer-spezial-weyer-gruppe-umweltvertraeglichkeitspruefung-560x560.jpg 560w\" sizes=\"(max-width: 625px) 100vw, 625px\" \/><\/div>  <div class=\"grve-box-content\">    <a href=\"https:\/\/test.weyer-gruppe.com\/wp-content\/uploads\/2019\/07\/weyer-spezial-umweltvertraeglichkeitspruefung-0517.pdf\" target=\"_blank\"><h5 class=\"grve-box-title\"><span>ocena oddzia\u0142ywania na \u015brodowisko<\/span><\/h5>    <\/a>    <p>Ocena oddzia\u0142ywania na \u015brodowisko (OO\u015a) jest centralnym elementem procedur planowania administracyjnego. OO\u015a mo\u017ce by\u0107 wymagana w ramach procedur zatwierdzania kontroli imisji dla du\u017cych zak\u0142ad\u00f3w przemys\u0142owych i zak\u0142ad\u00f3w gospodarki odpadami, jak r\u00f3wnie\u017c procedur zatwierdzania planowania. &#8230;<\/p>  <\/div><\/div><div class=\"grve-element grve-align-center\"><a class=\"grve-btn grve-btn-medium grve-square grve-bg-primary-2\" href=\"https:\/\/test.weyer-gruppe.com\/wp-content\/uploads\/2019\/07\/weyer-spezial-umweltvertraeglichkeitspruefung-0517.pdf\" target=\"_blank\" style=\"\"><span>Otwarty PDF<\/span><\/a><\/div>[\/vc_column][vc_column width=&#8221;1\/4&#8243;]<div class=\"grve-element grve-box grve-align-center\" style=\"\"><div class=\"grve-media\"><img decoding=\"async\" width=\"625\" height=\"625\" src=\"https:\/\/test.weyer-gruppe.com\/wp-content\/uploads\/2019\/07\/weyer-spezial-weyer-gruppe-vfi-verwaltungssystem-industrieanlagen.jpg\" class=\"attachment-full size-full\" alt=\"weyer spezial zum Thema VFI\" srcset=\"https:\/\/test.weyer-gruppe.com\/wp-content\/uploads\/2019\/07\/weyer-spezial-weyer-gruppe-vfi-verwaltungssystem-industrieanlagen.jpg 625w, https:\/\/test.weyer-gruppe.com\/wp-content\/uploads\/2019\/07\/weyer-spezial-weyer-gruppe-vfi-verwaltungssystem-industrieanlagen-300x300.jpg 300w, https:\/\/test.weyer-gruppe.com\/wp-content\/uploads\/2019\/07\/weyer-spezial-weyer-gruppe-vfi-verwaltungssystem-industrieanlagen-150x150.jpg 150w, https:\/\/test.weyer-gruppe.com\/wp-content\/uploads\/2019\/07\/weyer-spezial-weyer-gruppe-vfi-verwaltungssystem-industrieanlagen-80x80.jpg 80w, https:\/\/test.weyer-gruppe.com\/wp-content\/uploads\/2019\/07\/weyer-spezial-weyer-gruppe-vfi-verwaltungssystem-industrieanlagen-560x560.jpg 560w\" sizes=\"(max-width: 625px) 100vw, 625px\" \/><\/div>  <div class=\"grve-box-content\">    <a href=\"https:\/\/test.weyer-gruppe.com\/wp-content\/uploads\/2019\/07\/weyer-spezial-vfi-0718.pdf\" target=\"_blank\"><h5 class=\"grve-box-title\"><span>w przypadku VFI: system zarz\u0105dzania zak\u0142adami przemys\u0142owymi<\/span><\/h5>    <\/a>    <p>Operatorzy zak\u0142ad\u00f3w s\u0105 zobowi\u0105zani do wdro\u017cenia wszystkich warunk\u00f3w pozwolenia oraz do sta\u0142ego dost\u0119pu do wszystkich dokument\u00f3w pozwolenia, np. w ramach kontroli \u015brodowiskowych. Jednak\u017ce, szczeg\u00f3lnie w przypadku wi\u0119kszych i starszych zak\u0142ad\u00f3w, niezb\u0119dne dokumenty, takie jak zawiadomienia o pozwoleniach i zwi\u0105zane z nimi wnioski o pozwolenia, s\u0105 cz\u0119sto przechowywane w spos\u00f3b zdecentralizowany i niesp\u00f3jny &#8230;<\/p>  <\/div><\/div><div class=\"grve-element grve-align-center\"><a class=\"grve-btn grve-btn-medium grve-square grve-bg-primary-2\" href=\"https:\/\/test.weyer-gruppe.com\/wp-content\/uploads\/2019\/07\/weyer-spezial-vfi-0718.pdf\" target=\"_blank\" style=\"\"><span>Otwarty PDF<\/span><\/a><\/div>[\/vc_column][vc_column width=&#8221;1\/4&#8243;][\/vc_column][\/vc_row]","protected":false},"excerpt":{"rendered":"<p>[vc_row][vc_column][vc_column_text] Tutaj mo\u017cna znale\u017a\u0107 wszystkie nasze aktualne broszury weyer spezial w formacie PDF do pobrania. [\/vc_column_text][\/vc_column][\/vc_row][vc_row][vc_column width=&#8221;1\/4&#8243;][\/vc_column][vc_column width=&#8221;1\/4&#8243;][\/vc_column][vc_column width=&#8221;1\/4&#8243;][\/vc_column][vc_column width=&#8221;1\/4&#8243;][\/vc_column][\/vc_row][vc_row][vc_column][\/vc_column][\/vc_row][vc_row][vc_column width=&#8221;1\/4&#8243;][\/vc_column][vc_column width=&#8221;1\/4&#8243;][\/vc_column][vc_column width=&#8221;1\/4&#8243;][\/vc_column][vc_column width=&#8221;1\/4&#8243;][\/vc_column][\/vc_row][vc_row][vc_column][\/vc_column][\/vc_row][vc_row][vc_column width=&#8221;1\/4&#8243;][\/vc_column][vc_column width=&#8221;1\/4&#8243;][\/vc_column][vc_column width=&#8221;1\/4&#8243;][\/vc_column][vc_column width=&#8221;1\/4&#8243;][\/vc_column][\/vc_row][vc_row][vc_column][\/vc_column][\/vc_row][vc_row][vc_column width=&#8221;1\/4&#8243;][\/vc_column][vc_column width=&#8221;1\/4&#8243;][\/vc_column][vc_column [&hellip;]<\/p>\n","protected":false},"author":2,"featured_media":0,"parent":0,"menu_order":0,"comment_status":"closed","ping_status":"closed","template":"","meta":{"footnotes":""},"class_list":["post-24133","page","type-page","status-publish","hentry"],"yoast_head":"<!-- This site is optimized with the Yoast SEO Premium plugin v21.6 (Yoast SEO v26.8) - https:\/\/yoast.com\/product\/yoast-seo-premium-wordpress\/ -->\n<title>weyer specjalny - Opis us\u0142ugi weyer gruppe [test]<\/title>\n<meta name=\"description\" content=\"W weyer spezial nasi in\u017cynierowie wyja\u015bniaj\u0105, jakie specjalne us\u0142ugi mo\u017cemy dla Ciebie przej\u0105\u0107 i jak weyer grouppe Ci\u0119 wspiera.\" \/>\n<meta name=\"robots\" content=\"noindex, follow, max-snippet:-1, max-image-preview:large, max-video-preview:-1\" \/>\n<meta property=\"og:locale\" content=\"pl_PL\" \/>\n<meta property=\"og:type\" content=\"article\" \/>\n<meta property=\"og:title\" content=\"weyer specjalny\" \/>\n<meta property=\"og:description\" content=\"W weyer spezial nasi in\u017cynierowie wyja\u015bniaj\u0105, jakie specjalne us\u0142ugi mo\u017cemy dla Ciebie przej\u0105\u0107 i jak weyer grouppe Ci\u0119 wspiera.\" \/>\n<meta property=\"og:url\" content=\"https:\/\/test.weyer-gruppe.com\/pl\/weyer-specjalny\/\" \/>\n<meta property=\"og:site_name\" content=\"weyer gruppe [test]\" \/>\n<meta property=\"article:publisher\" content=\"https:\/\/www.facebook.com\/weyergruppe\" \/>\n<meta property=\"article:modified_time\" content=\"2020-04-21T10:14:33+00:00\" \/>\n<meta name=\"twitter:card\" content=\"summary_large_image\" \/>\n<meta name=\"twitter:label1\" content=\"Szacowany czas czytania\" \/>\n\t<meta name=\"twitter:data1\" content=\"25 minut\" \/>\n<script type=\"application\/ld+json\" class=\"yoast-schema-graph\">{\"@context\":\"https:\/\/schema.org\",\"@graph\":[{\"@type\":\"WebPage\",\"@id\":\"https:\/\/test.weyer-gruppe.com\/pl\/weyer-specjalny\/\",\"url\":\"https:\/\/test.weyer-gruppe.com\/pl\/weyer-specjalny\/\",\"name\":\"weyer specjalny - Opis us\u0142ugi weyer gruppe [test]\",\"isPartOf\":{\"@id\":\"https:\/\/test.weyer-gruppe.com\/pl\/#website\"},\"datePublished\":\"2019-07-17T14:01:02+00:00\",\"dateModified\":\"2020-04-21T10:14:33+00:00\",\"description\":\"W weyer spezial nasi in\u017cynierowie wyja\u015bniaj\u0105, jakie specjalne us\u0142ugi mo\u017cemy dla Ciebie przej\u0105\u0107 i jak weyer grouppe Ci\u0119 wspiera.\",\"breadcrumb\":{\"@id\":\"https:\/\/test.weyer-gruppe.com\/pl\/weyer-specjalny\/#breadcrumb\"},\"inLanguage\":\"pl-PL\",\"potentialAction\":[{\"@type\":\"ReadAction\",\"target\":[\"https:\/\/test.weyer-gruppe.com\/pl\/weyer-specjalny\/\"]}]},{\"@type\":\"BreadcrumbList\",\"@id\":\"https:\/\/test.weyer-gruppe.com\/pl\/weyer-specjalny\/#breadcrumb\",\"itemListElement\":[{\"@type\":\"ListItem\",\"position\":1,\"name\":\"HOME\",\"item\":\"https:\/\/test.weyer-gruppe.com\/pl\/\"},{\"@type\":\"ListItem\",\"position\":2,\"name\":\"weyer specjalny\"}]},{\"@type\":\"WebSite\",\"@id\":\"https:\/\/test.weyer-gruppe.com\/pl\/#website\",\"url\":\"https:\/\/test.weyer-gruppe.com\/pl\/\",\"name\":\"weyer gruppe [test]\",\"description\":\"komplett. durchdacht.\",\"publisher\":{\"@id\":\"https:\/\/test.weyer-gruppe.com\/pl\/#organization\"},\"potentialAction\":[{\"@type\":\"SearchAction\",\"target\":{\"@type\":\"EntryPoint\",\"urlTemplate\":\"https:\/\/test.weyer-gruppe.com\/pl\/?s={search_term_string}\"},\"query-input\":{\"@type\":\"PropertyValueSpecification\",\"valueRequired\":true,\"valueName\":\"search_term_string\"}}],\"inLanguage\":\"pl-PL\"},{\"@type\":\"Organization\",\"@id\":\"https:\/\/test.weyer-gruppe.com\/pl\/#organization\",\"name\":\"weyer gruppe\",\"url\":\"https:\/\/test.weyer-gruppe.com\/pl\/\",\"logo\":{\"@type\":\"ImageObject\",\"inLanguage\":\"pl-PL\",\"@id\":\"https:\/\/test.weyer-gruppe.com\/pl\/#\/schema\/logo\/image\/\",\"url\":\"https:\/\/test.weyer-gruppe.com\/wp-content\/uploads\/2019\/07\/logo-weyer-gruppe-de.png\",\"contentUrl\":\"https:\/\/test.weyer-gruppe.com\/wp-content\/uploads\/2019\/07\/logo-weyer-gruppe-de.png\",\"width\":532,\"height\":513,\"caption\":\"weyer gruppe\"},\"image\":{\"@id\":\"https:\/\/test.weyer-gruppe.com\/pl\/#\/schema\/logo\/image\/\"},\"sameAs\":[\"https:\/\/www.facebook.com\/weyergruppe\",\"https:\/\/de.linkedin.com\/company\/weyer-gruppe\",\"https:\/\/www.youtube.com\/channel\/UCmZItECuW56Ih_p501_Bq8A\"]}]}<\/script>\n<!-- \/ Yoast SEO Premium plugin. -->","yoast_head_json":{"title":"weyer specjalny - Opis us\u0142ugi weyer gruppe [test]","description":"W weyer spezial nasi in\u017cynierowie wyja\u015bniaj\u0105, jakie specjalne us\u0142ugi mo\u017cemy dla Ciebie przej\u0105\u0107 i jak weyer grouppe Ci\u0119 wspiera.","robots":{"index":"noindex","follow":"follow","max-snippet":"max-snippet:-1","max-image-preview":"max-image-preview:large","max-video-preview":"max-video-preview:-1"},"og_locale":"pl_PL","og_type":"article","og_title":"weyer specjalny","og_description":"W weyer spezial nasi in\u017cynierowie wyja\u015bniaj\u0105, jakie specjalne us\u0142ugi mo\u017cemy dla Ciebie przej\u0105\u0107 i jak weyer grouppe Ci\u0119 wspiera.","og_url":"https:\/\/test.weyer-gruppe.com\/pl\/weyer-specjalny\/","og_site_name":"weyer gruppe [test]","article_publisher":"https:\/\/www.facebook.com\/weyergruppe","article_modified_time":"2020-04-21T10:14:33+00:00","twitter_card":"summary_large_image","twitter_misc":{"Szacowany czas czytania":"25 minut"},"schema":{"@context":"https:\/\/schema.org","@graph":[{"@type":"WebPage","@id":"https:\/\/test.weyer-gruppe.com\/pl\/weyer-specjalny\/","url":"https:\/\/test.weyer-gruppe.com\/pl\/weyer-specjalny\/","name":"weyer specjalny - Opis us\u0142ugi weyer gruppe [test]","isPartOf":{"@id":"https:\/\/test.weyer-gruppe.com\/pl\/#website"},"datePublished":"2019-07-17T14:01:02+00:00","dateModified":"2020-04-21T10:14:33+00:00","description":"W weyer spezial nasi in\u017cynierowie wyja\u015bniaj\u0105, jakie specjalne us\u0142ugi mo\u017cemy dla Ciebie przej\u0105\u0107 i jak weyer grouppe Ci\u0119 wspiera.","breadcrumb":{"@id":"https:\/\/test.weyer-gruppe.com\/pl\/weyer-specjalny\/#breadcrumb"},"inLanguage":"pl-PL","potentialAction":[{"@type":"ReadAction","target":["https:\/\/test.weyer-gruppe.com\/pl\/weyer-specjalny\/"]}]},{"@type":"BreadcrumbList","@id":"https:\/\/test.weyer-gruppe.com\/pl\/weyer-specjalny\/#breadcrumb","itemListElement":[{"@type":"ListItem","position":1,"name":"HOME","item":"https:\/\/test.weyer-gruppe.com\/pl\/"},{"@type":"ListItem","position":2,"name":"weyer specjalny"}]},{"@type":"WebSite","@id":"https:\/\/test.weyer-gruppe.com\/pl\/#website","url":"https:\/\/test.weyer-gruppe.com\/pl\/","name":"weyer gruppe [test]","description":"komplett. durchdacht.","publisher":{"@id":"https:\/\/test.weyer-gruppe.com\/pl\/#organization"},"potentialAction":[{"@type":"SearchAction","target":{"@type":"EntryPoint","urlTemplate":"https:\/\/test.weyer-gruppe.com\/pl\/?s={search_term_string}"},"query-input":{"@type":"PropertyValueSpecification","valueRequired":true,"valueName":"search_term_string"}}],"inLanguage":"pl-PL"},{"@type":"Organization","@id":"https:\/\/test.weyer-gruppe.com\/pl\/#organization","name":"weyer gruppe","url":"https:\/\/test.weyer-gruppe.com\/pl\/","logo":{"@type":"ImageObject","inLanguage":"pl-PL","@id":"https:\/\/test.weyer-gruppe.com\/pl\/#\/schema\/logo\/image\/","url":"https:\/\/test.weyer-gruppe.com\/wp-content\/uploads\/2019\/07\/logo-weyer-gruppe-de.png","contentUrl":"https:\/\/test.weyer-gruppe.com\/wp-content\/uploads\/2019\/07\/logo-weyer-gruppe-de.png","width":532,"height":513,"caption":"weyer gruppe"},"image":{"@id":"https:\/\/test.weyer-gruppe.com\/pl\/#\/schema\/logo\/image\/"},"sameAs":["https:\/\/www.facebook.com\/weyergruppe","https:\/\/de.linkedin.com\/company\/weyer-gruppe","https:\/\/www.youtube.com\/channel\/UCmZItECuW56Ih_p501_Bq8A"]}]}},"_links":{"self":[{"href":"https:\/\/test.weyer-gruppe.com\/pl\/wp-json\/wp\/v2\/pages\/24133","targetHints":{"allow":["GET"]}}],"collection":[{"href":"https:\/\/test.weyer-gruppe.com\/pl\/wp-json\/wp\/v2\/pages"}],"about":[{"href":"https:\/\/test.weyer-gruppe.com\/pl\/wp-json\/wp\/v2\/types\/page"}],"author":[{"embeddable":true,"href":"https:\/\/test.weyer-gruppe.com\/pl\/wp-json\/wp\/v2\/users\/2"}],"replies":[{"embeddable":true,"href":"https:\/\/test.weyer-gruppe.com\/pl\/wp-json\/wp\/v2\/comments?post=24133"}],"version-history":[{"count":0,"href":"https:\/\/test.weyer-gruppe.com\/pl\/wp-json\/wp\/v2\/pages\/24133\/revisions"}],"wp:attachment":[{"href":"https:\/\/test.weyer-gruppe.com\/pl\/wp-json\/wp\/v2\/media?parent=24133"}],"curies":[{"name":"wp","href":"https:\/\/api.w.org\/{rel}","templated":true}]}}