{"id":24043,"date":"2019-07-17T16:27:10","date_gmt":"2019-07-17T14:27:10","guid":{"rendered":"https:\/\/test.weyer-gruppe.com\/o-nas\/weyer-akademie-gmbh\/"},"modified":"2023-03-14T10:35:28","modified_gmt":"2023-03-14T09:35:28","slug":"weyer-akademie-gmbh","status":"publish","type":"page","link":"https:\/\/test.weyer-gruppe.com\/pl\/o-nas\/weyer-akademie-gmbh\/","title":{"rendered":"weyer akademie gmbh"},"content":{"rendered":"[vc_row][vc_column][vc_column_text]Podczas realizacji ponad 1000 projekt\u00f3w rocznie grupa weyer zgromadzi\u0142a ogromne know-how i jest zawsze na bie\u017c\u0105co dzi\u0119ki praktycznemu zastosowaniu. Nasi klienci korzystaj\u0105 z tego bogatego do\u015bwiadczenia w wysoko wyspecjalizowanych i dostosowanych do indywidualnych potrzeb <strong>seminariach<\/strong>, <strong>warsztatach<\/strong> i <strong>wewn\u0119trznych szkoleniach<\/strong> weyer akademie gmbh.<\/p>\n<h2>Oferta szkole\u0144 wewn\u0119trznych:<\/h2>\n<ul class=\"arrow-gray\">\n<li class=\"first-child\">Ochrona w\u00f3d zwi\u0105zana z instalacj\u0105 i AwSV w praktyce zak\u0142adowej<\/li>\n<li>Dyrektywa eksploatacyjna ATEX 1999\/92\/WE \u2013 dokument dotycz\u0105cy ochrony przeciwwybuchowej<\/li>\n<li>Dyrektywa produktowa ATEX 94\/9\/WE<\/li>\n<li>Projektowanie zawor\u00f3w bezpiecze\u0144stwa do przedmuchiwania jedno- lub dwufazowego<\/li>\n<li>Ochrona przeciwpo\u017carowa w termicznej utylizacji odpad\u00f3w<\/li>\n<li>Oznakowanie CE zgodnie z dyrektyw\u0105 maszynow\u0105<\/li>\n<li>SIL w zastosowaniu praktycznym<\/li>\n<li>Obliczanie napr\u0119\u017ce\u0144 w ruroci\u0105gach<\/li>\n<li>Post\u0119powanie z substancjami niebezpiecznymi \u2013 podstawowe zasady, klasyfikacja i oznakowanie zgodnie z GHS\/CLP<\/li>\n<li>EN ISO 13849 \u2013 Sterowanie maszynami<\/li>\n<li>Ocena ryzyka zgodnie z ArbSchG dla praktyki zak\u0142adowej<\/li>\n<li>Zgodno\u015b\u0107 z prawem \u2013 bezpiecze\u0144stwo prawne w dzia\u0142alno\u015bci gospodarczej<\/li>\n<li class=\"last-child\">Magazyn paliw \u2013 zasady bezpiecznej eksploatacji<\/li>\n<li><a href=\"https:\/\/test.weyer-gruppe.com\/pl\/wydarzenia-i-seminaria-weyer-grouppe\/\" target=\"_blank\" rel=\"noopener noreferrer\">Terminy seminari\u00f3w publicznych s\u0105 podane na naszej stronie internetowej<\/a> lub na portalu <a href=\"https:\/\/www.xing.com\/search\/events?keywords=weyer%20gruppe&amp;send=find\">XING<\/a>.<\/li>\n<\/ul>\n[\/vc_column_text]<div class=\"grve-element grve-hr grve-space-divider\" style=\"\"><\/div>[\/vc_column][\/vc_row][vc_row][vc_column width=&#8221;1\/2&#8243;][vc_column_text]\n<h2>Kontakt<\/h2>\n<p>weyer akademie gmbh<br \/>\nSchillingsstra\u00dfe 329<br \/>\n52355 D\u00fcren<\/p>\n<p><strong>Telefon:<\/strong> +49 (0) 2421 69 09 2-0<br \/>\n<strong>E-mail:<\/strong> <a href=\"mailto:info@weyer-akademie.com\">info@weyer-akademie.com<\/a>[\/vc_column_text][\/vc_column][vc_column width=&#8221;1\/2&#8243;]\n<div class=\"wpcf7 no-js\" id=\"wpcf7-f24296-o1\" lang=\"pl-PL\" dir=\"ltr\" data-wpcf7-id=\"24296\">\n<div class=\"screen-reader-response\"><p role=\"status\" aria-live=\"polite\" aria-atomic=\"true\"><\/p> <ul><\/ul><\/div>\n<form action=\"\/pl\/wp-json\/wp\/v2\/pages\/24043#wpcf7-f24296-o1\" method=\"post\" class=\"wpcf7-form init\" aria-label=\"Formularz kontaktowy\" novalidate=\"novalidate\" data-status=\"init\">\n<fieldset class=\"hidden-fields-container\"><input type=\"hidden\" name=\"_wpcf7\" value=\"24296\" \/><input type=\"hidden\" name=\"_wpcf7_version\" value=\"6.1.4\" \/><input type=\"hidden\" name=\"_wpcf7_locale\" value=\"pl_PL\" \/><input type=\"hidden\" name=\"_wpcf7_unit_tag\" value=\"wpcf7-f24296-o1\" \/><input type=\"hidden\" name=\"_wpcf7_container_post\" value=\"0\" \/><input type=\"hidden\" name=\"_wpcf7_posted_data_hash\" value=\"\" \/><input type=\"hidden\" name=\"_wpcf7_recaptcha_response\" value=\"\" \/>\n<\/fieldset>\n<p><label> Salutacja (pole obowi\u0105zkowe)<br \/>\n<span class=\"wpcf7-form-control-wrap\" data-name=\"anrede\"><select class=\"wpcf7-form-control wpcf7-select wpcf7-validates-as-required\" aria-required=\"true\" aria-invalid=\"false\" name=\"anrede\"><option value=\"\">&#8212;Prosz\u0119 wybra\u0107 opcj\u0119&#8212;<\/option><option value=\"Pan\">Pan<\/option><option value=\"Pani\">Pani<\/option><\/select><\/span> <\/label><br \/>\n<label> Imi\u0119 (pole obowi\u0105zkowe)<br \/>\n<span class=\"wpcf7-form-control-wrap\" data-name=\"your-prename\"><input size=\"40\" maxlength=\"400\" class=\"wpcf7-form-control wpcf7-text wpcf7-validates-as-required\" aria-required=\"true\" aria-invalid=\"false\" value=\"\" type=\"text\" name=\"your-prename\" \/><\/span> <\/label><br \/>\n<label> Nazwisko (pole obowi\u0105zkowe)<br \/>\n<span class=\"wpcf7-form-control-wrap\" data-name=\"your-lastname\"><input size=\"40\" maxlength=\"400\" class=\"wpcf7-form-control wpcf7-text wpcf7-validates-as-required\" aria-required=\"true\" aria-invalid=\"false\" value=\"\" type=\"text\" name=\"your-lastname\" \/><\/span> <\/label><br \/>\n<label> Adres e-mail (pole obowi\u0105zkowe)<br \/>\n<span class=\"wpcf7-form-control-wrap\" data-name=\"your-email\"><input size=\"40\" maxlength=\"400\" class=\"wpcf7-form-control wpcf7-email wpcf7-validates-as-required wpcf7-text wpcf7-validates-as-email\" aria-required=\"true\" aria-invalid=\"false\" value=\"\" type=\"email\" name=\"your-email\" \/><\/span> <\/label><br \/>\n<label> Numer telefonu<br \/>\n<span class=\"wpcf7-form-control-wrap\" data-name=\"Telefon\"><input size=\"40\" maxlength=\"400\" class=\"wpcf7-form-control wpcf7-tel wpcf7-text wpcf7-validates-as-tel\" aria-invalid=\"false\" value=\"\" type=\"tel\" name=\"Telefon\" \/><\/span> <\/label><br \/>\n<label> Przedmiot<br \/>\n<span class=\"wpcf7-form-control-wrap\" data-name=\"your-subject\"><input size=\"40\" maxlength=\"400\" class=\"wpcf7-form-control wpcf7-text\" aria-invalid=\"false\" value=\"\" type=\"text\" name=\"your-subject\" \/><\/span> <\/label><br \/>\n<label> Wiadomo\u015b\u0107<br \/>\n<span class=\"wpcf7-form-control-wrap\" data-name=\"your-message\"><textarea cols=\"40\" rows=\"10\" maxlength=\"2000\" class=\"wpcf7-form-control wpcf7-textarea\" aria-invalid=\"false\" name=\"your-message\"><\/textarea><\/span> <\/label><br \/>\n<span class=\"wpcf7-form-control-wrap\" data-name=\"Datenschutzerklaerung\"><span class=\"wpcf7-form-control wpcf7-checkbox wpcf7-validates-as-required\"><span class=\"wpcf7-list-item first last\"><input type=\"checkbox\" name=\"Datenschutzerklaerung[]\" value=\"Przeczyta\u0142em polityk\u0119 prywatno\u015bci i zgadzam si\u0119 na ni\u0105.\" \/><span class=\"wpcf7-list-item-label\">Przeczyta\u0142em polityk\u0119 prywatno\u015bci i zgadzam si\u0119 na ni\u0105.<\/span><\/span><\/span><\/span><br \/>\n<br \/>\n<input class=\"wpcf7-form-control wpcf7-submit has-spinner\" type=\"submit\" value=\"Wy\u015blij\" \/>\n<\/p><div class=\"wpcf7-response-output\" aria-hidden=\"true\"><\/div>\n<\/form>\n<\/div>\n[vc_column_text]<div class=\"BorlabsCookie _brlbs-cb-recaptcha\"><div class=\"_brlbs-content-blocker\"> <div class=\"_brlbs-default\"> <p>Google reCAPTCHA musi by\u0107 za\u0142adowany, aby przes\u0142a\u0107 formularz. <br><a href=\"https:\/\/policies.google.com\/privacy?hl=pl\" target=\"_blank\" rel=\"nofollow noopener noreferrer\">Polityka prywatno\u015bci Google reCAPTCHA<\/a><\/p> <p><a class=\"_brlbs-btn\" href=\"#\" data-borlabs-cookie-unblock role=\"button\">Google reCAPTCHA obci\u0105\u017cone<\/a><\/p> <\/div> <\/div><div class=\"borlabs-hide\" data-borlabs-cookie-type=\"content-blocker\" data-borlabs-cookie-id=\"recaptcha\"><script type=\"text\/template\">JiM4MjMwO3phYmxva3VqIHRvJiM4MjMwOw==<\/script><\/div><\/div>[\/vc_column_text][\/vc_column][\/vc_row][vc_row][vc_column]<div class=\"grve-element grve-hr grve-space-divider\" style=\"\"><\/div><h2 class=\"grve-element grve-align-center grve-title-no-line grve-h2\" style=\"\"><span>weyer akademie gmbh w liczbach<\/span><\/h2>[\/vc_column][\/vc_row][vc_row][vc_column width=&#8221;1\/4&#8243;][\/vc_column][vc_column width=&#8221;1\/4&#8243;]<div class=\"grve-element grve-counter grve-align-center\" style=\"\">  <div class=\"grve-counter-content\">    <div class=\"grve-counter-item grve-color-primary-1\">      <span data-thousands-separator-vis=\"\" data-thousands-separator=\",\" data-prefix=\"\" data-suffix=\"\" data-start-val=\"1\" data-end-val=\"35\" data-decimal-points=\"0\" data-decimal-separator=\".\">1<\/span>    <\/div><h5 class=\"grve-counter-title\"><span>przeszkoleni eksperci<\/span><\/h5>  <\/div><\/div>[\/vc_column][vc_column width=&#8221;1\/4&#8243;]<div class=\"grve-element grve-counter grve-align-center\" style=\"\">  <div class=\"grve-counter-content\">    <div class=\"grve-counter-item grve-color-primary-1\">      <span data-thousands-separator-vis=\"\" data-thousands-separator=\",\" data-prefix=\"\" data-suffix=\"\" data-start-val=\"1\" data-end-val=\"18\" data-decimal-points=\"0\" data-decimal-separator=\".\">1<\/span>    <\/div><h5 class=\"grve-counter-title\"><span>lat do\u015bwiadczenia<\/span><\/h5>  <\/div><\/div>[\/vc_column][vc_column width=&#8221;1\/4&#8243;][\/vc_column][\/vc_row][vc_row][vc_column]<div class=\"grve-element grve-hr grve-space-divider\" style=\"\"><\/div>[vc_column_text]\n<h2>Nasz zesp\u00f3\u0142<\/h2>\n[\/vc_column_text][\/vc_column][\/vc_row][vc_row][vc_column width=&#8221;1\/4&#8243; tablet_sm_width=&#8221;1-2&#8243;]\r\n\t\t<div class=\"grve-team grve-element\" style=\"\">\r\n\t\t\t<figure class=\"grve-image-hover grve-style-1 grve-zoom-in\">\r\n\t\t\t\t<div class=\"grve-team-person grve-media grve-dark-overlay grve-opacity-60\">\r\n\t\t\t\t\t<img decoding=\"async\" width=\"300\" height=\"300\" src=\"https:\/\/test.weyer-gruppe.com\/wp-content\/uploads\/2019\/07\/detlef-becker-horst-weyer-und-partner.jpg\" class=\"attachment-grve-image-small-square size-grve-image-small-square\" alt=\"Foto von Detlef Becker der Horst Weyer und Partner gmbh\" srcset=\"https:\/\/test.weyer-gruppe.com\/wp-content\/uploads\/2019\/07\/detlef-becker-horst-weyer-und-partner.jpg 300w, https:\/\/test.weyer-gruppe.com\/wp-content\/uploads\/2019\/07\/detlef-becker-horst-weyer-und-partner-150x150.jpg 150w, https:\/\/test.weyer-gruppe.com\/wp-content\/uploads\/2019\/07\/detlef-becker-horst-weyer-und-partner-80x80.jpg 80w\" sizes=\"(max-width: 300px) 100vw, 300px\" \/>\t\t\t\t<\/div>\r\n\t\t\t\t<figcaption>\r\n\t\t\t\t\t<div class=\"grve-team-description\">\r\n\t\t\t\t\t\t\t\t\t\t\t\t<h4 class=\"grve-team-name grve-dark grve-h4\">Detlef Becker<\/h4>\r\n\t\t\t\t\t\t\t\t\t\t\t\t<small class=\"grve-team-identity grve-dark\">Dyrektor Zarz\u0105dzaj\u0105cy<\/small>\r\n\t\t\t\t\t<\/div>\r\n\t\t\t\t\t\t\t\t\t\t<div class=\"grve-team-social grve-team-social-text grve-dark\">\r\n\t\t\t\t\t\t<ul>\r\n\t\t\t\t\t\t\t<li><a href=\"mailto:d&#46;&#98;&#101;c&#107;&#101;r&#64;we&#121;e&#114;&#45;gr&#117;&#112;pe&#46;&#99;o&#109;\">E-mail<\/a><\/li>\t\t\t\t\t\t<\/ul>\r\n\t\t\t\t\t<\/div>\r\n\t\t\t\t\t\t\t\t\t<\/figcaption>\r\n\t\t\t<\/figure>\r\n\t\t<\/div>\r\n\r\n\t\t[\/vc_column][vc_column width=&#8221;1\/4&#8243; tablet_sm_width=&#8221;1-2&#8243;]\r\n\t\t<div class=\"grve-team grve-element\" style=\"\">\r\n\t\t\t<figure class=\"grve-image-hover grve-style-1 grve-zoom-in\">\r\n\t\t\t\t<div class=\"grve-team-person grve-media grve-dark-overlay grve-opacity-60\">\r\n\t\t\t\t\t<img decoding=\"async\" width=\"300\" height=\"300\" src=\"https:\/\/test.weyer-gruppe.com\/wp-content\/uploads\/2019\/07\/klaus-woersdoerfer-horst-weyer-und-partner.jpg\" class=\"attachment-grve-image-small-square size-grve-image-small-square\" alt=\"Foto von Klaus Woersdoerfer der Horst Weyer und Partner gmbh\" srcset=\"https:\/\/test.weyer-gruppe.com\/wp-content\/uploads\/2019\/07\/klaus-woersdoerfer-horst-weyer-und-partner.jpg 300w, https:\/\/test.weyer-gruppe.com\/wp-content\/uploads\/2019\/07\/klaus-woersdoerfer-horst-weyer-und-partner-150x150.jpg 150w, https:\/\/test.weyer-gruppe.com\/wp-content\/uploads\/2019\/07\/klaus-woersdoerfer-horst-weyer-und-partner-80x80.jpg 80w\" sizes=\"(max-width: 300px) 100vw, 300px\" \/>\t\t\t\t<\/div>\r\n\t\t\t\t<figcaption>\r\n\t\t\t\t\t<div class=\"grve-team-description\">\r\n\t\t\t\t\t\t\t\t\t\t\t\t<h4 class=\"grve-team-name grve-dark grve-h4\">Dr. Klaus W\u00f6rsd\u00f6rfer<\/h4>\r\n\t\t\t\t\t\t\t\t\t\t\t\t<small class=\"grve-team-identity grve-dark\">Dyrektor Zarz\u0105dzaj\u0105cy<\/small>\r\n\t\t\t\t\t<\/div>\r\n\t\t\t\t\t\t\t\t\t\t<div class=\"grve-team-social grve-team-social-text grve-dark\">\r\n\t\t\t\t\t\t<ul>\r\n\t\t\t\t\t\t\t<li><a href=\"mailto:&#107;.&#119;oers&#100;oer&#102;&#101;&#114;&#64;w&#101;ye&#114;-&#103;ru&#112;pe.&#99;&#111;&#109;\">E-mail<\/a><\/li>\t\t\t\t\t\t<\/ul>\r\n\t\t\t\t\t<\/div>\r\n\t\t\t\t\t\t\t\t\t<\/figcaption>\r\n\t\t\t<\/figure>\r\n\t\t<\/div>\r\n\r\n\t\t[\/vc_column][vc_column width=&#8221;1\/4&#8243; tablet_sm_width=&#8221;1-2&#8243;]\r\n\t\t<div class=\"grve-team grve-element\" style=\"\">\r\n\t\t\t<figure class=\"grve-image-hover grve-style-1 grve-zoom-in\">\r\n\t\t\t\t<div class=\"grve-team-person grve-media grve-dark-overlay grve-opacity-60\">\r\n\t\t\t\t\t<img decoding=\"async\" width=\"300\" height=\"300\" src=\"https:\/\/test.weyer-gruppe.com\/wp-content\/uploads\/2019\/07\/Sandra-Van-Heule_bunt.jpg\" class=\"attachment-grve-image-small-square size-grve-image-small-square\" alt=\"Foto von Stefanie Alef der Horst Weyer und Partner gmbh\" \/>\t\t\t\t<\/div>\r\n\t\t\t\t<figcaption>\r\n\t\t\t\t\t<div class=\"grve-team-description\">\r\n\t\t\t\t\t\t\t\t\t\t\t\t<h4 class=\"grve-team-name grve-dark grve-h4\">Sandra Van Heule<\/h4>\r\n\t\t\t\t\t\t\t\t\t\t\t\t<small class=\"grve-team-identity grve-dark\">Organizacja szkoleniowa<\/small>\r\n\t\t\t\t\t<\/div>\r\n\t\t\t\t\t\t\t\t\t\t<div class=\"grve-team-social grve-team-social-text grve-dark\">\r\n\t\t\t\t\t\t<ul>\r\n\t\t\t\t\t\t\t<li><a href=\"mailto:&#115;.&#118;&#97;n&#104;&#101;ule&#64;we&#121;&#101;r&#45;&#103;&#114;upp&#101;.c&#111;m\">E-mail<\/a><\/li>\t\t\t\t\t\t<\/ul>\r\n\t\t\t\t\t<\/div>\r\n\t\t\t\t\t\t\t\t\t<\/figcaption>\r\n\t\t\t<\/figure>\r\n\t\t<\/div>\r\n\r\n\t\t[\/vc_column][vc_column width=&#8221;1\/4&#8243; tablet_sm_width=&#8221;1-2&#8243;]\r\n\t\t<div class=\"grve-team grve-element\" style=\"\">\r\n\t\t\t<figure class=\"grve-image-hover grve-style-1 grve-zoom-in\">\r\n\t\t\t\t<div class=\"grve-team-person grve-media grve-dark-overlay grve-opacity-60\">\r\n\t\t\t\t\t<img decoding=\"async\" width=\"300\" height=\"300\" src=\"https:\/\/test.weyer-gruppe.com\/wp-content\/uploads\/2019\/07\/maresa-matejit-papka-horst-weyer-und-partner.jpg\" class=\"attachment-grve-image-small-square size-grve-image-small-square\" alt=\"Foto von Maresa Matejit der Horst Weyer und Partner gmbh\" srcset=\"https:\/\/test.weyer-gruppe.com\/wp-content\/uploads\/2019\/07\/maresa-matejit-papka-horst-weyer-und-partner.jpg 300w, https:\/\/test.weyer-gruppe.com\/wp-content\/uploads\/2019\/07\/maresa-matejit-papka-horst-weyer-und-partner-150x150.jpg 150w, https:\/\/test.weyer-gruppe.com\/wp-content\/uploads\/2019\/07\/maresa-matejit-papka-horst-weyer-und-partner-80x80.jpg 80w\" sizes=\"(max-width: 300px) 100vw, 300px\" \/>\t\t\t\t<\/div>\r\n\t\t\t\t<figcaption>\r\n\t\t\t\t\t<div class=\"grve-team-description\">\r\n\t\t\t\t\t\t\t\t\t\t\t\t<h4 class=\"grve-team-name grve-dark grve-h4\">Maresa Matejit-Papka<\/h4>\r\n\t\t\t\t\t\t\t\t\t\t\t\t<small class=\"grve-team-identity grve-dark\">Organizacja szkoleniowa<\/small>\r\n\t\t\t\t\t<\/div>\r\n\t\t\t\t\t\t\t\t\t\t<div class=\"grve-team-social grve-team-social-text grve-dark\">\r\n\t\t\t\t\t\t<ul>\r\n\t\t\t\t\t\t\t<li><a href=\"mailto:m.&#109;a&#116;&#101;jit&#64;weye&#114;&#45;&#103;ru&#112;&#112;&#101;.&#99;o&#109;\">E-mail<\/a><\/li>\t\t\t\t\t\t<\/ul>\r\n\t\t\t\t\t<\/div>\r\n\t\t\t\t\t\t\t\t\t<\/figcaption>\r\n\t\t\t<\/figure>\r\n\t\t<\/div>\r\n\r\n\t\t[\/vc_column][\/vc_row][vc_row][vc_column]<div class=\"grve-element grve-hr grve-space-divider\" style=\"\"><\/div>[\/vc_column][\/vc_row][vc_row][vc_column][vc_column_text]\n<h2>Siedziba g\u0142\u00f3wna weyer akademie gmbh<\/h2>\n<p>Navigationsaddress: Schillingsstra\u00dfe 329, 52355 D\u00fcren[\/vc_column_text][vc_column_text]<div class=\"BorlabsCookie _brlbs-cb-googlemaps\"><div class=\"_brlbs-content-blocker\"> <div class=\"_brlbs-embed _brlbs-google-maps\"> <img class=\"_brlbs-thumbnail\" src=\"https:\/\/test.weyer-gruppe.com\/wp-content\/plugins\/borlabs-cookie\/assets\/images\/cb-maps.png\" alt=\"Google Maps\"> <div class=\"_brlbs-caption\"> <p>Wczytuj\u0105c map\u0119, akceptujesz polityk\u0119 prywatno\u015bci firmy Google.<br><a href=\"https:\/\/policies.google.com\/privacy?hl=en&amp;gl=en\" target=\"_blank\" rel=\"nofollow noopener noreferrer\">Dowiedz si\u0119 wi\u0119cej<\/a><\/p> <p><a class=\"_brlbs-btn\" href=\"#\" data-borlabs-cookie-unblock role=\"button\">Wczytaj map\u0119<\/a><\/p> <p><label><input type=\"checkbox\" name=\"unblockAll\" value=\"1\" checked> <small>Zawsze odblokowuj Mapy Google<\/small><\/label><\/p> <\/div> <\/div> <\/div><div class=\"borlabs-hide\" data-borlabs-cookie-type=\"content-blocker\" data-borlabs-cookie-id=\"googlemaps\"><script type=\"text\/template\">PGlmcmFtZSBsb2FkaW5nPSJsYXp5IiBzdHlsZT0iYm9yZGVyOiAwOyIgc3JjPSJodHRwczovL3d3dy5nb29nbGUuY29tL21hcHMvZW1iZWQ\/cGI9ITFtMTghMW0xMiExbTMhMWQyNTIyLjQ4MzI2OTgxOTQzMiEyZDYuNDI5NTk2MTE2MDY1NTAxITNkNTAuNzg1MTUxNzc5NTIzMDMhMm0zITFmMCEyZjAhM2YwITNtMiExaTEwMjQhMmk3NjghNGYxMy4xITNtMyExbTIhMXMweDQ3YmY2NjI4ZTc5Mjc1NWQlM0EweDU0YWYyNDI1NmEwYzNhODMhMnN3ZXllciUyMGFrYWRlbWllJTIwZ21iaCE1ZTAhM20yITFzZGUhMnNkZSE0djE2MjA4MjUwMTk1MzQhNW0yITFzZGUhMnNkZSIgd2lkdGg9IjEyMDAiIGhlaWdodD0iMzUwIiBhbGxvd2Z1bGxzY3JlZW49ImFsbG93ZnVsbHNjcmVlbiI+PC9pZnJhbWU+<\/script><\/div><\/div>[\/vc_column_text][\/vc_column][\/vc_row]\n","protected":false},"excerpt":{"rendered":"<p>[vc_row][vc_column][vc_column_text]Podczas realizacji ponad 1000 projekt\u00f3w rocznie grupa weyer zgromadzi\u0142a ogromne know-how i jest zawsze na bie\u017c\u0105co dzi\u0119ki praktycznemu zastosowaniu. Nasi klienci korzystaj\u0105 z tego bogatego do\u015bwiadczenia w wysoko wyspecjalizowanych i [&hellip;]<\/p>\n","protected":false},"author":2,"featured_media":0,"parent":23793,"menu_order":0,"comment_status":"closed","ping_status":"closed","template":"","meta":{"footnotes":""},"class_list":["post-24043","page","type-page","status-publish","hentry"],"yoast_head":"<!-- This site is optimized with the Yoast SEO Premium plugin v21.6 (Yoast SEO v26.8) - https:\/\/yoast.com\/product\/yoast-seo-premium-wordpress\/ -->\n<title>O nas - weyer akademie gmbh - O\u015brodek szkoleniowy weyer gruppe [test]<\/title>\n<meta name=\"description\" content=\"Weyer Akademie jest centrum szkoleniowym weyer group i oferuje seminaria oraz szkolenia w r\u00f3\u017cnych specjalistycznych dziedzinach.\" \/>\n<meta name=\"robots\" content=\"noindex, follow, max-snippet:-1, max-image-preview:large, max-video-preview:-1\" \/>\n<meta property=\"og:locale\" content=\"pl_PL\" \/>\n<meta property=\"og:type\" content=\"article\" \/>\n<meta property=\"og:title\" content=\"weyer akademie gmbh\" \/>\n<meta property=\"og:description\" content=\"Weyer Akademie jest centrum szkoleniowym weyer group i oferuje seminaria oraz szkolenia w r\u00f3\u017cnych specjalistycznych dziedzinach.\" \/>\n<meta property=\"og:url\" content=\"https:\/\/test.weyer-gruppe.com\/pl\/o-nas\/weyer-akademie-gmbh\/\" \/>\n<meta property=\"og:site_name\" content=\"weyer gruppe [test]\" \/>\n<meta property=\"article:publisher\" content=\"https:\/\/www.facebook.com\/weyergruppe\" \/>\n<meta property=\"article:modified_time\" content=\"2023-03-14T09:35:28+00:00\" \/>\n<meta name=\"twitter:card\" content=\"summary_large_image\" \/>\n<meta name=\"twitter:label1\" content=\"Szacowany czas czytania\" \/>\n\t<meta name=\"twitter:data1\" content=\"2 minuty\" \/>\n<script type=\"application\/ld+json\" class=\"yoast-schema-graph\">{\"@context\":\"https:\/\/schema.org\",\"@graph\":[{\"@type\":\"WebPage\",\"@id\":\"https:\/\/test.weyer-gruppe.com\/pl\/o-nas\/weyer-akademie-gmbh\/\",\"url\":\"https:\/\/test.weyer-gruppe.com\/pl\/o-nas\/weyer-akademie-gmbh\/\",\"name\":\"O nas - weyer akademie gmbh - O\u015brodek szkoleniowy weyer gruppe [test]\",\"isPartOf\":{\"@id\":\"https:\/\/test.weyer-gruppe.com\/pl\/#website\"},\"datePublished\":\"2019-07-17T14:27:10+00:00\",\"dateModified\":\"2023-03-14T09:35:28+00:00\",\"description\":\"Weyer Akademie jest centrum szkoleniowym weyer group i oferuje seminaria oraz szkolenia w r\u00f3\u017cnych specjalistycznych dziedzinach.\",\"breadcrumb\":{\"@id\":\"https:\/\/test.weyer-gruppe.com\/pl\/o-nas\/weyer-akademie-gmbh\/#breadcrumb\"},\"inLanguage\":\"pl-PL\",\"potentialAction\":[{\"@type\":\"ReadAction\",\"target\":[\"https:\/\/test.weyer-gruppe.com\/pl\/o-nas\/weyer-akademie-gmbh\/\"]}]},{\"@type\":\"BreadcrumbList\",\"@id\":\"https:\/\/test.weyer-gruppe.com\/pl\/o-nas\/weyer-akademie-gmbh\/#breadcrumb\",\"itemListElement\":[{\"@type\":\"ListItem\",\"position\":1,\"name\":\"HOME\",\"item\":\"https:\/\/test.weyer-gruppe.com\/pl\/\"},{\"@type\":\"ListItem\",\"position\":2,\"name\":\"O nas\",\"item\":\"https:\/\/test.weyer-gruppe.com\/pl\/o-nas\/\"},{\"@type\":\"ListItem\",\"position\":3,\"name\":\"weyer akademie gmbh\"}]},{\"@type\":\"WebSite\",\"@id\":\"https:\/\/test.weyer-gruppe.com\/pl\/#website\",\"url\":\"https:\/\/test.weyer-gruppe.com\/pl\/\",\"name\":\"weyer gruppe [test]\",\"description\":\"komplett. durchdacht.\",\"publisher\":{\"@id\":\"https:\/\/test.weyer-gruppe.com\/pl\/#organization\"},\"potentialAction\":[{\"@type\":\"SearchAction\",\"target\":{\"@type\":\"EntryPoint\",\"urlTemplate\":\"https:\/\/test.weyer-gruppe.com\/pl\/?s={search_term_string}\"},\"query-input\":{\"@type\":\"PropertyValueSpecification\",\"valueRequired\":true,\"valueName\":\"search_term_string\"}}],\"inLanguage\":\"pl-PL\"},{\"@type\":\"Organization\",\"@id\":\"https:\/\/test.weyer-gruppe.com\/pl\/#organization\",\"name\":\"weyer gruppe\",\"url\":\"https:\/\/test.weyer-gruppe.com\/pl\/\",\"logo\":{\"@type\":\"ImageObject\",\"inLanguage\":\"pl-PL\",\"@id\":\"https:\/\/test.weyer-gruppe.com\/pl\/#\/schema\/logo\/image\/\",\"url\":\"https:\/\/test.weyer-gruppe.com\/wp-content\/uploads\/2019\/07\/logo-weyer-gruppe-de.png\",\"contentUrl\":\"https:\/\/test.weyer-gruppe.com\/wp-content\/uploads\/2019\/07\/logo-weyer-gruppe-de.png\",\"width\":532,\"height\":513,\"caption\":\"weyer gruppe\"},\"image\":{\"@id\":\"https:\/\/test.weyer-gruppe.com\/pl\/#\/schema\/logo\/image\/\"},\"sameAs\":[\"https:\/\/www.facebook.com\/weyergruppe\",\"https:\/\/de.linkedin.com\/company\/weyer-gruppe\",\"https:\/\/www.youtube.com\/channel\/UCmZItECuW56Ih_p501_Bq8A\"]}]}<\/script>\n<!-- \/ Yoast SEO Premium plugin. -->","yoast_head_json":{"title":"O nas - weyer akademie gmbh - O\u015brodek szkoleniowy weyer gruppe [test]","description":"Weyer Akademie jest centrum szkoleniowym weyer group i oferuje seminaria oraz szkolenia w r\u00f3\u017cnych specjalistycznych dziedzinach.","robots":{"index":"noindex","follow":"follow","max-snippet":"max-snippet:-1","max-image-preview":"max-image-preview:large","max-video-preview":"max-video-preview:-1"},"og_locale":"pl_PL","og_type":"article","og_title":"weyer akademie gmbh","og_description":"Weyer Akademie jest centrum szkoleniowym weyer group i oferuje seminaria oraz szkolenia w r\u00f3\u017cnych specjalistycznych dziedzinach.","og_url":"https:\/\/test.weyer-gruppe.com\/pl\/o-nas\/weyer-akademie-gmbh\/","og_site_name":"weyer gruppe [test]","article_publisher":"https:\/\/www.facebook.com\/weyergruppe","article_modified_time":"2023-03-14T09:35:28+00:00","twitter_card":"summary_large_image","twitter_misc":{"Szacowany czas czytania":"2 minuty"},"schema":{"@context":"https:\/\/schema.org","@graph":[{"@type":"WebPage","@id":"https:\/\/test.weyer-gruppe.com\/pl\/o-nas\/weyer-akademie-gmbh\/","url":"https:\/\/test.weyer-gruppe.com\/pl\/o-nas\/weyer-akademie-gmbh\/","name":"O nas - weyer akademie gmbh - O\u015brodek szkoleniowy weyer gruppe [test]","isPartOf":{"@id":"https:\/\/test.weyer-gruppe.com\/pl\/#website"},"datePublished":"2019-07-17T14:27:10+00:00","dateModified":"2023-03-14T09:35:28+00:00","description":"Weyer Akademie jest centrum szkoleniowym weyer group i oferuje seminaria oraz szkolenia w r\u00f3\u017cnych specjalistycznych dziedzinach.","breadcrumb":{"@id":"https:\/\/test.weyer-gruppe.com\/pl\/o-nas\/weyer-akademie-gmbh\/#breadcrumb"},"inLanguage":"pl-PL","potentialAction":[{"@type":"ReadAction","target":["https:\/\/test.weyer-gruppe.com\/pl\/o-nas\/weyer-akademie-gmbh\/"]}]},{"@type":"BreadcrumbList","@id":"https:\/\/test.weyer-gruppe.com\/pl\/o-nas\/weyer-akademie-gmbh\/#breadcrumb","itemListElement":[{"@type":"ListItem","position":1,"name":"HOME","item":"https:\/\/test.weyer-gruppe.com\/pl\/"},{"@type":"ListItem","position":2,"name":"O nas","item":"https:\/\/test.weyer-gruppe.com\/pl\/o-nas\/"},{"@type":"ListItem","position":3,"name":"weyer akademie gmbh"}]},{"@type":"WebSite","@id":"https:\/\/test.weyer-gruppe.com\/pl\/#website","url":"https:\/\/test.weyer-gruppe.com\/pl\/","name":"weyer gruppe [test]","description":"komplett. durchdacht.","publisher":{"@id":"https:\/\/test.weyer-gruppe.com\/pl\/#organization"},"potentialAction":[{"@type":"SearchAction","target":{"@type":"EntryPoint","urlTemplate":"https:\/\/test.weyer-gruppe.com\/pl\/?s={search_term_string}"},"query-input":{"@type":"PropertyValueSpecification","valueRequired":true,"valueName":"search_term_string"}}],"inLanguage":"pl-PL"},{"@type":"Organization","@id":"https:\/\/test.weyer-gruppe.com\/pl\/#organization","name":"weyer gruppe","url":"https:\/\/test.weyer-gruppe.com\/pl\/","logo":{"@type":"ImageObject","inLanguage":"pl-PL","@id":"https:\/\/test.weyer-gruppe.com\/pl\/#\/schema\/logo\/image\/","url":"https:\/\/test.weyer-gruppe.com\/wp-content\/uploads\/2019\/07\/logo-weyer-gruppe-de.png","contentUrl":"https:\/\/test.weyer-gruppe.com\/wp-content\/uploads\/2019\/07\/logo-weyer-gruppe-de.png","width":532,"height":513,"caption":"weyer gruppe"},"image":{"@id":"https:\/\/test.weyer-gruppe.com\/pl\/#\/schema\/logo\/image\/"},"sameAs":["https:\/\/www.facebook.com\/weyergruppe","https:\/\/de.linkedin.com\/company\/weyer-gruppe","https:\/\/www.youtube.com\/channel\/UCmZItECuW56Ih_p501_Bq8A"]}]}},"_links":{"self":[{"href":"https:\/\/test.weyer-gruppe.com\/pl\/wp-json\/wp\/v2\/pages\/24043","targetHints":{"allow":["GET"]}}],"collection":[{"href":"https:\/\/test.weyer-gruppe.com\/pl\/wp-json\/wp\/v2\/pages"}],"about":[{"href":"https:\/\/test.weyer-gruppe.com\/pl\/wp-json\/wp\/v2\/types\/page"}],"author":[{"embeddable":true,"href":"https:\/\/test.weyer-gruppe.com\/pl\/wp-json\/wp\/v2\/users\/2"}],"replies":[{"embeddable":true,"href":"https:\/\/test.weyer-gruppe.com\/pl\/wp-json\/wp\/v2\/comments?post=24043"}],"version-history":[{"count":2,"href":"https:\/\/test.weyer-gruppe.com\/pl\/wp-json\/wp\/v2\/pages\/24043\/revisions"}],"predecessor-version":[{"id":45400,"href":"https:\/\/test.weyer-gruppe.com\/pl\/wp-json\/wp\/v2\/pages\/24043\/revisions\/45400"}],"up":[{"embeddable":true,"href":"https:\/\/test.weyer-gruppe.com\/pl\/wp-json\/wp\/v2\/pages\/23793"}],"wp:attachment":[{"href":"https:\/\/test.weyer-gruppe.com\/pl\/wp-json\/wp\/v2\/media?parent=24043"}],"curies":[{"name":"wp","href":"https:\/\/api.w.org\/{rel}","templated":true}]}}