{"id":24028,"date":"2019-07-17T16:18:45","date_gmt":"2019-07-17T14:18:45","guid":{"rendered":"https:\/\/test.weyer-gruppe.com\/o-nas\/probiotec-gmbh\/"},"modified":"2022-08-26T11:32:17","modified_gmt":"2022-08-26T09:32:17","slug":"probiotec-gmbh","status":"publish","type":"page","link":"https:\/\/test.weyer-gruppe.com\/pl\/o-nas\/probiotec-gmbh\/","title":{"rendered":"PROBIOTEC GmbH"},"content":{"rendered":"[vc_row][vc_column][vc_column_text]PROBIOTEC GmbH jest firm\u0105 nale\u017c\u0105c\u0105 do grupy weyer i od 35 lat dzia\u0142a jako niezale\u017cna firma doradcza.<\/p>\n<p>30 pracownik\u00f3w realizuje rocznie ponad 200 projekt\u00f3w naszych klient\u00f3w. Stawiamy na fachow\u0105 wiedz\u0119, indywidualne rozwi\u0105zania i wysoki stopie\u0144 zaanga\u017cowania.<\/p>\n<p>Nasza wieloletnia wsp\u00f3\u0142praca z przemys\u0142em i w\u0142adzami pozwala nam szybko oceni\u0107, jakie kroki s\u0105 niezb\u0119dne do osi\u0105gni\u0119cia Pa\u0144stwa celu. Aktywnie wspieramy Pa\u0144stwa podczas realizacji. Nasi lojalni dotychczasowi klienci doceniaj\u0105 osobiste wsparcie i cz\u0119sto szybki czas reakcji.<\/p>\n<p>Maj\u0105 Pa\u0144stwo jakie\u015b aktualne sprawy? Wystarczy do nas zadzwoni\u0107 \u2013 cz\u0119sto pierwszy telefon zapewnia wi\u0119ksz\u0105 przejrzysto\u015b\u0107 i orientacj\u0119.[\/vc_column_text][\/vc_column][\/vc_row][vc_row][vc_column][vc_tta_tabs active_section=&#8221;1&#8243; css=&#8221;.vc_custom_1563803033441{background-color: #e6e6e6 !important;}&#8221;][vc_tta_section title=&#8221;Bazy danych&#8221; tab_id=&#8221;1563783565422-f2b77d5a-c8666677-2b7b&#8221;][vc_column_text css=&#8221;.vc_custom_1580808546167{padding-top: 25px !important;padding-right: 25px !important;padding-bottom: 25px !important;padding-left: 25px !important;}&#8221;]\n<ul>\n<li>Procedura projektowa i przypisanie konta \u2013 PAKO<\/li>\n<li>VFI \u2013 system zarz\u0105dzania dla zak\u0142ad\u00f3w przemys\u0142owych<\/li>\n<li>Zastosowania specyficzne dla klienta na \u017cyczenie<\/li>\n<\/ul>\n[\/vc_column_text][\/vc_tta_section][vc_tta_section title=&#8221;Zarz\u0105dzanie gruntami&#8221; tab_id=&#8221;1563783603577-1c68409a-305b6677-2b7b&#8221;][vc_column_text css=&#8221;.vc_custom_1563886665799{padding-top: 25px !important;padding-right: 25px !important;padding-bottom: 25px !important;padding-left: 25px !important;}&#8221;]\n<ul>\n<li class=\"first-child\">Zarz\u0105dzanie terenem zanieczyszczonym<\/li>\n<li>Zarz\u0105dzanie gruntami<\/li>\n<li>Analiza techniczna due diligence<\/li>\n<li>Portfolio \u2013 strategie rozwoju<\/li>\n<li>Studia wykonalno\u015bci ekonomicznej w zakresie recyklingu powierzchniowego<\/li>\n<li class=\"last-child\">Zarz\u0105dzanie gruntami komunalnymi \u2013 doradztwo<\/li>\n<\/ul>\n[\/vc_column_text][\/vc_tta_section][vc_tta_section title=&#8221;Urbanizacja i planowanie urbanistyczne&#8221; tab_id=&#8221;1563783530496-b78b8bba-8e376677-2b7b&#8221;][vc_column_text css=&#8221;.vc_custom_1563886686326{padding-top: 25px !important;padding-right: 25px !important;padding-bottom: 25px !important;padding-left: 25px !important;}&#8221;]\n<ul>\n<li class=\"first-child\">Zintegrowane koncepcje urbanistyczne<\/li>\n<li>Zarz\u0105dzanie projektem rozwoju terenu<\/li>\n<li>Uczestnictwo i moderacja rozm\u00f3w ze spo\u0142ecze\u0144stwem<\/li>\n<li>Zarz\u0105dzanie konkurencj\u0105 i przydzia\u0142em zlece\u0144<\/li>\n<li class=\"last-child\">Zarz\u0105dzanie dotacjami \u2013 poszukiwanie i wskazywanie funduszy zewn\u0119trznych<\/li>\n<\/ul>\n[\/vc_column_text][\/vc_tta_section][vc_tta_section title=&#8221;Przegl\u0105d techniczny&#8221; tab_id=&#8221;1563783544426-35d4a4d8-c4366677-2b7b&#8221;][vc_column_text css=&#8221;.vc_custom_1563886697413{padding-top: 25px !important;padding-right: 25px !important;padding-bottom: 25px !important;padding-left: 25px !important;}&#8221;]\n<ul>\n<li class=\"first-child\">Audyt budowlany i kontrola budowy dla du\u017cych projekt\u00f3w<\/li>\n<li>Zarz\u0105dzanie przetargami<\/li>\n<li>Przegl\u0105d techniczny<\/li>\n<li>Analiza organizacyjna w zak\u0142adach technicznych<\/li>\n<li>Badania zgodnie z KWK-G i EEG<\/li>\n<li>Badania ekonomiczno\u015bci<\/li>\n<li>Ocena decyzji inwestycyjnych<\/li>\n<li class=\"last-child\">Sterowanie i zarz\u0105dzanie projektem<\/li>\n<\/ul>\n[\/vc_column_text][\/vc_tta_section][vc_tta_section title=&#8221;Ochrona \u015brodowiska&#8221; tab_id=&#8221;1563783584563-aad4779b-9c5c6677-2b7b&#8221;][vc_column_text css=&#8221;.vc_custom_1580461002329{padding-top: 25px !important;padding-right: 25px !important;padding-bottom: 25px !important;padding-left: 25px !important;}&#8221;]\n<ul>\n<li class=\"first-child\">Przygotowanie dokument\u00f3w do zezwole\u0144 \/ wniosku o zezwolenie<\/li>\n<li>Zarz\u0105dzanie zezwoleniami dla wnioskodawcy<\/li>\n<li>Przeprowadzenie kontroli kompletno\u015bci i wiarygodno\u015bci<\/li>\n<li>Ekspertyzy wydawane przez w\u0142adze<\/li>\n<li>Badania wp\u0142ywu na \u015brodowisko<\/li>\n<li>Badania oddzia\u0142ywania na \u015brodowisko w planowaniu kierunkowym<\/li>\n<li>Dyrektywa IED i sprawozdanie o stanie wyj\u015bciowym<\/li>\n<li>Wst\u0119pne badanie indywidualnego przypadku zgodnie z UVPG<\/li>\n<li>Ochrona gatunk\u00f3w i badania zgodno\u015bci z dyrektyw\u0105 siedliskow\u0105<\/li>\n<li>Prognozy imisji<\/li>\n<li>Handel emisjami<\/li>\n<li>Energia, KWK-G i EEG<\/li>\n<li>Wprowadzenie system\u00f3w zarz\u0105dzania <em>(m.in. zarz\u0105dzanie jako\u015bci\u0105 DIN ISO 9001<\/em>, <em>zarz\u0105dzanie \u015brodowiskowe DIN ISO 14001, zarz\u0105dzanie energi\u0105 DIN ISO 50 001)<\/em><em><br \/>\n<\/em><\/li>\n<li class=\"last-child\">System zarz\u0105dzania dla instalacji przemys\u0142owych \u2013 VFI<\/li>\n<\/ul>\n[\/vc_column_text][\/vc_tta_section][\/vc_tta_tabs]<div class=\"grve-element grve-hr grve-space-divider\" style=\"\"><\/div>[vc_column_text]\n<h3>Jako\u015b\u0107 \u2013 nasza podstawa ci\u0105g\u0142o\u015bci<\/h3>\n<p><em>\u201ePROBIOTEC to firma us\u0142ugowa, kt\u00f3ra stawia czo\u0142a nieustannej konkurencji. W d\u0142u\u017cszej perspektywie czasowej odniesiemy sukces tylko wtedy, gdy uda nam si\u0119 sprosta\u0107 zaufaniu naszych klient\u00f3w z ka\u017cd\u0105 now\u0105 us\u0142ug\u0105, kt\u00f3r\u0105 \u015bwiadczymy.\u201d<\/em><\/p>\n<p>Ta zasada naszej polityki jako\u015bci towarzyszy nam od momentu ustanowienia pierwszego systemu zarz\u0105dzania jako\u015bci\u0105 w 1995 roku. Zgodnie z nasz\u0105 wytyczn\u0105, \u017ce jako\u015b\u0107 jest podstaw\u0105 ci\u0105g\u0142o\u015bci, d\u0105\u017cymy do nieustannego rozwijania naszego systemu zarz\u0105dzania jako\u015bci\u0105 w taki spos\u00f3b, aby na tej podstawie m\u00f3c sprosta\u0107 ci\u0105gle zmieniaj\u0105cym si\u0119 wymaganiom rynku i naszych klient\u00f3w.<\/p>\n<p>Pasuje tu has\u0142o grupy weyer \u201eDzia\u0142anie kompletne i przemy\u015blane\u201d: S\u0142owo \u201ekompletny\u201d odnosi si\u0119 do faktu, \u017ce grupa weyer mo\u017ce \u015bwiadczy\u0107 wszystkie us\u0142ugi i ekspertyzy w zak\u0142adach przemys\u0142owych i wok\u00f3\u0142 nich z jednego \u017ar\u00f3d\u0142a. \u201ePrzemy\u015blany\u201d odnosi si\u0119 do podstawowej oferty: chodzi o us\u0142ugi i produkty oparte na wiedzy. Kompletnie przemy\u015blane rozwi\u0105zanie problemu klienta jest nasz\u0105 unikaln\u0105 cech\u0105.<\/p>\n<p>Poprzez w\u0142\u0105czenie naszej sp\u00f3\u0142ki-c\u00f3rki BDO Technik- und Umweltconsulting do systemu zarz\u0105dzania jako\u015bci\u0105 PROBIOTEC zapewniamy, \u017ce wszystkie obszary naszej codziennej pracy s\u0105 kontrolowane i monitorowane, maj\u0105c na uwadze tylko jeden cel: najlepsz\u0105 jako\u015b\u0107 naszych us\u0142ug ku pe\u0142nemu zadowoleniu naszych klient\u00f3w.<\/p>\n<p>Wszystkie miejsca pracy w firmie PROBIOTEC zale\u017c\u0105 bezpo\u015brednio lub po\u015brednio od jako\u015bci naszej pracy. Wraz z realizacj\u0105 zam\u00f3wienia dostosowan\u0105 do potrzeb klienta jest to nasza unikalna cecha. Ka\u017cdy w firmie jest odpowiedzialny za jako\u015b\u0107 swojej pracy. Naszym celem jest jak najlepsze spe\u0142nienie wymaga\u0144 klienta oraz ci\u0105g\u0142y rozw\u00f3j i doskonalenie. Kierownictwo i pracownicy wsp\u00f3lnie pracuj\u0105 nad stworzeniem klimatu, kt\u00f3ry umo\u017cliwia pe\u0142n\u0105 szacunku, otwart\u0105 komunikacj\u0119, kreatywno\u015b\u0107 i innowacyjno\u015b\u0107.[\/vc_column_text][\/vc_column][\/vc_row][vc_row][vc_column]<div class=\"grve-element grve-hr grve-space-divider\" style=\"\"><\/div><div class=\"grve-element grve-image-text\" style=\"\">  <div class=\"grve-content grve-align-right\">    <h2>Certyfikacja ISO 9001<\/h2>  <p>W 2019 roku firma PROBIOTEC GmbH otrzyma\u0142a ponownie porady i zosta\u0142a skontrolowana w zakresie ochrony \u015brodowiska, rewizji i oceny technicznej, technicznych aplikacji baz danych, zarz\u0105dzania zastrze\u017ceniami i dyskusjami, jak r\u00f3wnie\u017c planowania przestrzennego i rozwoju miast. Przedstawi\u0142a dowody, \u017ce spe\u0142nione s\u0105 wymagania normy ISO 9001:2015.<\/p>  <\/div><div class=\"grve-image\"><img decoding=\"async\" width=\"241\" height=\"236\" src=\"https:\/\/test.weyer-gruppe.com\/wp-content\/uploads\/2019\/08\/logo-iso-9001-certification-sgs.png\" class=\"attachment-full size-full\" alt=\"Logo der SGS ISO 9001 Zertifikation\" srcset=\"\" \/><\/div><\/div><div class=\"grve-element grve-hr grve-space-divider\" style=\"\"><\/div>[vc_column_text]\n<h2 style=\"text-align: center;\">PROBIOTEC GmbH w liczbach<\/h2>\n[\/vc_column_text][\/vc_column][\/vc_row][vc_row][vc_column width=&#8221;1\/3&#8243;]<div class=\"grve-element grve-counter grve-align-center\" style=\"\">  <div class=\"grve-counter-content\">    <div class=\"grve-counter-item grve-color-primary-1\">      <span data-thousands-separator-vis=\"\" data-thousands-separator=\",\" data-prefix=\"\" data-suffix=\"\" data-start-val=\"0\" data-end-val=\"29\" data-decimal-points=\"0\" data-decimal-separator=\".\">0<\/span>    <\/div><h5 class=\"grve-counter-title\"><span>pracownik\u00f3w<\/span><\/h5>  <\/div><\/div>[\/vc_column][vc_column width=&#8221;1\/3&#8243;]<div class=\"grve-element grve-counter grve-align-center\" style=\"\">  <div class=\"grve-counter-content\">    <div class=\"grve-counter-item grve-color-primary-1\">      <span data-thousands-separator-vis=\"\" data-thousands-separator=\",\" data-prefix=\"\" data-suffix=\"\" data-start-val=\"0\" data-end-val=\"200\" data-decimal-points=\"0\" data-decimal-separator=\".\">0<\/span>    <\/div><h5 class=\"grve-counter-title\"><span>zrealizowanych projekt\u00f3w w roku<\/span><\/h5>  <\/div><\/div>[\/vc_column][vc_column width=&#8221;1\/3&#8243;]<div class=\"grve-element grve-counter grve-align-center\" style=\"\">  <div class=\"grve-counter-content\">    <div class=\"grve-counter-item grve-color-primary-1\">      <span data-thousands-separator-vis=\"\" data-thousands-separator=\",\" data-prefix=\"\" data-suffix=\"\" data-start-val=\"0\" data-end-val=\"35\" data-decimal-points=\"0\" data-decimal-separator=\".\">0<\/span>    <\/div><h5 class=\"grve-counter-title\"><span>lat do\u015bwiadczenia<\/span><\/h5>  <\/div><\/div>[\/vc_column][\/vc_row][vc_row][vc_column]<div class=\"grve-element grve-hr grve-space-divider\" style=\"\"><\/div>[\/vc_column][\/vc_row][vc_row][vc_column width=&#8221;1\/2&#8243;][vc_column_text]\n<h2>Kontakt<\/h2>\n<p>PROBIOTEC GmbH Consulting f\u00fcr Umwelt und Biotechnik<br \/>\nSchillingsstra\u00dfe 333<br \/>\n52355 D\u00fcren<\/p>\n<p><strong>Telefon:<\/strong> +49 (0) 24 21 \u2013 69 09 3 \u2013 0<br \/>\n<strong>Faks:<\/strong>+49 (0) 24 21 \u2013 69 09 3 \u2013 401<br \/>\n<strong>E-mail:<\/strong> <a href=\"mailto:probiotec@weyer-gruppe.com\">probiotec@weyer-gruppe.com<\/a>[\/vc_column_text][\/vc_column][vc_column width=&#8221;1\/2&#8243;]\n<div class=\"wpcf7 no-js\" id=\"wpcf7-f24292-o1\" lang=\"pl-PL\" dir=\"ltr\" data-wpcf7-id=\"24292\">\n<div class=\"screen-reader-response\"><p role=\"status\" aria-live=\"polite\" aria-atomic=\"true\"><\/p> <ul><\/ul><\/div>\n<form action=\"\/pl\/wp-json\/wp\/v2\/pages\/24028#wpcf7-f24292-o1\" method=\"post\" class=\"wpcf7-form init\" aria-label=\"Formularz kontaktowy\" novalidate=\"novalidate\" data-status=\"init\">\n<fieldset class=\"hidden-fields-container\"><input type=\"hidden\" name=\"_wpcf7\" value=\"24292\" \/><input type=\"hidden\" name=\"_wpcf7_version\" value=\"6.1.4\" \/><input type=\"hidden\" name=\"_wpcf7_locale\" value=\"pl_PL\" \/><input type=\"hidden\" name=\"_wpcf7_unit_tag\" value=\"wpcf7-f24292-o1\" \/><input type=\"hidden\" name=\"_wpcf7_container_post\" value=\"0\" \/><input type=\"hidden\" name=\"_wpcf7_posted_data_hash\" value=\"\" \/><input type=\"hidden\" name=\"_wpcf7_recaptcha_response\" value=\"\" \/>\n<\/fieldset>\n<p><label> Salutacja (pole obowi\u0105zkowe)<br \/>\n<span class=\"wpcf7-form-control-wrap\" data-name=\"anrede\"><select class=\"wpcf7-form-control wpcf7-select wpcf7-validates-as-required\" aria-required=\"true\" aria-invalid=\"false\" name=\"anrede\"><option value=\"\">&#8212;Prosz\u0119 wybra\u0107 opcj\u0119&#8212;<\/option><option value=\"Pan\">Pan<\/option><option value=\"Pani\">Pani<\/option><\/select><\/span> <\/label><br \/>\n<label> Imi\u0119 (pole obowi\u0105zkowe)<br \/>\n<span class=\"wpcf7-form-control-wrap\" data-name=\"your-prename\"><input size=\"40\" maxlength=\"400\" class=\"wpcf7-form-control wpcf7-text wpcf7-validates-as-required\" aria-required=\"true\" aria-invalid=\"false\" value=\"\" type=\"text\" name=\"your-prename\" \/><\/span> <\/label><br \/>\n<label> Nazwisko (pole obowi\u0105zkowe)<br \/>\n<span class=\"wpcf7-form-control-wrap\" data-name=\"your-lastname\"><input size=\"40\" maxlength=\"400\" class=\"wpcf7-form-control wpcf7-text wpcf7-validates-as-required\" aria-required=\"true\" aria-invalid=\"false\" value=\"\" type=\"text\" name=\"your-lastname\" \/><\/span> <\/label><br \/>\n<label> Adres e-mail (pole obowi\u0105zkowe)<br \/>\n<span class=\"wpcf7-form-control-wrap\" data-name=\"your-email\"><input size=\"40\" maxlength=\"400\" class=\"wpcf7-form-control wpcf7-email wpcf7-validates-as-required wpcf7-text wpcf7-validates-as-email\" aria-required=\"true\" aria-invalid=\"false\" value=\"\" type=\"email\" name=\"your-email\" \/><\/span> <\/label><br \/>\n<label> Numer telefonu<br \/>\n<span class=\"wpcf7-form-control-wrap\" data-name=\"Telefon\"><input size=\"40\" maxlength=\"400\" class=\"wpcf7-form-control wpcf7-tel wpcf7-text wpcf7-validates-as-tel\" aria-invalid=\"false\" value=\"\" type=\"tel\" name=\"Telefon\" \/><\/span> <\/label><br \/>\n<label> Przedmiot<br \/>\n<span class=\"wpcf7-form-control-wrap\" data-name=\"your-subject\"><input size=\"40\" maxlength=\"400\" class=\"wpcf7-form-control wpcf7-text\" aria-invalid=\"false\" value=\"\" type=\"text\" name=\"your-subject\" \/><\/span> <\/label><br \/>\n<label> Wiadomo\u015b\u0107<br \/>\n<span class=\"wpcf7-form-control-wrap\" data-name=\"your-message\"><textarea cols=\"40\" rows=\"10\" maxlength=\"2000\" class=\"wpcf7-form-control wpcf7-textarea\" aria-invalid=\"false\" name=\"your-message\"><\/textarea><\/span> <\/label><br \/>\n<span class=\"wpcf7-form-control-wrap\" data-name=\"Datenschutzerklaerung\"><span class=\"wpcf7-form-control wpcf7-checkbox wpcf7-validates-as-required\"><span class=\"wpcf7-list-item first last\"><input type=\"checkbox\" name=\"Datenschutzerklaerung[]\" value=\"Przeczyta\u0142em polityk\u0119 prywatno\u015bci i zgadzam si\u0119 na ni\u0105.\" \/><span class=\"wpcf7-list-item-label\">Przeczyta\u0142em polityk\u0119 prywatno\u015bci i zgadzam si\u0119 na ni\u0105.<\/span><\/span><\/span><\/span><br \/>\n<br \/>\n<input class=\"wpcf7-form-control wpcf7-submit has-spinner\" type=\"submit\" value=\"Wy\u015blij\" \/>\n<\/p><div class=\"wpcf7-response-output\" aria-hidden=\"true\"><\/div>\n<\/form>\n<\/div>\n[vc_column_text]<div class=\"BorlabsCookie _brlbs-cb-recaptcha\"><div class=\"_brlbs-content-blocker\"> <div class=\"_brlbs-default\"> <p>Google reCAPTCHA musi by\u0107 za\u0142adowany, aby przes\u0142a\u0107 formularz. <br><a href=\"https:\/\/policies.google.com\/privacy?hl=pl\" target=\"_blank\" rel=\"nofollow noopener noreferrer\">Polityka prywatno\u015bci Google reCAPTCHA<\/a><\/p> <p><a class=\"_brlbs-btn\" href=\"#\" data-borlabs-cookie-unblock role=\"button\">Google reCAPTCHA obci\u0105\u017cone<\/a><\/p> <\/div> <\/div><div class=\"borlabs-hide\" data-borlabs-cookie-type=\"content-blocker\" data-borlabs-cookie-id=\"recaptcha\"><script type=\"text\/template\">JiM4MjMwO3phYmxva3VqIHRvJiM4MjMwOw==<\/script><\/div><\/div>[\/vc_column_text][\/vc_column][\/vc_row][vc_row][vc_column]<div class=\"grve-element grve-hr grve-space-divider\" style=\"\"><\/div>[vc_column_text]\n<h2>Nasz zesp\u00f3\u0142<\/h2>\n[\/vc_column_text][\/vc_column][\/vc_row][vc_row][vc_column width=&#8221;1\/4&#8243; tablet_sm_width=&#8221;1-2&#8243;]\r\n\t\t<div class=\"grve-team grve-element\" style=\"\">\r\n\t\t\t<figure class=\"grve-image-hover grve-style-1 grve-zoom-in\">\r\n\t\t\t\t<div class=\"grve-team-person grve-media grve-dark-overlay grve-opacity-60\">\r\n\t\t\t\t\t<img decoding=\"async\" width=\"300\" height=\"300\" src=\"https:\/\/test.weyer-gruppe.com\/wp-content\/uploads\/2019\/07\/pr-patrick-bahlert.jpg\" class=\"attachment-grve-image-small-square size-grve-image-small-square\" alt=\"Zdj\u0119cie pracownika Patrick Bahlert z PROBIOTEC GmbH\" \/>\t\t\t\t<\/div>\r\n\t\t\t\t<figcaption>\r\n\t\t\t\t\t<div class=\"grve-team-description\">\r\n\t\t\t\t\t\t\t\t\t\t\t\t<h4 class=\"grve-team-name grve-dark grve-h4\">Patrick Bahlert<\/h4>\r\n\t\t\t\t\t\t\t\t\t\t\t\t<small class=\"grve-team-identity grve-dark\">Dyrektor Zarz\u0105dzaj\u0105cy<\/small>\r\n\t\t\t\t\t<\/div>\r\n\t\t\t\t\t\t\t\t\t\t<div class=\"grve-team-social grve-team-social-text grve-dark\">\r\n\t\t\t\t\t\t<ul>\r\n\t\t\t\t\t\t\t<li><a href=\"mailto:&#112;&#46;&#98;a&#104;&#108;e&#114;&#116;&#64;we&#121;&#101;&#114;&#45;gru&#112;p&#101;.&#99;&#111;m\">E-mail<\/a><\/li>\t\t\t\t\t\t<\/ul>\r\n\t\t\t\t\t<\/div>\r\n\t\t\t\t\t\t\t\t\t<\/figcaption>\r\n\t\t\t<\/figure>\r\n\t\t<\/div>\r\n\r\n\t\t[\/vc_column][vc_column width=&#8221;1\/4&#8243; tablet_sm_width=&#8221;1-2&#8243;]\r\n\t\t<div class=\"grve-team grve-element\" style=\"\">\r\n\t\t\t<figure class=\"grve-image-hover grve-style-1 grve-zoom-in\">\r\n\t\t\t\t<div class=\"grve-team-person grve-media grve-dark-overlay grve-opacity-60\">\r\n\t\t\t\t\t<img decoding=\"async\" width=\"300\" height=\"300\" src=\"https:\/\/test.weyer-gruppe.com\/wp-content\/uploads\/2019\/07\/pr-kerstin-bahlert.jpg\" class=\"attachment-grve-image-small-square size-grve-image-small-square\" alt=\"Zdj\u0119cie pracownika Kerstin Bahlert z PROBIOTEC GmbH\" \/>\t\t\t\t<\/div>\r\n\t\t\t\t<figcaption>\r\n\t\t\t\t\t<div class=\"grve-team-description\">\r\n\t\t\t\t\t\t\t\t\t\t\t\t<h4 class=\"grve-team-name grve-dark grve-h4\">Kerstin Bahlert<\/h4>\r\n\t\t\t\t\t\t\t\t\t\t\t\t<small class=\"grve-team-identity grve-dark\">Autoryzowany sygnatariusz<br \/>\nZarz\u0105dzanie oddzia\u0142ami Organizacja<\/small>\r\n\t\t\t\t\t<\/div>\r\n\t\t\t\t\t\t\t\t\t\t<div class=\"grve-team-social grve-team-social-text grve-dark\">\r\n\t\t\t\t\t\t<ul>\r\n\t\t\t\t\t\t\t<li><a href=\"mailto:&#107;.&#98;&#97;&#104;lert&#64;wey&#101;r&#45;&#103;&#114;&#117;&#112;&#112;&#101;&#46;c&#111;&#109;\">E-mail<\/a><\/li>\t\t\t\t\t\t<\/ul>\r\n\t\t\t\t\t<\/div>\r\n\t\t\t\t\t\t\t\t\t<\/figcaption>\r\n\t\t\t<\/figure>\r\n\t\t<\/div>\r\n\r\n\t\t[\/vc_column][vc_column width=&#8221;1\/4&#8243; tablet_sm_width=&#8221;1-2&#8243;]\r\n\t\t<div class=\"grve-team grve-element\" style=\"\">\r\n\t\t\t<figure class=\"grve-image-hover grve-style-1 grve-zoom-in\">\r\n\t\t\t\t<div class=\"grve-team-person grve-media grve-dark-overlay grve-opacity-60\">\r\n\t\t\t\t\t<img decoding=\"async\" width=\"300\" height=\"300\" src=\"https:\/\/test.weyer-gruppe.com\/wp-content\/uploads\/2019\/07\/pr-b.bongers.jpg\" class=\"attachment-grve-image-small-square size-grve-image-small-square\" alt=\"Zdj\u0119cie pracownika Bernd Bongers z PROBIOTEC GmbH\" srcset=\"https:\/\/test.weyer-gruppe.com\/wp-content\/uploads\/2019\/07\/pr-b.bongers.jpg 300w, https:\/\/test.weyer-gruppe.com\/wp-content\/uploads\/2019\/07\/pr-b.bongers-150x150.jpg 150w, https:\/\/test.weyer-gruppe.com\/wp-content\/uploads\/2019\/07\/pr-b.bongers-80x80.jpg 80w\" sizes=\"(max-width: 300px) 100vw, 300px\" \/>\t\t\t\t<\/div>\r\n\t\t\t\t<figcaption>\r\n\t\t\t\t\t<div class=\"grve-team-description\">\r\n\t\t\t\t\t\t\t\t\t\t\t\t<h4 class=\"grve-team-name grve-dark grve-h4\">Bernd Bongers<\/h4>\r\n\t\t\t\t\t\t\t\t\t\t\t\t<small class=\"grve-team-identity grve-dark\">Upowa\u017cniony przedstawiciel Kierownik Pionu Ochrony \u015arodowiska<\/small>\r\n\t\t\t\t\t<\/div>\r\n\t\t\t\t\t\t\t\t\t\t<div class=\"grve-team-social grve-team-social-text grve-dark\">\r\n\t\t\t\t\t\t<ul>\r\n\t\t\t\t\t\t\t<li><a href=\"mailto:&#98;.&#98;o&#110;&#103;&#101;r&#115;&#64;w&#101;&#121;er-&#103;rup&#112;e&#46;c&#111;&#109;\">E-mail<\/a><\/li>\t\t\t\t\t\t<\/ul>\r\n\t\t\t\t\t<\/div>\r\n\t\t\t\t\t\t\t\t\t<\/figcaption>\r\n\t\t\t<\/figure>\r\n\t\t<\/div>\r\n\r\n\t\t[\/vc_column][vc_column width=&#8221;1\/4&#8243; tablet_sm_width=&#8221;1-2&#8243;]\r\n\t\t<div class=\"grve-team grve-element\" style=\"\">\r\n\t\t\t<figure class=\"grve-image-hover grve-style-1 grve-zoom-in\">\r\n\t\t\t\t<div class=\"grve-team-person grve-media grve-dark-overlay grve-opacity-60\">\r\n\t\t\t\t\t<img decoding=\"async\" width=\"300\" height=\"300\" src=\"https:\/\/test.weyer-gruppe.com\/wp-content\/uploads\/2019\/07\/pr-kai-steffens.jpg\" class=\"attachment-grve-image-small-square size-grve-image-small-square\" alt=\"Zdj\u0119cie pracownika Dr. Kai Steffens z BDO TUC GmbH und PROBIOTEC GmbH\" \/>\t\t\t\t<\/div>\r\n\t\t\t\t<figcaption>\r\n\t\t\t\t\t<div class=\"grve-team-description\">\r\n\t\t\t\t\t\t\t\t\t\t\t\t<h4 class=\"grve-team-name grve-dark grve-h4\">Dr. Kai Steffens<\/h4>\r\n\t\t\t\t\t\t\t\t\t\t\t\t<small class=\"grve-team-identity grve-dark\">Autoryzowany sygnatariusz<\/small>\r\n\t\t\t\t\t<\/div>\r\n\t\t\t\t\t\t\t\t\t\t<div class=\"grve-team-social grve-team-social-text grve-dark\">\r\n\t\t\t\t\t\t<ul>\r\n\t\t\t\t\t\t\t<li><a href=\"mailto:k.s&#116;e&#102;&#102;e&#110;&#115;&#64;w&#101;&#121;er-grup&#112;&#101;.&#99;&#111;&#109;\">E-mail<\/a><\/li>\t\t\t\t\t\t<\/ul>\r\n\t\t\t\t\t<\/div>\r\n\t\t\t\t\t\t\t\t\t<\/figcaption>\r\n\t\t\t<\/figure>\r\n\t\t<\/div>\r\n\r\n\t\t[\/vc_column][\/vc_row][vc_row][vc_column]<div class=\"grve-element grve-hr grve-space-divider\" style=\"\"><\/div>[vc_column_text]\n<h2>Siedziba g\u0142\u00f3wna PROBIOTEC GmbH<\/h2>\n<p>Adres nawigacyjny: Schillingsstra\u00dfe 333, 52355 D\u00fcren[\/vc_column_text][vc_column_text]<div class=\"BorlabsCookie _brlbs-cb-googlemaps\"><div class=\"_brlbs-content-blocker\"> <div class=\"_brlbs-embed _brlbs-google-maps\"> <img class=\"_brlbs-thumbnail\" src=\"https:\/\/test.weyer-gruppe.com\/wp-content\/plugins\/borlabs-cookie\/assets\/images\/cb-maps.png\" alt=\"Google Maps\"> <div class=\"_brlbs-caption\"> <p>Wczytuj\u0105c map\u0119, akceptujesz polityk\u0119 prywatno\u015bci firmy Google.<br><a href=\"https:\/\/policies.google.com\/privacy?hl=en&amp;gl=en\" target=\"_blank\" rel=\"nofollow noopener noreferrer\">Dowiedz si\u0119 wi\u0119cej<\/a><\/p> <p><a class=\"_brlbs-btn\" href=\"#\" data-borlabs-cookie-unblock role=\"button\">Wczytaj map\u0119<\/a><\/p> <p><label><input type=\"checkbox\" name=\"unblockAll\" value=\"1\" checked> <small>Zawsze odblokowuj Mapy Google<\/small><\/label><\/p> <\/div> <\/div> <\/div><div class=\"borlabs-hide\" data-borlabs-cookie-type=\"content-blocker\" data-borlabs-cookie-id=\"googlemaps\"><script type=\"text\/template\">PGlmcmFtZSBsb2FkaW5nPSJsYXp5IiBzdHlsZT0iYm9yZGVyOiAwOyIgc3JjPSJodHRwczovL3d3dy5nb29nbGUuY29tL21hcHMvZW1iZWQ\/cGI9ITFtMTghMW0xMiExbTMhMWQyNTIyLjQ5OTA4MzE4MDE2NDchMmQ2LjQyODE4OTQxNjA2NTUxMyEzZDUwLjc4NDg1ODY3OTUyMjg2ITJtMyExZjAhMmYwITNmMCEzbTIhMWkxMDI0ITJpNzY4ITRmMTMuMSEzbTMhMW0yITFzMHg0N2JmNjYyOGNmMTU2ODlkJTNBMHhmM2RhNjlmZDFjMmJjNmZhITJzUFJPQklPVEVDJTIwR21iSCE1ZTAhM20yITFzZGUhMnNkZSE0djE2MjA4MjQ4NzkyOTQhNW0yITFzZGUhMnNkZSIgd2lkdGg9IjEyMDAiIGhlaWdodD0iMzUwIiBhbGxvd2Z1bGxzY3JlZW49ImFsbG93ZnVsbHNjcmVlbiI+PC9pZnJhbWU+<\/script><\/div><\/div>[\/vc_column_text][\/vc_column][\/vc_row][vc_row][vc_column width=&#8221;1\/2&#8243;][vc_column_text]\n<h2>Biuro Hamburg<\/h2>\n<p>Adres nawigacyjny: Fuhlentwiete 12, 20355 Hamburg[\/vc_column_text][vc_column_text]<div class=\"BorlabsCookie _brlbs-cb-googlemaps\"><div class=\"_brlbs-content-blocker\"> <div class=\"_brlbs-embed _brlbs-google-maps\"> <img class=\"_brlbs-thumbnail\" src=\"https:\/\/test.weyer-gruppe.com\/wp-content\/plugins\/borlabs-cookie\/assets\/images\/cb-maps.png\" alt=\"Google Maps\"> <div class=\"_brlbs-caption\"> <p>Wczytuj\u0105c map\u0119, akceptujesz polityk\u0119 prywatno\u015bci firmy Google.<br><a href=\"https:\/\/policies.google.com\/privacy?hl=en&amp;gl=en\" target=\"_blank\" rel=\"nofollow noopener noreferrer\">Dowiedz si\u0119 wi\u0119cej<\/a><\/p> <p><a class=\"_brlbs-btn\" href=\"#\" data-borlabs-cookie-unblock role=\"button\">Wczytaj map\u0119<\/a><\/p> <p><label><input type=\"checkbox\" name=\"unblockAll\" value=\"1\" checked> <small>Zawsze odblokowuj Mapy Google<\/small><\/label><\/p> <\/div> <\/div> <\/div><div class=\"borlabs-hide\" data-borlabs-cookie-type=\"content-blocker\" data-borlabs-cookie-id=\"googlemaps\"><script type=\"text\/template\">PGlmcmFtZSBsb2FkaW5nPSJsYXp5IiBzdHlsZT0iYm9yZGVyOiAwOyIgc3JjPSJodHRwczovL3d3dy5nb29nbGUuY29tL21hcHMvZW1iZWQ\/cGI9ITFtMTghMW0xMiExbTMhMWQyMzcwLjI0NjIxNjYwMDYxMyEyZDkuOTgzMTg3MDE2MTQ4Nzc3ITNkNTMuNTUzMzcyMDgwMDIyOSEybTMhMWYwITJmMCEzZjAhM20yITFpMTAyNCEyaTc2OCE0ZjEzLjEhM20zITFtMiExczB4NDdiMThmMWU2ZDhkZGZmZiUzQTB4NDE0MGI1YmIwNjg0MGY4YiEyc0JETyUyMEFHJTIwV2lydHNjaGFmdHNwciVDMyVCQ2Z1bmdzZ2VzZWxsc2NoYWZ0JTIwSGFtYnVyZyE1ZTAhM20yITFzZGUhMnNkZSE0djE2MjA4MjQ5MTY0ODYhNW0yITFzZGUhMnNkZSIgd2lkdGg9IjM1MCIgaGVpZ2h0PSIzNTAiIGFsbG93ZnVsbHNjcmVlbj0iYWxsb3dmdWxsc2NyZWVuIj48L2lmcmFtZT4=<\/script><\/div><\/div>[\/vc_column_text][\/vc_column][vc_column width=&#8221;1\/2&#8243;][\/vc_column][\/vc_row][vc_row][vc_column]<div class=\"grve-element grve-hr grve-space-divider\" style=\"\"><\/div>[\/vc_column][\/vc_row]\n","protected":false},"excerpt":{"rendered":"<p>[vc_row][vc_column][vc_column_text]PROBIOTEC GmbH jest firm\u0105 nale\u017c\u0105c\u0105 do grupy weyer i od 35 lat dzia\u0142a jako niezale\u017cna firma doradcza. 30 pracownik\u00f3w realizuje rocznie ponad 200 projekt\u00f3w naszych klient\u00f3w. Stawiamy na fachow\u0105 wiedz\u0119, [&hellip;]<\/p>\n","protected":false},"author":2,"featured_media":0,"parent":23793,"menu_order":0,"comment_status":"closed","ping_status":"closed","template":"","meta":{"footnotes":""},"class_list":["post-24028","page","type-page","status-publish","hentry"],"yoast_head":"<!-- This site is optimized with the Yoast SEO Premium plugin v21.6 (Yoast SEO v26.8) - https:\/\/yoast.com\/product\/yoast-seo-premium-wordpress\/ -->\n<title>O nas - PROBIOTEC GmbH - Cz\u0142onek weyer gruppe [test]<\/title>\n<meta name=\"description\" content=\"PROBIOTEC GmbH dzia\u0142a w dziedzinie in\u017cynierii \u015brodowiska i rozwoju urbanistycznego od 1985 roku i jest cz\u0119\u015bci\u0105 weyer group.\" \/>\n<meta name=\"robots\" content=\"noindex, follow, max-snippet:-1, max-image-preview:large, max-video-preview:-1\" \/>\n<meta property=\"og:locale\" content=\"pl_PL\" \/>\n<meta property=\"og:type\" content=\"article\" \/>\n<meta property=\"og:title\" content=\"PROBIOTEC GmbH\" \/>\n<meta property=\"og:description\" content=\"PROBIOTEC GmbH dzia\u0142a w dziedzinie in\u017cynierii \u015brodowiska i rozwoju urbanistycznego od 1985 roku i jest cz\u0119\u015bci\u0105 weyer group.\" \/>\n<meta property=\"og:url\" content=\"https:\/\/test.weyer-gruppe.com\/pl\/o-nas\/probiotec-gmbh\/\" \/>\n<meta property=\"og:site_name\" content=\"weyer gruppe [test]\" \/>\n<meta property=\"article:publisher\" content=\"https:\/\/www.facebook.com\/weyergruppe\" \/>\n<meta property=\"article:modified_time\" content=\"2022-08-26T09:32:17+00:00\" \/>\n<meta name=\"twitter:card\" content=\"summary_large_image\" \/>\n<meta name=\"twitter:label1\" content=\"Szacowany czas czytania\" \/>\n\t<meta name=\"twitter:data1\" content=\"5 minut\" \/>\n<script type=\"application\/ld+json\" class=\"yoast-schema-graph\">{\"@context\":\"https:\/\/schema.org\",\"@graph\":[{\"@type\":\"WebPage\",\"@id\":\"https:\/\/test.weyer-gruppe.com\/pl\/o-nas\/probiotec-gmbh\/\",\"url\":\"https:\/\/test.weyer-gruppe.com\/pl\/o-nas\/probiotec-gmbh\/\",\"name\":\"O nas - PROBIOTEC GmbH - Cz\u0142onek weyer gruppe [test]\",\"isPartOf\":{\"@id\":\"https:\/\/test.weyer-gruppe.com\/pl\/#website\"},\"datePublished\":\"2019-07-17T14:18:45+00:00\",\"dateModified\":\"2022-08-26T09:32:17+00:00\",\"description\":\"PROBIOTEC GmbH dzia\u0142a w dziedzinie in\u017cynierii \u015brodowiska i rozwoju urbanistycznego od 1985 roku i jest cz\u0119\u015bci\u0105 weyer group.\",\"breadcrumb\":{\"@id\":\"https:\/\/test.weyer-gruppe.com\/pl\/o-nas\/probiotec-gmbh\/#breadcrumb\"},\"inLanguage\":\"pl-PL\",\"potentialAction\":[{\"@type\":\"ReadAction\",\"target\":[\"https:\/\/test.weyer-gruppe.com\/pl\/o-nas\/probiotec-gmbh\/\"]}]},{\"@type\":\"BreadcrumbList\",\"@id\":\"https:\/\/test.weyer-gruppe.com\/pl\/o-nas\/probiotec-gmbh\/#breadcrumb\",\"itemListElement\":[{\"@type\":\"ListItem\",\"position\":1,\"name\":\"HOME\",\"item\":\"https:\/\/test.weyer-gruppe.com\/pl\/\"},{\"@type\":\"ListItem\",\"position\":2,\"name\":\"O nas\",\"item\":\"https:\/\/test.weyer-gruppe.com\/pl\/o-nas\/\"},{\"@type\":\"ListItem\",\"position\":3,\"name\":\"PROBIOTEC GmbH\"}]},{\"@type\":\"WebSite\",\"@id\":\"https:\/\/test.weyer-gruppe.com\/pl\/#website\",\"url\":\"https:\/\/test.weyer-gruppe.com\/pl\/\",\"name\":\"weyer gruppe [test]\",\"description\":\"komplett. durchdacht.\",\"publisher\":{\"@id\":\"https:\/\/test.weyer-gruppe.com\/pl\/#organization\"},\"potentialAction\":[{\"@type\":\"SearchAction\",\"target\":{\"@type\":\"EntryPoint\",\"urlTemplate\":\"https:\/\/test.weyer-gruppe.com\/pl\/?s={search_term_string}\"},\"query-input\":{\"@type\":\"PropertyValueSpecification\",\"valueRequired\":true,\"valueName\":\"search_term_string\"}}],\"inLanguage\":\"pl-PL\"},{\"@type\":\"Organization\",\"@id\":\"https:\/\/test.weyer-gruppe.com\/pl\/#organization\",\"name\":\"weyer gruppe\",\"url\":\"https:\/\/test.weyer-gruppe.com\/pl\/\",\"logo\":{\"@type\":\"ImageObject\",\"inLanguage\":\"pl-PL\",\"@id\":\"https:\/\/test.weyer-gruppe.com\/pl\/#\/schema\/logo\/image\/\",\"url\":\"https:\/\/test.weyer-gruppe.com\/wp-content\/uploads\/2019\/07\/logo-weyer-gruppe-de.png\",\"contentUrl\":\"https:\/\/test.weyer-gruppe.com\/wp-content\/uploads\/2019\/07\/logo-weyer-gruppe-de.png\",\"width\":532,\"height\":513,\"caption\":\"weyer gruppe\"},\"image\":{\"@id\":\"https:\/\/test.weyer-gruppe.com\/pl\/#\/schema\/logo\/image\/\"},\"sameAs\":[\"https:\/\/www.facebook.com\/weyergruppe\",\"https:\/\/de.linkedin.com\/company\/weyer-gruppe\",\"https:\/\/www.youtube.com\/channel\/UCmZItECuW56Ih_p501_Bq8A\"]}]}<\/script>\n<!-- \/ Yoast SEO Premium plugin. -->","yoast_head_json":{"title":"O nas - PROBIOTEC GmbH - Cz\u0142onek weyer gruppe [test]","description":"PROBIOTEC GmbH dzia\u0142a w dziedzinie in\u017cynierii \u015brodowiska i rozwoju urbanistycznego od 1985 roku i jest cz\u0119\u015bci\u0105 weyer group.","robots":{"index":"noindex","follow":"follow","max-snippet":"max-snippet:-1","max-image-preview":"max-image-preview:large","max-video-preview":"max-video-preview:-1"},"og_locale":"pl_PL","og_type":"article","og_title":"PROBIOTEC GmbH","og_description":"PROBIOTEC GmbH dzia\u0142a w dziedzinie in\u017cynierii \u015brodowiska i rozwoju urbanistycznego od 1985 roku i jest cz\u0119\u015bci\u0105 weyer group.","og_url":"https:\/\/test.weyer-gruppe.com\/pl\/o-nas\/probiotec-gmbh\/","og_site_name":"weyer gruppe [test]","article_publisher":"https:\/\/www.facebook.com\/weyergruppe","article_modified_time":"2022-08-26T09:32:17+00:00","twitter_card":"summary_large_image","twitter_misc":{"Szacowany czas czytania":"5 minut"},"schema":{"@context":"https:\/\/schema.org","@graph":[{"@type":"WebPage","@id":"https:\/\/test.weyer-gruppe.com\/pl\/o-nas\/probiotec-gmbh\/","url":"https:\/\/test.weyer-gruppe.com\/pl\/o-nas\/probiotec-gmbh\/","name":"O nas - PROBIOTEC GmbH - Cz\u0142onek weyer gruppe [test]","isPartOf":{"@id":"https:\/\/test.weyer-gruppe.com\/pl\/#website"},"datePublished":"2019-07-17T14:18:45+00:00","dateModified":"2022-08-26T09:32:17+00:00","description":"PROBIOTEC GmbH dzia\u0142a w dziedzinie in\u017cynierii \u015brodowiska i rozwoju urbanistycznego od 1985 roku i jest cz\u0119\u015bci\u0105 weyer group.","breadcrumb":{"@id":"https:\/\/test.weyer-gruppe.com\/pl\/o-nas\/probiotec-gmbh\/#breadcrumb"},"inLanguage":"pl-PL","potentialAction":[{"@type":"ReadAction","target":["https:\/\/test.weyer-gruppe.com\/pl\/o-nas\/probiotec-gmbh\/"]}]},{"@type":"BreadcrumbList","@id":"https:\/\/test.weyer-gruppe.com\/pl\/o-nas\/probiotec-gmbh\/#breadcrumb","itemListElement":[{"@type":"ListItem","position":1,"name":"HOME","item":"https:\/\/test.weyer-gruppe.com\/pl\/"},{"@type":"ListItem","position":2,"name":"O nas","item":"https:\/\/test.weyer-gruppe.com\/pl\/o-nas\/"},{"@type":"ListItem","position":3,"name":"PROBIOTEC GmbH"}]},{"@type":"WebSite","@id":"https:\/\/test.weyer-gruppe.com\/pl\/#website","url":"https:\/\/test.weyer-gruppe.com\/pl\/","name":"weyer gruppe [test]","description":"komplett. durchdacht.","publisher":{"@id":"https:\/\/test.weyer-gruppe.com\/pl\/#organization"},"potentialAction":[{"@type":"SearchAction","target":{"@type":"EntryPoint","urlTemplate":"https:\/\/test.weyer-gruppe.com\/pl\/?s={search_term_string}"},"query-input":{"@type":"PropertyValueSpecification","valueRequired":true,"valueName":"search_term_string"}}],"inLanguage":"pl-PL"},{"@type":"Organization","@id":"https:\/\/test.weyer-gruppe.com\/pl\/#organization","name":"weyer gruppe","url":"https:\/\/test.weyer-gruppe.com\/pl\/","logo":{"@type":"ImageObject","inLanguage":"pl-PL","@id":"https:\/\/test.weyer-gruppe.com\/pl\/#\/schema\/logo\/image\/","url":"https:\/\/test.weyer-gruppe.com\/wp-content\/uploads\/2019\/07\/logo-weyer-gruppe-de.png","contentUrl":"https:\/\/test.weyer-gruppe.com\/wp-content\/uploads\/2019\/07\/logo-weyer-gruppe-de.png","width":532,"height":513,"caption":"weyer gruppe"},"image":{"@id":"https:\/\/test.weyer-gruppe.com\/pl\/#\/schema\/logo\/image\/"},"sameAs":["https:\/\/www.facebook.com\/weyergruppe","https:\/\/de.linkedin.com\/company\/weyer-gruppe","https:\/\/www.youtube.com\/channel\/UCmZItECuW56Ih_p501_Bq8A"]}]}},"_links":{"self":[{"href":"https:\/\/test.weyer-gruppe.com\/pl\/wp-json\/wp\/v2\/pages\/24028","targetHints":{"allow":["GET"]}}],"collection":[{"href":"https:\/\/test.weyer-gruppe.com\/pl\/wp-json\/wp\/v2\/pages"}],"about":[{"href":"https:\/\/test.weyer-gruppe.com\/pl\/wp-json\/wp\/v2\/types\/page"}],"author":[{"embeddable":true,"href":"https:\/\/test.weyer-gruppe.com\/pl\/wp-json\/wp\/v2\/users\/2"}],"replies":[{"embeddable":true,"href":"https:\/\/test.weyer-gruppe.com\/pl\/wp-json\/wp\/v2\/comments?post=24028"}],"version-history":[{"count":1,"href":"https:\/\/test.weyer-gruppe.com\/pl\/wp-json\/wp\/v2\/pages\/24028\/revisions"}],"predecessor-version":[{"id":40355,"href":"https:\/\/test.weyer-gruppe.com\/pl\/wp-json\/wp\/v2\/pages\/24028\/revisions\/40355"}],"up":[{"embeddable":true,"href":"https:\/\/test.weyer-gruppe.com\/pl\/wp-json\/wp\/v2\/pages\/23793"}],"wp:attachment":[{"href":"https:\/\/test.weyer-gruppe.com\/pl\/wp-json\/wp\/v2\/media?parent=24028"}],"curies":[{"name":"wp","href":"https:\/\/api.w.org\/{rel}","templated":true}]}}