{"id":23806,"date":"2019-12-17T11:27:15","date_gmt":"2019-12-17T10:27:15","guid":{"rendered":"https:\/\/test.weyer-gruppe.com\/zarzadzanie-projektem-rozwoju-terenu-2\/"},"modified":"2020-04-15T16:22:05","modified_gmt":"2020-04-15T14:22:05","slug":"zarzadzanie-projektem-rozwoju-terenu-2","status":"publish","type":"page","link":"https:\/\/test.weyer-gruppe.com\/pl\/sektor-publiczny\/zarzadzanie-projektem-rozwoju-terenu-2\/","title":{"rendered":"Zarz\u0105dzanie projektem rozwoju terenu"},"content":{"rendered":"[vc_row][vc_column][vc_column_text]\n<p class=\"entry-title\">Skuteczne zarz\u0105dzanie projektem w zakresie zagospodarowania przestrzennego oznacza r\u00f3wnoleg\u0142e i r\u00f3wnowarto\u015bciowe uwzgl\u0119dnienie wielu czynnik\u00f3w: z jednej strony przestrzeganie koszt\u00f3w i termin\u00f3w; z drugiej \u2013 zapewnienie jako\u015bci koncepcyjnej i konstrukcyjnej.<\/p>\n<div class=\"entry-content\">\n<p>W zwi\u0105zku z t\u0105 rozpi\u0119to\u015bci\u0105 zarz\u0105dzanie projektem zagospodarowania przestrzeni wymaga od samego pocz\u0105tku solidnego planowania strategicznego. Rozumiemy przez to wszechstronn\u0105 analiz\u0119 obecnej sytuacji i identyfikacj\u0119 mo\u017cliwych konflikt\u00f3w interes\u00f3w w ramach projektu. Przebieg ca\u0142ego procesu jest precyzyjnie okre\u015blony i uporz\u0105dkowany pod wzgl\u0119dem jako\u015bci, koszt\u00f3w i termin\u00f3w. Rozw\u00f3j i tworzenie dostosowanych do potrzeb struktur komunikacyjnych, takich jak tworzenie \u201eworkflow\u201d, r\u00f3wnie\u017c przyczynia si\u0119 do skutecznego zarz\u0105dzania projektami zagospodarowania przestrzeni.<\/p>\n<p>Nasz interdyscyplinarny zesp\u00f3\u0142 zapewnia Pa\u0144stwu profesjonalne wsparcie, po\u015bredniczy mi\u0119dzy wymaganiami sektora publicznego i prywatnego oraz daje wi\u0105\u017c\u0105ce i wiarygodne wyniki. W ramach zarz\u0105dzania projektami zagospodarowania przestrzennego obs\u0142ugujemy szeroki zakres zada\u0144 urbanistycznych, prawa planistycznego, zagospodarowania przestrzennego, prawa um\u00f3w, controllingu i komunikacji. W ten spos\u00f3b og\u00f3lna koordynacja Pa\u0144stwa projektu zawsze pozostaje w jednym \u017ar\u00f3dle.<\/p>\n<\/div>\n[\/vc_column_text][\/vc_column][\/vc_row][vc_row][vc_column][vc_column_text]\n<h2>Us\u0142ugi<\/h2>\n<ul class=\"arrow-gray\">\n<li class=\"first-child\">Planowanie strategiczne<\/li>\n<li>Reprezentowanie interes\u00f3w inwestor\u00f3w wobec wszystkich uczestnik\u00f3w projektu<\/li>\n<li>Kontrola i zarz\u0105dzanie projektem<\/li>\n<li>Zarz\u0105dzanie umowami<\/li>\n<li>Odpowiedzialno\u015b\u0107 za zgodno\u015b\u0107 z kosztami, terminami i jako\u015bci\u0105 Zarz\u0105dzanie ryzykiem<\/li>\n<li class=\"last-child\">Zarz\u0105dzanie ryzykiem<\/li>\n<\/ul>\n<h2 data-canvas-width=\"117.31533333333333\" data-angle=\"0\" data-font-name=\"g_font_1\">Pa\u0144stwa korzy\u015bci<\/h2>\n<div data-canvas-width=\"11.83676\" data-angle=\"0\" data-font-name=\"g_font_5\">\n<ul class=\"arrow-gray\">\n<li class=\"first-child\">Otrzymaj\u0105 Pa\u0144stwo kompleksowe doradztwo od projektu koncepcyjnego i finansowania po realizacj\u0119 i zarz\u0105dzanie procesami urbanistycznymi i projektami zagospodarowania przestrzennego.<\/li>\n<li>Otrzymuj\u0105 Pa\u0144stwo dostosowane do potrzeb strategie komunikacji i wra\u017cliwe us\u0142ugi moderacji, kt\u00f3re przyczyniaj\u0105 si\u0119 do akceptacji i realizacji Pa\u0144stwa plan\u00f3w.<\/li>\n<li>Korzystaj\u0105 Pa\u0144stwo z naszego wieloletniego do\u015bwiadczenia w dziedzinie rozwoju obszar\u00f3w miejskich, planowania przestrzennego, ochrony klimatu i \u015brodowiska.<\/li>\n<li class=\"last-child\">W razie potrzeby mog\u0105 Pa\u0144stwo skorzysta\u0107 z naszej sieci wsp\u00f3\u0142pracy w zakresie prawa i innego specjalistycznego planowania, np. planowania ruchu drogowego, planowania krajobrazu itp.<\/li>\n<\/ul>\n<\/div>\n[\/vc_column_text]<div class=\"grve-element grve-hr grve-space-divider\" style=\"\"><\/div>[\/vc_column][\/vc_row][vc_row bg_type=&#8221;color&#8221; bg_color=&#8221;#0b3c80&#8243;][vc_column css=&#8221;.vc_custom_1564045753899{background-color: #0b3c80 !important;}&#8221;]<div class=\"grve-element grve-hr grve-space-divider\" style=\"\"><\/div><div class=\"grve-element grve-image-text\" style=\"\">  <div class=\"grve-content grve-align-right\">    <h6>weyer spezial: Rozw\u00f3j obszar\u00f3w miejskich i urbanistyka<\/h6>  <p> <span style=\"color: #ffffff\">Podstawowe warunki i przes\u0142anki s\u0105 zawsze r\u00f3\u017cne w ka\u017cdej gminie i w ka\u017cdej dzielnicy, dlatego te\u017c musz\u0105 by\u0107 zawsze rozpatrywane indywidualnie i w ich wzajemnych relacjach. I to jest to, o co nam chodzi! Skuteczne doradztwo w zakresie rozwoju obszar\u00f3w miejskich oznacza pokazanie niezawodnych i elastycznych rozwi\u0105za\u0144 r\u00f3\u017cnorodnych kwestii, a tym samym metodycznie uzasadnionych i zorientowanych na praktyk\u0119 z jednego \u017ar\u00f3d\u0142a. Zgodnie z t\u0105 filozofi\u0105 oferujemy wraz z naszym interdyscyplinarnym zespo\u0142em urbanist\u00f3w, architekt\u00f3w, architekt\u00f3w&#8230;<\/span><\/p>    <a href=\"https:\/\/test.weyer-gruppe.com\/wp-content\/uploads\/2019\/07\/weyer-spezial-stadtentwicklung-stadtplanung-0416.pdf\" target=\"_blank\" class=\"grve-read-more \">Pobierz weyer spezial tutaj<\/a>  <\/div><div class=\"grve-image\"><img decoding=\"async\" width=\"625\" height=\"625\" src=\"https:\/\/test.weyer-gruppe.com\/wp-content\/uploads\/2019\/07\/weyer-spezial-weyer-gruppe-stadtentwicklung-stadtplanung.jpg\" class=\"attachment-full size-full\" alt=\"weyer spezial zum Thema Stadtentwicklung und Stadtplanung\" srcset=\"https:\/\/test.weyer-gruppe.com\/wp-content\/uploads\/2019\/07\/weyer-spezial-weyer-gruppe-stadtentwicklung-stadtplanung.jpg 625w, https:\/\/test.weyer-gruppe.com\/wp-content\/uploads\/2019\/07\/weyer-spezial-weyer-gruppe-stadtentwicklung-stadtplanung-300x300.jpg 300w, https:\/\/test.weyer-gruppe.com\/wp-content\/uploads\/2019\/07\/weyer-spezial-weyer-gruppe-stadtentwicklung-stadtplanung-150x150.jpg 150w, https:\/\/test.weyer-gruppe.com\/wp-content\/uploads\/2019\/07\/weyer-spezial-weyer-gruppe-stadtentwicklung-stadtplanung-80x80.jpg 80w, https:\/\/test.weyer-gruppe.com\/wp-content\/uploads\/2019\/07\/weyer-spezial-weyer-gruppe-stadtentwicklung-stadtplanung-560x560.jpg 560w\" sizes=\"(max-width: 625px) 100vw, 625px\" \/><\/div><\/div><div class=\"grve-element grve-hr grve-space-divider\" style=\"\"><\/div>[\/vc_column][\/vc_row][vc_row][vc_column]<div class=\"grve-element grve-hr grve-space-divider\" style=\"\"><\/div>[vc_column_text]\n<h3>Nasz zesp\u00f3\u0142<\/h3>\n[\/vc_column_text][\/vc_column][\/vc_row][vc_row][vc_column width=&#8221;1\/4&#8243; tablet_sm_width=&#8221;1-2&#8243;]\r\n\t\t<div class=\"grve-team grve-element\" style=\"\">\r\n\t\t\t<figure class=\"grve-image-hover grve-style-1 grve-zoom-in\">\r\n\t\t\t\t<div class=\"grve-team-person grve-media grve-dark-overlay grve-opacity-60\">\r\n\t\t\t\t\t<img decoding=\"async\" width=\"300\" height=\"300\" src=\"https:\/\/test.weyer-gruppe.com\/wp-content\/uploads\/2019\/07\/martina-kloehn-pr-2022-1.jpg\" class=\"attachment-large size-large\" alt=\"Foto von Martina Kl\u00f6hn der PROBIOTEC GmbH\" srcset=\"https:\/\/test.weyer-gruppe.com\/wp-content\/uploads\/2019\/07\/martina-kloehn-pr-2022-1.jpg 300w, https:\/\/test.weyer-gruppe.com\/wp-content\/uploads\/2019\/07\/martina-kloehn-pr-2022-1-150x150.jpg 150w, https:\/\/test.weyer-gruppe.com\/wp-content\/uploads\/2019\/07\/martina-kloehn-pr-2022-1-80x80.jpg 80w\" sizes=\"(max-width: 300px) 100vw, 300px\" \/>\t\t\t\t<\/div>\r\n\t\t\t\t<figcaption>\r\n\t\t\t\t\t<div class=\"grve-team-description\">\r\n\t\t\t\t\t\t\t\t\t\t\t\t<h4 class=\"grve-team-name grve-dark grve-h4\">Martina Kl\u00f6hn<\/h4>\r\n\t\t\t\t\t\t\t\t\t\t\t\t<small class=\"grve-team-identity grve-dark\">Probiotec<\/small>\r\n\t\t\t\t\t<\/div>\r\n\t\t\t\t\t\t\t\t\t\t<div class=\"grve-team-social grve-team-social-text grve-dark\">\r\n\t\t\t\t\t\t<ul>\r\n\t\t\t\t\t\t\t<li><a href=\"mailto:m.kl&#111;&#101;hn&#64;&#119;eyer-&#103;&#114;uppe&#46;&#99;&#111;m\">E-mail<\/a><\/li>\t\t\t\t\t\t<\/ul>\r\n\t\t\t\t\t<\/div>\r\n\t\t\t\t\t\t\t\t\t<\/figcaption>\r\n\t\t\t<\/figure>\r\n\t\t<\/div>\r\n\r\n\t\t[\/vc_column][vc_column width=&#8221;1\/4&#8243; tablet_sm_width=&#8221;1-2&#8243;]\r\n\t\t<div class=\"grve-team grve-element\" style=\"\">\r\n\t\t\t<figure class=\"grve-image-hover grve-style-1 grve-zoom-in\">\r\n\t\t\t\t<div class=\"grve-team-person grve-media grve-dark-overlay grve-opacity-60\">\r\n\t\t\t\t\t<img decoding=\"async\" width=\"300\" height=\"300\" src=\"https:\/\/test.weyer-gruppe.com\/wp-content\/uploads\/2019\/07\/volker-bode-probiotec.jpg\" class=\"attachment-grve-image-small-square size-grve-image-small-square\" alt=\"Foto von Volker Bode der PROBIOTEC GmbH\" srcset=\"https:\/\/test.weyer-gruppe.com\/wp-content\/uploads\/2019\/07\/volker-bode-probiotec.jpg 300w, https:\/\/test.weyer-gruppe.com\/wp-content\/uploads\/2019\/07\/volker-bode-probiotec-150x150.jpg 150w, https:\/\/test.weyer-gruppe.com\/wp-content\/uploads\/2019\/07\/volker-bode-probiotec-80x80.jpg 80w\" sizes=\"(max-width: 300px) 100vw, 300px\" \/>\t\t\t\t<\/div>\r\n\t\t\t\t<figcaption>\r\n\t\t\t\t\t<div class=\"grve-team-description\">\r\n\t\t\t\t\t\t\t\t\t\t\t\t<h4 class=\"grve-team-name grve-dark grve-h4\">Volker Bode<\/h4>\r\n\t\t\t\t\t\t\t\t\t\t\t\t<small class=\"grve-team-identity grve-dark\">Probiotec<\/small>\r\n\t\t\t\t\t<\/div>\r\n\t\t\t\t\t\t\t\t\t\t<div class=\"grve-team-social grve-team-social-text grve-dark\">\r\n\t\t\t\t\t\t<ul>\r\n\t\t\t\t\t\t\t<li><a href=\"mailto:&#118;.&#98;ode&#64;w&#101;yer&#45;&#103;r&#117;p&#112;e&#46;&#99;o&#109;\">E-mail<\/a><\/li>\t\t\t\t\t\t<\/ul>\r\n\t\t\t\t\t<\/div>\r\n\t\t\t\t\t\t\t\t\t<\/figcaption>\r\n\t\t\t<\/figure>\r\n\t\t<\/div>\r\n\r\n\t\t[\/vc_column][vc_column width=&#8221;1\/4&#8243; tablet_sm_width=&#8221;1-2&#8243;][\/vc_column][vc_column width=&#8221;1\/4&#8243; tablet_sm_width=&#8221;1-2&#8243;][\/vc_column][\/vc_row]\n","protected":false},"excerpt":{"rendered":"<p>[vc_row][vc_column][vc_column_text] Skuteczne zarz\u0105dzanie projektem w zakresie zagospodarowania przestrzennego oznacza r\u00f3wnoleg\u0142e i r\u00f3wnowarto\u015bciowe uwzgl\u0119dnienie wielu czynnik\u00f3w: z jednej strony przestrzeganie koszt\u00f3w i termin\u00f3w; z drugiej \u2013 zapewnienie jako\u015bci koncepcyjnej i konstrukcyjnej. [&hellip;]<\/p>\n","protected":false},"author":3,"featured_media":0,"parent":23973,"menu_order":0,"comment_status":"closed","ping_status":"closed","template":"","meta":{"footnotes":""},"class_list":["post-23806","page","type-page","status-publish","hentry"],"yoast_head":"<!-- This site is optimized with the Yoast SEO Premium plugin v21.6 (Yoast SEO v26.8) - https:\/\/yoast.com\/product\/yoast-seo-premium-wordpress\/ -->\n<title>Zarz\u0105dzanie projektem rozwoju terenu - weyer gruppe [test]<\/title>\n<meta name=\"description\" content=\"Grupa weyer wspiera Pa\u0144stwa w zakresie rozwoju urbanistycznego, prawa planistycznego, zagospodarowania przestrzennego, prawa um\u00f3w oraz controllingu w ramach sterowania projektem rozwoju terenu.\" \/>\n<meta name=\"robots\" content=\"noindex, follow, max-snippet:-1, max-image-preview:large, max-video-preview:-1\" \/>\n<meta property=\"og:locale\" content=\"pl_PL\" \/>\n<meta property=\"og:type\" content=\"article\" \/>\n<meta property=\"og:title\" content=\"Zarz\u0105dzanie projektem rozwoju terenu\" \/>\n<meta property=\"og:description\" content=\"Grupa weyer wspiera Pa\u0144stwa w zakresie rozwoju urbanistycznego, prawa planistycznego, zagospodarowania przestrzennego, prawa um\u00f3w oraz controllingu w ramach sterowania projektem rozwoju terenu.\" \/>\n<meta property=\"og:url\" content=\"https:\/\/test.weyer-gruppe.com\/pl\/sektor-publiczny\/zarzadzanie-projektem-rozwoju-terenu-2\/\" \/>\n<meta property=\"og:site_name\" content=\"weyer gruppe [test]\" \/>\n<meta property=\"article:publisher\" content=\"https:\/\/www.facebook.com\/weyergruppe\" \/>\n<meta property=\"article:modified_time\" content=\"2020-04-15T14:22:05+00:00\" \/>\n<meta name=\"twitter:card\" content=\"summary_large_image\" \/>\n<meta name=\"twitter:label1\" content=\"Szacowany czas czytania\" \/>\n\t<meta name=\"twitter:data1\" content=\"3 minuty\" \/>\n<script type=\"application\/ld+json\" class=\"yoast-schema-graph\">{\"@context\":\"https:\/\/schema.org\",\"@graph\":[{\"@type\":\"WebPage\",\"@id\":\"https:\/\/test.weyer-gruppe.com\/pl\/sektor-publiczny\/zarzadzanie-projektem-rozwoju-terenu-2\/\",\"url\":\"https:\/\/test.weyer-gruppe.com\/pl\/sektor-publiczny\/zarzadzanie-projektem-rozwoju-terenu-2\/\",\"name\":\"Zarz\u0105dzanie projektem rozwoju terenu - weyer gruppe [test]\",\"isPartOf\":{\"@id\":\"https:\/\/test.weyer-gruppe.com\/pl\/#website\"},\"datePublished\":\"2019-12-17T10:27:15+00:00\",\"dateModified\":\"2020-04-15T14:22:05+00:00\",\"description\":\"Grupa weyer wspiera Pa\u0144stwa w zakresie rozwoju urbanistycznego, prawa planistycznego, zagospodarowania przestrzennego, prawa um\u00f3w oraz controllingu w ramach sterowania projektem rozwoju terenu.\",\"breadcrumb\":{\"@id\":\"https:\/\/test.weyer-gruppe.com\/pl\/sektor-publiczny\/zarzadzanie-projektem-rozwoju-terenu-2\/#breadcrumb\"},\"inLanguage\":\"pl-PL\",\"potentialAction\":[{\"@type\":\"ReadAction\",\"target\":[\"https:\/\/test.weyer-gruppe.com\/pl\/sektor-publiczny\/zarzadzanie-projektem-rozwoju-terenu-2\/\"]}]},{\"@type\":\"BreadcrumbList\",\"@id\":\"https:\/\/test.weyer-gruppe.com\/pl\/sektor-publiczny\/zarzadzanie-projektem-rozwoju-terenu-2\/#breadcrumb\",\"itemListElement\":[{\"@type\":\"ListItem\",\"position\":1,\"name\":\"HOME\",\"item\":\"https:\/\/test.weyer-gruppe.com\/pl\/\"},{\"@type\":\"ListItem\",\"position\":2,\"name\":\"Sektor publiczny\",\"item\":\"https:\/\/test.weyer-gruppe.com\/pl\/sektor-publiczny\/\"},{\"@type\":\"ListItem\",\"position\":3,\"name\":\"Zarz\u0105dzanie projektem rozwoju terenu\"}]},{\"@type\":\"WebSite\",\"@id\":\"https:\/\/test.weyer-gruppe.com\/pl\/#website\",\"url\":\"https:\/\/test.weyer-gruppe.com\/pl\/\",\"name\":\"weyer gruppe [test]\",\"description\":\"komplett. durchdacht.\",\"publisher\":{\"@id\":\"https:\/\/test.weyer-gruppe.com\/pl\/#organization\"},\"potentialAction\":[{\"@type\":\"SearchAction\",\"target\":{\"@type\":\"EntryPoint\",\"urlTemplate\":\"https:\/\/test.weyer-gruppe.com\/pl\/?s={search_term_string}\"},\"query-input\":{\"@type\":\"PropertyValueSpecification\",\"valueRequired\":true,\"valueName\":\"search_term_string\"}}],\"inLanguage\":\"pl-PL\"},{\"@type\":\"Organization\",\"@id\":\"https:\/\/test.weyer-gruppe.com\/pl\/#organization\",\"name\":\"weyer gruppe\",\"url\":\"https:\/\/test.weyer-gruppe.com\/pl\/\",\"logo\":{\"@type\":\"ImageObject\",\"inLanguage\":\"pl-PL\",\"@id\":\"https:\/\/test.weyer-gruppe.com\/pl\/#\/schema\/logo\/image\/\",\"url\":\"https:\/\/test.weyer-gruppe.com\/wp-content\/uploads\/2019\/07\/logo-weyer-gruppe-de.png\",\"contentUrl\":\"https:\/\/test.weyer-gruppe.com\/wp-content\/uploads\/2019\/07\/logo-weyer-gruppe-de.png\",\"width\":532,\"height\":513,\"caption\":\"weyer gruppe\"},\"image\":{\"@id\":\"https:\/\/test.weyer-gruppe.com\/pl\/#\/schema\/logo\/image\/\"},\"sameAs\":[\"https:\/\/www.facebook.com\/weyergruppe\",\"https:\/\/de.linkedin.com\/company\/weyer-gruppe\",\"https:\/\/www.youtube.com\/channel\/UCmZItECuW56Ih_p501_Bq8A\"]}]}<\/script>\n<!-- \/ Yoast SEO Premium plugin. -->","yoast_head_json":{"title":"Zarz\u0105dzanie projektem rozwoju terenu - weyer gruppe [test]","description":"Grupa weyer wspiera Pa\u0144stwa w zakresie rozwoju urbanistycznego, prawa planistycznego, zagospodarowania przestrzennego, prawa um\u00f3w oraz controllingu w ramach sterowania projektem rozwoju terenu.","robots":{"index":"noindex","follow":"follow","max-snippet":"max-snippet:-1","max-image-preview":"max-image-preview:large","max-video-preview":"max-video-preview:-1"},"og_locale":"pl_PL","og_type":"article","og_title":"Zarz\u0105dzanie projektem rozwoju terenu","og_description":"Grupa weyer wspiera Pa\u0144stwa w zakresie rozwoju urbanistycznego, prawa planistycznego, zagospodarowania przestrzennego, prawa um\u00f3w oraz controllingu w ramach sterowania projektem rozwoju terenu.","og_url":"https:\/\/test.weyer-gruppe.com\/pl\/sektor-publiczny\/zarzadzanie-projektem-rozwoju-terenu-2\/","og_site_name":"weyer gruppe [test]","article_publisher":"https:\/\/www.facebook.com\/weyergruppe","article_modified_time":"2020-04-15T14:22:05+00:00","twitter_card":"summary_large_image","twitter_misc":{"Szacowany czas czytania":"3 minuty"},"schema":{"@context":"https:\/\/schema.org","@graph":[{"@type":"WebPage","@id":"https:\/\/test.weyer-gruppe.com\/pl\/sektor-publiczny\/zarzadzanie-projektem-rozwoju-terenu-2\/","url":"https:\/\/test.weyer-gruppe.com\/pl\/sektor-publiczny\/zarzadzanie-projektem-rozwoju-terenu-2\/","name":"Zarz\u0105dzanie projektem rozwoju terenu - weyer gruppe [test]","isPartOf":{"@id":"https:\/\/test.weyer-gruppe.com\/pl\/#website"},"datePublished":"2019-12-17T10:27:15+00:00","dateModified":"2020-04-15T14:22:05+00:00","description":"Grupa weyer wspiera Pa\u0144stwa w zakresie rozwoju urbanistycznego, prawa planistycznego, zagospodarowania przestrzennego, prawa um\u00f3w oraz controllingu w ramach sterowania projektem rozwoju terenu.","breadcrumb":{"@id":"https:\/\/test.weyer-gruppe.com\/pl\/sektor-publiczny\/zarzadzanie-projektem-rozwoju-terenu-2\/#breadcrumb"},"inLanguage":"pl-PL","potentialAction":[{"@type":"ReadAction","target":["https:\/\/test.weyer-gruppe.com\/pl\/sektor-publiczny\/zarzadzanie-projektem-rozwoju-terenu-2\/"]}]},{"@type":"BreadcrumbList","@id":"https:\/\/test.weyer-gruppe.com\/pl\/sektor-publiczny\/zarzadzanie-projektem-rozwoju-terenu-2\/#breadcrumb","itemListElement":[{"@type":"ListItem","position":1,"name":"HOME","item":"https:\/\/test.weyer-gruppe.com\/pl\/"},{"@type":"ListItem","position":2,"name":"Sektor publiczny","item":"https:\/\/test.weyer-gruppe.com\/pl\/sektor-publiczny\/"},{"@type":"ListItem","position":3,"name":"Zarz\u0105dzanie projektem rozwoju terenu"}]},{"@type":"WebSite","@id":"https:\/\/test.weyer-gruppe.com\/pl\/#website","url":"https:\/\/test.weyer-gruppe.com\/pl\/","name":"weyer gruppe [test]","description":"komplett. durchdacht.","publisher":{"@id":"https:\/\/test.weyer-gruppe.com\/pl\/#organization"},"potentialAction":[{"@type":"SearchAction","target":{"@type":"EntryPoint","urlTemplate":"https:\/\/test.weyer-gruppe.com\/pl\/?s={search_term_string}"},"query-input":{"@type":"PropertyValueSpecification","valueRequired":true,"valueName":"search_term_string"}}],"inLanguage":"pl-PL"},{"@type":"Organization","@id":"https:\/\/test.weyer-gruppe.com\/pl\/#organization","name":"weyer gruppe","url":"https:\/\/test.weyer-gruppe.com\/pl\/","logo":{"@type":"ImageObject","inLanguage":"pl-PL","@id":"https:\/\/test.weyer-gruppe.com\/pl\/#\/schema\/logo\/image\/","url":"https:\/\/test.weyer-gruppe.com\/wp-content\/uploads\/2019\/07\/logo-weyer-gruppe-de.png","contentUrl":"https:\/\/test.weyer-gruppe.com\/wp-content\/uploads\/2019\/07\/logo-weyer-gruppe-de.png","width":532,"height":513,"caption":"weyer gruppe"},"image":{"@id":"https:\/\/test.weyer-gruppe.com\/pl\/#\/schema\/logo\/image\/"},"sameAs":["https:\/\/www.facebook.com\/weyergruppe","https:\/\/de.linkedin.com\/company\/weyer-gruppe","https:\/\/www.youtube.com\/channel\/UCmZItECuW56Ih_p501_Bq8A"]}]}},"_links":{"self":[{"href":"https:\/\/test.weyer-gruppe.com\/pl\/wp-json\/wp\/v2\/pages\/23806","targetHints":{"allow":["GET"]}}],"collection":[{"href":"https:\/\/test.weyer-gruppe.com\/pl\/wp-json\/wp\/v2\/pages"}],"about":[{"href":"https:\/\/test.weyer-gruppe.com\/pl\/wp-json\/wp\/v2\/types\/page"}],"author":[{"embeddable":true,"href":"https:\/\/test.weyer-gruppe.com\/pl\/wp-json\/wp\/v2\/users\/3"}],"replies":[{"embeddable":true,"href":"https:\/\/test.weyer-gruppe.com\/pl\/wp-json\/wp\/v2\/comments?post=23806"}],"version-history":[{"count":0,"href":"https:\/\/test.weyer-gruppe.com\/pl\/wp-json\/wp\/v2\/pages\/23806\/revisions"}],"up":[{"embeddable":true,"href":"https:\/\/test.weyer-gruppe.com\/pl\/wp-json\/wp\/v2\/pages\/23973"}],"wp:attachment":[{"href":"https:\/\/test.weyer-gruppe.com\/pl\/wp-json\/wp\/v2\/media?parent=23806"}],"curies":[{"name":"wp","href":"https:\/\/api.w.org\/{rel}","templated":true}]}}