{"id":23793,"date":"2019-08-06T10:44:13","date_gmt":"2019-08-06T08:44:13","guid":{"rendered":"https:\/\/test.weyer-gruppe.com\/o-nas\/"},"modified":"2022-10-31T10:54:33","modified_gmt":"2022-10-31T09:54:33","slug":"o-nas","status":"publish","type":"page","link":"https:\/\/test.weyer-gruppe.com\/pl\/o-nas\/","title":{"rendered":"O nas"},"content":{"rendered":"[vc_row][vc_column][vc_column_text]\r\n<p>Od 1976 roku jeste\u015bmy grup\u0105 firm z bran\u017cy budowy instalacji procesowych i bezpiecze\u0144stwa instalacji, zatrudniaj\u0105c\u0105 ponad 170 sta\u0142ych pracownik\u00f3w w Niemczech, Austrii, Polsce i Szwajcarii. Co roku grupa weyer realizuje ponad 1000 projekt\u00f3w dla klient\u00f3w z bran\u017cy chemicznej, farmaceutycznej, olej\u00f3w mineralnych, zaopatrzenia i utylizacji, a tak\u017ce dla stowarzysze\u0144 i urz\u0119d\u00f3w.<\/p>\r\n[\/vc_column_text]<div class=\"grve-element grve-hr grve-space-divider\" style=\"\"><\/div>[vc_column_text]\r\n<h2>Nasze warto\u015bci<\/h2>\r\n<!-- \/wp:post-content -->\r\n<p><!-- wp:paragraph -->Pod ka\u017cdym wzgl\u0119dem <strong>kompletny. przemy\u015blany. <\/strong>Nasze warto\u015bci le\u017c\u0105 u podstaw naszej kultury przedsi\u0119biorstwa. Kszta\u0142tuj\u0105 one wsp\u00f3ln\u0105 to\u017csamo\u015b\u0107 w ramach grupy weyer i prowadz\u0105 nas ka\u017cdego dnia.<\/p>\r\n[\/vc_column_text][\/vc_column][\/vc_row][vc_row][vc_column][vc_column_text]\r\n<!-- wp:heading {\"level\":5} -->\r\n<ul class=\"arrow-blue\">\r\n<li><strong>Jako\u015b\u0107<\/strong> jest podstaw\u0105 naszego trwa\u0142ego istnienia. Nie jest to zatem cel sam w sobie, lecz fundament naszej egzystencji gospodarczej.<\/li>\r\n<li><strong>Zorientowanie<\/strong> na klienta \u2013 obs\u0142uga i wsparcie klienta ma w naszej firmie ogromne znaczenie, g\u0142\u00f3wnym celem jest zadowolenie naszych klient\u00f3w.<\/li>\r\n<li><strong>Doskonalenie<\/strong> zawodowe pracownik\u00f3w \u2013 nasi pracownicy s\u0105 kapita\u0142em naszej firmy. Aby m\u00f3c utrzyma\u0107 lub rozszerzy\u0107 pozycj\u0119 na rynku, nasi pracownicy s\u0105 regularnie szkoleni i zawsze informowani o najnowszym stanie wiedzy.<\/li>\r\n<li><strong>Kole\u017ce\u0144stwo<\/strong> jest w naszej rodzinnej firmie pisane wielkimi literami \u2013 p\u0142aska hierarchia i kr\u00f3tkie drogi decyzyjne s\u0105 aktualne, optymalizowane i rozwijane ka\u017cdego dnia.<\/li>\r\n<li><strong>Tolerancja i r\u00f3\u017cnorodno\u015b\u0107 kulturowa<\/strong> ma dla nas ogromne znaczenie \u2013 bez wzgl\u0119du na pochodzenie, wiek, p\u0142e\u0107, wiar\u0119 czy orientacj\u0119 seksualn\u0105.<br \/>U nas ka\u017cdy jest mile widziany.<\/li>\r\n<li><strong>Zdrowy rozw\u00f3j<\/strong> charakteryzuje nasz\u0105 grup\u0119 firm \u2013 grupa weyer rozwija si\u0119 poprzez innowacje. Dzi\u0119ki wysokiej jako\u015bci naszych pracownik\u00f3w i ich fachowej wiedzy stajemy si\u0119 coraz lepsi.<\/li>\r\n<\/ul>\r\n<p><!-- wp:list {\"className\":\"arrow-blue\"} \/-->[\/vc_column_text][\/vc_column][\/vc_row][vc_row][vc_column]<div class=\"grve-element grve-hr grve-space-divider\" style=\"\"><\/div><h2 class=\"grve-element grve-align-left grve-title-no-line grve-h2\" style=\"\"><span>Historia grupy weyer<\/span><\/h2>[\/vc_column][\/vc_row][vc_row][vc_column width=&#8221;1\/6&#8243;][vc_column_text]\r\n<p style=\"text-align: left;\">1976<\/p>\r\n[\/vc_column_text][\/vc_column][vc_column width=&#8221;5\/6&#8243;][vc_column_text]\r\n<p>Za\u0142o\u017cenie Horst Weyer B\u00fcro f\u00fcr Verfahrenstechnik<\/p>\r\n[\/vc_column_text][\/vc_column][\/vc_row][vc_row][vc_column width=&#8221;1\/6&#8243;][vc_column_text]\r\n<p style=\"text-align: left;\">1985<\/p>\r\n[\/vc_column_text][\/vc_column][vc_column width=&#8221;5\/6&#8243;][vc_column_text]\r\n<p>Za\u0142o\u017cenie PROBIOTEC GmbH<\/p>\r\n[\/vc_column_text][\/vc_column][\/vc_row][vc_row][vc_column width=&#8221;1\/6&#8243;][vc_column_text]\r\n<p style=\"text-align: left;\">1985<\/p>\r\n[\/vc_column_text][\/vc_column][vc_column width=&#8221;5\/6&#8243;][vc_column_text]\r\n<p>Za\u0142o\u017cenie Dahlhoff &amp; Partner GmbH<\/p>\r\n[\/vc_column_text][\/vc_column][\/vc_row][vc_row][vc_column width=&#8221;1\/6&#8243;][vc_column_text]\r\n<p style=\"text-align: left;\">1987<\/p>\r\n[\/vc_column_text][\/vc_column][vc_column width=&#8221;5\/6&#8243;][vc_column_text]\r\n<p>Przekszta\u0142cenie Horst Weyer B\u00fcro f\u00fcr Verfahrenstechnik w Dahlhoff &amp; Partner GmbH i zmiana nazwy na horst weyer und partner gmbh<\/p>\r\n[\/vc_column_text][\/vc_column][\/vc_row][vc_row][vc_column width=&#8221;1\/6&#8243;][vc_column_text]\r\n<p style=\"text-align: left;\">1989<\/p>\r\n[\/vc_column_text][\/vc_column][vc_column width=&#8221;5\/6&#8243;][vc_column_text]\r\n<p>Za\u0142o\u017cenie Weyer und Partner (Schweiz) AG<\/p>\r\n[\/vc_column_text][\/vc_column][\/vc_row][vc_row][vc_column width=&#8221;1\/6&#8243;][vc_column_text]\r\n<p style=\"text-align: left;\">1990<\/p>\r\n[\/vc_column_text][\/vc_column][vc_column width=&#8221;5\/6&#8243;][vc_column_text]\r\n<p>Za\u0142o\u017cenie weyer IngenieurPartner GmbH, dawniej Gro\u00dfmann &amp; Partner GmbH<\/p>\r\n[\/vc_column_text][\/vc_column][\/vc_row][vc_row][vc_column width=&#8221;1\/6&#8243;][vc_column_text]\r\n<p style=\"text-align: left;\">1990<\/p>\r\n[\/vc_column_text][\/vc_column][vc_column width=&#8221;5\/6&#8243;][vc_column_text]\r\n<p>Wsp\u00f3\u0142za\u0142o\u017cenie IBExU przez Horsta Weyera (nieb\u0119d\u0105cego cz\u0142onkiem grupy weyer)<\/p>\r\n[\/vc_column_text][\/vc_column][\/vc_row][vc_row][vc_column width=&#8221;1\/6&#8243;][vc_column_text]\r\n<p style=\"text-align: left;\">1996<\/p>\r\n[\/vc_column_text][\/vc_column][vc_column width=&#8221;5\/6&#8243;][vc_column_text]\r\n<p>Za\u0142o\u017cenie BDO Technik- und Umweltconsulting GmbH<\/p>\r\n[\/vc_column_text][\/vc_column][\/vc_row][vc_row][vc_column width=&#8221;1\/6&#8243;][vc_column_text]\r\n<p style=\"text-align: left;\">2000<\/p>\r\n[\/vc_column_text][\/vc_column][vc_column width=&#8221;5\/6&#8243;][vc_column_text]\r\n<p>Wpis grupy weyer do rejestru znak\u00f3w towarowych<\/p>\r\n[\/vc_column_text][\/vc_column][\/vc_row][vc_row][vc_column width=&#8221;1\/6&#8243;][vc_column_text]\r\n<p style=\"text-align: left;\">2002<\/p>\r\n[\/vc_column_text][\/vc_column][vc_column width=&#8221;5\/6&#8243;][vc_column_text]\r\n<p>Za\u0142o\u017cenie weyer akademie gmbh, dawniej Weyer Quadflieg Pr\u00fcfgesellschaft<\/p>\r\n[\/vc_column_text][\/vc_column][\/vc_row][vc_row][vc_column width=&#8221;1\/6&#8243;][vc_column_text]\r\n<p style=\"text-align: left;\">2008<\/p>\r\n[\/vc_column_text][\/vc_column][vc_column width=&#8221;5\/6&#8243;][vc_column_text]\r\n<p>Za\u0142o\u017cenie der As-U Gamerith-Weyer GmbH<\/p>\r\n[\/vc_column_text][\/vc_column][\/vc_row][vc_row][vc_column width=&#8221;1\/6&#8243;][vc_column_text]\r\n<p style=\"text-align: left;\">2009<\/p>\r\n[\/vc_column_text][\/vc_column][vc_column width=&#8221;5\/6&#8243;][vc_column_text]\r\n<p>Za\u0142o\u017cenie Weyer Polska Sp. Z.o.o.<\/p>\r\n[\/vc_column_text][\/vc_column][\/vc_row][vc_row][vc_column width=&#8221;1\/6&#8243;][vc_column_text]\r\n<p style=\"text-align: left;\">2017<\/p>\r\n[\/vc_column_text][\/vc_column][vc_column width=&#8221;5\/6&#8243;][vc_column_text]\r\n<p>Przyj\u0119cie CTE Chemietechnik-Engineering GmbH do grupy weyer<\/p>\r\n[\/vc_column_text][\/vc_column][\/vc_row][vc_row][vc_column]<div class=\"grve-element grve-hr grve-space-divider\" style=\"\"><\/div><h2 class=\"grve-element grve-align-center grve-title-no-line grve-h2\" style=\"\"><span>Grupa weyer w liczbach<\/span><\/h2><div class=\"grve-element grve-hr grve-space-divider\" style=\"\"><\/div>[\/vc_column][\/vc_row][vc_row][vc_column width=&#8221;1\/4&#8243; tablet_width=&#8221;1-2&#8243;]<div class=\"grve-element grve-counter grve-align-center\" style=\"\">  <div class=\"grve-icon fa fa-users grve-color-primary-1\"><\/div>  <div class=\"grve-counter-content\">    <div class=\"grve-counter-item grve-color-primary-1\">      <span data-thousands-separator-vis=\"\" data-thousands-separator=\".\" data-prefix=\"\" data-suffix=\"\" data-start-val=\"0\" data-end-val=\"172\" data-decimal-points=\"0\" data-decimal-separator=\",\">0<\/span>    <\/div><h2 class=\"grve-counter-title\"><span>pracownik\u00f3w<\/span><\/h2>  <\/div><\/div>[\/vc_column][vc_column width=&#8221;1\/4&#8243; tablet_width=&#8221;1-2&#8243;]<div class=\"grve-element grve-counter grve-align-center\" style=\"\">  <div class=\"grve-icon fa fa-map-marker grve-color-primary-1\"><\/div>  <div class=\"grve-counter-content\">    <div class=\"grve-counter-item grve-color-primary-1\">      <span data-thousands-separator-vis=\"\" data-thousands-separator=\".\" data-prefix=\"\" data-suffix=\"\" data-start-val=\"0\" data-end-val=\"15\" data-decimal-points=\"0\" data-decimal-separator=\",\">0<\/span>    <\/div><h2 class=\"grve-counter-title\"><span>lokalizacji<\/span><\/h2>  <\/div><\/div>[\/vc_column][vc_column width=&#8221;1\/4&#8243; tablet_width=&#8221;1-2&#8243;]<div class=\"grve-element grve-counter grve-align-center\" style=\"\">  <div class=\"grve-icon fa fa-home grve-color-primary-1\"><\/div>  <div class=\"grve-counter-content\">    <div class=\"grve-counter-item grve-color-primary-1\">      <span data-thousands-separator-vis=\"\" data-thousands-separator=\".\" data-prefix=\"\" data-suffix=\"\" data-start-val=\"0\" data-end-val=\"10\" data-decimal-points=\"0\" data-decimal-separator=\",\">0<\/span>    <\/div><h2 class=\"grve-counter-title\"><span>sp\u00f3\u0142ek<\/span><\/h2>  <\/div><\/div>[\/vc_column][vc_column width=&#8221;1\/4&#8243; tablet_width=&#8221;1-2&#8243;]<div class=\"grve-element grve-counter grve-align-center\" style=\"\">  <div class=\"grve-icon fa fa-check-square-o grve-color-primary-1\"><\/div>  <div class=\"grve-counter-content\">    <div class=\"grve-counter-item grve-color-primary-1\">      <span data-thousands-separator-vis=\"\" data-thousands-separator=\".\" data-prefix=\"\" data-suffix=\"\" data-start-val=\"500\" data-end-val=\"1000\" data-decimal-points=\"0\" data-decimal-separator=\",\">500<\/span>    <\/div><h2 class=\"grve-counter-title\"><span>projekty rocznie<\/span><\/h2>  <\/div><\/div>[\/vc_column][\/vc_row][vc_row][vc_column]<div class=\"grve-element grve-hr grve-space-divider\" style=\"\"><\/div><h2 class=\"grve-element grve-align-center grve-title-no-line grve-h2\" style=\"\"><span>Struktura grupy weyer<\/span><\/h2>[\/vc_column][\/vc_row][vc_row][vc_column width=&#8221;1\/4&#8243;][vc_empty_space height=&#8221;20px&#8221;][\/vc_column][vc_column width=&#8221;2\/4&#8243;]<div class=\"grve-element grve-image grve-align-center\" style=\"\"><a class=\"grve-image-popup\" href=\"https:\/\/test.weyer-gruppe.com\/wp-content\/uploads\/2020\/06\/organigramm-struktur-der-weyer-gruppe-neu-1920x1197.png\"><img decoding=\"async\" width=\"5272\" height=\"3288\" src=\"https:\/\/test.weyer-gruppe.com\/wp-content\/uploads\/2020\/06\/organigramm-struktur-der-weyer-gruppe-neu.png\" class=\"attachment-full size-full\" alt=\"\" srcset=\"https:\/\/test.weyer-gruppe.com\/wp-content\/uploads\/2020\/06\/organigramm-struktur-der-weyer-gruppe-neu.png 5272w, https:\/\/test.weyer-gruppe.com\/wp-content\/uploads\/2020\/06\/organigramm-struktur-der-weyer-gruppe-neu-300x187.png 300w, https:\/\/test.weyer-gruppe.com\/wp-content\/uploads\/2020\/06\/organigramm-struktur-der-weyer-gruppe-neu-1024x639.png 1024w, https:\/\/test.weyer-gruppe.com\/wp-content\/uploads\/2020\/06\/organigramm-struktur-der-weyer-gruppe-neu-768x479.png 768w, https:\/\/test.weyer-gruppe.com\/wp-content\/uploads\/2020\/06\/organigramm-struktur-der-weyer-gruppe-neu-1536x958.png 1536w, https:\/\/test.weyer-gruppe.com\/wp-content\/uploads\/2020\/06\/organigramm-struktur-der-weyer-gruppe-neu-1920x1197.png 1920w\" sizes=\"(max-width: 5272px) 100vw, 5272px\" \/><\/a><\/div>[\/vc_column][vc_column width=&#8221;1\/4&#8243;][vc_empty_space height=&#8221;20px&#8221;][\/vc_column][\/vc_row][vc_row][vc_column]<div class=\"grve-element grve-hr grve-space-divider\" style=\"\"><\/div><h2 class=\"grve-element grve-align-left grve-title-no-line grve-h2\" style=\"\"><span>Zaanga\u017cowanie<\/span><\/h2><div class=\"grve-element grve-hr grve-space-divider\" style=\"\"><\/div>[vc_tta_accordion active_section=&#8221;0&#8243; collapsible_all=&#8221;true&#8221;][vc_tta_section title=&#8221;As-U Gamerith-Weyer Ingenieurgesellschaft f\u00fcr Anlagensicherheit, Umweltschutz und Verfahrenstechnik mbH&#8221; tab_id=&#8221;1566208397855-ceeb0262-fe9d&#8221;][vc_column_text]\r\n<p>Industriestrasse 19, A-4840 V\u00f6cklabruck<br \/>Telefon +43 (0) 76 72 \u2013 309 310 10<br \/>Faks +43 (0) 76 72 \u2013 309 310 15<br \/>E-mail: <a href=\"mailto:office.asu@weyer-gruppe.com\">office.asu@weyer-gruppe.com<\/a><\/p>\r\n<ul class=\"arrow-gray\">\r\n<li><a href=\"https:\/\/www.arching.at\/\" target=\"_blank\" rel=\"noopener noreferrer\">Izba Architekt\u00f3w i Konsultant\u00f3w Technicznych<\/a><\/li>\r\n<li><a href=\"https:\/\/www.ingenieurbueros.at\/verband\/de\" target=\"_blank\" rel=\"noopener noreferrer\">Wydzia\u0142 Informacji i Konsultacji Stowarzyszenia Biur In\u017cynieryjnych<\/a><\/li>\r\n<li>Komitet Normalizacyjny Grupy ds. Mechanicznej Ochrony Przeciwwybuchowej, ASI (<a href=\"https:\/\/www.austrian-standards.at\/ueber-uns\/unsere-organisation\/\" target=\"_blank\" rel=\"noopener noreferrer\">Austriacki Instytut Normalizacyjny<\/a>)<\/li>\r\n<\/ul>\r\n<a href=\"https:\/\/test.weyer-gruppe.com\/ueber-uns\/as-u-gamerith-weyer\/\" class=\"su-button su-button-style-default\" style=\"color:#FFFFFF;background-color:#0070b9;border-color:#005a94;border-radius:5px\" target=\"_self\"><span style=\"color:#FFFFFF;padding:6px 16px;font-size:13px;line-height:20px;border-color:#4d9bce;border-radius:5px;text-shadow:none\"><i class=\"sui sui-chevron-right\" style=\"font-size:13px;color:#FFFFFF\"><\/i> Dowiedz si\u0119 wi\u0119cej tutaj<\/span><\/a>\r\n[\/vc_column_text][\/vc_tta_section][vc_tta_section title=&#8221;horst weyer und partner Ingenieurgesellschaft f\u00fcr Verfahrenstechnik, Sicherheitstechnik und technische Informatik mbh&#8221; tab_id=&#8221;1566208543301-32710b44-49e6&#8243;][vc_column_text]\r\n<p>Schillingsstra\u00dfe 329, D-52355 D\u00fcren<br \/>Telefon +49 (0) 24 21 \u2013 69 09 1 \u2013 0<br \/>Faks +49 (0) 24 21 \u2013 69 09 1 \u2013 201<br \/>E-mail: <a href=\"mailto:info@weyer-gruppe.com\">info@weyer-gruppe.com<\/a><\/p>\r\n<ul class=\"arrow-gray\">\r\n<li>Grupa robocza \u201ePy\u0142\u201d<\/li>\r\n<li><a href=\"https:\/\/www.bvl.de\/\">Federalne Stowarzyszenie Logistyki<\/a><\/li>\r\n<li>Komitet Techniczny ds. Utylizacji i Odzyskiwanie odpad\u00f3w<\/li>\r\n<li>Komitet Techniczny ds. zarz\u0105dzania innowacjami i przysz\u0142ych bada\u0144<\/li>\r\n<li><a href=\"https:\/\/www.gdch.de\/\">Stowarzyszenie Chemik\u00f3w Niemieckich<\/a> | Wydzia\u0142 \u201eChemia analityczna\u201d | Grupa robocza \u201eAnalityka proces\u00f3w\u201d<\/li>\r\n<li>Izba Przemys\u0142owo-Handlowa Aachen | Biuro honorowe<\/li>\r\n<li><a href=\"https:\/\/www.processnet.org\/\" target=\"_blank\" rel=\"noopener noreferrer\">ProcessNet<\/a> Wydzia\u0142 odzysku odpad\u00f3w i surowc\u00f3w wt\u00f3rnych (FGr-AuW) | Komitet ds. gospodarowania odpadami<\/li>\r\n<li><a href=\"https:\/\/www.processnet.org\/\" target=\"_blank\" rel=\"noopener noreferrer\">ProcessNet<\/a> Stowarzyszenie Techniczne ds. Bezpiecze\u0144stwa Instalacji i Proces\u00f3w | Komitet Techniczny \u201eEfekty uwalniania substancji i energii\u201d<\/li>\r\n<li><a href=\"https:\/\/www.processnet.org\/\" target=\"_blank\" rel=\"noopener noreferrer\">ProcessNet<\/a> Stowarzyszenie Techniczne ds. Bezpiecze\u0144stwa Instalacji i Proces\u00f3w | Komitet Techniczny \u201eZarz\u0105dzanie ryzykiem\u201d<\/li>\r\n<li><a href=\"https:\/\/www.processnet.org\/\" target=\"_blank\" rel=\"noopener noreferrer\">ProcessNet<\/a> Stowarzyszenie Techniczne ds. Bezpiecze\u0144stwa Instalacji i Proces\u00f3w | Komitet Techniczny \u201eBezpieczne projektowanie instalacji chemicznych\u201d<\/li>\r\n<li><a href=\"https:\/\/www.processnet.org\/\" target=\"_blank\" rel=\"noopener noreferrer\">ProcessNet<\/a> Stowarzyszenie Techniczne ds. chemicznej techniki reakcji | Komitet Roboczy \u201eReakcja techniczna\u201d<\/li>\r\n<li><a href=\"https:\/\/www.processnet.org\/\" target=\"_blank\" rel=\"noopener noreferrer\">ProcessNet<\/a> Stowarzyszenie Techniczne \u2013 Technologia cz\u0105stek sta\u0142ych i projektowanie produkt\u00f3w | Grupa zawodowa \u201eMechaniczna separacja p\u0142yn\u00f3w\u201d<\/li>\r\n<li><a href=\"https:\/\/www.processnet.org\/\" target=\"_blank\" rel=\"noopener noreferrer\">ProcessNet<\/a> Stowarzyszenie Techniczne ds. techniki Procesowej, Aparatury i Urz\u0105dze\u0144 | Komitet Roboczy \u201eProjektowanie instalacji wspomagane komputerowo\u201d<\/li>\r\n<li><a href=\"https:\/\/www.processnet.org\/\" target=\"_blank\" rel=\"noopener noreferrer\">ProcessNet<\/a> Stowarzyszenie Techniczne ds. proces\u00f3w, aparatury i instalacji | Komitet roboczy \u201eModelowy rozw\u00f3j i optymalizacja proces\u00f3w\u201d<\/li>\r\n<li><a href=\"https:\/\/www.processnet.org\/\" target=\"_blank\" rel=\"noopener noreferrer\">ProcessNet<\/a> Stowarzyszenie Techniczne Sustainable Production, Energy and Resources (SuPER) | Grupa robocza \u201eOczyszczanie gaz\u00f3w\u201d<\/li>\r\n<li><a href=\"https:\/\/www.processnet.org\/\" target=\"_blank\" rel=\"noopener noreferrer\">ProcessNet Stowarzyszenie Techniczne ds. dynamiki cieczy i techniki oddzielania | Grupa robocza \u201eTermodynamika\u201d<\/a><\/li>\r\n<li><a href=\"https:\/\/www.vdi.de\/\" target=\"_blank\" rel=\"noopener noreferrer\">Stowarzyszenie In\u017cynier\u00f3w Niemieckich VDI<\/a>: Przewodnicz\u0105cy komitetu ds. wytycznych \u201eVDI 4060 \u2013 Zintegrowane systemy zarz\u0105dzania\u201d<\/li>\r\n<li><a href=\"https:\/\/www.vdi.de\/\" target=\"_blank\" rel=\"noopener noreferrer\">Stowarzyszenie In\u017cynier\u00f3w Niemieckich VDI<\/a>: Udzia\u0142 w komitecie ds. wytycznych \u201eVDI 4055 \u2013 Zarz\u0105dzanie bezpiecze\u0144stwem operacyjnym\u201d<\/li>\r\n<li><a href=\"https:\/\/www.vfdb.de\/\" target=\"_blank\" rel=\"noopener noreferrer\">Stowarzyszenie na rzecz wspierania niemieckiej ochrony przeciwpo\u017carowej<\/a>(VFDB)<\/li>\r\n<li><a href=\"https:\/\/www.vivdueren.de\/\" target=\"_blank\" rel=\"noopener noreferrer\">VIV<\/a>Grupa robocza ds. ochrony pracownik\u00f3w<\/li>\r\n<li><a href=\"https:\/\/www.vivdueren.de\/\" target=\"_blank\" rel=\"noopener noreferrer\">VIV<\/a>Grupa robocza pe\u0142nomocnik\u00f3w zak\u0142adowych ds. ochrony \u015brodowiska<\/li>\r\n<\/ul>\r\n<a href=\"https:\/\/test.weyer-gruppe.com\/ueber-uns\/horst-weyer-und-partner\/\" class=\"su-button su-button-style-default\" style=\"color:#FFFFFF;background-color:#0070b9;border-color:#005a94;border-radius:5px\" target=\"_self\"><span style=\"color:#FFFFFF;padding:6px 16px;font-size:13px;line-height:20px;border-color:#4d9bce;border-radius:5px;text-shadow:none\"><i class=\"sui sui-chevron-right\" style=\"font-size:13px;color:#FFFFFF\"><\/i> Dowiedz si\u0119 wi\u0119cej tutaj<\/span><\/a>\r\n[\/vc_column_text][\/vc_tta_section][vc_tta_section title=&#8221;PROBIOTEC GmbH Consulting f\u00fcr Umwelt und Biotechnik&#8221; tab_id=&#8221;1566208397834-11388756-f529&#8243;][vc_column_text]\r\n<p>Schillingsstra\u00dfe 333 | D-52355 D\u00fcren<br \/>Telefon: +49 (0) 24 21 \u2013 69 09 3 \u2013 0<br \/>Faks: +49 (0) 24 21 \u2013 69 09 3 \u2013 401<br \/>E-mail: <a href=\"mailto:probiotec@weyer-gruppe.com\">probiotec@weyer-gruppe.com<\/a><\/p>\r\n<!-- \/wp:heading -->\r\n<ul class=\"arrow-gray\">\r\n<li><a href=\"https:\/\/www.bvek.de\/\" target=\"_blank\" rel=\"noopener noreferrer\">Federalne Stowarzyszenie na rzecz Handlu Emisjami i Ochrony Klimatu<\/a><\/li>\r\n<li><a href=\"https:\/\/www.vnu-ev.de\/\" target=\"_blank\" rel=\"noopener noreferrer\">Stowarzyszenie na rzecz zr\u00f3wnowa\u017conego zarz\u0105dzania<\/a><\/li>\r\n<li><a href=\"https:\/\/www.vbi.de\/\" target=\"_blank\" rel=\"noopener noreferrer\">Stowarzyszenie in\u017cynier\u00f3w konsultant\u00f3w<\/a>, <a href=\"https:\/\/www.vbi.de\/\">Berlin<\/a><\/li>\r\n<li><a href=\"https:\/\/www.vivdueren.de\/\" target=\"_blank\" rel=\"noopener noreferrer\">Zjednoczone stowarzyszenia przemys\u0142owe<\/a>, D\u00fcren, J\u00fclich, Euskirchen<\/li>\r\n<li><a href=\"https:\/\/www.uvp.de\/de\/\" target=\"_blank\" rel=\"noopener noreferrer\">UVP-Gesellschaft<\/a><\/li>\r\n<li><a href=\"https:\/\/www.dechema.de\/\" target=\"_blank\" rel=\"noopener noreferrer\">DECHEMA<\/a><\/li>\r\n<li><a href=\"https:\/\/www.itv-altlasten.de\/\" target=\"_blank\" rel=\"noopener noreferrer\">Stowarzyszenie in\u017cynier\u00f3w na rzecz zarz\u0105dzania trwa\u0142ym ska\u017ceniem gruntu i recyklingiem gruntu<\/a><\/li>\r\n<li><a href=\"http:\/\/www.vag.rwth-aachen.de\/wordpress\/\" target=\"_blank\" rel=\"noopener noreferrer\">Stowarzyszenie Geolog\u00f3w z Aachen<\/a><\/li>\r\n<li><a href=\"https:\/\/www.ifr-ev.de\/\" target=\"_blank\" rel=\"noopener noreferrer\">Grupa informacyjna ds. planowania przestrzennego<\/a><\/li>\r\n<li><a href=\"https:\/\/www.dakks.de\/de\/sektorkomitee-emissionshandel.html\" target=\"_blank\" rel=\"noopener noreferrer\">Komitet sektorowy handlu emisjami przy \u201eDeutsche Akkreditierungsstelle GmbH\u201d (Dakks)<\/a><\/li>\r\n<\/ul>\r\n<a href=\"https:\/\/test.weyer-gruppe.com\/ueber-uns\/probiotec\/\" class=\"su-button su-button-style-default\" style=\"color:#FFFFFF;background-color:#0070b9;border-color:#005a94;border-radius:5px\" target=\"_self\"><span style=\"color:#FFFFFF;padding:6px 16px;font-size:13px;line-height:20px;border-color:#4d9bce;border-radius:5px;text-shadow:none\"><i class=\"sui sui-chevron-right\" style=\"font-size:13px;color:#FFFFFF\"><\/i> Dowiedz si\u0119 wi\u0119cej tutaj<\/span><\/a>\r\n[\/vc_column_text][\/vc_tta_section][vc_tta_section title=&#8221;Weyer und Partner (Schweiz) AG Sicherheit- und Umwelt-Engineering, Pharma-Engineering, Verfahrenstechnik&#8221; tab_id=&#8221;1566208454546-e0951a9e-a186&#8243;][vc_column_text]\r\n<!-- \/wp:paragraph --><!-- \/wp:list -->\r\n<p><!-- wp:separator --><!-- \/wp:separator -->G\u00fcterstrasse 137, CH-4002 Basel<br \/>P.O. Box, CH-4002 Basel<br \/>Telefon: +41 (0) 61 683 26 00<br \/>Faks: +41 (0) 61 683 26 11<br \/>E-mail: <a href=\"mailto:weyer-schweiz@weyer-gruppe.com\">weyer-schweiz@weyer-gruppe.com<\/a><\/p>\r\n<ul class=\"arrow-gray\">\r\n<li><a href=\"https:\/\/www.eco-swiss.ch\/\" target=\"_blank\" rel=\"noopener noreferrer\">ECO SWISS<\/a>, Szwajcarska Organizacja Gospodarki na rzecz Ochrony \u015arodowiska, Bezpiecze\u0144stwa i Higieny Pracy<\/li>\r\n<li><a href=\"https:\/\/www.svut.ch\/\" target=\"_blank\" rel=\"noopener noreferrer\">SVUT<\/a>, Szwajcaria. Stowarzyszenie na rzecz technologii \u015brodowiskowych<\/li>\r\n<li><a href=\"https:\/\/www.svti.ch\/\" target=\"_blank\" rel=\"noopener noreferrer\">SVTI<\/a>, Szwajcaria. Stowarzyszenie ds. bada\u0144 technicznych<\/li>\r\n<li><a href=\"https:\/\/www.ispe.org\/\" target=\"_blank\" rel=\"noopener noreferrer\">ISPE<\/a>, International Society of Pharmaceutical Engineers<\/li>\r\n<li><a href=\"https:\/\/www.hkbb.ch\/\" target=\"_blank\" rel=\"noopener noreferrer\">HKBB<\/a>, Izba Handlowa w Bazylei<\/li>\r\n<li><a href=\"https:\/\/vdsi.de\/\" target=\"_blank\" rel=\"noopener noreferrer\">VDSI<\/a>. Stowarzyszenie Niemieckich In\u017cynier\u00f3w Bezpiecze\u0144stwa<\/li>\r\n<li><a href=\"https:\/\/www.sgas.ch\/\" target=\"_blank\" rel=\"noopener noreferrer\">SGAS<\/a>, Szwajcarskie Towarzystwo Bezpiecze\u0144stwa Pracy<\/li>\r\n<li><a href=\"https:\/\/energie-cluster.ch\/\" target=\"_blank\" rel=\"noopener noreferrer\">energy.cluster.ch<\/a>, Stowarzyszenie na rzecz wspierania efektywno\u015bci energetycznej i odnawialnych \u017ar\u00f3de\u0142 energii<\/li>\r\n<li><a href=\"https:\/\/www.eco-swiss.ch\/\" target=\"_blank\" rel=\"noopener noreferrer\">ECO SWIIS<\/a>, inspektor ochrony \u015brodowiska grupy ERFA<\/li>\r\n<\/ul>\r\n<a href=\"https:\/\/test.weyer-gruppe.com\/ueber-uns\/weyer-und-partner-schweiz-ag\/\" class=\"su-button su-button-style-default\" style=\"color:#FFFFFF;background-color:#0070b9;border-color:#005a94;border-radius:5px\" target=\"_self\"><span style=\"color:#FFFFFF;padding:6px 16px;font-size:13px;line-height:20px;border-color:#4d9bce;border-radius:5px;text-shadow:none\"><i class=\"sui sui-chevron-right\" style=\"font-size:13px;color:#FFFFFF\"><\/i> Dowiedz si\u0119 wi\u0119cej tutaj<\/span><\/a>\r\n[\/vc_column_text][\/vc_tta_section][\/vc_tta_accordion][\/vc_column][\/vc_row][vc_row][vc_column]<div class=\"grve-element grve-hr grve-space-divider\" style=\"\"><\/div><h2 class=\"grve-element grve-align-left grve-title-no-line grve-h2\" style=\"\"><span>Nasze lokalizacje<\/span><\/h2>[\/vc_column][\/vc_row][vc_row][vc_column][vc_column_text]<div class=\"BorlabsCookie _brlbs-cb-googlemaps\"><div class=\"_brlbs-content-blocker\"> <div class=\"_brlbs-embed _brlbs-google-maps\"> <img class=\"_brlbs-thumbnail\" src=\"https:\/\/test.weyer-gruppe.com\/wp-content\/plugins\/borlabs-cookie\/assets\/images\/cb-maps.png\" alt=\"Google Maps\"> <div class=\"_brlbs-caption\"> <p>Wczytuj\u0105c map\u0119, akceptujesz polityk\u0119 prywatno\u015bci firmy Google.<br><a href=\"https:\/\/policies.google.com\/privacy?hl=en&amp;gl=en\" target=\"_blank\" rel=\"nofollow noopener noreferrer\">Dowiedz si\u0119 wi\u0119cej<\/a><\/p> <p><a class=\"_brlbs-btn\" href=\"#\" data-borlabs-cookie-unblock role=\"button\">Wczytaj map\u0119<\/a><\/p> <p><label><input type=\"checkbox\" name=\"unblockAll\" value=\"1\" checked> <small>Zawsze odblokowuj Mapy Google<\/small><\/label><\/p> <\/div> <\/div> <\/div><div class=\"borlabs-hide\" data-borlabs-cookie-type=\"content-blocker\" data-borlabs-cookie-id=\"googlemaps\"><script type=\"text\/template\">PGlmcmFtZSBsb2FkaW5nPSJsYXp5IiBzcmM9Imh0dHBzOi8vd3d3Lmdvb2dsZS5jb20vbWFwcy9kL3UvMC9lbWJlZD9taWQ9MVlFeExIeHVsem9mQ0ljWmlkeWowSTZ3ZGkyOGFNclZOIiB3aWR0aD0iMTIwMCIgaGVpZ2h0PSI1MDAiPjwvaWZyYW1lPg==<\/script><\/div><\/div>[\/vc_column_text][\/vc_column][\/vc_row]","protected":false},"excerpt":{"rendered":"<p>[vc_row][vc_column][vc_column_text] Od 1976 roku jeste\u015bmy grup\u0105 firm z bran\u017cy budowy instalacji procesowych i bezpiecze\u0144stwa instalacji, zatrudniaj\u0105c\u0105 ponad 170 sta\u0142ych pracownik\u00f3w w Niemczech, Austrii, Polsce i Szwajcarii. Co roku grupa weyer [&hellip;]<\/p>\n","protected":false},"author":3,"featured_media":0,"parent":0,"menu_order":0,"comment_status":"closed","ping_status":"closed","template":"","meta":{"footnotes":""},"class_list":["post-23793","page","type-page","status-publish","hentry"],"yoast_head":"<!-- This site is optimized with the Yoast SEO Premium plugin v21.6 (Yoast SEO v26.8) - https:\/\/yoast.com\/product\/yoast-seo-premium-wordpress\/ -->\n<title>Poznaj nas - weyer gruppe - O nas<\/title>\n<meta name=\"description\" content=\"weyer gruppe jest mi\u0119dzynarodowym stowarzyszeniem firm in\u017cynierskich, kt\u00f3re towarzysz\u0105 klientom od koncepcji in\u017cynierskiej do zatwierdzenia\" \/>\n<meta name=\"robots\" content=\"noindex, follow, max-snippet:-1, max-image-preview:large, max-video-preview:-1\" \/>\n<meta property=\"og:locale\" content=\"pl_PL\" \/>\n<meta property=\"og:type\" content=\"article\" \/>\n<meta property=\"og:title\" content=\"O nas\" \/>\n<meta property=\"og:description\" content=\"weyer gruppe jest mi\u0119dzynarodowym stowarzyszeniem firm in\u017cynierskich, kt\u00f3re towarzysz\u0105 klientom od koncepcji in\u017cynierskiej do zatwierdzenia\" \/>\n<meta property=\"og:url\" content=\"https:\/\/test.weyer-gruppe.com\/pl\/o-nas\/\" \/>\n<meta property=\"og:site_name\" content=\"weyer gruppe [test]\" \/>\n<meta property=\"article:publisher\" content=\"https:\/\/www.facebook.com\/weyergruppe\" \/>\n<meta property=\"article:modified_time\" content=\"2022-10-31T09:54:33+00:00\" \/>\n<meta name=\"twitter:card\" content=\"summary_large_image\" \/>\n<meta name=\"twitter:label1\" content=\"Szacowany czas czytania\" \/>\n\t<meta name=\"twitter:data1\" content=\"7 minut\" \/>\n<script type=\"application\/ld+json\" class=\"yoast-schema-graph\">{\"@context\":\"https:\/\/schema.org\",\"@graph\":[{\"@type\":\"WebPage\",\"@id\":\"https:\/\/test.weyer-gruppe.com\/pl\/o-nas\/\",\"url\":\"https:\/\/test.weyer-gruppe.com\/pl\/o-nas\/\",\"name\":\"Poznaj nas - weyer gruppe - O nas\",\"isPartOf\":{\"@id\":\"https:\/\/test.weyer-gruppe.com\/pl\/#website\"},\"datePublished\":\"2019-08-06T08:44:13+00:00\",\"dateModified\":\"2022-10-31T09:54:33+00:00\",\"description\":\"weyer gruppe jest mi\u0119dzynarodowym stowarzyszeniem firm in\u017cynierskich, kt\u00f3re towarzysz\u0105 klientom od koncepcji in\u017cynierskiej do zatwierdzenia\",\"breadcrumb\":{\"@id\":\"https:\/\/test.weyer-gruppe.com\/pl\/o-nas\/#breadcrumb\"},\"inLanguage\":\"pl-PL\",\"potentialAction\":[{\"@type\":\"ReadAction\",\"target\":[\"https:\/\/test.weyer-gruppe.com\/pl\/o-nas\/\"]}]},{\"@type\":\"BreadcrumbList\",\"@id\":\"https:\/\/test.weyer-gruppe.com\/pl\/o-nas\/#breadcrumb\",\"itemListElement\":[{\"@type\":\"ListItem\",\"position\":1,\"name\":\"HOME\",\"item\":\"https:\/\/test.weyer-gruppe.com\/pl\/\"},{\"@type\":\"ListItem\",\"position\":2,\"name\":\"O nas\"}]},{\"@type\":\"WebSite\",\"@id\":\"https:\/\/test.weyer-gruppe.com\/pl\/#website\",\"url\":\"https:\/\/test.weyer-gruppe.com\/pl\/\",\"name\":\"weyer gruppe [test]\",\"description\":\"komplett. durchdacht.\",\"publisher\":{\"@id\":\"https:\/\/test.weyer-gruppe.com\/pl\/#organization\"},\"potentialAction\":[{\"@type\":\"SearchAction\",\"target\":{\"@type\":\"EntryPoint\",\"urlTemplate\":\"https:\/\/test.weyer-gruppe.com\/pl\/?s={search_term_string}\"},\"query-input\":{\"@type\":\"PropertyValueSpecification\",\"valueRequired\":true,\"valueName\":\"search_term_string\"}}],\"inLanguage\":\"pl-PL\"},{\"@type\":\"Organization\",\"@id\":\"https:\/\/test.weyer-gruppe.com\/pl\/#organization\",\"name\":\"weyer gruppe\",\"url\":\"https:\/\/test.weyer-gruppe.com\/pl\/\",\"logo\":{\"@type\":\"ImageObject\",\"inLanguage\":\"pl-PL\",\"@id\":\"https:\/\/test.weyer-gruppe.com\/pl\/#\/schema\/logo\/image\/\",\"url\":\"https:\/\/test.weyer-gruppe.com\/wp-content\/uploads\/2019\/07\/logo-weyer-gruppe-de.png\",\"contentUrl\":\"https:\/\/test.weyer-gruppe.com\/wp-content\/uploads\/2019\/07\/logo-weyer-gruppe-de.png\",\"width\":532,\"height\":513,\"caption\":\"weyer gruppe\"},\"image\":{\"@id\":\"https:\/\/test.weyer-gruppe.com\/pl\/#\/schema\/logo\/image\/\"},\"sameAs\":[\"https:\/\/www.facebook.com\/weyergruppe\",\"https:\/\/de.linkedin.com\/company\/weyer-gruppe\",\"https:\/\/www.youtube.com\/channel\/UCmZItECuW56Ih_p501_Bq8A\"]}]}<\/script>\n<!-- \/ Yoast SEO Premium plugin. -->","yoast_head_json":{"title":"Poznaj nas - weyer gruppe - O nas","description":"weyer gruppe jest mi\u0119dzynarodowym stowarzyszeniem firm in\u017cynierskich, kt\u00f3re towarzysz\u0105 klientom od koncepcji in\u017cynierskiej do zatwierdzenia","robots":{"index":"noindex","follow":"follow","max-snippet":"max-snippet:-1","max-image-preview":"max-image-preview:large","max-video-preview":"max-video-preview:-1"},"og_locale":"pl_PL","og_type":"article","og_title":"O nas","og_description":"weyer gruppe jest mi\u0119dzynarodowym stowarzyszeniem firm in\u017cynierskich, kt\u00f3re towarzysz\u0105 klientom od koncepcji in\u017cynierskiej do zatwierdzenia","og_url":"https:\/\/test.weyer-gruppe.com\/pl\/o-nas\/","og_site_name":"weyer gruppe [test]","article_publisher":"https:\/\/www.facebook.com\/weyergruppe","article_modified_time":"2022-10-31T09:54:33+00:00","twitter_card":"summary_large_image","twitter_misc":{"Szacowany czas czytania":"7 minut"},"schema":{"@context":"https:\/\/schema.org","@graph":[{"@type":"WebPage","@id":"https:\/\/test.weyer-gruppe.com\/pl\/o-nas\/","url":"https:\/\/test.weyer-gruppe.com\/pl\/o-nas\/","name":"Poznaj nas - weyer gruppe - O nas","isPartOf":{"@id":"https:\/\/test.weyer-gruppe.com\/pl\/#website"},"datePublished":"2019-08-06T08:44:13+00:00","dateModified":"2022-10-31T09:54:33+00:00","description":"weyer gruppe jest mi\u0119dzynarodowym stowarzyszeniem firm in\u017cynierskich, kt\u00f3re towarzysz\u0105 klientom od koncepcji in\u017cynierskiej do zatwierdzenia","breadcrumb":{"@id":"https:\/\/test.weyer-gruppe.com\/pl\/o-nas\/#breadcrumb"},"inLanguage":"pl-PL","potentialAction":[{"@type":"ReadAction","target":["https:\/\/test.weyer-gruppe.com\/pl\/o-nas\/"]}]},{"@type":"BreadcrumbList","@id":"https:\/\/test.weyer-gruppe.com\/pl\/o-nas\/#breadcrumb","itemListElement":[{"@type":"ListItem","position":1,"name":"HOME","item":"https:\/\/test.weyer-gruppe.com\/pl\/"},{"@type":"ListItem","position":2,"name":"O nas"}]},{"@type":"WebSite","@id":"https:\/\/test.weyer-gruppe.com\/pl\/#website","url":"https:\/\/test.weyer-gruppe.com\/pl\/","name":"weyer gruppe [test]","description":"komplett. durchdacht.","publisher":{"@id":"https:\/\/test.weyer-gruppe.com\/pl\/#organization"},"potentialAction":[{"@type":"SearchAction","target":{"@type":"EntryPoint","urlTemplate":"https:\/\/test.weyer-gruppe.com\/pl\/?s={search_term_string}"},"query-input":{"@type":"PropertyValueSpecification","valueRequired":true,"valueName":"search_term_string"}}],"inLanguage":"pl-PL"},{"@type":"Organization","@id":"https:\/\/test.weyer-gruppe.com\/pl\/#organization","name":"weyer gruppe","url":"https:\/\/test.weyer-gruppe.com\/pl\/","logo":{"@type":"ImageObject","inLanguage":"pl-PL","@id":"https:\/\/test.weyer-gruppe.com\/pl\/#\/schema\/logo\/image\/","url":"https:\/\/test.weyer-gruppe.com\/wp-content\/uploads\/2019\/07\/logo-weyer-gruppe-de.png","contentUrl":"https:\/\/test.weyer-gruppe.com\/wp-content\/uploads\/2019\/07\/logo-weyer-gruppe-de.png","width":532,"height":513,"caption":"weyer gruppe"},"image":{"@id":"https:\/\/test.weyer-gruppe.com\/pl\/#\/schema\/logo\/image\/"},"sameAs":["https:\/\/www.facebook.com\/weyergruppe","https:\/\/de.linkedin.com\/company\/weyer-gruppe","https:\/\/www.youtube.com\/channel\/UCmZItECuW56Ih_p501_Bq8A"]}]}},"_links":{"self":[{"href":"https:\/\/test.weyer-gruppe.com\/pl\/wp-json\/wp\/v2\/pages\/23793","targetHints":{"allow":["GET"]}}],"collection":[{"href":"https:\/\/test.weyer-gruppe.com\/pl\/wp-json\/wp\/v2\/pages"}],"about":[{"href":"https:\/\/test.weyer-gruppe.com\/pl\/wp-json\/wp\/v2\/types\/page"}],"author":[{"embeddable":true,"href":"https:\/\/test.weyer-gruppe.com\/pl\/wp-json\/wp\/v2\/users\/3"}],"replies":[{"embeddable":true,"href":"https:\/\/test.weyer-gruppe.com\/pl\/wp-json\/wp\/v2\/comments?post=23793"}],"version-history":[{"count":1,"href":"https:\/\/test.weyer-gruppe.com\/pl\/wp-json\/wp\/v2\/pages\/23793\/revisions"}],"predecessor-version":[{"id":41630,"href":"https:\/\/test.weyer-gruppe.com\/pl\/wp-json\/wp\/v2\/pages\/23793\/revisions\/41630"}],"wp:attachment":[{"href":"https:\/\/test.weyer-gruppe.com\/pl\/wp-json\/wp\/v2\/media?parent=23793"}],"curies":[{"name":"wp","href":"https:\/\/api.w.org\/{rel}","templated":true}]}}