{"id":23639,"date":"2019-12-17T12:11:30","date_gmt":"2019-12-17T11:11:30","guid":{"rendered":"https:\/\/test.weyer-gruppe.com\/zarzadzanie-zezwoleniami-3\/"},"modified":"2023-03-01T11:24:46","modified_gmt":"2023-03-01T10:24:46","slug":"zarzadzanie-zezwoleniami-3","status":"publish","type":"page","link":"https:\/\/test.weyer-gruppe.com\/pl\/sektor-publiczny\/zarzadzanie-zezwoleniami-3\/","title":{"rendered":"Zarz\u0105dzanie zezwoleniami"},"content":{"rendered":"[vc_row][vc_column][vc_column_text]Die Realisierung industrieller und gewerblicher Projekte setzt in der Regel eine umweltrechtliche Genehmigung voraus. F\u00fcr den Anlagenbetreiber ist es dabei wichtig, die Genehmigung schnell und unter m\u00f6glichst wenig kostenintensiven Auflagen zu erhalten. Die weyer gruppe kann Sie im Genehmigungsmanagement unterst\u00fctzen.<\/p>\n<p>Unser Team aus Fachleuten und Sachverst\u00e4ndigen unterst\u00fctzt Sie bei der Bearbeitung von umweltrechtlichen Genehmigungs- und Erlaubnisverfahren in den verschiedenen Rechtsbereichen, z.B. Verfahren nach dem Bundes-Immissionsschutzgesetz, dem Wasserrecht und dem Bergrecht.<\/p>\n<p>Abgestimmt auf Ihren konkreten Bedarf bieten wir Ihnen individuelle L\u00f6sungen f\u00fcr Ihr Genehmigungsverfahren, von der Erstellung der Fachgutachten \u00fcber die Zusammenstellung von Antr\u00e4gen bis zur Begleitung des gesamten Genehmigungsverfahrens.<\/p>\n<p>Insbesondere bei historisch gewachsenen Anlagen oder Industrieparks ist die Genehmigungssituation oftmals vielf\u00e4ltig und un\u00fcbersichtlich. Wir haben daher ein benutzerfreundliches Dokumentationsprogramm zur Verwaltung aller genehmigungsrechtlich relevanten Dokumente entwickelt. Dadurch sind s\u00e4mtliche Unterlagen f\u00fcr Ihre zust\u00e4ndigen Mitarbeiter, Beh\u00f6rden und Pr\u00fcfsachverst\u00e4ndige jederzeit und einfach zug\u00e4nglich. Dies vereinfacht das Genehmigungsmanagement f\u00fcr Ihre internen Prozesse enorm.<\/p>\n<p>Erfahren Sie hier mehr \u00fcber <a href=\"https:\/\/test.weyer-gruppe.com\/anlagenbetreiber-und-investoren\/verwaltungssystem-fuer-industrieanlagen-vfi\/\">VFI, das Verwaltungssystem f\u00fcr Industrieanlagen<\/a>.<\/p>\n<h2>Leistungen<\/h2>\n<ul class=\"arrow-gray\">\n<li class=\"first-child\">Analyse Ihrer Genehmigungssituation<\/li>\n<li>Beratung im Genehmigungsverfahren<\/li>\n<li>Unterst\u00fctzung des Antragstellers im Umgang mit den Beh\u00f6rden<\/li>\n<li>Erstellung der Antragsunterlagen mit erforderlichen Fachgutachten<\/li>\n<li>Pr\u00fcfung von Genehmigungsbescheiden und Beratung zur Umsetzung der Nebenbestimmungen<\/li>\n<li>Durchf\u00fchrung der Vollst\u00e4ndigkeits- und Plausibilit\u00e4tspr\u00fcfung<\/li>\n<li class=\"last-child\">Koordination von Planern, Fachgutachtern und Antragstellern<\/li>\n<\/ul>\n[\/vc_column_text][\/vc_column][\/vc_row][vc_row bg_type=&#8221;color&#8221; bg_color=&#8221;#0b3c80&#8243; font_color=&#8221;#ffffff&#8221;][vc_column css=&#8221;.vc_custom_1563974199119{padding-top: 25px !important;padding-bottom: 25px !important;padding-left: 25px !important;}&#8221;]<div class=\"grve-element grve-hr grve-space-divider\" style=\"\"><\/div><div class=\"grve-element grve-image-text\" style=\"\">  <div class=\"grve-content grve-align-right\">    <h6>weyer spezial: Zarz\u0105dzanie zezwoleniami<\/h6>  <p>Realizacja projekt\u00f3w przemys\u0142owych i komercyjnych zazwyczaj wymaga uzyskania pozwole\u0144 \u015brodowiskowych. Dla ka\u017cdego operatora zak\u0142adu wa\u017cne jest, aby uzyska\u0107 te pozwolenia bezzw\u0142ocznie i bez kosztownych przepis\u00f3w pomocniczych. Nasz zesp\u00f3\u0142 specjalist\u00f3w i ekspert\u00f3w wspiera Pa\u0144stwa w przetwarzaniu procedur zatwierdzania i licencjonowania w r\u00f3\u017cnych dziedzinach prawa&#8230;<\/p>    <a href=\"https:\/\/test.weyer-gruppe.com\/wp-content\/uploads\/2019\/07\/weyer-spezial-genehmigungsmanagement-0515.pdf\" target=\"_self\" class=\"grve-read-more \">Pobierz weyer spezial tutaj<\/a>  <\/div><div class=\"grve-image\"><img decoding=\"async\" width=\"250\" height=\"354\" src=\"https:\/\/test.weyer-gruppe.com\/wp-content\/uploads\/2019\/07\/weyer-spezial-weyer-gruppe-genehmigungsmanagement.jpg\" class=\"attachment-full size-full\" alt=\"weyer spezial zum Thema Genehmigungsmanagement\" srcset=\"\" \/><\/div><\/div><div class=\"grve-element grve-hr grve-space-divider\" style=\"\"><\/div>[\/vc_column][\/vc_row][vc_row][vc_column]<div class=\"grve-element grve-hr grve-space-divider\" style=\"\"><\/div><h3 class=\"grve-element grve-align-left grve-title-no-line grve-h3\" style=\"\"><span>Nasz zesp\u00f3\u0142<\/span><\/h3>[\/vc_column][\/vc_row][vc_row][vc_column width=&#8221;1\/4&#8243; tablet_sm_width=&#8221;1-2&#8243;]\r\n\t\t<div class=\"grve-team grve-element\" style=\"\">\r\n\t\t\t<figure class=\"grve-image-hover grve-style-1 grve-zoom-in\">\r\n\t\t\t\t<div class=\"grve-team-person grve-media grve-dark-overlay grve-opacity-60\">\r\n\t\t\t\t\t<img decoding=\"async\" width=\"300\" height=\"300\" src=\"https:\/\/test.weyer-gruppe.com\/wp-content\/uploads\/2019\/07\/pr-andrea-esser.jpg\" class=\"attachment-grve-image-small-square size-grve-image-small-square\" alt=\"Foto von Andrea Esser der Probiotec\" \/>\t\t\t\t<\/div>\r\n\t\t\t\t<figcaption>\r\n\t\t\t\t\t<div class=\"grve-team-description\">\r\n\t\t\t\t\t\t\t\t\t\t\t\t<h4 class=\"grve-team-name grve-dark grve-h4\">Andrea Esser<\/h4>\r\n\t\t\t\t\t\t\t\t\t\t\t\t<small class=\"grve-team-identity grve-dark\">PROBIOTEC GmbH<\/small>\r\n\t\t\t\t\t<\/div>\r\n\t\t\t\t\t\t\t\t\t\t<div class=\"grve-team-social grve-team-social-text grve-dark\">\r\n\t\t\t\t\t\t<ul>\r\n\t\t\t\t\t\t\t<li><a href=\"mailto:&#97;&#46;&#101;&#115;&#115;&#101;r&#64;wey&#101;r-g&#114;u&#112;&#112;&#101;&#46;c&#111;m\">E-mail<\/a><\/li>\t\t\t\t\t\t<\/ul>\r\n\t\t\t\t\t<\/div>\r\n\t\t\t\t\t\t\t\t\t<\/figcaption>\r\n\t\t\t<\/figure>\r\n\t\t<\/div>\r\n\r\n\t\t[\/vc_column][vc_column width=&#8221;1\/4&#8243; tablet_sm_width=&#8221;1-2&#8243;]\r\n\t\t<div class=\"grve-team grve-element\" style=\"\">\r\n\t\t\t<figure class=\"grve-image-hover grve-style-1 grve-zoom-in\">\r\n\t\t\t\t<div class=\"grve-team-person grve-media grve-dark-overlay grve-opacity-60\">\r\n\t\t\t\t\t<img decoding=\"async\" width=\"300\" height=\"300\" src=\"https:\/\/test.weyer-gruppe.com\/wp-content\/uploads\/2019\/09\/as-u-gamerith-weyer-gernot-gamerith.jpg\" class=\"attachment-grve-image-small-square size-grve-image-small-square\" alt=\"Zdj\u0119cie autorstwa Dr. Gernoth Gamerith z As-U Gamerith-Weyer GmbH\" srcset=\"https:\/\/test.weyer-gruppe.com\/wp-content\/uploads\/2019\/09\/as-u-gamerith-weyer-gernot-gamerith.jpg 300w, https:\/\/test.weyer-gruppe.com\/wp-content\/uploads\/2019\/09\/as-u-gamerith-weyer-gernot-gamerith-150x150.jpg 150w, https:\/\/test.weyer-gruppe.com\/wp-content\/uploads\/2019\/09\/as-u-gamerith-weyer-gernot-gamerith-80x80.jpg 80w\" sizes=\"(max-width: 300px) 100vw, 300px\" \/>\t\t\t\t<\/div>\r\n\t\t\t\t<figcaption>\r\n\t\t\t\t\t<div class=\"grve-team-description\">\r\n\t\t\t\t\t\t\t\t\t\t\t\t<h4 class=\"grve-team-name grve-dark grve-h4\">Dr. Gernot Gamerith<\/h4>\r\n\t\t\t\t\t\t\t\t\t\t\t\t<small class=\"grve-team-identity grve-dark\">As-U Gamerith Weyer<\/small>\r\n\t\t\t\t\t<\/div>\r\n\t\t\t\t\t\t\t\t\t\t<div class=\"grve-team-social grve-team-social-text grve-dark\">\r\n\t\t\t\t\t\t<ul>\r\n\t\t\t\t\t\t\t<li><a href=\"mailto:g&#46;&#103;a&#109;&#101;&#114;&#105;th&#64;we&#121;er&#45;gru&#112;&#112;&#101;&#46;&#99;o&#109;\">E-mail<\/a><\/li>\t\t\t\t\t\t<\/ul>\r\n\t\t\t\t\t<\/div>\r\n\t\t\t\t\t\t\t\t\t<\/figcaption>\r\n\t\t\t<\/figure>\r\n\t\t<\/div>\r\n\r\n\t\t[\/vc_column][vc_column width=&#8221;1\/4&#8243; tablet_sm_width=&#8221;1-2&#8243;]\r\n\t\t<div class=\"grve-team grve-element\" style=\"\">\r\n\t\t\t<figure class=\"grve-image-hover grve-style-1 grve-zoom-in\">\r\n\t\t\t\t<div class=\"grve-team-person grve-media grve-dark-overlay grve-opacity-60\">\r\n\t\t\t\t\t<img decoding=\"async\" width=\"300\" height=\"300\" src=\"https:\/\/test.weyer-gruppe.com\/wp-content\/uploads\/2019\/07\/weyer-polska-andrzej-kedziora-1.jpg\" class=\"attachment-grve-image-small-square size-grve-image-small-square\" alt=\"Zdj\u0119cie pracownika Andrzej Kedziora z Weyer Polska Sp. z.o.o.\" srcset=\"https:\/\/test.weyer-gruppe.com\/wp-content\/uploads\/2019\/07\/weyer-polska-andrzej-kedziora-1.jpg 300w, https:\/\/test.weyer-gruppe.com\/wp-content\/uploads\/2019\/07\/weyer-polska-andrzej-kedziora-1-150x150.jpg 150w, https:\/\/test.weyer-gruppe.com\/wp-content\/uploads\/2019\/07\/weyer-polska-andrzej-kedziora-1-80x80.jpg 80w\" sizes=\"(max-width: 300px) 100vw, 300px\" \/>\t\t\t\t<\/div>\r\n\t\t\t\t<figcaption>\r\n\t\t\t\t\t<div class=\"grve-team-description\">\r\n\t\t\t\t\t\t\t\t\t\t\t\t<h4 class=\"grve-team-name grve-dark grve-h4\">Andrzej K\u0119dziora<\/h4>\r\n\t\t\t\t\t\t\t\t\t\t\t\t<small class=\"grve-team-identity grve-dark\">Weyer Polska Sp. z o. o.<\/small>\r\n\t\t\t\t\t<\/div>\r\n\t\t\t\t\t\t\t\t\t\t<div class=\"grve-team-social grve-team-social-text grve-dark\">\r\n\t\t\t\t\t\t<ul>\r\n\t\t\t\t\t\t\t<li><a href=\"mailto:&#97;.&#107;&#101;&#100;z&#105;or&#97;&#64;&#119;e&#121;&#101;&#114;&#45;&#103;&#114;ou&#112;&#46;&#99;&#111;m\">E-mail<\/a><\/li>\t\t\t\t\t\t<\/ul>\r\n\t\t\t\t\t<\/div>\r\n\t\t\t\t\t\t\t\t\t<\/figcaption>\r\n\t\t\t<\/figure>\r\n\t\t<\/div>\r\n\r\n\t\t[\/vc_column][vc_column width=&#8221;1\/4&#8243; tablet_sm_width=&#8221;1-2&#8243;]\r\n\t\t<div class=\"grve-team grve-element\" style=\"\">\r\n\t\t\t<figure class=\"grve-image-hover grve-style-1 grve-zoom-in\">\r\n\t\t\t\t<div class=\"grve-team-person grve-media grve-dark-overlay grve-opacity-60\">\r\n\t\t\t\t\t<img decoding=\"async\" width=\"300\" height=\"300\" src=\"https:\/\/test.weyer-gruppe.com\/wp-content\/uploads\/2019\/07\/wip-b.froehlke.png\" class=\"attachment-grve-image-small-square size-grve-image-small-square\" alt=\"Zdj\u0119cie pracownika Birgit Froehlke z weyer IngenieurPartner GmbH\" srcset=\"https:\/\/test.weyer-gruppe.com\/wp-content\/uploads\/2019\/07\/wip-b.froehlke.png 300w, https:\/\/test.weyer-gruppe.com\/wp-content\/uploads\/2019\/07\/wip-b.froehlke-150x150.png 150w, https:\/\/test.weyer-gruppe.com\/wp-content\/uploads\/2019\/07\/wip-b.froehlke-80x80.png 80w\" sizes=\"(max-width: 300px) 100vw, 300px\" \/>\t\t\t\t<\/div>\r\n\t\t\t\t<figcaption>\r\n\t\t\t\t\t<div class=\"grve-team-description\">\r\n\t\t\t\t\t\t\t\t\t\t\t\t<h4 class=\"grve-team-name grve-dark grve-h4\">Birgit Fr\u00f6hlke<\/h4>\r\n\t\t\t\t\t\t\t\t\t\t\t\t<small class=\"grve-team-identity grve-dark\">weyer IngenieurPartner<\/small>\r\n\t\t\t\t\t<\/div>\r\n\t\t\t\t\t\t\t\t\t\t<div class=\"grve-team-social grve-team-social-text grve-dark\">\r\n\t\t\t\t\t\t<ul>\r\n\t\t\t\t\t\t\t<li><a href=\"mailto:&#98;&#46;&#102;r&#111;eh&#108;&#107;e&#64;we&#121;&#101;&#114;&#45;g&#114;up&#112;&#101;&#46;&#99;om\">E-mail<\/a><\/li>\t\t\t\t\t\t<\/ul>\r\n\t\t\t\t\t<\/div>\r\n\t\t\t\t\t\t\t\t\t<\/figcaption>\r\n\t\t\t<\/figure>\r\n\t\t<\/div>\r\n\r\n\t\t[\/vc_column][\/vc_row][vc_row][vc_column width=&#8221;1\/4&#8243; tablet_sm_width=&#8221;1-2&#8243;]\r\n\t\t<div class=\"grve-team grve-element\" style=\"\">\r\n\t\t\t<figure class=\"grve-image-hover grve-style-1 grve-zoom-in\">\r\n\t\t\t\t<div class=\"grve-team-person grve-media grve-dark-overlay grve-opacity-60\">\r\n\t\t\t\t\t<img decoding=\"async\" width=\"300\" height=\"300\" src=\"https:\/\/test.weyer-gruppe.com\/wp-content\/uploads\/2019\/07\/wch-f.sutter.png\" class=\"attachment-grve-image-small-square size-grve-image-small-square\" alt=\"Zdj\u0119cie pracownika Frank Sutter z Weyer und Partner (Schweiz) AG\" srcset=\"https:\/\/test.weyer-gruppe.com\/wp-content\/uploads\/2019\/07\/wch-f.sutter.png 300w, https:\/\/test.weyer-gruppe.com\/wp-content\/uploads\/2019\/07\/wch-f.sutter-150x150.png 150w, https:\/\/test.weyer-gruppe.com\/wp-content\/uploads\/2019\/07\/wch-f.sutter-80x80.png 80w\" sizes=\"(max-width: 300px) 100vw, 300px\" \/>\t\t\t\t<\/div>\r\n\t\t\t\t<figcaption>\r\n\t\t\t\t\t<div class=\"grve-team-description\">\r\n\t\t\t\t\t\t\t\t\t\t\t\t<h4 class=\"grve-team-name grve-dark grve-h4\">Frank Sutter<\/h4>\r\n\t\t\t\t\t\t\t\t\t\t\t\t<small class=\"grve-team-identity grve-dark\">Weyer und Partner (Schweiz)<\/small>\r\n\t\t\t\t\t<\/div>\r\n\t\t\t\t\t\t\t\t\t\t<div class=\"grve-team-social grve-team-social-text grve-dark\">\r\n\t\t\t\t\t\t<ul>\r\n\t\t\t\t\t\t\t<li><a href=\"mailto:&#102;&#46;&#115;&#117;tt&#101;&#114;&#64;&#119;ey&#101;&#114;-&#103;&#114;&#117;&#112;&#112;&#101;&#46;co&#109;\">E-mail<\/a><\/li>\t\t\t\t\t\t<\/ul>\r\n\t\t\t\t\t<\/div>\r\n\t\t\t\t\t\t\t\t\t<\/figcaption>\r\n\t\t\t<\/figure>\r\n\t\t<\/div>\r\n\r\n\t\t[\/vc_column][vc_column width=&#8221;1\/4&#8243; tablet_sm_width=&#8221;1-2&#8243;][\/vc_column][vc_column width=&#8221;1\/4&#8243; tablet_sm_width=&#8221;1-2&#8243;][\/vc_column][vc_column width=&#8221;1\/4&#8243; tablet_sm_width=&#8221;1-2&#8243;][\/vc_column][\/vc_row][vc_row][vc_column]<div class=\"grve-element grve-hr grve-space-divider\" style=\"\"><\/div>[\/vc_column][\/vc_row]\n","protected":false},"excerpt":{"rendered":"<p>[vc_row][vc_column][vc_column_text]Die Realisierung industrieller und gewerblicher Projekte setzt in der Regel eine umweltrechtliche Genehmigung voraus. F\u00fcr den Anlagenbetreiber ist es dabei wichtig, die Genehmigung schnell und unter m\u00f6glichst wenig kostenintensiven Auflagen [&hellip;]<\/p>\n","protected":false},"author":3,"featured_media":0,"parent":23973,"menu_order":0,"comment_status":"closed","ping_status":"closed","template":"","meta":{"footnotes":""},"class_list":["post-23639","page","type-page","status-publish","hentry"],"yoast_head":"<!-- This site is optimized with the Yoast SEO Premium plugin v21.6 (Yoast SEO v26.8) - https:\/\/yoast.com\/product\/yoast-seo-premium-wordpress\/ -->\n<title>Zarz\u0105dzanie pozwoleniami w prawie ochrony \u015brodowiska dla przedsi\u0119wzi\u0119\u0107 przemys\u0142owych<\/title>\n<meta name=\"description\" content=\"Grupa weyer wspiera Pa\u0144stwa w zarz\u0105dzaniu pozwoleniami \u015brodowiskowymi, przy realizacji projekt\u00f3w przemys\u0142owych i handlowych.\" \/>\n<meta name=\"robots\" content=\"noindex, follow\" \/>\n<meta property=\"og:locale\" content=\"pl_PL\" \/>\n<meta property=\"og:type\" content=\"article\" \/>\n<meta property=\"og:title\" content=\"Zarz\u0105dzanie zezwoleniami\" \/>\n<meta property=\"og:description\" content=\"Grupa weyer wspiera Pa\u0144stwa w zarz\u0105dzaniu pozwoleniami \u015brodowiskowymi, przy realizacji projekt\u00f3w przemys\u0142owych i handlowych.\" \/>\n<meta property=\"og:url\" content=\"https:\/\/test.weyer-gruppe.com\/pl\/sektor-publiczny\/zarzadzanie-zezwoleniami-3\/\" \/>\n<meta property=\"og:site_name\" content=\"weyer gruppe [test]\" \/>\n<meta property=\"article:publisher\" content=\"https:\/\/www.facebook.com\/weyergruppe\" \/>\n<meta property=\"article:modified_time\" content=\"2023-03-01T10:24:46+00:00\" \/>\n<meta name=\"twitter:card\" content=\"summary_large_image\" \/>\n<meta name=\"twitter:label1\" content=\"Szacowany czas czytania\" \/>\n\t<meta name=\"twitter:data1\" content=\"2 minuty\" \/>\n<script type=\"application\/ld+json\" class=\"yoast-schema-graph\">{\"@context\":\"https:\/\/schema.org\",\"@graph\":[{\"@type\":\"WebPage\",\"@id\":\"https:\/\/test.weyer-gruppe.com\/pl\/sektor-publiczny\/zarzadzanie-zezwoleniami-3\/\",\"url\":\"https:\/\/test.weyer-gruppe.com\/pl\/sektor-publiczny\/zarzadzanie-zezwoleniami-3\/\",\"name\":\"Zarz\u0105dzanie pozwoleniami w prawie ochrony \u015brodowiska dla przedsi\u0119wzi\u0119\u0107 przemys\u0142owych\",\"isPartOf\":{\"@id\":\"https:\/\/test.weyer-gruppe.com\/pl\/#website\"},\"datePublished\":\"2019-12-17T11:11:30+00:00\",\"dateModified\":\"2023-03-01T10:24:46+00:00\",\"description\":\"Grupa weyer wspiera Pa\u0144stwa w zarz\u0105dzaniu pozwoleniami \u015brodowiskowymi, przy realizacji projekt\u00f3w przemys\u0142owych i handlowych.\",\"breadcrumb\":{\"@id\":\"https:\/\/test.weyer-gruppe.com\/pl\/sektor-publiczny\/zarzadzanie-zezwoleniami-3\/#breadcrumb\"},\"inLanguage\":\"pl-PL\",\"potentialAction\":[{\"@type\":\"ReadAction\",\"target\":[\"https:\/\/test.weyer-gruppe.com\/pl\/sektor-publiczny\/zarzadzanie-zezwoleniami-3\/\"]}]},{\"@type\":\"BreadcrumbList\",\"@id\":\"https:\/\/test.weyer-gruppe.com\/pl\/sektor-publiczny\/zarzadzanie-zezwoleniami-3\/#breadcrumb\",\"itemListElement\":[{\"@type\":\"ListItem\",\"position\":1,\"name\":\"HOME\",\"item\":\"https:\/\/test.weyer-gruppe.com\/pl\/\"},{\"@type\":\"ListItem\",\"position\":2,\"name\":\"Sektor publiczny\",\"item\":\"https:\/\/test.weyer-gruppe.com\/pl\/sektor-publiczny\/\"},{\"@type\":\"ListItem\",\"position\":3,\"name\":\"Zarz\u0105dzanie zezwoleniami\"}]},{\"@type\":\"WebSite\",\"@id\":\"https:\/\/test.weyer-gruppe.com\/pl\/#website\",\"url\":\"https:\/\/test.weyer-gruppe.com\/pl\/\",\"name\":\"weyer gruppe [test]\",\"description\":\"komplett. durchdacht.\",\"publisher\":{\"@id\":\"https:\/\/test.weyer-gruppe.com\/pl\/#organization\"},\"potentialAction\":[{\"@type\":\"SearchAction\",\"target\":{\"@type\":\"EntryPoint\",\"urlTemplate\":\"https:\/\/test.weyer-gruppe.com\/pl\/?s={search_term_string}\"},\"query-input\":{\"@type\":\"PropertyValueSpecification\",\"valueRequired\":true,\"valueName\":\"search_term_string\"}}],\"inLanguage\":\"pl-PL\"},{\"@type\":\"Organization\",\"@id\":\"https:\/\/test.weyer-gruppe.com\/pl\/#organization\",\"name\":\"weyer gruppe\",\"url\":\"https:\/\/test.weyer-gruppe.com\/pl\/\",\"logo\":{\"@type\":\"ImageObject\",\"inLanguage\":\"pl-PL\",\"@id\":\"https:\/\/test.weyer-gruppe.com\/pl\/#\/schema\/logo\/image\/\",\"url\":\"https:\/\/test.weyer-gruppe.com\/wp-content\/uploads\/2019\/07\/logo-weyer-gruppe-de.png\",\"contentUrl\":\"https:\/\/test.weyer-gruppe.com\/wp-content\/uploads\/2019\/07\/logo-weyer-gruppe-de.png\",\"width\":532,\"height\":513,\"caption\":\"weyer gruppe\"},\"image\":{\"@id\":\"https:\/\/test.weyer-gruppe.com\/pl\/#\/schema\/logo\/image\/\"},\"sameAs\":[\"https:\/\/www.facebook.com\/weyergruppe\",\"https:\/\/de.linkedin.com\/company\/weyer-gruppe\",\"https:\/\/www.youtube.com\/channel\/UCmZItECuW56Ih_p501_Bq8A\"]}]}<\/script>\n<!-- \/ Yoast SEO Premium plugin. -->","yoast_head_json":{"title":"Zarz\u0105dzanie pozwoleniami w prawie ochrony \u015brodowiska dla przedsi\u0119wzi\u0119\u0107 przemys\u0142owych","description":"Grupa weyer wspiera Pa\u0144stwa w zarz\u0105dzaniu pozwoleniami \u015brodowiskowymi, przy realizacji projekt\u00f3w przemys\u0142owych i handlowych.","robots":{"index":"noindex","follow":"follow"},"og_locale":"pl_PL","og_type":"article","og_title":"Zarz\u0105dzanie zezwoleniami","og_description":"Grupa weyer wspiera Pa\u0144stwa w zarz\u0105dzaniu pozwoleniami \u015brodowiskowymi, przy realizacji projekt\u00f3w przemys\u0142owych i handlowych.","og_url":"https:\/\/test.weyer-gruppe.com\/pl\/sektor-publiczny\/zarzadzanie-zezwoleniami-3\/","og_site_name":"weyer gruppe [test]","article_publisher":"https:\/\/www.facebook.com\/weyergruppe","article_modified_time":"2023-03-01T10:24:46+00:00","twitter_card":"summary_large_image","twitter_misc":{"Szacowany czas czytania":"2 minuty"},"schema":{"@context":"https:\/\/schema.org","@graph":[{"@type":"WebPage","@id":"https:\/\/test.weyer-gruppe.com\/pl\/sektor-publiczny\/zarzadzanie-zezwoleniami-3\/","url":"https:\/\/test.weyer-gruppe.com\/pl\/sektor-publiczny\/zarzadzanie-zezwoleniami-3\/","name":"Zarz\u0105dzanie pozwoleniami w prawie ochrony \u015brodowiska dla przedsi\u0119wzi\u0119\u0107 przemys\u0142owych","isPartOf":{"@id":"https:\/\/test.weyer-gruppe.com\/pl\/#website"},"datePublished":"2019-12-17T11:11:30+00:00","dateModified":"2023-03-01T10:24:46+00:00","description":"Grupa weyer wspiera Pa\u0144stwa w zarz\u0105dzaniu pozwoleniami \u015brodowiskowymi, przy realizacji projekt\u00f3w przemys\u0142owych i handlowych.","breadcrumb":{"@id":"https:\/\/test.weyer-gruppe.com\/pl\/sektor-publiczny\/zarzadzanie-zezwoleniami-3\/#breadcrumb"},"inLanguage":"pl-PL","potentialAction":[{"@type":"ReadAction","target":["https:\/\/test.weyer-gruppe.com\/pl\/sektor-publiczny\/zarzadzanie-zezwoleniami-3\/"]}]},{"@type":"BreadcrumbList","@id":"https:\/\/test.weyer-gruppe.com\/pl\/sektor-publiczny\/zarzadzanie-zezwoleniami-3\/#breadcrumb","itemListElement":[{"@type":"ListItem","position":1,"name":"HOME","item":"https:\/\/test.weyer-gruppe.com\/pl\/"},{"@type":"ListItem","position":2,"name":"Sektor publiczny","item":"https:\/\/test.weyer-gruppe.com\/pl\/sektor-publiczny\/"},{"@type":"ListItem","position":3,"name":"Zarz\u0105dzanie zezwoleniami"}]},{"@type":"WebSite","@id":"https:\/\/test.weyer-gruppe.com\/pl\/#website","url":"https:\/\/test.weyer-gruppe.com\/pl\/","name":"weyer gruppe [test]","description":"komplett. durchdacht.","publisher":{"@id":"https:\/\/test.weyer-gruppe.com\/pl\/#organization"},"potentialAction":[{"@type":"SearchAction","target":{"@type":"EntryPoint","urlTemplate":"https:\/\/test.weyer-gruppe.com\/pl\/?s={search_term_string}"},"query-input":{"@type":"PropertyValueSpecification","valueRequired":true,"valueName":"search_term_string"}}],"inLanguage":"pl-PL"},{"@type":"Organization","@id":"https:\/\/test.weyer-gruppe.com\/pl\/#organization","name":"weyer gruppe","url":"https:\/\/test.weyer-gruppe.com\/pl\/","logo":{"@type":"ImageObject","inLanguage":"pl-PL","@id":"https:\/\/test.weyer-gruppe.com\/pl\/#\/schema\/logo\/image\/","url":"https:\/\/test.weyer-gruppe.com\/wp-content\/uploads\/2019\/07\/logo-weyer-gruppe-de.png","contentUrl":"https:\/\/test.weyer-gruppe.com\/wp-content\/uploads\/2019\/07\/logo-weyer-gruppe-de.png","width":532,"height":513,"caption":"weyer gruppe"},"image":{"@id":"https:\/\/test.weyer-gruppe.com\/pl\/#\/schema\/logo\/image\/"},"sameAs":["https:\/\/www.facebook.com\/weyergruppe","https:\/\/de.linkedin.com\/company\/weyer-gruppe","https:\/\/www.youtube.com\/channel\/UCmZItECuW56Ih_p501_Bq8A"]}]}},"_links":{"self":[{"href":"https:\/\/test.weyer-gruppe.com\/pl\/wp-json\/wp\/v2\/pages\/23639","targetHints":{"allow":["GET"]}}],"collection":[{"href":"https:\/\/test.weyer-gruppe.com\/pl\/wp-json\/wp\/v2\/pages"}],"about":[{"href":"https:\/\/test.weyer-gruppe.com\/pl\/wp-json\/wp\/v2\/types\/page"}],"author":[{"embeddable":true,"href":"https:\/\/test.weyer-gruppe.com\/pl\/wp-json\/wp\/v2\/users\/3"}],"replies":[{"embeddable":true,"href":"https:\/\/test.weyer-gruppe.com\/pl\/wp-json\/wp\/v2\/comments?post=23639"}],"version-history":[{"count":5,"href":"https:\/\/test.weyer-gruppe.com\/pl\/wp-json\/wp\/v2\/pages\/23639\/revisions"}],"predecessor-version":[{"id":45111,"href":"https:\/\/test.weyer-gruppe.com\/pl\/wp-json\/wp\/v2\/pages\/23639\/revisions\/45111"}],"up":[{"embeddable":true,"href":"https:\/\/test.weyer-gruppe.com\/pl\/wp-json\/wp\/v2\/pages\/23973"}],"wp:attachment":[{"href":"https:\/\/test.weyer-gruppe.com\/pl\/wp-json\/wp\/v2\/media?parent=23639"}],"curies":[{"name":"wp","href":"https:\/\/api.w.org\/{rel}","templated":true}]}}