{"id":23533,"date":"2020-01-23T13:58:32","date_gmt":"2020-01-23T12:58:32","guid":{"rendered":"https:\/\/test.weyer-gruppe.com\/zarzadzanie-energia-iso-50001-2\/"},"modified":"2020-04-14T13:02:18","modified_gmt":"2020-04-14T11:02:18","slug":"zarzadzanie-energia-iso-50001-2","status":"publish","type":"page","link":"https:\/\/test.weyer-gruppe.com\/pl\/projektanci-i-producenci-instalacji\/zarzadzanie-energia-iso-50001-2\/","title":{"rendered":"Zarz\u0105dzanie energi\u0105 (ISO 50001)"},"content":{"rendered":"[vc_row][vc_column][vc_column_text]<a href=\"https:\/\/www.umweltbundesamt.de\/themen\/wirtschaft-konsum\/wirtschaft-umwelt\/umwelt-energiemanagement\/energiemanagement-system#internationale-energiemanagementnorm-iso-50001\" target=\"_blank\" rel=\"noopener noreferrer\">ISO 50001<\/a> jest obowi\u0105zuj\u0105c\u0105 na ca\u0142ym \u015bwiecie norm\u0105 Mi\u0119dzynarodowej Organizacji Normalizacyjnej (ISO), kt\u00f3ra ma na celu wspieranie organizacji i przedsi\u0119biorstw w ustanawianiu systematycznego zarz\u0105dzania energi\u0105; mo\u017ce by\u0107 r\u00f3wnie\u017c wykorzystana do potwierdzenia zgodno\u015bci systemu zarz\u0105dzania energi\u0105 z norm\u0105 poprzez certyfikacj\u0119. Zosta\u0142a ona opublikowana przez Mi\u0119dzynarodow\u0105 Organizacj\u0119 Normalizacyjn\u0105 (ISO) w czerwcu 2011 roku. W Niemczech norma DIN EN 16001 zosta\u0142a wycofana 24 kwietnia 2012 roku i zast\u0105piona przez norm\u0119 opublikowan\u0105 jako DIN EN ISO 50001 w grudniu 2011 roku.<\/p>\n<p>Wprowadzenie systemu zarz\u0105dzania energi\u0105 jest zasadniczo dobrowolne; nie ma prawnego obowi\u0105zku certyfikacji. Jednak\u017ce certyfikacja zgodnie z DIN EN ISO 50001 (lub zarejestrowany system zarz\u0105dzania \u015brodowiskiem zgodnie z rozporz\u0105dzeniem EMAS) jest w Niemczech warunkiem cz\u0119\u015bciowego zwolnienia z dop\u0142aty EEG dla potencjalnych, szczeg\u00f3lnie energoch\u0142onnych przedsi\u0119biorstw, a w przysz\u0142o\u015bci tak\u017ce zwolnienia przedsi\u0119biorstw z bran\u017cy produkcyjnej z podatku od energii elektrycznej i energii.<\/p>\n<p>Systematyczne zarz\u0105dzanie energi\u0105 opiera si\u0119 na rejestrowaniu przep\u0142yw\u00f3w energii w przedsi\u0119biorstwie (\u017ar\u00f3d\u0142a energii, zu\u017cycie energii, odbiorcy energii) oraz ocenie stanu efektywno\u015bci energetycznej, w szczeg\u00f3lno\u015bci instalacji\/urz\u0105dze\u0144 i proces\u00f3w\/dzia\u0142a\u0144, kt\u00f3re s\u0105 wa\u017cne dla og\u00f3lnego zu\u017cycia energii. Zapis ten stanowi podstaw\u0119 do wdro\u017cenia zar\u00f3wno \u015brodk\u00f3w technicznych s\u0142u\u017c\u0105cych poprawie efektywno\u015bci energetycznej, jak i strategicznych i organizacyjnych metod zarz\u0105dzania. \u015arodki organizacyjne i techniczne powinny prowadzi\u0107 do systematycznej i d\u0142ugoterminowej poprawy wydajno\u015bci energetycznej. Zasadniczo wprowadzenie systemu zarz\u0105dzania energi\u0105 ma sens dla wszystkich organizacji, niezale\u017cnie od ich wielko\u015bci i bran\u017cy, pod warunkiem, \u017ce zu\u017cywaj\u0105 one wi\u0119cej ni\u017c tylko niewielkie ilo\u015bci energii.[\/vc_column_text][\/vc_column][\/vc_row][vc_row][vc_column]<div class=\"grve-element grve-hr grve-space-divider\" style=\"\"><\/div><h3 class=\"grve-element grve-align-left grve-title-no-line grve-h3\" style=\"\"><span>Nasz zesp\u00f3\u0142<\/span><\/h3>[\/vc_column][\/vc_row][vc_row][vc_column width=&#8221;1\/4&#8243; tablet_sm_width=&#8221;1-2&#8243;]\r\n\t\t<div class=\"grve-team grve-element\" style=\"\">\r\n\t\t\t<figure class=\"grve-image-hover grve-style-1 grve-zoom-in\">\r\n\t\t\t\t<div class=\"grve-team-person grve-media grve-dark-overlay grve-opacity-60\">\r\n\t\t\t\t\t<img decoding=\"async\" width=\"300\" height=\"300\" src=\"https:\/\/test.weyer-gruppe.com\/wp-content\/uploads\/2019\/07\/pr-kai-steffens.jpg\" class=\"attachment-grve-image-small-square size-grve-image-small-square\" alt=\"Foto von Dr. Kai Steffens der BDO TUC GmbH und PROBIOTEC GmbH\" srcset=\"https:\/\/test.weyer-gruppe.com\/wp-content\/uploads\/2019\/07\/pr-kai-steffens.jpg 300w, https:\/\/test.weyer-gruppe.com\/wp-content\/uploads\/2019\/07\/pr-kai-steffens-150x150.jpg 150w, https:\/\/test.weyer-gruppe.com\/wp-content\/uploads\/2019\/07\/pr-kai-steffens-80x80.jpg 80w\" sizes=\"(max-width: 300px) 100vw, 300px\" \/>\t\t\t\t<\/div>\r\n\t\t\t\t<figcaption>\r\n\t\t\t\t\t<div class=\"grve-team-description\">\r\n\t\t\t\t\t\t\t\t\t\t\t\t<h4 class=\"grve-team-name grve-dark grve-h4\">Dr. Kai Steffens<\/h4>\r\n\t\t\t\t\t\t\t\t\t\t\t\t<small class=\"grve-team-identity grve-dark\">BDO Technik- und Umweltconsulting<\/small>\r\n\t\t\t\t\t<\/div>\r\n\t\t\t\t\t\t\t\t\t\t<div class=\"grve-team-social grve-team-social-text grve-dark\">\r\n\t\t\t\t\t\t<ul>\r\n\t\t\t\t\t\t\t<li><a href=\"mailto:&#107;&#46;stef&#102;&#101;n&#115;&#64;w&#101;&#121;&#101;&#114;&#45;&#103;&#114;&#117;pp&#101;&#46;c&#111;m\">E-mail<\/a><\/li>\t\t\t\t\t\t<\/ul>\r\n\t\t\t\t\t<\/div>\r\n\t\t\t\t\t\t\t\t\t<\/figcaption>\r\n\t\t\t<\/figure>\r\n\t\t<\/div>\r\n\r\n\t\t[\/vc_column][vc_column width=&#8221;1\/4&#8243; tablet_sm_width=&#8221;1-2&#8243;][\/vc_column][vc_column width=&#8221;1\/4&#8243; tablet_sm_width=&#8221;1-2&#8243;][\/vc_column][vc_column width=&#8221;1\/4&#8243; tablet_sm_width=&#8221;1-2&#8243;][\/vc_column][\/vc_row][vc_row][vc_column]<div class=\"grve-element grve-hr grve-space-divider\" style=\"\"><\/div>[\/vc_column][\/vc_row]\n","protected":false},"excerpt":{"rendered":"<p>[vc_row][vc_column][vc_column_text]ISO 50001 jest obowi\u0105zuj\u0105c\u0105 na ca\u0142ym \u015bwiecie norm\u0105 Mi\u0119dzynarodowej Organizacji Normalizacyjnej (ISO), kt\u00f3ra ma na celu wspieranie organizacji i przedsi\u0119biorstw w ustanawianiu systematycznego zarz\u0105dzania energi\u0105; mo\u017ce by\u0107 r\u00f3wnie\u017c wykorzystana do [&hellip;]<\/p>\n","protected":false},"author":2,"featured_media":0,"parent":23877,"menu_order":0,"comment_status":"closed","ping_status":"closed","template":"","meta":{"footnotes":""},"class_list":["post-23533","page","type-page","status-publish","hentry"],"yoast_head":"<!-- This site is optimized with the Yoast SEO Premium plugin v21.6 (Yoast SEO v26.8) - https:\/\/yoast.com\/product\/yoast-seo-premium-wordpress\/ -->\n<title>Zarz\u0105dzanie energi\u0105 (ISO 50001) - weyer gruppe [test]<\/title>\n<meta name=\"robots\" content=\"noindex, follow\" \/>\n<meta property=\"og:locale\" content=\"pl_PL\" \/>\n<meta property=\"og:type\" content=\"article\" \/>\n<meta property=\"og:title\" content=\"Zarz\u0105dzanie energi\u0105 (ISO 50001)\" \/>\n<meta property=\"og:description\" content=\"[vc_row][vc_column][vc_column_text]ISO 50001 jest obowi\u0105zuj\u0105c\u0105 na ca\u0142ym \u015bwiecie norm\u0105 Mi\u0119dzynarodowej Organizacji Normalizacyjnej (ISO), kt\u00f3ra ma na celu wspieranie organizacji i przedsi\u0119biorstw w ustanawianiu systematycznego zarz\u0105dzania energi\u0105; mo\u017ce by\u0107 r\u00f3wnie\u017c wykorzystana do [&hellip;]\" \/>\n<meta property=\"og:url\" content=\"https:\/\/test.weyer-gruppe.com\/pl\/projektanci-i-producenci-instalacji\/zarzadzanie-energia-iso-50001-2\/\" \/>\n<meta property=\"og:site_name\" content=\"weyer gruppe [test]\" \/>\n<meta property=\"article:publisher\" content=\"https:\/\/www.facebook.com\/weyergruppe\" \/>\n<meta property=\"article:modified_time\" content=\"2020-04-14T11:02:18+00:00\" \/>\n<meta name=\"twitter:card\" content=\"summary_large_image\" \/>\n<meta name=\"twitter:label1\" content=\"Szacowany czas czytania\" \/>\n\t<meta name=\"twitter:data1\" content=\"2 minuty\" \/>\n<script type=\"application\/ld+json\" class=\"yoast-schema-graph\">{\"@context\":\"https:\/\/schema.org\",\"@graph\":[{\"@type\":\"WebPage\",\"@id\":\"https:\/\/test.weyer-gruppe.com\/pl\/projektanci-i-producenci-instalacji\/zarzadzanie-energia-iso-50001-2\/\",\"url\":\"https:\/\/test.weyer-gruppe.com\/pl\/projektanci-i-producenci-instalacji\/zarzadzanie-energia-iso-50001-2\/\",\"name\":\"Zarz\u0105dzanie energi\u0105 (ISO 50001) - weyer gruppe [test]\",\"isPartOf\":{\"@id\":\"https:\/\/test.weyer-gruppe.com\/pl\/#website\"},\"datePublished\":\"2020-01-23T12:58:32+00:00\",\"dateModified\":\"2020-04-14T11:02:18+00:00\",\"breadcrumb\":{\"@id\":\"https:\/\/test.weyer-gruppe.com\/pl\/projektanci-i-producenci-instalacji\/zarzadzanie-energia-iso-50001-2\/#breadcrumb\"},\"inLanguage\":\"pl-PL\",\"potentialAction\":[{\"@type\":\"ReadAction\",\"target\":[\"https:\/\/test.weyer-gruppe.com\/pl\/projektanci-i-producenci-instalacji\/zarzadzanie-energia-iso-50001-2\/\"]}]},{\"@type\":\"BreadcrumbList\",\"@id\":\"https:\/\/test.weyer-gruppe.com\/pl\/projektanci-i-producenci-instalacji\/zarzadzanie-energia-iso-50001-2\/#breadcrumb\",\"itemListElement\":[{\"@type\":\"ListItem\",\"position\":1,\"name\":\"HOME\",\"item\":\"https:\/\/test.weyer-gruppe.com\/pl\/\"},{\"@type\":\"ListItem\",\"position\":2,\"name\":\"Projektanci i producenci instalacji\",\"item\":\"https:\/\/test.weyer-gruppe.com\/pl\/projektanci-i-producenci-instalacji\/\"},{\"@type\":\"ListItem\",\"position\":3,\"name\":\"Zarz\u0105dzanie energi\u0105 (ISO 50001)\"}]},{\"@type\":\"WebSite\",\"@id\":\"https:\/\/test.weyer-gruppe.com\/pl\/#website\",\"url\":\"https:\/\/test.weyer-gruppe.com\/pl\/\",\"name\":\"weyer gruppe [test]\",\"description\":\"komplett. durchdacht.\",\"publisher\":{\"@id\":\"https:\/\/test.weyer-gruppe.com\/pl\/#organization\"},\"potentialAction\":[{\"@type\":\"SearchAction\",\"target\":{\"@type\":\"EntryPoint\",\"urlTemplate\":\"https:\/\/test.weyer-gruppe.com\/pl\/?s={search_term_string}\"},\"query-input\":{\"@type\":\"PropertyValueSpecification\",\"valueRequired\":true,\"valueName\":\"search_term_string\"}}],\"inLanguage\":\"pl-PL\"},{\"@type\":\"Organization\",\"@id\":\"https:\/\/test.weyer-gruppe.com\/pl\/#organization\",\"name\":\"weyer gruppe\",\"url\":\"https:\/\/test.weyer-gruppe.com\/pl\/\",\"logo\":{\"@type\":\"ImageObject\",\"inLanguage\":\"pl-PL\",\"@id\":\"https:\/\/test.weyer-gruppe.com\/pl\/#\/schema\/logo\/image\/\",\"url\":\"https:\/\/test.weyer-gruppe.com\/wp-content\/uploads\/2019\/07\/logo-weyer-gruppe-de.png\",\"contentUrl\":\"https:\/\/test.weyer-gruppe.com\/wp-content\/uploads\/2019\/07\/logo-weyer-gruppe-de.png\",\"width\":532,\"height\":513,\"caption\":\"weyer gruppe\"},\"image\":{\"@id\":\"https:\/\/test.weyer-gruppe.com\/pl\/#\/schema\/logo\/image\/\"},\"sameAs\":[\"https:\/\/www.facebook.com\/weyergruppe\",\"https:\/\/de.linkedin.com\/company\/weyer-gruppe\",\"https:\/\/www.youtube.com\/channel\/UCmZItECuW56Ih_p501_Bq8A\"]}]}<\/script>\n<!-- \/ Yoast SEO Premium plugin. -->","yoast_head_json":{"title":"Zarz\u0105dzanie energi\u0105 (ISO 50001) - weyer gruppe [test]","robots":{"index":"noindex","follow":"follow"},"og_locale":"pl_PL","og_type":"article","og_title":"Zarz\u0105dzanie energi\u0105 (ISO 50001)","og_description":"[vc_row][vc_column][vc_column_text]ISO 50001 jest obowi\u0105zuj\u0105c\u0105 na ca\u0142ym \u015bwiecie norm\u0105 Mi\u0119dzynarodowej Organizacji Normalizacyjnej (ISO), kt\u00f3ra ma na celu wspieranie organizacji i przedsi\u0119biorstw w ustanawianiu systematycznego zarz\u0105dzania energi\u0105; mo\u017ce by\u0107 r\u00f3wnie\u017c wykorzystana do [&hellip;]","og_url":"https:\/\/test.weyer-gruppe.com\/pl\/projektanci-i-producenci-instalacji\/zarzadzanie-energia-iso-50001-2\/","og_site_name":"weyer gruppe [test]","article_publisher":"https:\/\/www.facebook.com\/weyergruppe","article_modified_time":"2020-04-14T11:02:18+00:00","twitter_card":"summary_large_image","twitter_misc":{"Szacowany czas czytania":"2 minuty"},"schema":{"@context":"https:\/\/schema.org","@graph":[{"@type":"WebPage","@id":"https:\/\/test.weyer-gruppe.com\/pl\/projektanci-i-producenci-instalacji\/zarzadzanie-energia-iso-50001-2\/","url":"https:\/\/test.weyer-gruppe.com\/pl\/projektanci-i-producenci-instalacji\/zarzadzanie-energia-iso-50001-2\/","name":"Zarz\u0105dzanie energi\u0105 (ISO 50001) - weyer gruppe [test]","isPartOf":{"@id":"https:\/\/test.weyer-gruppe.com\/pl\/#website"},"datePublished":"2020-01-23T12:58:32+00:00","dateModified":"2020-04-14T11:02:18+00:00","breadcrumb":{"@id":"https:\/\/test.weyer-gruppe.com\/pl\/projektanci-i-producenci-instalacji\/zarzadzanie-energia-iso-50001-2\/#breadcrumb"},"inLanguage":"pl-PL","potentialAction":[{"@type":"ReadAction","target":["https:\/\/test.weyer-gruppe.com\/pl\/projektanci-i-producenci-instalacji\/zarzadzanie-energia-iso-50001-2\/"]}]},{"@type":"BreadcrumbList","@id":"https:\/\/test.weyer-gruppe.com\/pl\/projektanci-i-producenci-instalacji\/zarzadzanie-energia-iso-50001-2\/#breadcrumb","itemListElement":[{"@type":"ListItem","position":1,"name":"HOME","item":"https:\/\/test.weyer-gruppe.com\/pl\/"},{"@type":"ListItem","position":2,"name":"Projektanci i producenci instalacji","item":"https:\/\/test.weyer-gruppe.com\/pl\/projektanci-i-producenci-instalacji\/"},{"@type":"ListItem","position":3,"name":"Zarz\u0105dzanie energi\u0105 (ISO 50001)"}]},{"@type":"WebSite","@id":"https:\/\/test.weyer-gruppe.com\/pl\/#website","url":"https:\/\/test.weyer-gruppe.com\/pl\/","name":"weyer gruppe [test]","description":"komplett. durchdacht.","publisher":{"@id":"https:\/\/test.weyer-gruppe.com\/pl\/#organization"},"potentialAction":[{"@type":"SearchAction","target":{"@type":"EntryPoint","urlTemplate":"https:\/\/test.weyer-gruppe.com\/pl\/?s={search_term_string}"},"query-input":{"@type":"PropertyValueSpecification","valueRequired":true,"valueName":"search_term_string"}}],"inLanguage":"pl-PL"},{"@type":"Organization","@id":"https:\/\/test.weyer-gruppe.com\/pl\/#organization","name":"weyer gruppe","url":"https:\/\/test.weyer-gruppe.com\/pl\/","logo":{"@type":"ImageObject","inLanguage":"pl-PL","@id":"https:\/\/test.weyer-gruppe.com\/pl\/#\/schema\/logo\/image\/","url":"https:\/\/test.weyer-gruppe.com\/wp-content\/uploads\/2019\/07\/logo-weyer-gruppe-de.png","contentUrl":"https:\/\/test.weyer-gruppe.com\/wp-content\/uploads\/2019\/07\/logo-weyer-gruppe-de.png","width":532,"height":513,"caption":"weyer gruppe"},"image":{"@id":"https:\/\/test.weyer-gruppe.com\/pl\/#\/schema\/logo\/image\/"},"sameAs":["https:\/\/www.facebook.com\/weyergruppe","https:\/\/de.linkedin.com\/company\/weyer-gruppe","https:\/\/www.youtube.com\/channel\/UCmZItECuW56Ih_p501_Bq8A"]}]}},"_links":{"self":[{"href":"https:\/\/test.weyer-gruppe.com\/pl\/wp-json\/wp\/v2\/pages\/23533","targetHints":{"allow":["GET"]}}],"collection":[{"href":"https:\/\/test.weyer-gruppe.com\/pl\/wp-json\/wp\/v2\/pages"}],"about":[{"href":"https:\/\/test.weyer-gruppe.com\/pl\/wp-json\/wp\/v2\/types\/page"}],"author":[{"embeddable":true,"href":"https:\/\/test.weyer-gruppe.com\/pl\/wp-json\/wp\/v2\/users\/2"}],"replies":[{"embeddable":true,"href":"https:\/\/test.weyer-gruppe.com\/pl\/wp-json\/wp\/v2\/comments?post=23533"}],"version-history":[{"count":0,"href":"https:\/\/test.weyer-gruppe.com\/pl\/wp-json\/wp\/v2\/pages\/23533\/revisions"}],"up":[{"embeddable":true,"href":"https:\/\/test.weyer-gruppe.com\/pl\/wp-json\/wp\/v2\/pages\/23877"}],"wp:attachment":[{"href":"https:\/\/test.weyer-gruppe.com\/pl\/wp-json\/wp\/v2\/media?parent=23533"}],"curies":[{"name":"wp","href":"https:\/\/api.w.org\/{rel}","templated":true}]}}