{"id":23509,"date":"2019-12-17T10:19:41","date_gmt":"2019-12-17T09:19:41","guid":{"rendered":"https:\/\/test.weyer-gruppe.com\/ochrona-gatunkow-i-zgodnosc-z-dyrektywa-siedliskowa-2\/"},"modified":"2022-05-31T10:03:43","modified_gmt":"2022-05-31T08:03:43","slug":"ochrona-gatunkow-i-zgodnosc-z-dyrektywa-siedliskowa-2","status":"publish","type":"page","link":"https:\/\/test.weyer-gruppe.com\/pl\/projektanci-i-producenci-instalacji\/ochrona-gatunkow-i-zgodnosc-z-dyrektywa-siedliskowa-2\/","title":{"rendered":"Ochrona gatunk\u00f3w i zgodno\u015b\u0107 z dyrektyw\u0105 siedliskow\u0105"},"content":{"rendered":"[vc_row][vc_column][vc_column_text]Unijna sie\u0107 obszar\u00f3w ochrony fauny i flory (FFH) i ptak\u00f3w \u201e<a href=\"https:\/\/www.bmuv.de\/themen\/naturschutz-artenvielfalt\/naturschutz-biologische-vielfalt\/gebietsschutz-und-vernetzung\/natura-2000\" target=\"_blank\" rel=\"noopener noreferrer\">Natura 2000<\/a>\u201d s\u0142u\u017cy ochronie i zachowaniu zagro\u017conych lub typowych siedlisk i gatunk\u00f3w. Dlatego te\u017c plany i projekty, kt\u00f3re mog\u0105 mie\u0107 wp\u0142yw na te obszary chronione, wymagaj\u0105 m.in. oddzielnej oceny zgodno\u015bci z dyrektyw\u0105 siedliskow\u0105. Ponadto ochrona gatunk\u00f3w (szczeg\u00f3lnie i \u015bci\u015ble chronionych) jest wa\u017cnym aspektem w procedurze planowania lub licencjonowania. Nale\u017cy to wzi\u0105\u0107 pod uwag\u0119 ju\u017c na etapie planowania, poniewa\u017c badania w zakresie ochrony gatunk\u00f3w s\u0105 bardzo czasoch\u0142onne, a zatem mog\u0105 mie\u0107 wp\u0142yw na harmonogram projektu.<\/p>\n<p>Grupa weyer wspiera Pa\u0144stwa ekspertyzami zwi\u0105zanymi z ochron\u0105 \u015brodowiska w procedurach licencjonowania i planowania oraz przejmuje ca\u0142\u0105 komunikacj\u0119 z w\u0142adzami w zakresie ochrony gatunk\u00f3w i zgodno\u015bci z dyrektyw\u0105 siedliskow\u0105.<\/p>\n<h2>Us\u0142ugi w zakresie ochrony gatunk\u00f3w i zgodno\u015bci z dyrektyw\u0105 siedliskow\u0105<\/h2>\n<ul class=\"arrow-gray\">\n<li class=\"first-child\">Indywidualna analiza konkretnego projektu<\/li>\n<li>Kompetentne doradztwo w zakresie wymog\u00f3w bada\u0144 zgodno\u015bci dyrektyw\u0105 siedliskow\u0105<\/li>\n<li>Opinia ekspercka w sprawie zgodno\u015bci z obszarami <a href=\"http:\/\/www.ffh-gebiete.de\/\" target=\"_blank\" rel=\"noopener noreferrer\">Natura 2000<\/a> (obszary FFH i rezerwaty ptak\u00f3w UE): badania zgodno\u015bci i badania wst\u0119pne \/ oceny istotno\u015bci<\/li>\n<li>Analizy potencja\u0142u na podstawie prawa ochrony gatunk\u00f3w<\/li>\n<li>Opinia ekspercka w sprawie specjalnej ochrony gatunk\u00f3w<\/li>\n<li class=\"last-child\">Koordynacja wszystkich niezb\u0119dnych ekspertyz i koordynacja z organem udzielaj\u0105cym licencji<\/li>\n<\/ul>\n[\/vc_column_text][\/vc_column][\/vc_row][vc_row bg_type=&#8221;color&#8221; bg_color=&#8221;#0b3c80&#8243; font_color=&#8221;#ffffff&#8221;][vc_column css=&#8221;.vc_custom_1563974199119{padding-top: 25px !important;padding-bottom: 25px !important;padding-left: 25px !important;}&#8221;]<div class=\"grve-element grve-hr grve-space-divider\" style=\"\"><\/div><div class=\"grve-element grve-image-text\" style=\"\">  <div class=\"grve-content grve-align-right\">    <h6>weyer spezial: chrona gatunk\u00f3w i zgodno\u015b\u0107 z dyrektyw\u0105 siedliskow\u0105<\/h6>  <p>Gdy tylko projekt lub procedura mo\u017ce mie\u0107 wp\u0142yw na obszar Natura 2000 (FFH lub ostoj\u0119 ptak\u00f3w) lub istotne siedliska z chronionymi gatunkami, wymagane s\u0105 ekspertyzy z zakresu ochrony przyrody. Stanowi\u0105 one integraln\u0105 cz\u0119\u015b\u0107 dokument\u00f3w aplikacyjnych, dostarczaj\u0105 informacji na temat konkretnych skutk\u00f3w, jakie planowany projekt b\u0119dzie mia\u0142 dla danego ekosystemu. Mo\u017ce to by\u0107 bezpo\u015brednia utrata gruntu spowodowana przerostem zabudowy lub zmianami sytuacji na miejscu budowy spowodowanymi wprowadzaniem substancji i ha\u0142asem&#8230;<\/p>    <a href=\"https:\/\/test.weyer-gruppe.com\/wp-content\/uploads\/2019\/07\/weyer-spezial-artenschutz-0515.pdf\" target=\"_blank\" class=\"grve-read-more \">Pobierz weyer spezial tutaj<\/a>  <\/div><div class=\"grve-image\"><img decoding=\"async\" width=\"250\" height=\"354\" src=\"https:\/\/test.weyer-gruppe.com\/wp-content\/uploads\/2019\/07\/weyer-spezial-weyer-gruppe-artenschutz-ffh-vertraeglichkeit.jpg\" class=\"attachment-full size-full\" alt=\"weyer spezial\" srcset=\"\" \/><\/div><\/div><div class=\"grve-element grve-hr grve-space-divider\" style=\"\"><\/div>[\/vc_column][\/vc_row][vc_row][vc_column]<div class=\"grve-element grve-hr grve-space-divider\" style=\"\"><\/div><h3 class=\"grve-element grve-align-left grve-title-no-line grve-h3\" style=\"\"><span>Nasz zesp\u00f3\u0142<\/span><\/h3>[\/vc_column][\/vc_row][vc_row][vc_column width=&#8221;1\/4&#8243; tablet_sm_width=&#8221;1-2&#8243;]\r\n\t\t<div class=\"grve-team grve-element\" style=\"\">\r\n\t\t\t<figure class=\"grve-image-hover grve-style-1 grve-zoom-in\">\r\n\t\t\t\t<div class=\"grve-team-person grve-media grve-dark-overlay grve-opacity-60\">\r\n\t\t\t\t\t<img decoding=\"async\" width=\"300\" height=\"300\" src=\"https:\/\/test.weyer-gruppe.com\/wp-content\/uploads\/2019\/07\/guido-mueller-pr-2022.jpg\" class=\"attachment-grve-image-small-square size-grve-image-small-square\" alt=\"Foto von Guido M\u00fcller der Probiotec\" \/>\t\t\t\t<\/div>\r\n\t\t\t\t<figcaption>\r\n\t\t\t\t\t<div class=\"grve-team-description\">\r\n\t\t\t\t\t\t\t\t\t\t\t\t<h4 class=\"grve-team-name grve-dark grve-h4\">Guido M\u00fcller<\/h4>\r\n\t\t\t\t\t\t\t\t\t\t\t\t<small class=\"grve-team-identity grve-dark\">Probiotec<\/small>\r\n\t\t\t\t\t<\/div>\r\n\t\t\t\t\t\t\t\t\t\t<div class=\"grve-team-social grve-team-social-text grve-dark\">\r\n\t\t\t\t\t\t<ul>\r\n\t\t\t\t\t\t\t<li><a href=\"mailto:&#103;.mu&#101;lle&#114;&#64;&#119;&#101;&#121;e&#114;-&#103;&#114;uppe&#46;c&#111;m\">E-mail<\/a><\/li>\t\t\t\t\t\t<\/ul>\r\n\t\t\t\t\t<\/div>\r\n\t\t\t\t\t\t\t\t\t<\/figcaption>\r\n\t\t\t<\/figure>\r\n\t\t<\/div>\r\n\r\n\t\t[\/vc_column][vc_column width=&#8221;1\/4&#8243; tablet_sm_width=&#8221;1-2&#8243;][\/vc_column][vc_column width=&#8221;1\/4&#8243; tablet_sm_width=&#8221;1-2&#8243;][\/vc_column][vc_column width=&#8221;1\/4&#8243; tablet_sm_width=&#8221;1-2&#8243;][\/vc_column][\/vc_row][vc_row][vc_column]<div class=\"grve-element grve-hr grve-space-divider\" style=\"\"><\/div>[\/vc_column][\/vc_row]\n","protected":false},"excerpt":{"rendered":"<p>[vc_row][vc_column][vc_column_text]Unijna sie\u0107 obszar\u00f3w ochrony fauny i flory (FFH) i ptak\u00f3w \u201eNatura 2000\u201d s\u0142u\u017cy ochronie i zachowaniu zagro\u017conych lub typowych siedlisk i gatunk\u00f3w. Dlatego te\u017c plany i projekty, kt\u00f3re mog\u0105 mie\u0107 [&hellip;]<\/p>\n","protected":false},"author":3,"featured_media":0,"parent":23877,"menu_order":0,"comment_status":"closed","ping_status":"closed","template":"","meta":{"footnotes":""},"class_list":["post-23509","page","type-page","status-publish","hentry"],"yoast_head":"<!-- This site is optimized with the Yoast SEO Premium plugin v21.6 (Yoast SEO v26.8) - https:\/\/yoast.com\/product\/yoast-seo-premium-wordpress\/ -->\n<title>Ochrona gatunk\u00f3w i zgodno\u015b\u0107 z dyrektyw\u0105 siedliskow\u0105 - weyer gruppe [test]<\/title>\n<meta name=\"description\" content=\"Przy planowaniu r\u00f3\u017cnych projekt\u00f3w nale\u017cy sprawdzi\u0107 ich wp\u0142yw na ochron\u0119 gatunk\u00f3w i zgodno\u015b\u0107 z dyrektyw\u0105 siedliskow\u0105. S\u0142u\u017cymy Pa\u0144stwu wsparciem.\" \/>\n<meta name=\"robots\" content=\"noindex, follow, max-snippet:-1, max-image-preview:large, max-video-preview:-1\" \/>\n<meta property=\"og:locale\" content=\"pl_PL\" \/>\n<meta property=\"og:type\" content=\"article\" \/>\n<meta property=\"og:title\" content=\"Ochrona gatunk\u00f3w i zgodno\u015b\u0107 z dyrektyw\u0105 siedliskow\u0105\" \/>\n<meta property=\"og:description\" content=\"Przy planowaniu r\u00f3\u017cnych projekt\u00f3w nale\u017cy sprawdzi\u0107 ich wp\u0142yw na ochron\u0119 gatunk\u00f3w i zgodno\u015b\u0107 z dyrektyw\u0105 siedliskow\u0105. S\u0142u\u017cymy Pa\u0144stwu wsparciem.\" \/>\n<meta property=\"og:url\" content=\"https:\/\/test.weyer-gruppe.com\/pl\/projektanci-i-producenci-instalacji\/ochrona-gatunkow-i-zgodnosc-z-dyrektywa-siedliskowa-2\/\" \/>\n<meta property=\"og:site_name\" content=\"weyer gruppe [test]\" \/>\n<meta property=\"article:publisher\" content=\"https:\/\/www.facebook.com\/weyergruppe\" \/>\n<meta property=\"article:modified_time\" content=\"2022-05-31T08:03:43+00:00\" \/>\n<meta name=\"twitter:card\" content=\"summary_large_image\" \/>\n<meta name=\"twitter:label1\" content=\"Szacowany czas czytania\" \/>\n\t<meta name=\"twitter:data1\" content=\"2 minuty\" \/>\n<script type=\"application\/ld+json\" class=\"yoast-schema-graph\">{\"@context\":\"https:\/\/schema.org\",\"@graph\":[{\"@type\":\"WebPage\",\"@id\":\"https:\/\/test.weyer-gruppe.com\/pl\/projektanci-i-producenci-instalacji\/ochrona-gatunkow-i-zgodnosc-z-dyrektywa-siedliskowa-2\/\",\"url\":\"https:\/\/test.weyer-gruppe.com\/pl\/projektanci-i-producenci-instalacji\/ochrona-gatunkow-i-zgodnosc-z-dyrektywa-siedliskowa-2\/\",\"name\":\"Ochrona gatunk\u00f3w i zgodno\u015b\u0107 z dyrektyw\u0105 siedliskow\u0105 - weyer gruppe [test]\",\"isPartOf\":{\"@id\":\"https:\/\/test.weyer-gruppe.com\/pl\/#website\"},\"datePublished\":\"2019-12-17T09:19:41+00:00\",\"dateModified\":\"2022-05-31T08:03:43+00:00\",\"description\":\"Przy planowaniu r\u00f3\u017cnych projekt\u00f3w nale\u017cy sprawdzi\u0107 ich wp\u0142yw na ochron\u0119 gatunk\u00f3w i zgodno\u015b\u0107 z dyrektyw\u0105 siedliskow\u0105. S\u0142u\u017cymy Pa\u0144stwu wsparciem.\",\"breadcrumb\":{\"@id\":\"https:\/\/test.weyer-gruppe.com\/pl\/projektanci-i-producenci-instalacji\/ochrona-gatunkow-i-zgodnosc-z-dyrektywa-siedliskowa-2\/#breadcrumb\"},\"inLanguage\":\"pl-PL\",\"potentialAction\":[{\"@type\":\"ReadAction\",\"target\":[\"https:\/\/test.weyer-gruppe.com\/pl\/projektanci-i-producenci-instalacji\/ochrona-gatunkow-i-zgodnosc-z-dyrektywa-siedliskowa-2\/\"]}]},{\"@type\":\"BreadcrumbList\",\"@id\":\"https:\/\/test.weyer-gruppe.com\/pl\/projektanci-i-producenci-instalacji\/ochrona-gatunkow-i-zgodnosc-z-dyrektywa-siedliskowa-2\/#breadcrumb\",\"itemListElement\":[{\"@type\":\"ListItem\",\"position\":1,\"name\":\"HOME\",\"item\":\"https:\/\/test.weyer-gruppe.com\/pl\/\"},{\"@type\":\"ListItem\",\"position\":2,\"name\":\"Projektanci i producenci instalacji\",\"item\":\"https:\/\/test.weyer-gruppe.com\/pl\/projektanci-i-producenci-instalacji\/\"},{\"@type\":\"ListItem\",\"position\":3,\"name\":\"Ochrona gatunk\u00f3w i zgodno\u015b\u0107 z dyrektyw\u0105 siedliskow\u0105\"}]},{\"@type\":\"WebSite\",\"@id\":\"https:\/\/test.weyer-gruppe.com\/pl\/#website\",\"url\":\"https:\/\/test.weyer-gruppe.com\/pl\/\",\"name\":\"weyer gruppe [test]\",\"description\":\"komplett. durchdacht.\",\"publisher\":{\"@id\":\"https:\/\/test.weyer-gruppe.com\/pl\/#organization\"},\"potentialAction\":[{\"@type\":\"SearchAction\",\"target\":{\"@type\":\"EntryPoint\",\"urlTemplate\":\"https:\/\/test.weyer-gruppe.com\/pl\/?s={search_term_string}\"},\"query-input\":{\"@type\":\"PropertyValueSpecification\",\"valueRequired\":true,\"valueName\":\"search_term_string\"}}],\"inLanguage\":\"pl-PL\"},{\"@type\":\"Organization\",\"@id\":\"https:\/\/test.weyer-gruppe.com\/pl\/#organization\",\"name\":\"weyer gruppe\",\"url\":\"https:\/\/test.weyer-gruppe.com\/pl\/\",\"logo\":{\"@type\":\"ImageObject\",\"inLanguage\":\"pl-PL\",\"@id\":\"https:\/\/test.weyer-gruppe.com\/pl\/#\/schema\/logo\/image\/\",\"url\":\"https:\/\/test.weyer-gruppe.com\/wp-content\/uploads\/2019\/07\/logo-weyer-gruppe-de.png\",\"contentUrl\":\"https:\/\/test.weyer-gruppe.com\/wp-content\/uploads\/2019\/07\/logo-weyer-gruppe-de.png\",\"width\":532,\"height\":513,\"caption\":\"weyer gruppe\"},\"image\":{\"@id\":\"https:\/\/test.weyer-gruppe.com\/pl\/#\/schema\/logo\/image\/\"},\"sameAs\":[\"https:\/\/www.facebook.com\/weyergruppe\",\"https:\/\/de.linkedin.com\/company\/weyer-gruppe\",\"https:\/\/www.youtube.com\/channel\/UCmZItECuW56Ih_p501_Bq8A\"]}]}<\/script>\n<!-- \/ Yoast SEO Premium plugin. -->","yoast_head_json":{"title":"Ochrona gatunk\u00f3w i zgodno\u015b\u0107 z dyrektyw\u0105 siedliskow\u0105 - weyer gruppe [test]","description":"Przy planowaniu r\u00f3\u017cnych projekt\u00f3w nale\u017cy sprawdzi\u0107 ich wp\u0142yw na ochron\u0119 gatunk\u00f3w i zgodno\u015b\u0107 z dyrektyw\u0105 siedliskow\u0105. S\u0142u\u017cymy Pa\u0144stwu wsparciem.","robots":{"index":"noindex","follow":"follow","max-snippet":"max-snippet:-1","max-image-preview":"max-image-preview:large","max-video-preview":"max-video-preview:-1"},"og_locale":"pl_PL","og_type":"article","og_title":"Ochrona gatunk\u00f3w i zgodno\u015b\u0107 z dyrektyw\u0105 siedliskow\u0105","og_description":"Przy planowaniu r\u00f3\u017cnych projekt\u00f3w nale\u017cy sprawdzi\u0107 ich wp\u0142yw na ochron\u0119 gatunk\u00f3w i zgodno\u015b\u0107 z dyrektyw\u0105 siedliskow\u0105. S\u0142u\u017cymy Pa\u0144stwu wsparciem.","og_url":"https:\/\/test.weyer-gruppe.com\/pl\/projektanci-i-producenci-instalacji\/ochrona-gatunkow-i-zgodnosc-z-dyrektywa-siedliskowa-2\/","og_site_name":"weyer gruppe [test]","article_publisher":"https:\/\/www.facebook.com\/weyergruppe","article_modified_time":"2022-05-31T08:03:43+00:00","twitter_card":"summary_large_image","twitter_misc":{"Szacowany czas czytania":"2 minuty"},"schema":{"@context":"https:\/\/schema.org","@graph":[{"@type":"WebPage","@id":"https:\/\/test.weyer-gruppe.com\/pl\/projektanci-i-producenci-instalacji\/ochrona-gatunkow-i-zgodnosc-z-dyrektywa-siedliskowa-2\/","url":"https:\/\/test.weyer-gruppe.com\/pl\/projektanci-i-producenci-instalacji\/ochrona-gatunkow-i-zgodnosc-z-dyrektywa-siedliskowa-2\/","name":"Ochrona gatunk\u00f3w i zgodno\u015b\u0107 z dyrektyw\u0105 siedliskow\u0105 - weyer gruppe [test]","isPartOf":{"@id":"https:\/\/test.weyer-gruppe.com\/pl\/#website"},"datePublished":"2019-12-17T09:19:41+00:00","dateModified":"2022-05-31T08:03:43+00:00","description":"Przy planowaniu r\u00f3\u017cnych projekt\u00f3w nale\u017cy sprawdzi\u0107 ich wp\u0142yw na ochron\u0119 gatunk\u00f3w i zgodno\u015b\u0107 z dyrektyw\u0105 siedliskow\u0105. S\u0142u\u017cymy Pa\u0144stwu wsparciem.","breadcrumb":{"@id":"https:\/\/test.weyer-gruppe.com\/pl\/projektanci-i-producenci-instalacji\/ochrona-gatunkow-i-zgodnosc-z-dyrektywa-siedliskowa-2\/#breadcrumb"},"inLanguage":"pl-PL","potentialAction":[{"@type":"ReadAction","target":["https:\/\/test.weyer-gruppe.com\/pl\/projektanci-i-producenci-instalacji\/ochrona-gatunkow-i-zgodnosc-z-dyrektywa-siedliskowa-2\/"]}]},{"@type":"BreadcrumbList","@id":"https:\/\/test.weyer-gruppe.com\/pl\/projektanci-i-producenci-instalacji\/ochrona-gatunkow-i-zgodnosc-z-dyrektywa-siedliskowa-2\/#breadcrumb","itemListElement":[{"@type":"ListItem","position":1,"name":"HOME","item":"https:\/\/test.weyer-gruppe.com\/pl\/"},{"@type":"ListItem","position":2,"name":"Projektanci i producenci instalacji","item":"https:\/\/test.weyer-gruppe.com\/pl\/projektanci-i-producenci-instalacji\/"},{"@type":"ListItem","position":3,"name":"Ochrona gatunk\u00f3w i zgodno\u015b\u0107 z dyrektyw\u0105 siedliskow\u0105"}]},{"@type":"WebSite","@id":"https:\/\/test.weyer-gruppe.com\/pl\/#website","url":"https:\/\/test.weyer-gruppe.com\/pl\/","name":"weyer gruppe [test]","description":"komplett. durchdacht.","publisher":{"@id":"https:\/\/test.weyer-gruppe.com\/pl\/#organization"},"potentialAction":[{"@type":"SearchAction","target":{"@type":"EntryPoint","urlTemplate":"https:\/\/test.weyer-gruppe.com\/pl\/?s={search_term_string}"},"query-input":{"@type":"PropertyValueSpecification","valueRequired":true,"valueName":"search_term_string"}}],"inLanguage":"pl-PL"},{"@type":"Organization","@id":"https:\/\/test.weyer-gruppe.com\/pl\/#organization","name":"weyer gruppe","url":"https:\/\/test.weyer-gruppe.com\/pl\/","logo":{"@type":"ImageObject","inLanguage":"pl-PL","@id":"https:\/\/test.weyer-gruppe.com\/pl\/#\/schema\/logo\/image\/","url":"https:\/\/test.weyer-gruppe.com\/wp-content\/uploads\/2019\/07\/logo-weyer-gruppe-de.png","contentUrl":"https:\/\/test.weyer-gruppe.com\/wp-content\/uploads\/2019\/07\/logo-weyer-gruppe-de.png","width":532,"height":513,"caption":"weyer gruppe"},"image":{"@id":"https:\/\/test.weyer-gruppe.com\/pl\/#\/schema\/logo\/image\/"},"sameAs":["https:\/\/www.facebook.com\/weyergruppe","https:\/\/de.linkedin.com\/company\/weyer-gruppe","https:\/\/www.youtube.com\/channel\/UCmZItECuW56Ih_p501_Bq8A"]}]}},"_links":{"self":[{"href":"https:\/\/test.weyer-gruppe.com\/pl\/wp-json\/wp\/v2\/pages\/23509","targetHints":{"allow":["GET"]}}],"collection":[{"href":"https:\/\/test.weyer-gruppe.com\/pl\/wp-json\/wp\/v2\/pages"}],"about":[{"href":"https:\/\/test.weyer-gruppe.com\/pl\/wp-json\/wp\/v2\/types\/page"}],"author":[{"embeddable":true,"href":"https:\/\/test.weyer-gruppe.com\/pl\/wp-json\/wp\/v2\/users\/3"}],"replies":[{"embeddable":true,"href":"https:\/\/test.weyer-gruppe.com\/pl\/wp-json\/wp\/v2\/comments?post=23509"}],"version-history":[{"count":0,"href":"https:\/\/test.weyer-gruppe.com\/pl\/wp-json\/wp\/v2\/pages\/23509\/revisions"}],"up":[{"embeddable":true,"href":"https:\/\/test.weyer-gruppe.com\/pl\/wp-json\/wp\/v2\/pages\/23877"}],"wp:attachment":[{"href":"https:\/\/test.weyer-gruppe.com\/pl\/wp-json\/wp\/v2\/media?parent=23509"}],"curies":[{"name":"wp","href":"https:\/\/api.w.org\/{rel}","templated":true}]}}