{"id":23260,"date":"2019-12-17T09:19:02","date_gmt":"2019-12-17T08:19:02","guid":{"rendered":"https:\/\/test.weyer-gruppe.com\/ochrona-przeciwwybuchowa-zgodnie-z-dyrektywa-atex-2\/"},"modified":"2023-03-01T10:07:51","modified_gmt":"2023-03-01T09:07:51","slug":"ochrona-przeciwwybuchowa-zgodnie-z-dyrektywa-atex-2","status":"publish","type":"page","link":"https:\/\/test.weyer-gruppe.com\/pl\/projektanci-i-producenci-instalacji\/ochrona-przeciwwybuchowa-zgodnie-z-dyrektywa-atex-2\/","title":{"rendered":"Ochrona przeciwwybuchowa zgodnie z dyrektyw\u0105 ATEX"},"content":{"rendered":"[vc_row][vc_column][vc_column_text]Ochrona przeciwwybuchowa w Europie opiera si\u0119 na dyrektywie <a href=\"https:\/\/eur-lex.europa.eu\/legal-content\/DE\/TXT\/PDF\/?uri=OJ:JOL_2014_096_R_0309_01&amp;from=DE\" target=\"_blank\" rel=\"noopener noreferrer\">ATEX UE<\/a>, kt\u00f3ra zosta\u0142a w\u0142\u0105czona do prawa krajowego. Celem dyrektyw ATEX jest poprawa ochrony pracownik\u00f3w w strefach zagro\u017conych wybuchem. W tym celu pracodawca musi opracowa\u0107 koncepcj\u0119 ochrony przeciwwybuchowej, kt\u00f3ra opiera si\u0119 na \u015brodkach maj\u0105cych na celu unikni\u0119cie atmosfery wybuchowej, \u017ar\u00f3de\u0142 zap\u0142onu lub kontrol\u0119 wybuch\u00f3w, np. poprzez ognioszczeln\u0105 konstrukcj\u0119 instalacji.[\/vc_column_text][\/vc_column][\/vc_row][vc_row][vc_column][vc_tta_accordion c_icon=&#8221;chevron&#8221; active_section=&#8221;0&#8243; collapsible_all=&#8221;true&#8221;][vc_tta_section title=&#8221;Dokumenty i koncepcje dotycz\u0105ce ochrony przeciwwybuchowej&#8221; tab_id=&#8221;1573044242307-3b84cbd0-2ba4&#8243;][vc_column_text]Nach <a href=\"https:\/\/www.gesetze-im-internet.de\/gefstoffv_2010\/\" target=\"_blank\" rel=\"noopener noreferrer\">\u00a7 6 Absatz 9 der Gefahrstoffverordnung<\/a> bzw. nach <a href=\"https:\/\/www.ris.bka.gv.at\/GeltendeFassung.wxe?Abfrage=Bundesnormen&amp;Gesetzesnummer=20003475\" target=\"_blank\" rel=\"noopener noreferrer\">\u00a0\u00a75 der \u00f6sterreichischen Verordnung explosionsf\u00e4hige Atmosph\u00e4ren (VEXAT)<\/a> muss f\u00fcr eine Anlage bzw. einen Anlagenbereich, in dem gef\u00e4hrliche explosionsf\u00e4hige Gemische entstehen k\u00f6nnen, ein Explosionsschutzdokument erstellt werden. Die wesentlichen Bestandteile dieses Dokumentes sind:<\/p>\n<ul class=\"arrow-gray\">\n<li class=\"first-child\">die Gef\u00e4hrdungsbeurteilung und<\/li>\n<li class=\"last-child\">das Explosionsschutzkonzept.<\/li>\n<\/ul>\n<h4>Wie k\u00f6nnen wir Sie beim Thema Explosionsschutzdokument unterst\u00fctzen?<\/h4>\n<p>Wir erarbeiten f\u00fcr Sie schon im Rahmen der Anlagenplanung und des Genehmigungsverfahrens technisch und wirtschaftlich optimierte Explosionsschutzkonzepte. Neben m\u00f6glichst niedrigen Investitionskosten stehen vor allem die einfache Handhabung, Bedienbarkeit und Instandhaltung im Vordergrund.[\/vc_column_text][\/vc_tta_section][vc_tta_section title=&#8221;Kontrola instalacji w przestrzeniach zagro\u017conych wybuchem&#8221; tab_id=&#8221;1573044242337-291e30c7-82cb&#8221;][vc_column_text]Durch die Richtlinie <a href=\"https:\/\/eur-lex.europa.eu\/legal-content\/DE\/TXT\/?uri=celex%3A32014L0034\" target=\"_blank\" rel=\"noopener noreferrer\">2014\/34\/EU<\/a> ist der Explosionsschutz auch f\u00fcr elektrische und nicht-elektrische Ger\u00e4te eindeutig definiert worden. Neben den neuen Ger\u00e4ten sind insbesondere die bereits vor Ende der \u00dcbergangsfrist am 30.06.2003 in Betrieb genommenen Ger\u00e4te durch den Arbeitgeber auf Ihre Eignung zu \u00fcberpr\u00fcfen.<\/p>\n<h4>Welche Leistungen k\u00f6nnen wir Ihnen anbieten?<\/h4>\n<p>Wir erbringen f\u00fcr Sie den Nachweis der explosionsschutztechnischen Eignung f\u00fcr Ger\u00e4te, die bereits im Einsatz sind. Dazu f\u00fchren wir eine Z\u00fcndgefahrenbewertung nach <a href=\"https:\/\/www.iso.org\/standard\/56550.html\" target=\"_blank\" rel=\"noopener noreferrer\">DIN EN ISO 80079-36<\/a> durch und erstellen die notwendige technische Dokumentation. Falls erforderlich, werden hierzu benannte Stellen (z.B. die <a href=\"https:\/\/ibexu.de\/\" target=\"_blank\" rel=\"noopener noreferrer\">IBExU<\/a> aus Freiberg) mit eingebunden.[\/vc_column_text][\/vc_tta_section][vc_tta_section title=&#8221;Kontrola instalacji w przestrzeniach zagro\u017conych wybuchem&#8221; tab_id=&#8221;1573044390693-3b0ba2c3-08cc&#8221;][vc_column_text]Die Pr\u00fcfungen der Ger\u00e4te und Ex-Anlagen sind durch bef\u00e4higte Personen oder eine zugelassene \u00dcberwachungsstelle (Z\u00dcS) im Auftrag des Betreibers durchzuf\u00fchren. Hierzu geh\u00f6ren Pr\u00fcfungen vor der ersten Inbetriebnahme nach<a href=\"https:\/\/www.gesetze-im-internet.de\/betrsichv_2015\/\" target=\"_blank\" rel=\"noopener noreferrer\"> \u00a7 15 Betriebssicherheitsverordnung (BetrSichV)<\/a> (bzw. <a href=\"https:\/\/www.ris.bka.gv.at\/GeltendeFassung.wxe?Abfrage=Bundesnormen&amp;Gesetzesnummer=20003475\" target=\"_blank\" rel=\"noopener noreferrer\">\u00a77(1) VEXAT<\/a>) sowie wiederkehrenden Pr\u00fcfungen nach <a href=\"https:\/\/www.gesetze-im-internet.de\/betrsichv_2015\/\" target=\"_blank\" rel=\"noopener noreferrer\">\u00a7 16 BetrSichV<\/a> (bzw. <a href=\"https:\/\/www.ris.bka.gv.at\/GeltendeFassung.wxe?Abfrage=Bundesnormen&amp;Gesetzesnummer=20003475\" target=\"_blank\" rel=\"noopener noreferrer\">\u00a77(2) VEXAT<\/a>).<\/p>\n<p>Weiterhin sind nach <a href=\"https:\/\/www.gesetze-im-internet.de\/betrsichv_2015\/\" target=\"_blank\" rel=\"noopener noreferrer\">\u00a7 3 Absatz 6 BetrSichV<\/a> die Pr\u00fcffristen f\u00fcr elektrische und nicht-elektrische Ger\u00e4te festzulegen. Dies sollte in enger Abstimmung zwischen Arbeitgeber und Pr\u00fcfer erfolgen, damit die individuellen Betriebsbedingungen ber\u00fccksichtigt werden k\u00f6nnen.<\/p>\n<h4>Welche Leistungen k\u00f6nnen wir Ihnen anbieten?<\/h4>\n<p>Alle Ger\u00e4te und Ex-Anlagen, die nicht der Erlaubnispflicht des<a href=\"https:\/\/www.gesetze-im-internet.de\/betrsichv_2015\/\" target=\"_blank\" rel=\"noopener noreferrer\"> \u00a718 Satz 1 Nr. 3-7 der BetrSichV<\/a> unterliegen, k\u00f6nnen wir f\u00fcr Sie pr\u00fcfen.\u00a0 Weiterhin k\u00f6nnen wir Ihnen f\u00fcr alle Ger\u00e4te und Ex-Anlagen die maximalen Pr\u00fcffristen entsprechend der BetrSichV festlegen. (Die maximalen Pr\u00fcffristen entsprechend der BetrSichV k\u00f6nnen ggf. durch den Pr\u00fcfer auf Grund von Betriebsbedingungen angepasst werden.)[\/vc_column_text][\/vc_tta_section][vc_tta_section title=&#8221;Realizacja szkole\u0144 wewn\u0119trznych&#8221; tab_id=&#8221;1573044425553-a49b3204-16fe&#8221;][vc_column_text]Die Vielzahl der neu in Kraft getretenen Gesetze, Verordnungen, technischen Regeln und Normen im Explosionsschutz erfordern vom Betreiber eine intensive Auseinandersetzung mit diesen Fragenstellungen. Will er alle Rechte und Pflichten regelkonform umsetzen, so muss er sich zun\u00e4chst umfassend informieren:<\/p>\n<ul class=\"arrow-gray\">\n<li class=\"first-child\">Welche Vorschriften sind f\u00fcr welchen Anlagenbereich neu in Kraft getreten?<\/li>\n<li class=\"last-child\">Welche Konsequenzen ergeben sich im Einzelnen daraus f\u00fcr Ausr\u00fcstung, Betrieb und Organisation?<\/li>\n<\/ul>\n<p>Aber: Alle Aufgaben, die neben Ihrem Kerngesch\u00e4ft liegen, binden Zeit, Geld und Ressourcen.<\/p>\n<h4>Welche Aufgaben k\u00f6nnen wir Ihnen abnehmen?<\/h4>\n<p>Wir bieten Inhouse-Schulungen an, in denen unsere Sachverst\u00e4ndigen ihre Fachkenntnisse \u00fcber den Explosionsschutz nach ATEX-Richtlinie gezielt weitervermitteln. Der Betreiber legt dabei die inhaltlichen Schwerpunkte fest. Die Schulungen erfolgen nicht als Frontalvortrag, sondern der Sachverst\u00e4ndige animiert nach einer kurzen Einf\u00fchrung zu einer angeregten Diskussion, in der immer wieder neue Fragen aufgeworfen und beantwortet werden. So wird sichergestellt, dass auch wirklich alle individuellen Fragestellungen gekl\u00e4rt werden. Von unserer Inhouse-Schulung profitieren neben Betriebs- und \u00a0Planungsingenieuren insbesondere auch die f\u00fcr die Betriebssicherheit verantwortlichen Personen.[\/vc_column_text][\/vc_tta_section][\/vc_tta_accordion][\/vc_column][\/vc_row][vc_row][vc_column][vc_column_text]\n<h2>Leistungen<\/h2>\n<ul class=\"arrow-gray\">\n<li class=\"last-child\">Explosionsschutzdokumente<\/li>\n<li class=\"last-child\">Explosionsschutzkonzepte im Rahmen von Genehmigungsverfahren<\/li>\n<li class=\"last-child\">Explosionsschutzkonzepte f\u00fcr Hersteller im Rahmen der MRL<\/li>\n<li class=\"last-child\">Z\u00fcndgefahrenbewertung (ZGB) einzelner Ger\u00e4te\n<ul class=\"arrow-gray\">\n<li>f\u00fcr die Konformit\u00e4tserkl\u00e4rung nach ATEX oder<\/li>\n<li>f\u00fcr Betreiber im Rahmen der GBU<\/li>\n<\/ul>\n<\/li>\n<li class=\"last-child\">Stellungnahmen\/Gutachten<\/li>\n<li class=\"last-child\">Beratungen<\/li>\n<li class=\"last-child\">Pr\u00fcfungen nach \u00a7\u00a7 15, 16 BetrSichV<\/li>\n<li class=\"last-child\">Schulungen<\/li>\n<li class=\"last-child\">Berechnungen von\n<ul class=\"arrow-gray\">\n<li>Entlastungsfl\u00e4chen<\/li>\n<li>Ausbreitung von Gasen und somit Ex-Zone um Entlastungsventile<\/li>\n<\/ul>\n<\/li>\n<li class=\"last-child\">Stellung eines Ex-Schutzbeauftragten<\/li>\n<\/ul>\n[\/vc_column_text]<div class=\"grve-element grve-hr grve-space-divider\" style=\"\"><\/div>[\/vc_column][\/vc_row][vc_row bg_type=&#8221;color&#8221;][vc_column width=&#8221;1\/3&#8243; tablet_width=&#8221;1-2&#8243;]<div class=\"grve-element grve-counter grve-align-center\" style=\"\">  <div class=\"grve-icon fa fa-check grve-color-primary-1\"><\/div>  <div class=\"grve-counter-content\">    <div class=\"grve-counter-item grve-color-primary-1\">      <span data-thousands-separator-vis=\"\" data-thousands-separator=\".\" data-prefix=\"\" data-suffix=\"\" data-start-val=\"0\" data-end-val=\"20\" data-decimal-points=\"0\" data-decimal-separator=\",\">0<\/span>    <\/div><h5 class=\"grve-counter-title\"><span>Jahre Erfahrung<\/span><\/h5>  <\/div><\/div><div class=\"grve-element grve-hr grve-space-divider\" style=\"\"><\/div>[\/vc_column][vc_column width=&#8221;1\/3&#8243; tablet_width=&#8221;1-2&#8243;]<div class=\"grve-element grve-counter grve-align-center\" style=\"\">  <div class=\"grve-icon fa fa-clipboard grve-color-primary-1\"><\/div>  <div class=\"grve-counter-content\">    <div class=\"grve-counter-item grve-color-primary-1\">      <span data-thousands-separator-vis=\"\" data-thousands-separator=\".\" data-prefix=\"\" data-suffix=\"\" data-start-val=\"0\" data-end-val=\"115\" data-decimal-points=\"0\" data-decimal-separator=\",\">0<\/span>    <\/div><h5 class=\"grve-counter-title\"><span>Explosionsschutzkonzepte erstellt<\/span><\/h5>  <\/div><\/div><div class=\"grve-element grve-hr grve-space-divider\" style=\"\"><\/div>[\/vc_column][vc_column width=&#8221;1\/3&#8243; tablet_width=&#8221;1-2&#8243;]<div class=\"grve-element grve-counter grve-align-center\" style=\"\">  <div class=\"grve-icon fa fa-pencil-square-o grve-color-primary-1\"><\/div>  <div class=\"grve-counter-content\">    <div class=\"grve-counter-item grve-color-primary-1\">      <span data-thousands-separator-vis=\"\" data-thousands-separator=\".\" data-prefix=\"\" data-suffix=\"\" data-start-val=\"0\" data-end-val=\"420\" data-decimal-points=\"0\" data-decimal-separator=\",\">0<\/span>    <\/div><h5 class=\"grve-counter-title\"><span>Explosionsschutzdokumente erstellt<\/span><\/h5>  <\/div><\/div><div class=\"grve-element grve-hr grve-space-divider\" style=\"\"><\/div>[\/vc_column][\/vc_row][vc_row bg_type=&#8221;color&#8221; bg_color=&#8221;#0b3c80&#8243; font_color=&#8221;#ffffff&#8221;][vc_column]<div class=\"grve-element grve-hr grve-space-divider\" style=\"\"><\/div>[vc_row_inner][vc_column_inner width=&#8221;1\/2&#8243;][vc_column_text css=&#8221;.vc_custom_1659359584981{border-right-width: px !important;padding-right: 60px !important;}&#8221;]\n<div class=\"grve-content grve-align-right\" style=\"text-align: right;\">\n<div class=\"grve-content grve-align-right\">\n<h6>weyer spezial: Explosionsschutz<\/h6>\n<p>Im Explosionsschutz sind in den letzten Jahren zahlreiche neue Richtlinien, Gesetze, Verordnungen und technische Regeln erlassen worden. Durch die neuen Vorschriften erh\u00f6hen sich die betrieblichen und organisatorischen Anforderungen an die Betreiber: Ihnen wird ein weitaus h\u00f6heres Ma\u00df an Eigenverantwortung aufgeb\u00fcrdet\u2026<\/p>\n<p><a class=\"grve-read-more weyer-spezial-hover-link\" href=\"https:\/\/test.weyer-gruppe.com\/wp-content\/uploads\/2019\/07\/2022_weyer-spezial_Explosionsschutz.pdf\" target=\"_blank\" rel=\"noopener\">Hier weyer spezial herunterladen<\/a><\/p>\n<\/div>\n<\/div>\n[\/vc_column_text][\/vc_column_inner][vc_column_inner width=&#8221;1\/3&#8243;]<div class=\"grve-element grve-image grve-align-left\" style=\"\"><a href=\"https:\/\/test.weyer-gruppe.com\/wp-content\/uploads\/2019\/07\/2022_weyer-spezial_Explosionsschutz.pdf\" target=\"_self\"><img decoding=\"async\" width=\"250\" height=\"354\" src=\"https:\/\/test.weyer-gruppe.com\/wp-content\/uploads\/2019\/07\/weyer-spezial-weyer-gruppe-explosionsschutz.jpg\" class=\"attachment-full size-full\" alt=\"weyer spezial zum Thema Explosionsschutz\" \/><\/a><\/div>[\/vc_column_inner][\/vc_row_inner][vc_empty_space height=&#8221;60px&#8221;][\/vc_column][\/vc_row][vc_row][vc_column]<h3 class=\"grve-element grve-align-left grve-title-no-line grve-h3\" style=\"\"><span>H\u00e4ufig gestellte Fragen<\/span><\/h3>[vc_tta_accordion c_icon=&#8221;chevron&#8221; active_section=&#8221;1&#8243;][vc_tta_section title=&#8221;Ab wann ist eine Anlage eigentlich eine Ex-Anlage ?&#8221; tab_id=&#8221;ex-anlage6db4-e8cf&#8221;][vc_column_text]K\u00f6nnen sich im Bereich der betrachteten Anlage gef\u00e4hrliche explosionsf\u00e4hige Gemische bilden, ist sie als \u201eEx-Anlage\u201c zu betrachten. Das Auftreten der gef\u00e4hrliche explosionsf\u00e4hige Gemische ist <u>ohne <\/u>die Einbeziehung von Schutzma\u00dfnahmen zu bewerten.<\/p>\n<p>D. h. selbst wenn in einer Anlage keine explosionsgef\u00e4hrdeter Bereiche (Ex-Zonen) definiert sind aufgrund von (Explosions-) Schutzma\u00dfnahmen (technische Bel\u00fcftung, Inertisierung \u2026), die die Bildung von g.e.G. verhindern, ist diese Anlage eine Ex-Anlage und diese Schutzma\u00dfnahmen sind entsprechend zu pr\u00fcfen.[\/vc_column_text][\/vc_tta_section][vc_tta_section title=&#8221;Gibt es Mengenschwellen f\u00fcr entz\u00fcndbare Fl\u00fcssigkeiten, bis zu denen keine Explosionsschutzma\u00dfnahmen vorgeschrieben sind?&#8221; tab_id=&#8221;mengenschwellen6db4-e8cf&#8221;][vc_column_text]Bei Umgang mit Gefahrstoffen ist immer ein Gef\u00e4hrdungsbeurteilung (GBU) zu erstellen. Die Gefahrstoffverordnung (GefStoffV) erw\u00e4hnt keine \u201eBagatellgrenzen\u201c.<\/p>\n<p>In dieser GBU kann jedoch auf Grundlage der TRGS 510 \u201eLagerung von Gefahrstoffen in ortsbeweglichen Beh\u00e4ltern\u201c geschlussfolgert werden, dass in Abh\u00e4ngigkeit der Einstufung des Gefahrstoffes (H-S\u00e4tze) keine besonderen Schutzma\u00dfnahmen, die \u00fcber die allgemeinen Anforderungen eines Gefahrstofflagers hinaus gehen, notwendig sind. Dies ist z.B. bei extrem entz\u00fcndbaren Fl\u00fcssigkeiten (H224) bei Mengen \u2264 10\u00a0kg der Fall. Bei \u2264 200\u00a0kg sind noch erweiterte Anforderungen an das Gefahrstofflager ausreichend. Bei &gt; 200\u00a0kg sind jedoch besondere Schutzma\u00dfnahmen (Explosionsschutz) durchzuf\u00fchren.[\/vc_column_text][\/vc_tta_section][vc_tta_section title=&#8221;M\u00fcssen Mitarbeiter f\u00fcr die Arbeit in explosionsgef\u00e4hrdeten Bereichen zus\u00e4tzlich geschult werden?&#8221; tab_id=&#8221;schulungen6db4-e8cf&#8221;][vc_column_text]Ja, gem\u00e4\u00df \u00a714 (2) GefStoffV m\u00fcssen die Mitarbeiter m\u00fcndlich \u00fcber alle auftretenden Gef\u00e4hrdungen und entsprechende Schutzma\u00dfnahmen unterwiesen werden, hierzu geh\u00f6ren auch die Gef\u00e4hrdungen durch Explosionen. Die Unterweisung kann im Rahmen der Arbeitsschutzunterweisung stattfinden.[\/vc_column_text][\/vc_tta_section][vc_tta_section title=&#8221;Muss das Explosionsschutzdokument regelm\u00e4\u00dfig aktualisiert werden?&#8221; tab_id=&#8221;ex-schutz-dokument6db4-e8cf&#8221;][vc_column_text]In dem Explosionsschutzdokument ist die Gef\u00e4hrdungsbeurteilung f\u00fcr Gef\u00e4hrdungen von Explosionen darzustellen. Alle Gef\u00e4hrdungsbeurteilungen sind gem\u00e4\u00df \u00a76(10) GefStoffV regelm\u00e4\u00dfig zu \u00fcberpr\u00fcfen und umgehend zu aktualisieren bei ma\u00dfgeblichen Ver\u00e4nderungen.[\/vc_column_text][\/vc_tta_section][vc_tta_section title=&#8221;Wo sind die Pr\u00fcffristen f\u00fcr Ex-Anlagen festgeschrieben?&#8221; tab_id=&#8221;prueffristen6db4-e8cf&#8221;][vc_column_text]F\u00fcr Anlagen, in denen gef\u00e4hrliche explosionsf\u00e4hige Atmosph\u00e4ren auftreten k\u00f6nnen, sind die minimalen Pr\u00fcfintervalle in der Betriebssicherheitsverordnung (BetrSichV) Anhang 2 Abschnitt 3 Nr. 5 festgelegt. Diese BetrSichV gilt seit 2015. Bei Anlagen, die vor dem 1. Juni 2012 in Betrieb genommen worden sind, galt bis 01. Juni 2018 eine \u00dcbergangsfrist, bis zu der diese Anlagen wiederkehrend gepr\u00fcft sein mussten.<\/p>\n<p>Im Falle von gef\u00e4hrlichen explosionsf\u00e4higen Gemischen sind in der GBU Pr\u00fcfintervalle festzulegen, die Bindung an die Pr\u00fcffristen der BetrSichV entf\u00e4llt, wobei diese als Referenzwert i.d.R. sinnvoll sind.[\/vc_column_text][\/vc_tta_section][vc_tta_section title=&#8221;Ersetzt das Explosionsschutzdokument die GBU nach BetrSichV?&#8221; tab_id=&#8221;gefaehrdungsbeurteilung6db4-e8cf&#8221;][vc_column_text]Nein, das Explosionsschutzdokument ist die Gef\u00e4hrdungsbeurteilung (GBU) gem\u00e4\u00df \u00a76(9) GefStoffV und betrachtet ausschlie\u00dflich die Gef\u00e4hrdungen durch Explosionen. Die GBU nach \u00a73 BetrSichV betrachtet alle Gef\u00e4hrdungen, die bei der Verwendung mit Arbeitsmitteln auftreten k\u00f6nnen und umfasst daher noch andere Gef\u00e4hrdungen. Bei dem Punkt \u201eGef\u00e4hrdungen durch Explosionen\u201c kann jedoch auf das Explosionsschutzdokument verwiesen werden.[\/vc_column_text][\/vc_tta_section][vc_tta_section title=&#8221;Ist ein Ex-Zonen Plan verpflichtend?&#8221; tab_id=&#8221;ex-zonen-plan6db4-e8cf&#8221;][vc_column_text]Nein, es ist nicht vorgeschrieben, die in dem Explosionsschutzdokument ermittelten Ex-Zonen in einem Plan grafisch zu verbildlichen. Es ist jedoch ein sehr hilfreiches Mittel, die Ex-Zonen gut \u00fcbersichtlich und auf einem Blick darzustellen und so besser in dem betrieblichen Ablauf umzusetzen.[\/vc_column_text][\/vc_tta_section][vc_tta_section title=&#8221;Ist es besser ein einziges Explosionsschutzdokument oder f\u00fcr jede Anlage ein Teildokument und f\u00fcr alle ein \u00fcbergeordnetes Explosionsschutzdokument zu erstellen?&#8221; tab_id=&#8221;teildokument-gesamtdokument6db4-e8cf&#8221;][vc_column_text]Das ist grunds\u00e4tzlich dem Arbeitgeber \u00fcberlassen wie er dies gestalten m\u00f6chte. Auch hier gibt es keine Vorgabe. Es kann je nach Gr\u00f6\u00dfe des Betriebes \u00fcbersichtlicher sein, Teilbereich des Standortes in einem Teilexplosionsschutzdokument zu betrachten und f\u00fcr alle Teildokumente ein \u00fcbergeordnetes Dokument zu erstellen, in dem Ma\u00dfnahmen und Grundlegendes definiert sind, die f\u00fcr alle gelten.[\/vc_column_text][\/vc_tta_section][vc_tta_section title=&#8221;Gibt es Vorgaben zur Ausf\u00fchrung von EMSR-Technik f\u00fcr den Explosionsschutz?&#8221; tab_id=&#8221;emsr-technik-ex-schutz6db4-e8cf&#8221;][vc_column_text]Werden Mess- und Regelungstechnik zur \u00dcberwachung von Explosionsschutzma\u00dfnahmen verwendet, sind sie gem\u00e4\u00df TRGS 725 auszuf\u00fchren. Die TRGS 725 ersetzt damit die fr\u00fchere Einstufung der EMSR Technik nach der VDI 2180 Teil 6.[\/vc_column_text][\/vc_tta_section][\/vc_tta_accordion][\/vc_column][\/vc_row][vc_row][vc_column]<h3 class=\"grve-element grve-align-left grve-title-no-line grve-h3\" style=\"\"><span>Nasz zesp\u00f3\u0142<\/span><\/h3>[\/vc_column][\/vc_row][vc_row][vc_column width=&#8221;1\/4&#8243; tablet_width=&#8221;1-4&#8243; tablet_sm_width=&#8221;1-2&#8243;]\r\n\t\t<div class=\"grve-team grve-element\" style=\"\">\r\n\t\t\t<figure class=\"grve-image-hover grve-style-1 grve-zoom-in\">\r\n\t\t\t\t<div class=\"grve-team-person grve-media grve-dark-overlay grve-opacity-60\">\r\n\t\t\t\t\t<img decoding=\"async\" width=\"560\" height=\"560\" src=\"https:\/\/test.weyer-gruppe.com\/wp-content\/uploads\/2020\/12\/a.zulauf-edited-560x560.jpg\" class=\"attachment-grve-image-small-square size-grve-image-small-square\" alt=\"\" srcset=\"https:\/\/test.weyer-gruppe.com\/wp-content\/uploads\/2020\/12\/a.zulauf-edited-560x560.jpg 560w, https:\/\/test.weyer-gruppe.com\/wp-content\/uploads\/2020\/12\/a.zulauf-edited-300x300.jpg 300w, https:\/\/test.weyer-gruppe.com\/wp-content\/uploads\/2020\/12\/a.zulauf-edited-1022x1024.jpg 1022w, https:\/\/test.weyer-gruppe.com\/wp-content\/uploads\/2020\/12\/a.zulauf-edited-150x150.jpg 150w, https:\/\/test.weyer-gruppe.com\/wp-content\/uploads\/2020\/12\/a.zulauf-edited-768x770.jpg 768w, https:\/\/test.weyer-gruppe.com\/wp-content\/uploads\/2020\/12\/a.zulauf-edited-1533x1536.jpg 1533w, https:\/\/test.weyer-gruppe.com\/wp-content\/uploads\/2020\/12\/a.zulauf-edited-80x80.jpg 80w, https:\/\/test.weyer-gruppe.com\/wp-content\/uploads\/2020\/12\/a.zulauf-edited-1120x1120.jpg 1120w, https:\/\/test.weyer-gruppe.com\/wp-content\/uploads\/2020\/12\/a.zulauf-edited-1916x1920.jpg 1916w\" sizes=\"(max-width: 560px) 100vw, 560px\" \/>\t\t\t\t<\/div>\r\n\t\t\t\t<figcaption>\r\n\t\t\t\t\t<div class=\"grve-team-description\">\r\n\t\t\t\t\t\t\t\t\t\t\t\t<h4 class=\"grve-team-name grve-dark grve-h4\">Dr. Alexander Zulauf<\/h4>\r\n\t\t\t\t\t\t\t\t\t\t\t\t<small class=\"grve-team-identity grve-dark\">horst weyer und partner<\/small>\r\n\t\t\t\t\t<\/div>\r\n\t\t\t\t\t\t\t\t\t\t<div class=\"grve-team-social grve-team-social-text grve-dark\">\r\n\t\t\t\t\t\t<ul>\r\n\t\t\t\t\t\t\t<li><a href=\"mailto:&#97;.&#122;ulauf&#64;we&#121;&#101;r-&#103;&#114;&#117;&#112;&#112;e&#46;&#99;o&#109;\">E-mail<\/a><\/li>\t\t\t\t\t\t<\/ul>\r\n\t\t\t\t\t<\/div>\r\n\t\t\t\t\t\t\t\t\t<\/figcaption>\r\n\t\t\t<\/figure>\r\n\t\t<\/div>\r\n\r\n\t\t[\/vc_column][vc_column width=&#8221;1\/4&#8243; tablet_width=&#8221;1-4&#8243; tablet_sm_width=&#8221;1-2&#8243;]\r\n\t\t<div class=\"grve-team grve-element\" style=\"\">\r\n\t\t\t<figure class=\"grve-image-hover grve-style-1 grve-zoom-in\">\r\n\t\t\t\t<div class=\"grve-team-person grve-media grve-dark-overlay grve-opacity-60\">\r\n\t\t\t\t\t<img decoding=\"async\" width=\"300\" height=\"300\" src=\"https:\/\/test.weyer-gruppe.com\/wp-content\/uploads\/2019\/07\/anna-schoellhorn-horst-weyer-und-partner.jpg\" class=\"attachment-grve-image-small-square size-grve-image-small-square\" alt=\"Zdj\u0119cie pracownika Anna Sch\u00f6llhorn z horst weyer und partner gmbh\" srcset=\"https:\/\/test.weyer-gruppe.com\/wp-content\/uploads\/2019\/07\/anna-schoellhorn-horst-weyer-und-partner.jpg 300w, https:\/\/test.weyer-gruppe.com\/wp-content\/uploads\/2019\/07\/anna-schoellhorn-horst-weyer-und-partner-150x150.jpg 150w, https:\/\/test.weyer-gruppe.com\/wp-content\/uploads\/2019\/07\/anna-schoellhorn-horst-weyer-und-partner-80x80.jpg 80w\" sizes=\"(max-width: 300px) 100vw, 300px\" \/>\t\t\t\t<\/div>\r\n\t\t\t\t<figcaption>\r\n\t\t\t\t\t<div class=\"grve-team-description\">\r\n\t\t\t\t\t\t\t\t\t\t\t\t<h4 class=\"grve-team-name grve-dark grve-h4\">Anna Sch\u00f6llhorn<\/h4>\r\n\t\t\t\t\t\t\t\t\t\t\t\t<small class=\"grve-team-identity grve-dark\">horst weyer und partner<\/small>\r\n\t\t\t\t\t<\/div>\r\n\t\t\t\t\t\t\t\t\t\t<div class=\"grve-team-social grve-team-social-text grve-dark\">\r\n\t\t\t\t\t\t<ul>\r\n\t\t\t\t\t\t\t<li><a href=\"mailto:a&#46;sch&#111;&#101;llhorn&#64;&#119;eyer-g&#114;&#117;&#112;pe&#46;co&#109;\">E-mail<\/a><\/li>\t\t\t\t\t\t<\/ul>\r\n\t\t\t\t\t<\/div>\r\n\t\t\t\t\t\t\t\t\t<\/figcaption>\r\n\t\t\t<\/figure>\r\n\t\t<\/div>\r\n\r\n\t\t[\/vc_column][vc_column width=&#8221;1\/4&#8243; tablet_width=&#8221;1-4&#8243; tablet_sm_width=&#8221;1-2&#8243;]\r\n\t\t<div class=\"grve-team grve-element\" style=\"\">\r\n\t\t\t<figure class=\"grve-image-hover grve-style-1 grve-zoom-in\">\r\n\t\t\t\t<div class=\"grve-team-person grve-media grve-dark-overlay grve-opacity-60\">\r\n\t\t\t\t\t<img decoding=\"async\" width=\"300\" height=\"300\" src=\"https:\/\/test.weyer-gruppe.com\/wp-content\/uploads\/2019\/07\/franz-josef-kipshagen-horst-weyer-und-partner.jpg\" class=\"attachment-grve-image-small-square size-grve-image-small-square\" alt=\"Zdj\u0119cie pracownika Franz Josef Kipshagen z horst weyer und partner gmbh\" srcset=\"https:\/\/test.weyer-gruppe.com\/wp-content\/uploads\/2019\/07\/franz-josef-kipshagen-horst-weyer-und-partner.jpg 300w, https:\/\/test.weyer-gruppe.com\/wp-content\/uploads\/2019\/07\/franz-josef-kipshagen-horst-weyer-und-partner-150x150.jpg 150w, https:\/\/test.weyer-gruppe.com\/wp-content\/uploads\/2019\/07\/franz-josef-kipshagen-horst-weyer-und-partner-80x80.jpg 80w\" sizes=\"(max-width: 300px) 100vw, 300px\" \/>\t\t\t\t<\/div>\r\n\t\t\t\t<figcaption>\r\n\t\t\t\t\t<div class=\"grve-team-description\">\r\n\t\t\t\t\t\t\t\t\t\t\t\t<h4 class=\"grve-team-name grve-dark grve-h4\">Franz-Josef Kipshagen<\/h4>\r\n\t\t\t\t\t\t\t\t\t\t\t\t<small class=\"grve-team-identity grve-dark\">horst weyer und partner<\/small>\r\n\t\t\t\t\t<\/div>\r\n\t\t\t\t\t\t\t\t\t\t<div class=\"grve-team-social grve-team-social-text grve-dark\">\r\n\t\t\t\t\t\t<ul>\r\n\t\t\t\t\t\t\t<li><a href=\"mailto:f.k&#105;pshag&#101;n&#64;wey&#101;&#114;-&#103;r&#117;p&#112;&#101;&#46;&#99;o&#109;\">E-mail<\/a><\/li>\t\t\t\t\t\t<\/ul>\r\n\t\t\t\t\t<\/div>\r\n\t\t\t\t\t\t\t\t\t<\/figcaption>\r\n\t\t\t<\/figure>\r\n\t\t<\/div>\r\n\r\n\t\t[\/vc_column][vc_column width=&#8221;1\/4&#8243; tablet_width=&#8221;1-4&#8243; tablet_sm_width=&#8221;1-2&#8243;]\r\n\t\t<div class=\"grve-team grve-element\" style=\"\">\r\n\t\t\t<figure class=\"grve-image-hover grve-style-1 grve-zoom-in\">\r\n\t\t\t\t<div class=\"grve-team-person grve-media grve-dark-overlay grve-opacity-60\">\r\n\t\t\t\t\t<img decoding=\"async\" width=\"300\" height=\"300\" src=\"https:\/\/test.weyer-gruppe.com\/wp-content\/uploads\/2021\/11\/hwp-b.schneider.jpg\" class=\"attachment-grve-image-small-square size-grve-image-small-square\" alt=\"\" srcset=\"https:\/\/test.weyer-gruppe.com\/wp-content\/uploads\/2021\/11\/hwp-b.schneider.jpg 300w, https:\/\/test.weyer-gruppe.com\/wp-content\/uploads\/2021\/11\/hwp-b.schneider-150x150.jpg 150w, https:\/\/test.weyer-gruppe.com\/wp-content\/uploads\/2021\/11\/hwp-b.schneider-80x80.jpg 80w\" sizes=\"(max-width: 300px) 100vw, 300px\" \/>\t\t\t\t<\/div>\r\n\t\t\t\t<figcaption>\r\n\t\t\t\t\t<div class=\"grve-team-description\">\r\n\t\t\t\t\t\t\t\t\t\t\t\t<h4 class=\"grve-team-name grve-dark grve-h4\">Bertram Schneider<\/h4>\r\n\t\t\t\t\t\t\t\t\t\t\t\t<small class=\"grve-team-identity grve-dark\">horst weyer und partner<\/small>\r\n\t\t\t\t\t<\/div>\r\n\t\t\t\t\t\t\t\t\t\t<div class=\"grve-team-social grve-team-social-text grve-dark\">\r\n\t\t\t\t\t\t<ul>\r\n\t\t\t\t\t\t\t<li><a href=\"mailto:b&#46;&#115;c&#104;ne&#105;&#100;e&#114;&#64;&#119;e&#121;&#101;r-&#103;r&#117;&#112;&#112;e&#46;&#99;o&#109;\">E-mail<\/a><\/li>\t\t\t\t\t\t<\/ul>\r\n\t\t\t\t\t<\/div>\r\n\t\t\t\t\t\t\t\t\t<\/figcaption>\r\n\t\t\t<\/figure>\r\n\t\t<\/div>\r\n\r\n\t\t[\/vc_column][\/vc_row][vc_row][vc_column width=&#8221;1\/4&#8243; tablet_sm_width=&#8221;1-2&#8243;]\r\n\t\t<div class=\"grve-team grve-element\" style=\"\">\r\n\t\t\t<figure class=\"grve-image-hover grve-style-1 grve-zoom-in\">\r\n\t\t\t\t<div class=\"grve-team-person grve-media grve-dark-overlay grve-opacity-60\">\r\n\t\t\t\t\t<img decoding=\"async\" width=\"300\" height=\"300\" src=\"https:\/\/test.weyer-gruppe.com\/wp-content\/uploads\/2019\/07\/peter-noeldeke-horst-weyer-und-partner.png\" class=\"attachment-grve-image-small-square size-grve-image-small-square\" alt=\"Zdj\u0119cie Peter Noeldeke z horst weyer und partner gmbh\" srcset=\"https:\/\/test.weyer-gruppe.com\/wp-content\/uploads\/2019\/07\/peter-noeldeke-horst-weyer-und-partner.png 300w, https:\/\/test.weyer-gruppe.com\/wp-content\/uploads\/2019\/07\/peter-noeldeke-horst-weyer-und-partner-150x150.png 150w, https:\/\/test.weyer-gruppe.com\/wp-content\/uploads\/2019\/07\/peter-noeldeke-horst-weyer-und-partner-80x80.png 80w\" sizes=\"(max-width: 300px) 100vw, 300px\" \/>\t\t\t\t<\/div>\r\n\t\t\t\t<figcaption>\r\n\t\t\t\t\t<div class=\"grve-team-description\">\r\n\t\t\t\t\t\t\t\t\t\t\t\t<h4 class=\"grve-team-name grve-dark grve-h4\">Peter N\u00f6ldeke<\/h4>\r\n\t\t\t\t\t\t\t\t\t\t\t\t<small class=\"grve-team-identity grve-dark\">horst weyer und partner<\/small>\r\n\t\t\t\t\t<\/div>\r\n\t\t\t\t\t\t\t\t\t\t<div class=\"grve-team-social grve-team-social-text grve-dark\">\r\n\t\t\t\t\t\t<ul>\r\n\t\t\t\t\t\t\t<li><a href=\"mailto:&#112;.&#110;&#111;e&#108;d&#101;k&#101;&#64;wey&#101;&#114;&#45;gru&#112;pe.c&#111;&#109;\">E-mail<\/a><\/li>\t\t\t\t\t\t<\/ul>\r\n\t\t\t\t\t<\/div>\r\n\t\t\t\t\t\t\t\t\t<\/figcaption>\r\n\t\t\t<\/figure>\r\n\t\t<\/div>\r\n\r\n\t\t[\/vc_column][vc_column width=&#8221;1\/4&#8243; tablet_sm_width=&#8221;1-2&#8243;]\r\n\t\t<div class=\"grve-team grve-element\" style=\"\">\r\n\t\t\t<figure class=\"grve-image-hover grve-style-1 grve-zoom-in\">\r\n\t\t\t\t<div class=\"grve-team-person grve-media grve-dark-overlay grve-opacity-60\">\r\n\t\t\t\t\t<img decoding=\"async\" width=\"300\" height=\"300\" src=\"https:\/\/test.weyer-gruppe.com\/wp-content\/uploads\/2019\/07\/ralf-schiffel-horst-weyer-und-partner.png\" class=\"attachment-grve-image-small-square size-grve-image-small-square\" alt=\"Zdj\u0119cie Ralfa Schiffla z horst weyer und partner gmbh\" srcset=\"https:\/\/test.weyer-gruppe.com\/wp-content\/uploads\/2019\/07\/ralf-schiffel-horst-weyer-und-partner.png 300w, https:\/\/test.weyer-gruppe.com\/wp-content\/uploads\/2019\/07\/ralf-schiffel-horst-weyer-und-partner-150x150.png 150w, https:\/\/test.weyer-gruppe.com\/wp-content\/uploads\/2019\/07\/ralf-schiffel-horst-weyer-und-partner-80x80.png 80w\" sizes=\"(max-width: 300px) 100vw, 300px\" \/>\t\t\t\t<\/div>\r\n\t\t\t\t<figcaption>\r\n\t\t\t\t\t<div class=\"grve-team-description\">\r\n\t\t\t\t\t\t\t\t\t\t\t\t<h4 class=\"grve-team-name grve-dark grve-h4\">Ralf Schiffel<\/h4>\r\n\t\t\t\t\t\t\t\t\t\t\t\t<small class=\"grve-team-identity grve-dark\">horst weyer und partner<\/small>\r\n\t\t\t\t\t<\/div>\r\n\t\t\t\t\t\t\t\t\t\t<div class=\"grve-team-social grve-team-social-text grve-dark\">\r\n\t\t\t\t\t\t<ul>\r\n\t\t\t\t\t\t\t<li><a href=\"mailto:r&#46;sch&#105;f&#102;&#101;&#108;&#64;w&#101;&#121;&#101;&#114;&#45;grup&#112;&#101;.&#99;&#111;m\">E-mail<\/a><\/li>\t\t\t\t\t\t<\/ul>\r\n\t\t\t\t\t<\/div>\r\n\t\t\t\t\t\t\t\t\t<\/figcaption>\r\n\t\t\t<\/figure>\r\n\t\t<\/div>\r\n\r\n\t\t[\/vc_column][vc_column width=&#8221;1\/4&#8243;]\r\n\t\t<div class=\"grve-team grve-element\" style=\"\">\r\n\t\t\t<figure class=\"grve-image-hover grve-style-1 grve-zoom-in\">\r\n\t\t\t\t<div class=\"grve-team-person grve-media grve-dark-overlay grve-opacity-60\">\r\n\t\t\t\t\t<img decoding=\"async\" width=\"300\" height=\"300\" src=\"https:\/\/test.weyer-gruppe.com\/wp-content\/uploads\/2019\/07\/wip-t.brandes.png\" class=\"attachment-grve-image-small-square size-grve-image-small-square\" alt=\"Zdj\u0119cie pracownika Tobias Brandes z weyer IngenieurPartner GmbH\" srcset=\"https:\/\/test.weyer-gruppe.com\/wp-content\/uploads\/2019\/07\/wip-t.brandes.png 300w, https:\/\/test.weyer-gruppe.com\/wp-content\/uploads\/2019\/07\/wip-t.brandes-150x150.png 150w, https:\/\/test.weyer-gruppe.com\/wp-content\/uploads\/2019\/07\/wip-t.brandes-80x80.png 80w\" sizes=\"(max-width: 300px) 100vw, 300px\" \/>\t\t\t\t<\/div>\r\n\t\t\t\t<figcaption>\r\n\t\t\t\t\t<div class=\"grve-team-description\">\r\n\t\t\t\t\t\t\t\t\t\t\t\t<h4 class=\"grve-team-name grve-dark grve-h4\">Tobias Brandes<\/h4>\r\n\t\t\t\t\t\t\t\t\t\t\t\t<small class=\"grve-team-identity grve-dark\">weyer IngenieurPartner<\/small>\r\n\t\t\t\t\t<\/div>\r\n\t\t\t\t\t\t\t\t\t\t<div class=\"grve-team-social grve-team-social-text grve-dark\">\r\n\t\t\t\t\t\t<ul>\r\n\t\t\t\t\t\t\t<li><a href=\"mailto:t.br&#97;&#110;des&#64;w&#101;yer&#45;&#103;r&#117;p&#112;e&#46;com\">E-mail<\/a><\/li>\t\t\t\t\t\t<\/ul>\r\n\t\t\t\t\t<\/div>\r\n\t\t\t\t\t\t\t\t\t<\/figcaption>\r\n\t\t\t<\/figure>\r\n\t\t<\/div>\r\n\r\n\t\t[\/vc_column][vc_column width=&#8221;1\/4&#8243;]\r\n\t\t<div class=\"grve-team grve-element\" style=\"\">\r\n\t\t\t<figure class=\"grve-image-hover grve-style-1 grve-zoom-in\">\r\n\t\t\t\t<div class=\"grve-team-person grve-media grve-dark-overlay grve-opacity-60\">\r\n\t\t\t\t\t<img decoding=\"async\" width=\"300\" height=\"300\" src=\"https:\/\/test.weyer-gruppe.com\/wp-content\/uploads\/2019\/09\/as-u-gamerith-weyer-reinhard-felleitner.jpg\" class=\"attachment-grve-image-small-square size-grve-image-small-square\" alt=\"Zdj\u0119cie Reinhardt Felleitner z As-U Gamerith-Weyer GmbH\" srcset=\"https:\/\/test.weyer-gruppe.com\/wp-content\/uploads\/2019\/09\/as-u-gamerith-weyer-reinhard-felleitner.jpg 300w, https:\/\/test.weyer-gruppe.com\/wp-content\/uploads\/2019\/09\/as-u-gamerith-weyer-reinhard-felleitner-150x150.jpg 150w, https:\/\/test.weyer-gruppe.com\/wp-content\/uploads\/2019\/09\/as-u-gamerith-weyer-reinhard-felleitner-80x80.jpg 80w\" sizes=\"(max-width: 300px) 100vw, 300px\" \/>\t\t\t\t<\/div>\r\n\t\t\t\t<figcaption>\r\n\t\t\t\t\t<div class=\"grve-team-description\">\r\n\t\t\t\t\t\t\t\t\t\t\t\t<h4 class=\"grve-team-name grve-dark grve-h4\">Reinhard Felleitner<\/h4>\r\n\t\t\t\t\t\t\t\t\t\t\t\t<small class=\"grve-team-identity grve-dark\">As-U Gamerith-Weyer<\/small>\r\n\t\t\t\t\t<\/div>\r\n\t\t\t\t\t\t\t\t\t\t<div class=\"grve-team-social grve-team-social-text grve-dark\">\r\n\t\t\t\t\t\t<ul>\r\n\t\t\t\t\t\t\t<li><a href=\"mailto:r&#46;&#102;e&#108;&#108;&#101;i&#116;&#110;er&#64;wey&#101;r-&#103;&#114;&#117;&#112;&#112;&#101;.co&#109;\">E-mail<\/a><\/li>\t\t\t\t\t\t<\/ul>\r\n\t\t\t\t\t<\/div>\r\n\t\t\t\t\t\t\t\t\t<\/figcaption>\r\n\t\t\t<\/figure>\r\n\t\t<\/div>\r\n\r\n\t\t[\/vc_column][\/vc_row]\n","protected":false},"excerpt":{"rendered":"<p>[vc_row][vc_column][vc_column_text]Ochrona przeciwwybuchowa w Europie opiera si\u0119 na dyrektywie ATEX UE, kt\u00f3ra zosta\u0142a w\u0142\u0105czona do prawa krajowego. Celem dyrektyw ATEX jest poprawa ochrony pracownik\u00f3w w strefach zagro\u017conych wybuchem. W tym celu [&hellip;]<\/p>\n","protected":false},"author":3,"featured_media":0,"parent":23877,"menu_order":0,"comment_status":"closed","ping_status":"closed","template":"","meta":{"footnotes":""},"class_list":["post-23260","page","type-page","status-publish","hentry"],"yoast_head":"<!-- This site is optimized with the Yoast SEO Premium plugin v21.6 (Yoast SEO v26.8) - https:\/\/yoast.com\/product\/yoast-seo-premium-wordpress\/ -->\n<title>Ochrona przeciwwybuchowa zgodnie z dyrektyw\u0105 ATEX - weyer gruppe [test]<\/title>\n<meta name=\"description\" content=\"Grupa weyer wspiera Pa\u0144stwa we wdra\u017caniu \u015brodk\u00f3w ochrony przeciwwybuchowej zgodnie z dyrektyw\u0105 ATEX i opieraj\u0105cymi si\u0119 na niej przepisami prawa krajowego.\" \/>\n<meta name=\"robots\" content=\"noindex, follow, max-snippet:-1, max-image-preview:large, max-video-preview:-1\" \/>\n<meta property=\"og:locale\" content=\"pl_PL\" \/>\n<meta property=\"og:type\" content=\"article\" \/>\n<meta property=\"og:title\" content=\"Ochrona przeciwwybuchowa zgodnie z dyrektyw\u0105 ATEX\" \/>\n<meta property=\"og:description\" content=\"Grupa weyer wspiera Pa\u0144stwa we wdra\u017caniu \u015brodk\u00f3w ochrony przeciwwybuchowej zgodnie z dyrektyw\u0105 ATEX i opieraj\u0105cymi si\u0119 na niej przepisami prawa krajowego.\" \/>\n<meta property=\"og:url\" content=\"https:\/\/test.weyer-gruppe.com\/pl\/projektanci-i-producenci-instalacji\/ochrona-przeciwwybuchowa-zgodnie-z-dyrektywa-atex-2\/\" \/>\n<meta property=\"og:site_name\" content=\"weyer gruppe [test]\" \/>\n<meta property=\"article:publisher\" content=\"https:\/\/www.facebook.com\/weyergruppe\" \/>\n<meta property=\"article:modified_time\" content=\"2023-03-01T09:07:51+00:00\" \/>\n<meta name=\"twitter:card\" content=\"summary_large_image\" \/>\n<meta name=\"twitter:label1\" content=\"Szacowany czas czytania\" \/>\n\t<meta name=\"twitter:data1\" content=\"8 minut\" \/>\n<script type=\"application\/ld+json\" class=\"yoast-schema-graph\">{\"@context\":\"https:\/\/schema.org\",\"@graph\":[{\"@type\":\"WebPage\",\"@id\":\"https:\/\/test.weyer-gruppe.com\/pl\/projektanci-i-producenci-instalacji\/ochrona-przeciwwybuchowa-zgodnie-z-dyrektywa-atex-2\/\",\"url\":\"https:\/\/test.weyer-gruppe.com\/pl\/projektanci-i-producenci-instalacji\/ochrona-przeciwwybuchowa-zgodnie-z-dyrektywa-atex-2\/\",\"name\":\"Ochrona przeciwwybuchowa zgodnie z dyrektyw\u0105 ATEX - weyer gruppe [test]\",\"isPartOf\":{\"@id\":\"https:\/\/test.weyer-gruppe.com\/pl\/#website\"},\"datePublished\":\"2019-12-17T08:19:02+00:00\",\"dateModified\":\"2023-03-01T09:07:51+00:00\",\"description\":\"Grupa weyer wspiera Pa\u0144stwa we wdra\u017caniu \u015brodk\u00f3w ochrony przeciwwybuchowej zgodnie z dyrektyw\u0105 ATEX i opieraj\u0105cymi si\u0119 na niej przepisami prawa krajowego.\",\"breadcrumb\":{\"@id\":\"https:\/\/test.weyer-gruppe.com\/pl\/projektanci-i-producenci-instalacji\/ochrona-przeciwwybuchowa-zgodnie-z-dyrektywa-atex-2\/#breadcrumb\"},\"inLanguage\":\"pl-PL\",\"potentialAction\":[{\"@type\":\"ReadAction\",\"target\":[\"https:\/\/test.weyer-gruppe.com\/pl\/projektanci-i-producenci-instalacji\/ochrona-przeciwwybuchowa-zgodnie-z-dyrektywa-atex-2\/\"]}]},{\"@type\":\"BreadcrumbList\",\"@id\":\"https:\/\/test.weyer-gruppe.com\/pl\/projektanci-i-producenci-instalacji\/ochrona-przeciwwybuchowa-zgodnie-z-dyrektywa-atex-2\/#breadcrumb\",\"itemListElement\":[{\"@type\":\"ListItem\",\"position\":1,\"name\":\"HOME\",\"item\":\"https:\/\/test.weyer-gruppe.com\/pl\/\"},{\"@type\":\"ListItem\",\"position\":2,\"name\":\"Projektanci i producenci instalacji\",\"item\":\"https:\/\/test.weyer-gruppe.com\/pl\/projektanci-i-producenci-instalacji\/\"},{\"@type\":\"ListItem\",\"position\":3,\"name\":\"Ochrona przeciwwybuchowa zgodnie z dyrektyw\u0105 ATEX\"}]},{\"@type\":\"WebSite\",\"@id\":\"https:\/\/test.weyer-gruppe.com\/pl\/#website\",\"url\":\"https:\/\/test.weyer-gruppe.com\/pl\/\",\"name\":\"weyer gruppe [test]\",\"description\":\"komplett. durchdacht.\",\"publisher\":{\"@id\":\"https:\/\/test.weyer-gruppe.com\/pl\/#organization\"},\"potentialAction\":[{\"@type\":\"SearchAction\",\"target\":{\"@type\":\"EntryPoint\",\"urlTemplate\":\"https:\/\/test.weyer-gruppe.com\/pl\/?s={search_term_string}\"},\"query-input\":{\"@type\":\"PropertyValueSpecification\",\"valueRequired\":true,\"valueName\":\"search_term_string\"}}],\"inLanguage\":\"pl-PL\"},{\"@type\":\"Organization\",\"@id\":\"https:\/\/test.weyer-gruppe.com\/pl\/#organization\",\"name\":\"weyer gruppe\",\"url\":\"https:\/\/test.weyer-gruppe.com\/pl\/\",\"logo\":{\"@type\":\"ImageObject\",\"inLanguage\":\"pl-PL\",\"@id\":\"https:\/\/test.weyer-gruppe.com\/pl\/#\/schema\/logo\/image\/\",\"url\":\"https:\/\/test.weyer-gruppe.com\/wp-content\/uploads\/2019\/07\/logo-weyer-gruppe-de.png\",\"contentUrl\":\"https:\/\/test.weyer-gruppe.com\/wp-content\/uploads\/2019\/07\/logo-weyer-gruppe-de.png\",\"width\":532,\"height\":513,\"caption\":\"weyer gruppe\"},\"image\":{\"@id\":\"https:\/\/test.weyer-gruppe.com\/pl\/#\/schema\/logo\/image\/\"},\"sameAs\":[\"https:\/\/www.facebook.com\/weyergruppe\",\"https:\/\/de.linkedin.com\/company\/weyer-gruppe\",\"https:\/\/www.youtube.com\/channel\/UCmZItECuW56Ih_p501_Bq8A\"]}]}<\/script>\n<!-- \/ Yoast SEO Premium plugin. -->","yoast_head_json":{"title":"Ochrona przeciwwybuchowa zgodnie z dyrektyw\u0105 ATEX - weyer gruppe [test]","description":"Grupa weyer wspiera Pa\u0144stwa we wdra\u017caniu \u015brodk\u00f3w ochrony przeciwwybuchowej zgodnie z dyrektyw\u0105 ATEX i opieraj\u0105cymi si\u0119 na niej przepisami prawa krajowego.","robots":{"index":"noindex","follow":"follow","max-snippet":"max-snippet:-1","max-image-preview":"max-image-preview:large","max-video-preview":"max-video-preview:-1"},"og_locale":"pl_PL","og_type":"article","og_title":"Ochrona przeciwwybuchowa zgodnie z dyrektyw\u0105 ATEX","og_description":"Grupa weyer wspiera Pa\u0144stwa we wdra\u017caniu \u015brodk\u00f3w ochrony przeciwwybuchowej zgodnie z dyrektyw\u0105 ATEX i opieraj\u0105cymi si\u0119 na niej przepisami prawa krajowego.","og_url":"https:\/\/test.weyer-gruppe.com\/pl\/projektanci-i-producenci-instalacji\/ochrona-przeciwwybuchowa-zgodnie-z-dyrektywa-atex-2\/","og_site_name":"weyer gruppe [test]","article_publisher":"https:\/\/www.facebook.com\/weyergruppe","article_modified_time":"2023-03-01T09:07:51+00:00","twitter_card":"summary_large_image","twitter_misc":{"Szacowany czas czytania":"8 minut"},"schema":{"@context":"https:\/\/schema.org","@graph":[{"@type":"WebPage","@id":"https:\/\/test.weyer-gruppe.com\/pl\/projektanci-i-producenci-instalacji\/ochrona-przeciwwybuchowa-zgodnie-z-dyrektywa-atex-2\/","url":"https:\/\/test.weyer-gruppe.com\/pl\/projektanci-i-producenci-instalacji\/ochrona-przeciwwybuchowa-zgodnie-z-dyrektywa-atex-2\/","name":"Ochrona przeciwwybuchowa zgodnie z dyrektyw\u0105 ATEX - weyer gruppe [test]","isPartOf":{"@id":"https:\/\/test.weyer-gruppe.com\/pl\/#website"},"datePublished":"2019-12-17T08:19:02+00:00","dateModified":"2023-03-01T09:07:51+00:00","description":"Grupa weyer wspiera Pa\u0144stwa we wdra\u017caniu \u015brodk\u00f3w ochrony przeciwwybuchowej zgodnie z dyrektyw\u0105 ATEX i opieraj\u0105cymi si\u0119 na niej przepisami prawa krajowego.","breadcrumb":{"@id":"https:\/\/test.weyer-gruppe.com\/pl\/projektanci-i-producenci-instalacji\/ochrona-przeciwwybuchowa-zgodnie-z-dyrektywa-atex-2\/#breadcrumb"},"inLanguage":"pl-PL","potentialAction":[{"@type":"ReadAction","target":["https:\/\/test.weyer-gruppe.com\/pl\/projektanci-i-producenci-instalacji\/ochrona-przeciwwybuchowa-zgodnie-z-dyrektywa-atex-2\/"]}]},{"@type":"BreadcrumbList","@id":"https:\/\/test.weyer-gruppe.com\/pl\/projektanci-i-producenci-instalacji\/ochrona-przeciwwybuchowa-zgodnie-z-dyrektywa-atex-2\/#breadcrumb","itemListElement":[{"@type":"ListItem","position":1,"name":"HOME","item":"https:\/\/test.weyer-gruppe.com\/pl\/"},{"@type":"ListItem","position":2,"name":"Projektanci i producenci instalacji","item":"https:\/\/test.weyer-gruppe.com\/pl\/projektanci-i-producenci-instalacji\/"},{"@type":"ListItem","position":3,"name":"Ochrona przeciwwybuchowa zgodnie z dyrektyw\u0105 ATEX"}]},{"@type":"WebSite","@id":"https:\/\/test.weyer-gruppe.com\/pl\/#website","url":"https:\/\/test.weyer-gruppe.com\/pl\/","name":"weyer gruppe [test]","description":"komplett. durchdacht.","publisher":{"@id":"https:\/\/test.weyer-gruppe.com\/pl\/#organization"},"potentialAction":[{"@type":"SearchAction","target":{"@type":"EntryPoint","urlTemplate":"https:\/\/test.weyer-gruppe.com\/pl\/?s={search_term_string}"},"query-input":{"@type":"PropertyValueSpecification","valueRequired":true,"valueName":"search_term_string"}}],"inLanguage":"pl-PL"},{"@type":"Organization","@id":"https:\/\/test.weyer-gruppe.com\/pl\/#organization","name":"weyer gruppe","url":"https:\/\/test.weyer-gruppe.com\/pl\/","logo":{"@type":"ImageObject","inLanguage":"pl-PL","@id":"https:\/\/test.weyer-gruppe.com\/pl\/#\/schema\/logo\/image\/","url":"https:\/\/test.weyer-gruppe.com\/wp-content\/uploads\/2019\/07\/logo-weyer-gruppe-de.png","contentUrl":"https:\/\/test.weyer-gruppe.com\/wp-content\/uploads\/2019\/07\/logo-weyer-gruppe-de.png","width":532,"height":513,"caption":"weyer gruppe"},"image":{"@id":"https:\/\/test.weyer-gruppe.com\/pl\/#\/schema\/logo\/image\/"},"sameAs":["https:\/\/www.facebook.com\/weyergruppe","https:\/\/de.linkedin.com\/company\/weyer-gruppe","https:\/\/www.youtube.com\/channel\/UCmZItECuW56Ih_p501_Bq8A"]}]}},"_links":{"self":[{"href":"https:\/\/test.weyer-gruppe.com\/pl\/wp-json\/wp\/v2\/pages\/23260","targetHints":{"allow":["GET"]}}],"collection":[{"href":"https:\/\/test.weyer-gruppe.com\/pl\/wp-json\/wp\/v2\/pages"}],"about":[{"href":"https:\/\/test.weyer-gruppe.com\/pl\/wp-json\/wp\/v2\/types\/page"}],"author":[{"embeddable":true,"href":"https:\/\/test.weyer-gruppe.com\/pl\/wp-json\/wp\/v2\/users\/3"}],"replies":[{"embeddable":true,"href":"https:\/\/test.weyer-gruppe.com\/pl\/wp-json\/wp\/v2\/comments?post=23260"}],"version-history":[{"count":8,"href":"https:\/\/test.weyer-gruppe.com\/pl\/wp-json\/wp\/v2\/pages\/23260\/revisions"}],"predecessor-version":[{"id":45010,"href":"https:\/\/test.weyer-gruppe.com\/pl\/wp-json\/wp\/v2\/pages\/23260\/revisions\/45010"}],"up":[{"embeddable":true,"href":"https:\/\/test.weyer-gruppe.com\/pl\/wp-json\/wp\/v2\/pages\/23877"}],"wp:attachment":[{"href":"https:\/\/test.weyer-gruppe.com\/pl\/wp-json\/wp\/v2\/media?parent=23260"}],"curies":[{"name":"wp","href":"https:\/\/api.w.org\/{rel}","templated":true}]}}