{"id":23098,"date":"2019-07-29T15:52:40","date_gmt":"2019-07-29T13:52:40","guid":{"rendered":"https:\/\/test.weyer-gruppe.com\/ocena-ryzyka-gbu-zgodnie-z-betrsichv-am-vo\/"},"modified":"2023-03-01T11:36:47","modified_gmt":"2023-03-01T10:36:47","slug":"ocena-ryzyka-gbu-zgodnie-z-betrsichv-am-vo","status":"publish","type":"page","link":"https:\/\/test.weyer-gruppe.com\/pl\/operatorzy-instalacji-i-inwestorzy\/ocena-ryzyka-gbu-zgodnie-z-betrsichv-am-vo\/","title":{"rendered":"Ocena ryzyka (GBU) zgodnie z BetrSichV \/ AM-VO"},"content":{"rendered":"[vc_row][vc_column][vc_column_text]Pracodawca musi w ramach <a href=\"https:\/\/www.baua.de\/DE\/Themen\/Arbeitsgestaltung-im-Betrieb\/Gefaehrdungsbeurteilung\/_functions\/BereichsPublikationssuche_Formular.html?nn=8703478\" target=\"_blank\" rel=\"noopener noreferrer\">oceny ryzyka<\/a> (GBU) zgodnie z niemieck\u0105 ustaw\u0105 o bezpiecze\u0144stwie i higienie pracy lub ewaluacj\u0105 zgodnie z <a href=\"https:\/\/www.ris.bka.gv.at\/GeltendeFassung.wxe?Abfrage=Bundesnormen&amp;Gesetzesnummer=10008910\" target=\"_blank\" rel=\"noopener noreferrer\">austriack\u0105 ustaw\u0105 o ochrony pracownik\u00f3w (ASchG)<\/a> (zob. te\u017c <a href=\"https:\/\/test.weyer-gruppe.com\/anlagenbetreiber-und-investoren\/betreiber-investoren-arbeitssicherheit-arbeitsschutz\/\" target=\"_blank\" rel=\"noopener noreferrer\">Bezpiecze\u0144stwo pracy)<\/a> przeprowadzi\u0107 r\u00f3wnie\u017c ocen\u0119 odpowiednich zagro\u017ce\u0144 stwarzanych przez dost\u0119pny sprz\u0119t roboczy. Niemieckie rozporz\u0105dzenie w sprawie bezpiecze\u0144stwa pracy (<a href=\"https:\/\/www.gesetze-im-internet.de\/betrsichv_2015\/\" target=\"_blank\" rel=\"noopener noreferrer\">BetrSichV<\/a>) lub austriackie rozporz\u0105dzenie w sprawie sprz\u0119tu roboczego (<a href=\"https:\/\/www.ris.bka.gv.at\/GeltendeFassung.wxe?Abfrage=Bundesnormen&amp;Gesetzesnummer=20000727\" target=\"_blank\" rel=\"noopener noreferrer\">AM-VO<\/a>) okre\u015blaj\u0105 wymagania dotycz\u0105ce oceny ryzyka (GBU) sprz\u0119tu roboczego.<\/p>\n<p>Wyst\u0119puj\u0105ce zagro\u017cenia nale\u017cy oceni\u0107 przed u\u017cyciem sprz\u0119tu roboczego \u2013 najlepiej w fazie planowania przed zakupem \u2013 oraz okre\u015bli\u0107 konieczne i odpowiednie \u015brodki ochronne.<\/p>\n<p>Ocena musi uwzgl\u0119dnia\u0107 wszystkie zagro\u017cenia, kt\u00f3re mog\u0105 wynika\u0107 z u\u017cytkowania sprz\u0119tu roboczego. Nale\u017cy uwzgl\u0119dni\u0107 tu sam sprz\u0119t roboczy, jak r\u00f3wnie\u017c \u015brodowisko pracy, przedmioty, przy kt\u00f3rych si\u0119 pracuje, oraz ergonomiczne zwi\u0105zki mi\u0119dzy nimi, kt\u00f3re tworz\u0105 miejsce pracy. Szczeg\u00f3ln\u0105 uwag\u0119 nale\u017cy zwr\u00f3ci\u0107 na mo\u017cliwe do przewidzenia zak\u0142\u00f3cenia w funkcjonowaniu oraz na stosowanie aktualnego stanu wiedzy technicznej. Ponadto nale\u017cy zbada\u0107 aspekty zwi\u0105zane z mo\u017cliwo\u015bci\u0105 manipulowania sprz\u0119tem roboczym, stresem psychicznym i zagro\u017ceniami podczas prac konserwacyjnych. Wreszcie w ocenie ryzyka nale\u017cy uwzgl\u0119dni\u0107 ustalenia dotycz\u0105ce wypadk\u00f3w przy pracy.<\/p>\n<p>W zale\u017cno\u015bci od wymaga\u0144 i obowi\u0105zk\u00f3w wynikaj\u0105cych z niemieckiego rozporz\u0105dzenia w sprawie bezpiecze\u0144stwa pracy (BetrSichV) lub austriackiego rozporz\u0105dzenia w sprawie sprz\u0119tu roboczego (AM-VO) kontrole musz\u0105 by\u0107 przeprowadzane w regularnych odst\u0119pach czasu. Specjalnym przepisom i kontrolom przeprowadzanym przez kompetentne osoby lub zatwierdzony organ kontroli podlegaj\u0105 w szczeg\u00f3lno\u015bci instalacje wymagaj\u0105ce monitorowania (np. urz\u0105dzenia ci\u015bnieniowe, instalacje w przestrzeniach zagro\u017conych wybuchem). Grupa weyer wspiera Pa\u0144stwa swoim wieloletnim do\u015bwiadczeniem w przygotowywaniu oceny ryzyka (GBU) wed\u0142ug BetrSichV\/AM-VO.<\/p>\n<h2>Us\u0142ugi<\/h2>\n<ul class=\"arrow-gray\">\n<li>Przygotowanie ocen ryzyka zgodnie z <a href=\"https:\/\/www.gesetze-im-internet.de\/arbschg\/\" target=\"_blank\" rel=\"noopener noreferrer\">ArbSchG<\/a> lub ASchG, z uwzgl\u0119dnieniem specyfiki, w Niemczech np. wed\u0142ug: <a href=\"https:\/\/www.gesetze-im-internet.de\/betrsichv_2015\/\" target=\"_blank\" rel=\"noopener noreferrer\">BetrSichV<\/a>, <a href=\"https:\/\/www.gesetze-im-internet.de\/gefstoffv_2010\/\" target=\"_blank\" rel=\"noopener noreferrer\">GefStoffV<\/a>, <a href=\"https:\/\/www.gesetze-im-internet.de\/biostoffv_2013\/\">BioStoffV<\/a>, <a href=\"https:\/\/www.gesetze-im-internet.de\/arbst_ttv_2004\/\" target=\"_blank\" rel=\"noopener noreferrer\">ArbSt\u00e4ttV<\/a><\/li>\n<li>Sprawdzanie zgodno\u015bci z wymogami prawnymi w zakresie bezpiecze\u0144stwa pracownik\u00f3w i ochrony zdrowia (wi\u0119cej informacji: <a href=\"https:\/\/test.weyer-gruppe.com\/anlagenbetreiber-und-investoren\/legal-compliance\/\" target=\"_blank\" rel=\"noopener noreferrer\">Legal Compliance Assessment)<\/a><\/li>\n<\/ul>\n[\/vc_column_text][\/vc_column][\/vc_row][vc_row][vc_column]<h3 class=\"grve-element grve-align-left grve-title-no-line grve-h3\" style=\"\"><span>Nasz zesp\u00f3\u0142<\/span><\/h3>[\/vc_column][\/vc_row][vc_row][vc_column width=&#8221;1\/4&#8243; tablet_sm_width=&#8221;1-2&#8243;]\r\n\t\t<div class=\"grve-team grve-element\" style=\"\">\r\n\t\t\t<figure class=\"grve-image-hover grve-style-1 grve-zoom-in\">\r\n\t\t\t\t<div class=\"grve-team-person grve-media grve-dark-overlay grve-opacity-60\">\r\n\t\t\t\t\t<img decoding=\"async\" width=\"300\" height=\"300\" src=\"https:\/\/test.weyer-gruppe.com\/wp-content\/uploads\/2019\/09\/as-u-gamerith-weyer-gernot-gamerith.jpg\" class=\"attachment-grve-image-small-square size-grve-image-small-square\" alt=\"Zdj\u0119cie autorstwa Dr. Gernoth Gamerith z As-U Gamerith-Weyer GmbH\" srcset=\"https:\/\/test.weyer-gruppe.com\/wp-content\/uploads\/2019\/09\/as-u-gamerith-weyer-gernot-gamerith.jpg 300w, https:\/\/test.weyer-gruppe.com\/wp-content\/uploads\/2019\/09\/as-u-gamerith-weyer-gernot-gamerith-150x150.jpg 150w, https:\/\/test.weyer-gruppe.com\/wp-content\/uploads\/2019\/09\/as-u-gamerith-weyer-gernot-gamerith-80x80.jpg 80w\" sizes=\"(max-width: 300px) 100vw, 300px\" \/>\t\t\t\t<\/div>\r\n\t\t\t\t<figcaption>\r\n\t\t\t\t\t<div class=\"grve-team-description\">\r\n\t\t\t\t\t\t\t\t\t\t\t\t<h4 class=\"grve-team-name grve-dark grve-h4\">Dr. Gernoth Gamerith<\/h4>\r\n\t\t\t\t\t\t\t\t\t\t\t\t<small class=\"grve-team-identity grve-dark\">As-U Gamerith Weyer<\/small>\r\n\t\t\t\t\t<\/div>\r\n\t\t\t\t\t\t\t\t\t\t<div class=\"grve-team-social grve-team-social-text grve-dark\">\r\n\t\t\t\t\t\t<ul>\r\n\t\t\t\t\t\t\t<li><a href=\"mailto:g.g&#97;&#109;&#101;r&#105;th&#64;weye&#114;-&#103;&#114;&#117;&#112;&#112;e&#46;co&#109;\">E-mail<\/a><\/li>\t\t\t\t\t\t<\/ul>\r\n\t\t\t\t\t<\/div>\r\n\t\t\t\t\t\t\t\t\t<\/figcaption>\r\n\t\t\t<\/figure>\r\n\t\t<\/div>\r\n\r\n\t\t[\/vc_column][vc_column width=&#8221;1\/4&#8243; tablet_sm_width=&#8221;1-2&#8243;]\r\n\t\t<div class=\"grve-team grve-element\" style=\"\">\r\n\t\t\t<figure class=\"grve-image-hover grve-style-1 grve-zoom-in\">\r\n\t\t\t\t<div class=\"grve-team-person grve-media grve-dark-overlay grve-opacity-60\">\r\n\t\t\t\t\t<img decoding=\"async\" width=\"300\" height=\"300\" src=\"https:\/\/test.weyer-gruppe.com\/wp-content\/uploads\/2019\/07\/wch-f.sutter.png\" class=\"attachment-grve-image-small-square size-grve-image-small-square\" alt=\"Zdj\u0119cie pracownika Frank Sutter z Weyer und Partner (Schweiz) AG\" srcset=\"https:\/\/test.weyer-gruppe.com\/wp-content\/uploads\/2019\/07\/wch-f.sutter.png 300w, https:\/\/test.weyer-gruppe.com\/wp-content\/uploads\/2019\/07\/wch-f.sutter-150x150.png 150w, https:\/\/test.weyer-gruppe.com\/wp-content\/uploads\/2019\/07\/wch-f.sutter-80x80.png 80w\" sizes=\"(max-width: 300px) 100vw, 300px\" \/>\t\t\t\t<\/div>\r\n\t\t\t\t<figcaption>\r\n\t\t\t\t\t<div class=\"grve-team-description\">\r\n\t\t\t\t\t\t\t\t\t\t\t\t<h4 class=\"grve-team-name grve-dark grve-h4\">Frank Sutter<\/h4>\r\n\t\t\t\t\t\t\t\t\t\t\t\t<small class=\"grve-team-identity grve-dark\">Weyer und Partner (Schweiz)<\/small>\r\n\t\t\t\t\t<\/div>\r\n\t\t\t\t\t\t\t\t\t\t<div class=\"grve-team-social grve-team-social-text grve-dark\">\r\n\t\t\t\t\t\t<ul>\r\n\t\t\t\t\t\t\t<li><a href=\"mailto:&#102;&#46;&#115;u&#116;t&#101;r&#64;&#119;&#101;&#121;&#101;&#114;&#45;g&#114;up&#112;e.&#99;&#111;&#109;\">E-mail<\/a><\/li>\t\t\t\t\t\t<\/ul>\r\n\t\t\t\t\t<\/div>\r\n\t\t\t\t\t\t\t\t\t<\/figcaption>\r\n\t\t\t<\/figure>\r\n\t\t<\/div>\r\n\r\n\t\t[\/vc_column][vc_column width=&#8221;1\/4&#8243; tablet_sm_width=&#8221;1-2&#8243;]\r\n\t\t<div class=\"grve-team grve-element\" style=\"\">\r\n\t\t\t<figure class=\"grve-image-hover grve-style-1 grve-zoom-in\">\r\n\t\t\t\t<div class=\"grve-team-person grve-media grve-dark-overlay grve-opacity-60\">\r\n\t\t\t\t\t<img decoding=\"async\" width=\"300\" height=\"300\" src=\"https:\/\/test.weyer-gruppe.com\/wp-content\/uploads\/2019\/07\/klaus-woersdoerfer-horst-weyer-und-partner.jpg\" class=\"attachment-grve-image-small-square size-grve-image-small-square\" alt=\"Foto von Klaus Woersdoerfer der Horst Weyer und Partner gmbh\" srcset=\"https:\/\/test.weyer-gruppe.com\/wp-content\/uploads\/2019\/07\/klaus-woersdoerfer-horst-weyer-und-partner.jpg 300w, https:\/\/test.weyer-gruppe.com\/wp-content\/uploads\/2019\/07\/klaus-woersdoerfer-horst-weyer-und-partner-150x150.jpg 150w, https:\/\/test.weyer-gruppe.com\/wp-content\/uploads\/2019\/07\/klaus-woersdoerfer-horst-weyer-und-partner-80x80.jpg 80w\" sizes=\"(max-width: 300px) 100vw, 300px\" \/>\t\t\t\t<\/div>\r\n\t\t\t\t<figcaption>\r\n\t\t\t\t\t<div class=\"grve-team-description\">\r\n\t\t\t\t\t\t\t\t\t\t\t\t<h4 class=\"grve-team-name grve-dark grve-h4\">Dr. Klaus W\u00f6rsd\u00f6rfer<\/h4>\r\n\t\t\t\t\t\t\t\t\t\t\t\t<small class=\"grve-team-identity grve-dark\">horst weyer und partner<\/small>\r\n\t\t\t\t\t<\/div>\r\n\t\t\t\t\t\t\t\t\t\t<div class=\"grve-team-social grve-team-social-text grve-dark\">\r\n\t\t\t\t\t\t<ul>\r\n\t\t\t\t\t\t\t<li><a href=\"mailto:&#107;.w&#111;&#101;&#114;sd&#111;e&#114;f&#101;r&#64;&#119;&#101;&#121;e&#114;&#45;gru&#112;p&#101;&#46;&#99;om\">E-mail<\/a><\/li>\t\t\t\t\t\t<\/ul>\r\n\t\t\t\t\t<\/div>\r\n\t\t\t\t\t\t\t\t\t<\/figcaption>\r\n\t\t\t<\/figure>\r\n\t\t<\/div>\r\n\r\n\t\t[\/vc_column][vc_column width=&#8221;1\/4&#8243; tablet_sm_width=&#8221;1-2&#8243;]\r\n\t\t<div class=\"grve-team grve-element\" style=\"\">\r\n\t\t\t<figure class=\"grve-image-hover grve-style-1 grve-zoom-in\">\r\n\t\t\t\t<div class=\"grve-team-person grve-media grve-dark-overlay grve-opacity-60\">\r\n\t\t\t\t\t<img decoding=\"async\" width=\"300\" height=\"300\" src=\"https:\/\/test.weyer-gruppe.com\/wp-content\/uploads\/2019\/07\/wip-t.brandes.png\" class=\"attachment-grve-image-small-square size-grve-image-small-square\" alt=\"Zdj\u0119cie pracownika Tobias Brandes z weyer IngenieurPartner GmbH\" srcset=\"https:\/\/test.weyer-gruppe.com\/wp-content\/uploads\/2019\/07\/wip-t.brandes.png 300w, https:\/\/test.weyer-gruppe.com\/wp-content\/uploads\/2019\/07\/wip-t.brandes-150x150.png 150w, https:\/\/test.weyer-gruppe.com\/wp-content\/uploads\/2019\/07\/wip-t.brandes-80x80.png 80w\" sizes=\"(max-width: 300px) 100vw, 300px\" \/>\t\t\t\t<\/div>\r\n\t\t\t\t<figcaption>\r\n\t\t\t\t\t<div class=\"grve-team-description\">\r\n\t\t\t\t\t\t\t\t\t\t\t\t<h4 class=\"grve-team-name grve-dark grve-h4\">Tobias Brandes<\/h4>\r\n\t\t\t\t\t\t\t\t\t\t\t\t<small class=\"grve-team-identity grve-dark\">weyer IngenieurPartner<\/small>\r\n\t\t\t\t\t<\/div>\r\n\t\t\t\t\t\t\t\t\t\t<div class=\"grve-team-social grve-team-social-text grve-dark\">\r\n\t\t\t\t\t\t<ul>\r\n\t\t\t\t\t\t\t<li><a href=\"mailto:&#116;&#46;br&#97;&#110;&#100;es&#64;we&#121;er&#45;g&#114;&#117;p&#112;&#101;.&#99;om\">E-mail<\/a><\/li>\t\t\t\t\t\t<\/ul>\r\n\t\t\t\t\t<\/div>\r\n\t\t\t\t\t\t\t\t\t<\/figcaption>\r\n\t\t\t<\/figure>\r\n\t\t<\/div>\r\n\r\n\t\t[\/vc_column][\/vc_row][vc_row][vc_column width=&#8221;1\/4&#8243; tablet_sm_width=&#8221;1-2&#8243;]\r\n\t\t<div class=\"grve-team grve-element\" style=\"\">\r\n\t\t\t<figure class=\"grve-image-hover grve-style-1 grve-zoom-in\">\r\n\t\t\t\t<div class=\"grve-team-person grve-media grve-dark-overlay grve-opacity-60\">\r\n\t\t\t\t\t<img decoding=\"async\" width=\"300\" height=\"300\" src=\"https:\/\/test.weyer-gruppe.com\/wp-content\/uploads\/2019\/07\/felix-kalienke-horst-weyer-und-partner.png\" class=\"attachment-grve-image-small-square size-grve-image-small-square\" alt=\"Zdj\u0119cie Felix Kalienke z horst weyer und partner gmbh\" srcset=\"https:\/\/test.weyer-gruppe.com\/wp-content\/uploads\/2019\/07\/felix-kalienke-horst-weyer-und-partner.png 300w, https:\/\/test.weyer-gruppe.com\/wp-content\/uploads\/2019\/07\/felix-kalienke-horst-weyer-und-partner-150x150.png 150w, https:\/\/test.weyer-gruppe.com\/wp-content\/uploads\/2019\/07\/felix-kalienke-horst-weyer-und-partner-80x80.png 80w\" sizes=\"(max-width: 300px) 100vw, 300px\" \/>\t\t\t\t<\/div>\r\n\t\t\t\t<figcaption>\r\n\t\t\t\t\t<div class=\"grve-team-description\">\r\n\t\t\t\t\t\t\t\t\t\t\t\t<h4 class=\"grve-team-name grve-dark grve-h4\">Felix Kalienke<\/h4>\r\n\t\t\t\t\t\t\t\t\t\t\t\t<small class=\"grve-team-identity grve-dark\">horst weyer und partner<\/small>\r\n\t\t\t\t\t<\/div>\r\n\t\t\t\t\t\t\t\t\t\t<div class=\"grve-team-social grve-team-social-text grve-dark\">\r\n\t\t\t\t\t\t<ul>\r\n\t\t\t\t\t\t\t<li><a href=\"mailto:&#102;&#46;ka&#108;&#105;&#101;nke&#64;w&#101;y&#101;&#114;-&#103;&#114;u&#112;&#112;e&#46;&#99;&#111;&#109;\">E-mail<\/a><\/li>\t\t\t\t\t\t<\/ul>\r\n\t\t\t\t\t<\/div>\r\n\t\t\t\t\t\t\t\t\t<\/figcaption>\r\n\t\t\t<\/figure>\r\n\t\t<\/div>\r\n\r\n\t\t[\/vc_column][vc_column width=&#8221;1\/4&#8243; tablet_sm_width=&#8221;1-2&#8243;][\/vc_column][vc_column width=&#8221;1\/4&#8243;][\/vc_column][vc_column width=&#8221;1\/4&#8243;][\/vc_column][\/vc_row][vc_row][vc_column][\/vc_column][\/vc_row]\n","protected":false},"excerpt":{"rendered":"<p>[vc_row][vc_column][vc_column_text]Pracodawca musi w ramach oceny ryzyka (GBU) zgodnie z niemieck\u0105 ustaw\u0105 o bezpiecze\u0144stwie i higienie pracy lub ewaluacj\u0105 zgodnie z austriack\u0105 ustaw\u0105 o ochrony pracownik\u00f3w (ASchG) (zob. te\u017c Bezpiecze\u0144stwo pracy) [&hellip;]<\/p>\n","protected":false},"author":3,"featured_media":0,"parent":23842,"menu_order":0,"comment_status":"closed","ping_status":"closed","template":"","meta":{"footnotes":""},"class_list":["post-23098","page","type-page","status-publish","hentry"],"yoast_head":"<!-- This site is optimized with the Yoast SEO Premium plugin v21.6 (Yoast SEO v26.8) - https:\/\/yoast.com\/product\/yoast-seo-premium-wordpress\/ -->\n<title>Ocena ryzyka (GBU) zgodnie z BetrSichV \/ AM-VO - weyer gruppe [test]<\/title>\n<meta name=\"description\" content=\"Grupa weyer przygotowuje Pa\u0144stwa ocen\u0119 ryzyka (GBU) zgodnie z BetrSichV \/ AM-VO w celu zapewnienia bezpiecze\u0144stwa pracy w Pa\u0144stwa firmie.\" \/>\n<meta name=\"robots\" content=\"noindex, follow, max-snippet:-1, max-image-preview:large, max-video-preview:-1\" \/>\n<meta property=\"og:locale\" content=\"pl_PL\" \/>\n<meta property=\"og:type\" content=\"article\" \/>\n<meta property=\"og:title\" content=\"Ocena ryzyka (GBU) zgodnie z BetrSichV \/ AM-VO\" \/>\n<meta property=\"og:description\" content=\"Grupa weyer przygotowuje Pa\u0144stwa ocen\u0119 ryzyka (GBU) zgodnie z BetrSichV \/ AM-VO w celu zapewnienia bezpiecze\u0144stwa pracy w Pa\u0144stwa firmie.\" \/>\n<meta property=\"og:url\" content=\"https:\/\/test.weyer-gruppe.com\/pl\/operatorzy-instalacji-i-inwestorzy\/ocena-ryzyka-gbu-zgodnie-z-betrsichv-am-vo\/\" \/>\n<meta property=\"og:site_name\" content=\"weyer gruppe [test]\" \/>\n<meta property=\"article:publisher\" content=\"https:\/\/www.facebook.com\/weyergruppe\" \/>\n<meta property=\"article:modified_time\" content=\"2023-03-01T10:36:47+00:00\" \/>\n<meta name=\"twitter:card\" content=\"summary_large_image\" \/>\n<meta name=\"twitter:label1\" content=\"Szacowany czas czytania\" \/>\n\t<meta name=\"twitter:data1\" content=\"2 minuty\" \/>\n<script type=\"application\/ld+json\" class=\"yoast-schema-graph\">{\"@context\":\"https:\/\/schema.org\",\"@graph\":[{\"@type\":\"WebPage\",\"@id\":\"https:\/\/test.weyer-gruppe.com\/pl\/operatorzy-instalacji-i-inwestorzy\/ocena-ryzyka-gbu-zgodnie-z-betrsichv-am-vo\/\",\"url\":\"https:\/\/test.weyer-gruppe.com\/pl\/operatorzy-instalacji-i-inwestorzy\/ocena-ryzyka-gbu-zgodnie-z-betrsichv-am-vo\/\",\"name\":\"Ocena ryzyka (GBU) zgodnie z BetrSichV \/ AM-VO - weyer gruppe [test]\",\"isPartOf\":{\"@id\":\"https:\/\/test.weyer-gruppe.com\/pl\/#website\"},\"datePublished\":\"2019-07-29T13:52:40+00:00\",\"dateModified\":\"2023-03-01T10:36:47+00:00\",\"description\":\"Grupa weyer przygotowuje Pa\u0144stwa ocen\u0119 ryzyka (GBU) zgodnie z BetrSichV \/ AM-VO w celu zapewnienia bezpiecze\u0144stwa pracy w Pa\u0144stwa firmie.\",\"breadcrumb\":{\"@id\":\"https:\/\/test.weyer-gruppe.com\/pl\/operatorzy-instalacji-i-inwestorzy\/ocena-ryzyka-gbu-zgodnie-z-betrsichv-am-vo\/#breadcrumb\"},\"inLanguage\":\"pl-PL\",\"potentialAction\":[{\"@type\":\"ReadAction\",\"target\":[\"https:\/\/test.weyer-gruppe.com\/pl\/operatorzy-instalacji-i-inwestorzy\/ocena-ryzyka-gbu-zgodnie-z-betrsichv-am-vo\/\"]}]},{\"@type\":\"BreadcrumbList\",\"@id\":\"https:\/\/test.weyer-gruppe.com\/pl\/operatorzy-instalacji-i-inwestorzy\/ocena-ryzyka-gbu-zgodnie-z-betrsichv-am-vo\/#breadcrumb\",\"itemListElement\":[{\"@type\":\"ListItem\",\"position\":1,\"name\":\"HOME\",\"item\":\"https:\/\/test.weyer-gruppe.com\/pl\/\"},{\"@type\":\"ListItem\",\"position\":2,\"name\":\"Operatorzy instalacji i inwestorzy\",\"item\":\"https:\/\/test.weyer-gruppe.com\/pl\/operatorzy-instalacji-i-inwestorzy\/\"},{\"@type\":\"ListItem\",\"position\":3,\"name\":\"Ocena ryzyka (GBU) zgodnie z BetrSichV \/ AM-VO\"}]},{\"@type\":\"WebSite\",\"@id\":\"https:\/\/test.weyer-gruppe.com\/pl\/#website\",\"url\":\"https:\/\/test.weyer-gruppe.com\/pl\/\",\"name\":\"weyer gruppe [test]\",\"description\":\"komplett. durchdacht.\",\"publisher\":{\"@id\":\"https:\/\/test.weyer-gruppe.com\/pl\/#organization\"},\"potentialAction\":[{\"@type\":\"SearchAction\",\"target\":{\"@type\":\"EntryPoint\",\"urlTemplate\":\"https:\/\/test.weyer-gruppe.com\/pl\/?s={search_term_string}\"},\"query-input\":{\"@type\":\"PropertyValueSpecification\",\"valueRequired\":true,\"valueName\":\"search_term_string\"}}],\"inLanguage\":\"pl-PL\"},{\"@type\":\"Organization\",\"@id\":\"https:\/\/test.weyer-gruppe.com\/pl\/#organization\",\"name\":\"weyer gruppe\",\"url\":\"https:\/\/test.weyer-gruppe.com\/pl\/\",\"logo\":{\"@type\":\"ImageObject\",\"inLanguage\":\"pl-PL\",\"@id\":\"https:\/\/test.weyer-gruppe.com\/pl\/#\/schema\/logo\/image\/\",\"url\":\"https:\/\/test.weyer-gruppe.com\/wp-content\/uploads\/2019\/07\/logo-weyer-gruppe-de.png\",\"contentUrl\":\"https:\/\/test.weyer-gruppe.com\/wp-content\/uploads\/2019\/07\/logo-weyer-gruppe-de.png\",\"width\":532,\"height\":513,\"caption\":\"weyer gruppe\"},\"image\":{\"@id\":\"https:\/\/test.weyer-gruppe.com\/pl\/#\/schema\/logo\/image\/\"},\"sameAs\":[\"https:\/\/www.facebook.com\/weyergruppe\",\"https:\/\/de.linkedin.com\/company\/weyer-gruppe\",\"https:\/\/www.youtube.com\/channel\/UCmZItECuW56Ih_p501_Bq8A\"]}]}<\/script>\n<!-- \/ Yoast SEO Premium plugin. -->","yoast_head_json":{"title":"Ocena ryzyka (GBU) zgodnie z BetrSichV \/ AM-VO - weyer gruppe [test]","description":"Grupa weyer przygotowuje Pa\u0144stwa ocen\u0119 ryzyka (GBU) zgodnie z BetrSichV \/ AM-VO w celu zapewnienia bezpiecze\u0144stwa pracy w Pa\u0144stwa firmie.","robots":{"index":"noindex","follow":"follow","max-snippet":"max-snippet:-1","max-image-preview":"max-image-preview:large","max-video-preview":"max-video-preview:-1"},"og_locale":"pl_PL","og_type":"article","og_title":"Ocena ryzyka (GBU) zgodnie z BetrSichV \/ AM-VO","og_description":"Grupa weyer przygotowuje Pa\u0144stwa ocen\u0119 ryzyka (GBU) zgodnie z BetrSichV \/ AM-VO w celu zapewnienia bezpiecze\u0144stwa pracy w Pa\u0144stwa firmie.","og_url":"https:\/\/test.weyer-gruppe.com\/pl\/operatorzy-instalacji-i-inwestorzy\/ocena-ryzyka-gbu-zgodnie-z-betrsichv-am-vo\/","og_site_name":"weyer gruppe [test]","article_publisher":"https:\/\/www.facebook.com\/weyergruppe","article_modified_time":"2023-03-01T10:36:47+00:00","twitter_card":"summary_large_image","twitter_misc":{"Szacowany czas czytania":"2 minuty"},"schema":{"@context":"https:\/\/schema.org","@graph":[{"@type":"WebPage","@id":"https:\/\/test.weyer-gruppe.com\/pl\/operatorzy-instalacji-i-inwestorzy\/ocena-ryzyka-gbu-zgodnie-z-betrsichv-am-vo\/","url":"https:\/\/test.weyer-gruppe.com\/pl\/operatorzy-instalacji-i-inwestorzy\/ocena-ryzyka-gbu-zgodnie-z-betrsichv-am-vo\/","name":"Ocena ryzyka (GBU) zgodnie z BetrSichV \/ AM-VO - weyer gruppe [test]","isPartOf":{"@id":"https:\/\/test.weyer-gruppe.com\/pl\/#website"},"datePublished":"2019-07-29T13:52:40+00:00","dateModified":"2023-03-01T10:36:47+00:00","description":"Grupa weyer przygotowuje Pa\u0144stwa ocen\u0119 ryzyka (GBU) zgodnie z BetrSichV \/ AM-VO w celu zapewnienia bezpiecze\u0144stwa pracy w Pa\u0144stwa firmie.","breadcrumb":{"@id":"https:\/\/test.weyer-gruppe.com\/pl\/operatorzy-instalacji-i-inwestorzy\/ocena-ryzyka-gbu-zgodnie-z-betrsichv-am-vo\/#breadcrumb"},"inLanguage":"pl-PL","potentialAction":[{"@type":"ReadAction","target":["https:\/\/test.weyer-gruppe.com\/pl\/operatorzy-instalacji-i-inwestorzy\/ocena-ryzyka-gbu-zgodnie-z-betrsichv-am-vo\/"]}]},{"@type":"BreadcrumbList","@id":"https:\/\/test.weyer-gruppe.com\/pl\/operatorzy-instalacji-i-inwestorzy\/ocena-ryzyka-gbu-zgodnie-z-betrsichv-am-vo\/#breadcrumb","itemListElement":[{"@type":"ListItem","position":1,"name":"HOME","item":"https:\/\/test.weyer-gruppe.com\/pl\/"},{"@type":"ListItem","position":2,"name":"Operatorzy instalacji i inwestorzy","item":"https:\/\/test.weyer-gruppe.com\/pl\/operatorzy-instalacji-i-inwestorzy\/"},{"@type":"ListItem","position":3,"name":"Ocena ryzyka (GBU) zgodnie z BetrSichV \/ AM-VO"}]},{"@type":"WebSite","@id":"https:\/\/test.weyer-gruppe.com\/pl\/#website","url":"https:\/\/test.weyer-gruppe.com\/pl\/","name":"weyer gruppe [test]","description":"komplett. durchdacht.","publisher":{"@id":"https:\/\/test.weyer-gruppe.com\/pl\/#organization"},"potentialAction":[{"@type":"SearchAction","target":{"@type":"EntryPoint","urlTemplate":"https:\/\/test.weyer-gruppe.com\/pl\/?s={search_term_string}"},"query-input":{"@type":"PropertyValueSpecification","valueRequired":true,"valueName":"search_term_string"}}],"inLanguage":"pl-PL"},{"@type":"Organization","@id":"https:\/\/test.weyer-gruppe.com\/pl\/#organization","name":"weyer gruppe","url":"https:\/\/test.weyer-gruppe.com\/pl\/","logo":{"@type":"ImageObject","inLanguage":"pl-PL","@id":"https:\/\/test.weyer-gruppe.com\/pl\/#\/schema\/logo\/image\/","url":"https:\/\/test.weyer-gruppe.com\/wp-content\/uploads\/2019\/07\/logo-weyer-gruppe-de.png","contentUrl":"https:\/\/test.weyer-gruppe.com\/wp-content\/uploads\/2019\/07\/logo-weyer-gruppe-de.png","width":532,"height":513,"caption":"weyer gruppe"},"image":{"@id":"https:\/\/test.weyer-gruppe.com\/pl\/#\/schema\/logo\/image\/"},"sameAs":["https:\/\/www.facebook.com\/weyergruppe","https:\/\/de.linkedin.com\/company\/weyer-gruppe","https:\/\/www.youtube.com\/channel\/UCmZItECuW56Ih_p501_Bq8A"]}]}},"_links":{"self":[{"href":"https:\/\/test.weyer-gruppe.com\/pl\/wp-json\/wp\/v2\/pages\/23098","targetHints":{"allow":["GET"]}}],"collection":[{"href":"https:\/\/test.weyer-gruppe.com\/pl\/wp-json\/wp\/v2\/pages"}],"about":[{"href":"https:\/\/test.weyer-gruppe.com\/pl\/wp-json\/wp\/v2\/types\/page"}],"author":[{"embeddable":true,"href":"https:\/\/test.weyer-gruppe.com\/pl\/wp-json\/wp\/v2\/users\/3"}],"replies":[{"embeddable":true,"href":"https:\/\/test.weyer-gruppe.com\/pl\/wp-json\/wp\/v2\/comments?post=23098"}],"version-history":[{"count":1,"href":"https:\/\/test.weyer-gruppe.com\/pl\/wp-json\/wp\/v2\/pages\/23098\/revisions"}],"predecessor-version":[{"id":45142,"href":"https:\/\/test.weyer-gruppe.com\/pl\/wp-json\/wp\/v2\/pages\/23098\/revisions\/45142"}],"up":[{"embeddable":true,"href":"https:\/\/test.weyer-gruppe.com\/pl\/wp-json\/wp\/v2\/pages\/23842"}],"wp:attachment":[{"href":"https:\/\/test.weyer-gruppe.com\/pl\/wp-json\/wp\/v2\/media?parent=23098"}],"curies":[{"name":"wp","href":"https:\/\/api.w.org\/{rel}","templated":true}]}}