{"id":24140,"date":"2020-02-11T10:42:51","date_gmt":"2020-02-11T09:42:51","guid":{"rendered":"https:\/\/test.weyer-gruppe.com\/seminar-room-rental\/"},"modified":"2023-03-14T10:22:33","modified_gmt":"2023-03-14T09:22:33","slug":"seminar-room-rental","status":"publish","type":"page","link":"https:\/\/test.weyer-gruppe.com\/en\/seminar-room-rental\/","title":{"rendered":"Seminar room rental"},"content":{"rendered":"[vc_row][vc_column][vc_column_text]<a href=\"https:\/\/test.weyer-gruppe.com\/en\/about-us\/weyer-akademie-gmbh\/\" target=\"_blank\" rel=\"noopener noreferrer\">weyer academy<\/a> has a seminar room for up to 24 people for rent in D\u00fcren-Guerzenich. The room offers all you all the features you need for a seminar, meeting or workshop. In addition to a permanently installed PC and projector, a loudspeaker system, mobile partition walls and flip charts are available for your presentation.<\/p>\n<p>A separate tea kitchen allows you to organise the food delivered by our in-house caterer without disrupting your seminar.<\/p>\n<p>The seminar room also has a small outdoor area attached to it for breaks, which smokers can also use.<\/p>\n<p>The room is located in the Hubertushof, which is on the outskirts of D\u00fcren. Its quiet location offers you an ideal environment for discussing new topics and concentrating fully on your event.[\/vc_column_text][vc_empty_space]<div class=\"grve-element grve-box-icon grve-align-left\" style=\"\">  <div class=\"grve-icon grve-medium grve-simple grve-no-shape grve-color-primary-1 fa fa-home\"><\/div>  <div class=\"grve-box-content\"><h5 class=\"grve-box-title\"><span>Room Rental<\/span><\/h5>    <p class=\"\">The room \u20ac350\/day to rent. This includes preparation of the seminar room for the event and ancillary costs.<\/p>  <\/div><\/div><div class=\"grve-element grve-box-icon grve-align-left\" style=\"\">  <div class=\"grve-icon grve-medium grve-simple grve-no-shape grve-color-primary-1 fa fa-user\"><\/div>  <div class=\"grve-box-content\"><h5 class=\"grve-box-title\"><span>Event Support<\/span><\/h5>    <p class=\"\">Service staff: \u20ac40.00 \/ hour.<br \/>\nIT technician (for additional technology) \u20ac72.00 \/ hour.<\/p>  <\/div><\/div><div class=\"grve-element grve-box-icon grve-align-left\" style=\"\">  <div class=\"grve-icon grve-medium grve-simple grve-no-shape grve-color-primary-1 fa fa-coffee\"><\/div>  <div class=\"grve-box-content\"><h5 class=\"grve-box-title\"><span>Daily drinks package<\/span><\/h5>    <p class=\"\">Unlimited cold drinks (water, cola, apple juice, orange juice), coffee and various sorts of tea<\/p>  <\/div><\/div><div class=\"grve-element grve-box-icon grve-align-left\" style=\"\">  <div class=\"grve-icon grve-medium grve-simple grve-no-shape grve-color-primary-1 fa fa-cutlery\"><\/div>  <div class=\"grve-box-content\"><h5 class=\"grve-box-title\"><span>Catering<\/span><\/h5>    <p class=\"\">On request, we can have our in-house caterer provide a catering service for you. Any variation is possible here, from simple, tasty cuisine to sophisticated menus, depending on your wishes and budget.<\/p>\n<p>Alternative: Self-service buffet table with fruit and sandwiches (daily fixed price) \u20ac6.00 per person<\/p>  <\/div><\/div>[vc_empty_space][\/vc_column][\/vc_row][vc_row bg_type=&#8221;color&#8221; bg_color=&#8221;#e6e6e6&#8243; font_color=&#8221;#ffffff&#8221;][vc_column css=&#8221;.vc_custom_1563974199119{padding-top: 25px !important;padding-bottom: 25px !important;padding-left: 25px !important;}&#8221;][vc_empty_space]<h2 class=\"grve-element grve-align-left grve-title-no-line grve-h2\" style=\"\"><span>Galery<\/span><\/h2>[vc_empty_space]<div class=\"grve-element grve-gallery grve-isotope grve-gallery-popup\" style=\"\" data-gutter=\"yes\" data-type=\"3-columns\" data-layout=\"fitRows\"><div class=\"grve-isotope-container\"><div class=\"grve-isotope-item \"><a href=\"https:\/\/test.weyer-gruppe.com\/wp-content\/uploads\/2020\/02\/hubertushof-vordereingang-1.jpg\"><figure class=\"grve-image-hover grve-zoom-in\"><div class=\"grve-media grve-dark-overlay grve-opacity-60\"><img decoding=\"async\" width=\"560\" height=\"533\" src=\"https:\/\/test.weyer-gruppe.com\/wp-content\/uploads\/2020\/02\/hubertushof-vordereingang-1-560x533.jpg\" class=\"attachment-grve-image-small-square size-grve-image-small-square\" alt=\"Au\u00dfenansicht des Hubertushofs\" \/><\/div><figcaption><\/figcaption><\/figure><\/a><\/div><div class=\"grve-isotope-item \"><a href=\"https:\/\/test.weyer-gruppe.com\/wp-content\/uploads\/2020\/02\/seminarraum-parlamentarisch-eingedeckt-beamer-1.jpg\"><figure class=\"grve-image-hover grve-zoom-in\"><div class=\"grve-media grve-dark-overlay grve-opacity-60\"><img decoding=\"async\" width=\"560\" height=\"533\" src=\"https:\/\/test.weyer-gruppe.com\/wp-content\/uploads\/2020\/02\/seminarraum-parlamentarisch-eingedeckt-beamer-1-560x533.jpg\" class=\"attachment-grve-image-small-square size-grve-image-small-square\" alt=\"Seminarraum des Hubertushofs in der Innenansicht\" \/><\/div><figcaption><\/figcaption><\/figure><\/a><\/div><div class=\"grve-isotope-item \"><a href=\"https:\/\/test.weyer-gruppe.com\/wp-content\/uploads\/2020\/02\/u-form.jpg\"><figure class=\"grve-image-hover grve-zoom-in\"><div class=\"grve-media grve-dark-overlay grve-opacity-60\"><img decoding=\"async\" width=\"560\" height=\"533\" src=\"https:\/\/test.weyer-gruppe.com\/wp-content\/uploads\/2020\/02\/seminarraum-u-form-eingedeckt-2016-560x533.jpg\" class=\"attachment-grve-image-small-square size-grve-image-small-square\" alt=\"Seminarraum des Hubertushofs in der Innenansicht Tische in U-Form\" \/><\/div><figcaption><\/figcaption><\/figure><\/a><\/div><div class=\"grve-isotope-item \"><a href=\"https:\/\/test.weyer-gruppe.com\/wp-content\/uploads\/2020\/02\/hubertushof-flur-eingang.jpg\"><figure class=\"grve-image-hover grve-zoom-in\"><div class=\"grve-media grve-dark-overlay grve-opacity-60\"><img decoding=\"async\" width=\"560\" height=\"533\" src=\"https:\/\/test.weyer-gruppe.com\/wp-content\/uploads\/2020\/02\/hubertushof-flur-eingang-560x533.jpg\" class=\"attachment-grve-image-small-square size-grve-image-small-square\" alt=\"Eingang zum Seminarraum der weyer akademie\" \/><\/div><figcaption><\/figcaption><\/figure><\/a><\/div><div class=\"grve-isotope-item \"><a href=\"https:\/\/test.weyer-gruppe.com\/wp-content\/uploads\/2020\/02\/hubertushof-gartenseite-1.jpg\"><figure class=\"grve-image-hover grve-zoom-in\"><div class=\"grve-media grve-dark-overlay grve-opacity-60\"><img decoding=\"async\" width=\"560\" height=\"533\" src=\"https:\/\/test.weyer-gruppe.com\/wp-content\/uploads\/2020\/02\/hubertushof-gartenseite-1-560x533.jpg\" class=\"attachment-grve-image-small-square size-grve-image-small-square\" alt=\"Gartenansicht des Hubertushofs\" \/><\/div><figcaption><\/figcaption><\/figure><\/a><\/div><div class=\"grve-isotope-item \"><a href=\"https:\/\/test.weyer-gruppe.com\/wp-content\/uploads\/2020\/02\/hubertushof-parlamentarisch.jpg\"><figure class=\"grve-image-hover grve-zoom-in\"><div class=\"grve-media grve-dark-overlay grve-opacity-60\"><img decoding=\"async\" width=\"560\" height=\"533\" src=\"https:\/\/test.weyer-gruppe.com\/wp-content\/uploads\/2020\/02\/hubertushof-parlamentarisch-560x533.jpg\" class=\"attachment-grve-image-small-square size-grve-image-small-square\" alt=\"Innenansicht des Seminarraums im Hubertushof Parlamentarische Bestuhlung\" \/><\/div><figcaption><\/figcaption><\/figure><\/a><\/div><div class=\"grve-isotope-item \"><a href=\"https:\/\/test.weyer-gruppe.com\/wp-content\/uploads\/2020\/02\/hubertushof-parlamentarisch-von-hinten.jpg\"><figure class=\"grve-image-hover grve-zoom-in\"><div class=\"grve-media grve-dark-overlay grve-opacity-60\"><img decoding=\"async\" width=\"560\" height=\"533\" src=\"https:\/\/test.weyer-gruppe.com\/wp-content\/uploads\/2020\/02\/hubertushof-parlamentarisch-von-hinten-560x533.jpg\" class=\"attachment-grve-image-small-square size-grve-image-small-square\" alt=\"Seminarraum hubertushof mit parlementarischer Sitzordnung\" \/><\/div><figcaption><\/figcaption><\/figure><\/a><\/div><div class=\"grve-isotope-item \"><a href=\"https:\/\/test.weyer-gruppe.com\/wp-content\/uploads\/2020\/02\/hubertushof-strassenseite-1.jpg\"><figure class=\"grve-image-hover grve-zoom-in\"><div class=\"grve-media grve-dark-overlay grve-opacity-60\"><img decoding=\"async\" width=\"560\" height=\"533\" src=\"https:\/\/test.weyer-gruppe.com\/wp-content\/uploads\/2020\/02\/hubertushof-strassenseite-1-560x533.jpg\" class=\"attachment-grve-image-small-square size-grve-image-small-square\" alt=\"Au\u00dfenansicht des Hubertushofs\" \/><\/div><figcaption><\/figcaption><\/figure><\/a><\/div><div class=\"grve-isotope-item \"><a href=\"https:\/\/test.weyer-gruppe.com\/wp-content\/uploads\/2020\/02\/hubertushof-grundriss.jpg\"><figure class=\"grve-image-hover grve-zoom-in\"><div class=\"grve-media grve-dark-overlay grve-opacity-60\"><img decoding=\"async\" width=\"560\" height=\"560\" src=\"https:\/\/test.weyer-gruppe.com\/wp-content\/uploads\/2020\/02\/hubertushof-grundriss-560x560.jpg\" class=\"attachment-grve-image-small-square size-grve-image-small-square\" alt=\"Floor plan Hubertushof\" srcset=\"https:\/\/test.weyer-gruppe.com\/wp-content\/uploads\/2020\/02\/hubertushof-grundriss-560x560.jpg 560w, https:\/\/test.weyer-gruppe.com\/wp-content\/uploads\/2020\/02\/hubertushof-grundriss-150x150.jpg 150w, https:\/\/test.weyer-gruppe.com\/wp-content\/uploads\/2020\/02\/hubertushof-grundriss-80x80.jpg 80w\" sizes=\"(max-width: 560px) 100vw, 560px\" \/><\/div><figcaption><\/figcaption><\/figure><\/a><\/div><\/div><\/div>[vc_empty_space][\/vc_column][\/vc_row][vc_row][vc_column width=&#8221;1\/2&#8243;]<div class=\"grve-element grve-hr grve-space-divider\" style=\"\"><\/div><h2 class=\"grve-element grve-align-left grve-title-no-line grve-h2\" style=\"\"><span>Booking inquiry for seminar room rental<\/span><\/h2>\n<div class=\"wpcf7 no-js\" id=\"wpcf7-f24208-o1\" lang=\"en-US\" dir=\"ltr\" data-wpcf7-id=\"24208\">\n<div class=\"screen-reader-response\"><p role=\"status\" aria-live=\"polite\" aria-atomic=\"true\"><\/p> <ul><\/ul><\/div>\n<form action=\"\/en\/wp-json\/wp\/v2\/pages\/24140#wpcf7-f24208-o1\" method=\"post\" class=\"wpcf7-form init\" aria-label=\"Contact form\" novalidate=\"novalidate\" data-status=\"init\">\n<fieldset class=\"hidden-fields-container\"><input type=\"hidden\" name=\"_wpcf7\" value=\"24208\" \/><input type=\"hidden\" name=\"_wpcf7_version\" value=\"6.1.4\" \/><input type=\"hidden\" name=\"_wpcf7_locale\" value=\"en_US\" \/><input type=\"hidden\" name=\"_wpcf7_unit_tag\" value=\"wpcf7-f24208-o1\" \/><input type=\"hidden\" name=\"_wpcf7_container_post\" value=\"0\" \/><input type=\"hidden\" name=\"_wpcf7_posted_data_hash\" value=\"\" \/><input type=\"hidden\" name=\"_wpcf7_recaptcha_response\" value=\"\" \/>\n<\/fieldset>\n<p><label> Company<br \/>\n<span class=\"wpcf7-form-control-wrap\" data-name=\"unternehmen\"><input size=\"40\" maxlength=\"400\" class=\"wpcf7-form-control wpcf7-text\" aria-invalid=\"false\" value=\"\" type=\"text\" name=\"unternehmen\" \/><\/span> <\/label><br \/>\n<label> Salutation (required)<br \/>\n<span class=\"wpcf7-form-control-wrap\" data-name=\"anrede\"><select class=\"wpcf7-form-control wpcf7-select wpcf7-validates-as-required\" aria-required=\"true\" aria-invalid=\"false\" name=\"anrede\"><option value=\"\">&#8212;Please choose an option&#8212;<\/option><option value=\"Mr.\">Mr.<\/option><option value=\"Mrs.\">Mrs.<\/option><\/select><\/span> <\/label><br \/>\n<label> First name (required)<br \/>\n<span class=\"wpcf7-form-control-wrap\" data-name=\"your-prename\"><input size=\"40\" maxlength=\"400\" class=\"wpcf7-form-control wpcf7-text wpcf7-validates-as-required\" aria-required=\"true\" aria-invalid=\"false\" value=\"\" type=\"text\" name=\"your-prename\" \/><\/span> <\/label><br \/>\n<label> Last name (required)<br \/>\n<span class=\"wpcf7-form-control-wrap\" data-name=\"your-lastname\"><input size=\"40\" maxlength=\"400\" class=\"wpcf7-form-control wpcf7-text wpcf7-validates-as-required\" aria-required=\"true\" aria-invalid=\"false\" value=\"\" type=\"text\" name=\"your-lastname\" \/><\/span> <\/label><br \/>\n<label> E-mail address (required)<br \/>\n<span class=\"wpcf7-form-control-wrap\" data-name=\"your-email\"><input size=\"40\" maxlength=\"400\" class=\"wpcf7-form-control wpcf7-email wpcf7-validates-as-required wpcf7-text wpcf7-validates-as-email\" aria-required=\"true\" aria-invalid=\"false\" value=\"\" type=\"email\" name=\"your-email\" \/><\/span> <\/label><br \/>\n<label> Phone Number<br \/>\n<span class=\"wpcf7-form-control-wrap\" data-name=\"Telefon\"><input size=\"40\" maxlength=\"400\" class=\"wpcf7-form-control wpcf7-tel wpcf7-text wpcf7-validates-as-tel\" aria-invalid=\"false\" value=\"\" type=\"tel\" name=\"Telefon\" \/><\/span> <\/label><br \/>\n<label> Date from <span class=\"wpcf7-form-control-wrap\" data-name=\"zeitraumvon\"><input class=\"wpcf7-form-control wpcf7-date wpcf7-validates-as-required wpcf7-validates-as-date\" aria-required=\"true\" aria-invalid=\"false\" value=\"\" type=\"date\" name=\"zeitraumvon\" \/><\/span> <\/label><br \/>\n<label> to <span class=\"wpcf7-form-control-wrap\" data-name=\"zeitraumbis\"><input class=\"wpcf7-form-control wpcf7-date wpcf7-validates-as-required wpcf7-validates-as-date\" aria-required=\"true\" aria-invalid=\"false\" value=\"\" type=\"date\" name=\"zeitraumbis\" \/><\/span> <\/label><br \/>\n<label> Subject<br \/>\n<span class=\"wpcf7-form-control-wrap\" data-name=\"your-subject\"><input size=\"40\" maxlength=\"400\" class=\"wpcf7-form-control wpcf7-text\" aria-invalid=\"false\" value=\"\" type=\"text\" name=\"your-subject\" \/><\/span> <\/label><br \/>\n<label> Message<br \/>\n<span class=\"wpcf7-form-control-wrap\" data-name=\"your-message\"><textarea cols=\"40\" rows=\"10\" maxlength=\"2000\" class=\"wpcf7-form-control wpcf7-textarea\" aria-invalid=\"false\" name=\"your-message\"><\/textarea><\/span> <\/label><br \/>\n<span class=\"wpcf7-form-control-wrap\" data-name=\"Datenschutz\"><span class=\"wpcf7-form-control wpcf7-checkbox wpcf7-validates-as-required\"><span class=\"wpcf7-list-item first last\"><input type=\"checkbox\" name=\"Datenschutz[]\" value=\"I have read the privacy policy and agree to it.\" \/><span class=\"wpcf7-list-item-label\">I have read the privacy policy and agree to it.<\/span><\/span><\/span><\/span><br \/>\n<br \/>\n<input class=\"wpcf7-form-control wpcf7-submit has-spinner\" type=\"submit\" value=\"Send\" \/>\n<\/p><div class=\"wpcf7-response-output\" aria-hidden=\"true\"><\/div>\n<\/form>\n<\/div>\n[vc_column_text]<div class=\"BorlabsCookie _brlbs-cb-recaptcha\"><div class=\"_brlbs-content-blocker\"> <div class=\"_brlbs-default\"> <p>Google reCAPTCHA must be loaded to submit the form. <br><a href=\"https:\/\/policies.google.com\/privacy?hl=en\" target=\"_blank\" rel=\"nofollow noopener noreferrer\">Google reCAPTCHA Privacy Policy<\/a><\/p> <p><a class=\"_brlbs-btn\" href=\"#\" data-borlabs-cookie-unblock role=\"button\">Load Google reCAPTCHA<\/a><\/p> <\/div> <\/div><div class=\"borlabs-hide\" data-borlabs-cookie-type=\"content-blocker\" data-borlabs-cookie-id=\"recaptcha\"><script type=\"text\/template\">JiM4MjMwO2Jsb2NrIHRoaXMmIzgyMzA7<\/script><\/div><\/div>[\/vc_column_text][\/vc_column][vc_column width=&#8221;1\/2&#8243;]<div class=\"grve-element grve-hr grve-space-divider\" style=\"\"><\/div><h2 class=\"grve-element grve-align-left grve-title-no-line grve-h2\" style=\"\"><span>Approach<\/span><\/h2>[vc_column_text]Navigationsaddress: Schevenh\u00fcttener Stra\u00dfe 1, 52355 D\u00fcren[\/vc_column_text][vc_column_text]<div class=\"BorlabsCookie _brlbs-cb-googlemaps\"><div class=\"_brlbs-content-blocker\"> <div class=\"_brlbs-embed _brlbs-google-maps\"> <img class=\"_brlbs-thumbnail\" src=\"https:\/\/test.weyer-gruppe.com\/wp-content\/plugins\/borlabs-cookie\/assets\/images\/cb-maps.png\" alt=\"Google Maps\"> <div class=\"_brlbs-caption\"> <p>Mit dem Laden der Karte akzeptieren Sie die Datenschutzerkl\u00e4rung von Google.<br><a href=\"https:\/\/policies.google.com\/privacy\" target=\"_blank\" rel=\"nofollow noopener noreferrer\">Mehr erfahren<\/a><\/p> <p><a class=\"_brlbs-btn\" href=\"#\" data-borlabs-cookie-unblock role=\"button\">Karte laden<\/a><\/p> <p><label><input type=\"checkbox\" name=\"unblockAll\" value=\"1\" checked> <small>Google Maps immer entsperren<\/small><\/label><\/p> <\/div> <\/div> <\/div><div class=\"borlabs-hide\" data-borlabs-cookie-type=\"content-blocker\" data-borlabs-cookie-id=\"googlemaps\"><script type=\"text\/template\">PGlmcmFtZSBsb2FkaW5nPSJsYXp5IiBzdHlsZT0iYm9yZGVyOiAwOyIgc3JjPSJodHRwczovL3d3dy5nb29nbGUuY29tL21hcHMvZW1iZWQ\/cGI9ITFtMTghMW0xMiExbTMhMWQyNTIyLjUzODczMzE5MjgxODchMmQ2LjQyNTc2NDQ2NDIzNzQzNyEzZDUwLjc4NDEyMzc2Mjc2NTU0NiEybTMhMWYwITJmMCEzZjAhM20yITFpMTAyNCEyaTc2OCE0ZjEzLjEhM20zITFtMiExczB4NDdiZjY2MmY4NGM1ZTlkZCUzQTB4NGNiYmMzNzllYzUxZDY2YyEyc1NjaGV2ZW5oJUMzJUJDdHRlbmVyJTIwU3RyLiUyMDElMkMlMjA1MjM1NSUyMEQlQzMlQkNyZW4hNWUwITNtMiExc2RlITJzZGUhNHYxNTgxNDE4NDQwMTg2ITVtMiExc2RlITJzZGUiIHdpZHRoPSI2MDAiIGhlaWdodD0iNDUwIiBmcmFtZWJvcmRlcj0iMCI+PC9pZnJhbWU+<\/script><\/div><\/div>[\/vc_column_text][\/vc_column][\/vc_row][vc_row][vc_column][vc_empty_space]<h3 class=\"grve-element grve-align-left grve-title-no-line grve-h3\" style=\"\"><span>Our Team<\/span><\/h3>[\/vc_column][\/vc_row][vc_row][vc_column width=&#8221;1\/4&#8243; tablet_sm_width=&#8221;1-2&#8243;]\r\n\t\t<div class=\"grve-team grve-element\" style=\"\">\r\n\t\t\t<figure class=\"grve-image-hover grve-style-1 grve-zoom-in\">\r\n\t\t\t\t<div class=\"grve-team-person grve-media grve-dark-overlay grve-opacity-60\">\r\n\t\t\t\t\t<img decoding=\"async\" width=\"300\" height=\"300\" src=\"https:\/\/test.weyer-gruppe.com\/wp-content\/uploads\/2020\/01\/Sandra-Van-Heule_bunt-1.jpg\" class=\"attachment-grve-image-small-square size-grve-image-small-square\" alt=\"\" \/>\t\t\t\t<\/div>\r\n\t\t\t\t<figcaption>\r\n\t\t\t\t\t<div class=\"grve-team-description\">\r\n\t\t\t\t\t\t\t\t\t\t\t\t<h4 class=\"grve-team-name grve-dark grve-h4\">Sandra Van Heule<\/h4>\r\n\t\t\t\t\t\t\t\t\t\t\t\t<small class=\"grve-team-identity grve-dark\">weyer akademie<\/small>\r\n\t\t\t\t\t<\/div>\r\n\t\t\t\t\t\t\t\t\t\t<div class=\"grve-team-social grve-team-social-text grve-dark\">\r\n\t\t\t\t\t\t<ul>\r\n\t\t\t\t\t\t\t<li><a href=\"mailto:w&#101;&#121;er&#45;a&#107;ad&#101;&#109;ie&#64;&#119;e&#121;&#101;&#114;&#45;gruppe.&#99;&#111;&#109;\">E-mail<\/a><\/li>\t\t\t\t\t\t<\/ul>\r\n\t\t\t\t\t<\/div>\r\n\t\t\t\t\t\t\t\t\t<\/figcaption>\r\n\t\t\t<\/figure>\r\n\t\t<\/div>\r\n\r\n\t\t[\/vc_column][vc_column width=&#8221;1\/4&#8243; tablet_sm_width=&#8221;1-2&#8243;]\r\n\t\t<div class=\"grve-team grve-element\" style=\"\">\r\n\t\t\t<figure class=\"grve-image-hover grve-style-1 grve-zoom-in\">\r\n\t\t\t\t<div class=\"grve-team-person grve-media grve-dark-overlay grve-opacity-60\">\r\n\t\t\t\t\t<img decoding=\"async\" width=\"300\" height=\"300\" src=\"https:\/\/test.weyer-gruppe.com\/wp-content\/uploads\/2019\/07\/maresa-matejit-papka-horst-weyer-und-partner.jpg\" class=\"attachment-grve-image-small-square size-grve-image-small-square\" alt=\"Foto von Maresa Matejit der Horst Weyer und Partner gmbh\" srcset=\"https:\/\/test.weyer-gruppe.com\/wp-content\/uploads\/2019\/07\/maresa-matejit-papka-horst-weyer-und-partner.jpg 300w, https:\/\/test.weyer-gruppe.com\/wp-content\/uploads\/2019\/07\/maresa-matejit-papka-horst-weyer-und-partner-150x150.jpg 150w, https:\/\/test.weyer-gruppe.com\/wp-content\/uploads\/2019\/07\/maresa-matejit-papka-horst-weyer-und-partner-80x80.jpg 80w\" sizes=\"(max-width: 300px) 100vw, 300px\" \/>\t\t\t\t<\/div>\r\n\t\t\t\t<figcaption>\r\n\t\t\t\t\t<div class=\"grve-team-description\">\r\n\t\t\t\t\t\t\t\t\t\t\t\t<h4 class=\"grve-team-name grve-dark grve-h4\">Maresa Matejit-Papka<\/h4>\r\n\t\t\t\t\t\t\t\t\t\t\t\t<small class=\"grve-team-identity grve-dark\">weyer akademie<\/small>\r\n\t\t\t\t\t<\/div>\r\n\t\t\t\t\t\t\t\t\t\t<div class=\"grve-team-social grve-team-social-text grve-dark\">\r\n\t\t\t\t\t\t<ul>\r\n\t\t\t\t\t\t\t<li><a href=\"mailto:w&#101;ye&#114;-akad&#101;m&#105;&#101;&#64;w&#101;&#121;&#101;&#114;-&#103;&#114;u&#112;&#112;&#101;&#46;&#99;&#111;&#109;\">E-mail<\/a><\/li>\t\t\t\t\t\t<\/ul>\r\n\t\t\t\t\t<\/div>\r\n\t\t\t\t\t\t\t\t\t<\/figcaption>\r\n\t\t\t<\/figure>\r\n\t\t<\/div>\r\n\r\n\t\t[\/vc_column][vc_column width=&#8221;1\/4&#8243; tablet_sm_width=&#8221;1-2&#8243;]\r\n\t\t<div class=\"grve-team grve-element\" style=\"\">\r\n\t\t\t<figure class=\"grve-image-hover grve-style-1 grve-zoom-in\">\r\n\t\t\t\t<div class=\"grve-team-person grve-media grve-dark-overlay grve-opacity-60\">\r\n\t\t\t\t\t<img decoding=\"async\" width=\"300\" height=\"300\" src=\"https:\/\/test.weyer-gruppe.com\/wp-content\/uploads\/2020\/01\/hwp-j-raffetseder.jpg\" class=\"attachment-grve-image-small-square size-grve-image-small-square\" alt=\"\" srcset=\"https:\/\/test.weyer-gruppe.com\/wp-content\/uploads\/2020\/01\/hwp-j-raffetseder.jpg 300w, https:\/\/test.weyer-gruppe.com\/wp-content\/uploads\/2020\/01\/hwp-j-raffetseder-150x150.jpg 150w, https:\/\/test.weyer-gruppe.com\/wp-content\/uploads\/2020\/01\/hwp-j-raffetseder-80x80.jpg 80w\" sizes=\"(max-width: 300px) 100vw, 300px\" \/>\t\t\t\t<\/div>\r\n\t\t\t\t<figcaption>\r\n\t\t\t\t\t<div class=\"grve-team-description\">\r\n\t\t\t\t\t\t\t\t\t\t\t\t<h4 class=\"grve-team-name grve-dark grve-h4\">Juri Raffetseder<\/h4>\r\n\t\t\t\t\t\t\t\t\t\t\t\t<small class=\"grve-team-identity grve-dark\">weyer akademie<\/small>\r\n\t\t\t\t\t<\/div>\r\n\t\t\t\t\t\t\t\t\t\t<div class=\"grve-team-social grve-team-social-text grve-dark\">\r\n\t\t\t\t\t\t<ul>\r\n\t\t\t\t\t\t\t<li><a href=\"mailto:&#119;&#101;y&#101;&#114;-a&#107;a&#100;&#101;mie&#64;&#119;&#101;yer-&#103;rup&#112;&#101;.co&#109;\">E-mail<\/a><\/li>\t\t\t\t\t\t<\/ul>\r\n\t\t\t\t\t<\/div>\r\n\t\t\t\t\t\t\t\t\t<\/figcaption>\r\n\t\t\t<\/figure>\r\n\t\t<\/div>\r\n\r\n\t\t[\/vc_column][vc_column width=&#8221;1\/4&#8243; tablet_sm_width=&#8221;1-2&#8243;][\/vc_column][\/vc_row][vc_row][vc_column]<div class=\"grve-element grve-hr grve-space-divider\" style=\"\"><\/div>[\/vc_column][\/vc_row]\n","protected":false},"excerpt":{"rendered":"<p>[vc_row][vc_column][vc_column_text]weyer academy has a seminar room for up to 24 people for rent in D\u00fcren-Guerzenich. The room offers all you all the features you need for a seminar, meeting or [&hellip;]<\/p>\n","protected":false},"author":3,"featured_media":0,"parent":0,"menu_order":0,"comment_status":"closed","ping_status":"closed","template":"","meta":{"footnotes":""},"class_list":["post-24140","page","type-page","status-publish","hentry"],"yoast_head":"<!-- This site is optimized with the Yoast SEO Premium plugin v21.6 (Yoast SEO v26.8) - https:\/\/yoast.com\/product\/yoast-seo-premium-wordpress\/ -->\n<title>Seminar room rental in D\u00fcren - weyer akademie<\/title>\n<meta name=\"description\" content=\"Seminar room rental of the weyer akademie in D\u00fcren-G\u00fcrzenich. Rent the seminar room of the weyer akademie in a quiet location near Aachen and Cologne.\" \/>\n<meta name=\"robots\" content=\"noindex, follow, max-snippet:-1, max-image-preview:large, max-video-preview:-1\" \/>\n<meta property=\"og:locale\" content=\"en_US\" \/>\n<meta property=\"og:type\" content=\"article\" \/>\n<meta property=\"og:title\" content=\"Seminar room rental\" \/>\n<meta property=\"og:description\" content=\"Seminar room rental of the weyer akademie in D\u00fcren-G\u00fcrzenich. Rent the seminar room of the weyer akademie in a quiet location near Aachen and Cologne.\" \/>\n<meta property=\"og:url\" content=\"https:\/\/test.weyer-gruppe.com\/en\/seminar-room-rental\/\" \/>\n<meta property=\"og:site_name\" content=\"weyer gruppe [test]\" \/>\n<meta property=\"article:publisher\" content=\"https:\/\/www.facebook.com\/weyergruppe\" \/>\n<meta property=\"article:modified_time\" content=\"2023-03-14T09:22:33+00:00\" \/>\n<meta name=\"twitter:card\" content=\"summary_large_image\" \/>\n<meta name=\"twitter:label1\" content=\"Est. reading time\" \/>\n\t<meta name=\"twitter:data1\" content=\"2 minutes\" \/>\n<script type=\"application\/ld+json\" class=\"yoast-schema-graph\">{\"@context\":\"https:\/\/schema.org\",\"@graph\":[{\"@type\":\"WebPage\",\"@id\":\"https:\/\/test.weyer-gruppe.com\/en\/seminar-room-rental\/\",\"url\":\"https:\/\/test.weyer-gruppe.com\/en\/seminar-room-rental\/\",\"name\":\"Seminar room rental in D\u00fcren - weyer akademie\",\"isPartOf\":{\"@id\":\"https:\/\/test.weyer-gruppe.com\/en\/#website\"},\"datePublished\":\"2020-02-11T09:42:51+00:00\",\"dateModified\":\"2023-03-14T09:22:33+00:00\",\"description\":\"Seminar room rental of the weyer akademie in D\u00fcren-G\u00fcrzenich. Rent the seminar room of the weyer akademie in a quiet location near Aachen and Cologne.\",\"breadcrumb\":{\"@id\":\"https:\/\/test.weyer-gruppe.com\/en\/seminar-room-rental\/#breadcrumb\"},\"inLanguage\":\"en-US\",\"potentialAction\":[{\"@type\":\"ReadAction\",\"target\":[\"https:\/\/test.weyer-gruppe.com\/en\/seminar-room-rental\/\"]}]},{\"@type\":\"BreadcrumbList\",\"@id\":\"https:\/\/test.weyer-gruppe.com\/en\/seminar-room-rental\/#breadcrumb\",\"itemListElement\":[{\"@type\":\"ListItem\",\"position\":1,\"name\":\"HOME\",\"item\":\"https:\/\/test.weyer-gruppe.com\/en\/\"},{\"@type\":\"ListItem\",\"position\":2,\"name\":\"Seminar room rental\"}]},{\"@type\":\"WebSite\",\"@id\":\"https:\/\/test.weyer-gruppe.com\/en\/#website\",\"url\":\"https:\/\/test.weyer-gruppe.com\/en\/\",\"name\":\"weyer gruppe [test]\",\"description\":\"komplett. durchdacht.\",\"publisher\":{\"@id\":\"https:\/\/test.weyer-gruppe.com\/en\/#organization\"},\"potentialAction\":[{\"@type\":\"SearchAction\",\"target\":{\"@type\":\"EntryPoint\",\"urlTemplate\":\"https:\/\/test.weyer-gruppe.com\/en\/?s={search_term_string}\"},\"query-input\":{\"@type\":\"PropertyValueSpecification\",\"valueRequired\":true,\"valueName\":\"search_term_string\"}}],\"inLanguage\":\"en-US\"},{\"@type\":\"Organization\",\"@id\":\"https:\/\/test.weyer-gruppe.com\/en\/#organization\",\"name\":\"weyer gruppe\",\"url\":\"https:\/\/test.weyer-gruppe.com\/en\/\",\"logo\":{\"@type\":\"ImageObject\",\"inLanguage\":\"en-US\",\"@id\":\"https:\/\/test.weyer-gruppe.com\/en\/#\/schema\/logo\/image\/\",\"url\":\"https:\/\/test.weyer-gruppe.com\/wp-content\/uploads\/2019\/07\/logo-weyer-gruppe-de.png\",\"contentUrl\":\"https:\/\/test.weyer-gruppe.com\/wp-content\/uploads\/2019\/07\/logo-weyer-gruppe-de.png\",\"width\":532,\"height\":513,\"caption\":\"weyer gruppe\"},\"image\":{\"@id\":\"https:\/\/test.weyer-gruppe.com\/en\/#\/schema\/logo\/image\/\"},\"sameAs\":[\"https:\/\/www.facebook.com\/weyergruppe\",\"https:\/\/de.linkedin.com\/company\/weyer-gruppe\",\"https:\/\/www.youtube.com\/channel\/UCmZItECuW56Ih_p501_Bq8A\"]}]}<\/script>\n<!-- \/ Yoast SEO Premium plugin. -->","yoast_head_json":{"title":"Seminar room rental in D\u00fcren - weyer akademie","description":"Seminar room rental of the weyer akademie in D\u00fcren-G\u00fcrzenich. Rent the seminar room of the weyer akademie in a quiet location near Aachen and Cologne.","robots":{"index":"noindex","follow":"follow","max-snippet":"max-snippet:-1","max-image-preview":"max-image-preview:large","max-video-preview":"max-video-preview:-1"},"og_locale":"en_US","og_type":"article","og_title":"Seminar room rental","og_description":"Seminar room rental of the weyer akademie in D\u00fcren-G\u00fcrzenich. Rent the seminar room of the weyer akademie in a quiet location near Aachen and Cologne.","og_url":"https:\/\/test.weyer-gruppe.com\/en\/seminar-room-rental\/","og_site_name":"weyer gruppe [test]","article_publisher":"https:\/\/www.facebook.com\/weyergruppe","article_modified_time":"2023-03-14T09:22:33+00:00","twitter_card":"summary_large_image","twitter_misc":{"Est. reading time":"2 minutes"},"schema":{"@context":"https:\/\/schema.org","@graph":[{"@type":"WebPage","@id":"https:\/\/test.weyer-gruppe.com\/en\/seminar-room-rental\/","url":"https:\/\/test.weyer-gruppe.com\/en\/seminar-room-rental\/","name":"Seminar room rental in D\u00fcren - weyer akademie","isPartOf":{"@id":"https:\/\/test.weyer-gruppe.com\/en\/#website"},"datePublished":"2020-02-11T09:42:51+00:00","dateModified":"2023-03-14T09:22:33+00:00","description":"Seminar room rental of the weyer akademie in D\u00fcren-G\u00fcrzenich. Rent the seminar room of the weyer akademie in a quiet location near Aachen and Cologne.","breadcrumb":{"@id":"https:\/\/test.weyer-gruppe.com\/en\/seminar-room-rental\/#breadcrumb"},"inLanguage":"en-US","potentialAction":[{"@type":"ReadAction","target":["https:\/\/test.weyer-gruppe.com\/en\/seminar-room-rental\/"]}]},{"@type":"BreadcrumbList","@id":"https:\/\/test.weyer-gruppe.com\/en\/seminar-room-rental\/#breadcrumb","itemListElement":[{"@type":"ListItem","position":1,"name":"HOME","item":"https:\/\/test.weyer-gruppe.com\/en\/"},{"@type":"ListItem","position":2,"name":"Seminar room rental"}]},{"@type":"WebSite","@id":"https:\/\/test.weyer-gruppe.com\/en\/#website","url":"https:\/\/test.weyer-gruppe.com\/en\/","name":"weyer gruppe [test]","description":"komplett. durchdacht.","publisher":{"@id":"https:\/\/test.weyer-gruppe.com\/en\/#organization"},"potentialAction":[{"@type":"SearchAction","target":{"@type":"EntryPoint","urlTemplate":"https:\/\/test.weyer-gruppe.com\/en\/?s={search_term_string}"},"query-input":{"@type":"PropertyValueSpecification","valueRequired":true,"valueName":"search_term_string"}}],"inLanguage":"en-US"},{"@type":"Organization","@id":"https:\/\/test.weyer-gruppe.com\/en\/#organization","name":"weyer gruppe","url":"https:\/\/test.weyer-gruppe.com\/en\/","logo":{"@type":"ImageObject","inLanguage":"en-US","@id":"https:\/\/test.weyer-gruppe.com\/en\/#\/schema\/logo\/image\/","url":"https:\/\/test.weyer-gruppe.com\/wp-content\/uploads\/2019\/07\/logo-weyer-gruppe-de.png","contentUrl":"https:\/\/test.weyer-gruppe.com\/wp-content\/uploads\/2019\/07\/logo-weyer-gruppe-de.png","width":532,"height":513,"caption":"weyer gruppe"},"image":{"@id":"https:\/\/test.weyer-gruppe.com\/en\/#\/schema\/logo\/image\/"},"sameAs":["https:\/\/www.facebook.com\/weyergruppe","https:\/\/de.linkedin.com\/company\/weyer-gruppe","https:\/\/www.youtube.com\/channel\/UCmZItECuW56Ih_p501_Bq8A"]}]}},"_links":{"self":[{"href":"https:\/\/test.weyer-gruppe.com\/en\/wp-json\/wp\/v2\/pages\/24140","targetHints":{"allow":["GET"]}}],"collection":[{"href":"https:\/\/test.weyer-gruppe.com\/en\/wp-json\/wp\/v2\/pages"}],"about":[{"href":"https:\/\/test.weyer-gruppe.com\/en\/wp-json\/wp\/v2\/types\/page"}],"author":[{"embeddable":true,"href":"https:\/\/test.weyer-gruppe.com\/en\/wp-json\/wp\/v2\/users\/3"}],"replies":[{"embeddable":true,"href":"https:\/\/test.weyer-gruppe.com\/en\/wp-json\/wp\/v2\/comments?post=24140"}],"version-history":[{"count":4,"href":"https:\/\/test.weyer-gruppe.com\/en\/wp-json\/wp\/v2\/pages\/24140\/revisions"}],"predecessor-version":[{"id":45390,"href":"https:\/\/test.weyer-gruppe.com\/en\/wp-json\/wp\/v2\/pages\/24140\/revisions\/45390"}],"wp:attachment":[{"href":"https:\/\/test.weyer-gruppe.com\/en\/wp-json\/wp\/v2\/media?parent=24140"}],"curies":[{"name":"wp","href":"https:\/\/api.w.org\/{rel}","templated":true}]}}